{"id":8758,"date":"2024-01-12T16:23:45","date_gmt":"2024-01-12T15:23:45","guid":{"rendered":"https:\/\/www.bbk-sachsenanhalt.de\/projects\/"},"modified":"2024-07-17T11:29:13","modified_gmt":"2024-07-17T09:29:13","slug":"projects","status":"publish","type":"page","link":"https:\/\/www.bbk-sachsenanhalt.de\/en\/projects\/","title":{"rendered":"Projects"},"content":{"rendered":"\n<div class=\"cm-post-list \">\n\n  \n    <div class=\"grid-container post-item\">\n      <div class=\"grid-column-left\">\n                  <figure class=\"wp-block-image\">\n            <a href=\"https:\/\/www.bbk-sachsenanhalt.de\/en\/laura-baginski\/\">\n              <img loading=\"lazy\" decoding=\"async\" width=\"550\" height=\"550\" src=\"https:\/\/www.bbk-sachsenanhalt.de\/wp-content\/uploads\/2026\/04\/foto-ddr-wimpel-johann-spengler-insta-550x550.jpg\" class=\"no-lightbox\" alt=\"\" data-mwl-img-ignore=\"true\" srcset=\"https:\/\/www.bbk-sachsenanhalt.de\/wp-content\/uploads\/2026\/04\/foto-ddr-wimpel-johann-spengler-insta-550x550.jpg 550w, https:\/\/www.bbk-sachsenanhalt.de\/wp-content\/uploads\/2026\/04\/foto-ddr-wimpel-johann-spengler-insta-300x300.jpg 300w, https:\/\/www.bbk-sachsenanhalt.de\/wp-content\/uploads\/2026\/04\/foto-ddr-wimpel-johann-spengler-insta-1024x1024.jpg 1024w, https:\/\/www.bbk-sachsenanhalt.de\/wp-content\/uploads\/2026\/04\/foto-ddr-wimpel-johann-spengler-insta-150x150.jpg 150w, https:\/\/www.bbk-sachsenanhalt.de\/wp-content\/uploads\/2026\/04\/foto-ddr-wimpel-johann-spengler-insta-768x768.jpg 768w, https:\/\/www.bbk-sachsenanhalt.de\/wp-content\/uploads\/2026\/04\/foto-ddr-wimpel-johann-spengler-insta-740x740.jpg 740w, https:\/\/www.bbk-sachsenanhalt.de\/wp-content\/uploads\/2026\/04\/foto-ddr-wimpel-johann-spengler-insta-400x400.jpg 400w, https:\/\/www.bbk-sachsenanhalt.de\/wp-content\/uploads\/2026\/04\/foto-ddr-wimpel-johann-spengler-insta-490x490.jpg 490w, https:\/\/www.bbk-sachsenanhalt.de\/wp-content\/uploads\/2026\/04\/foto-ddr-wimpel-johann-spengler-insta.jpg 1280w\" sizes=\"auto, (max-width: 550px) 100vw, 550px\" \/>            <\/a>\n            <figcaption class=\"wp-element-caption\">\n                          <\/figcaption>\n          <\/figure>\n              <\/div>\n\n      <div class=\"grid-column-right\">\n                  <div class=\"cmbbk-primary-category\"><a href=\"https:\/\/www.bbk-sachsenanhalt.de\/en\/category\/news\/dates\/bbk-events\/\">BBK events &#8211; 01.05.2026 17:00&nbsp;clock<\/a><\/div>          <h3 class=\"is-style-teaser\">\n            <a href=\"https:\/\/www.bbk-sachsenanhalt.de\/en\/laura-baginski\/\">Johann Spengler<\/a>\n          <\/h3>\n                <p>\n          &#8220;May 1 &#8211; International Workers&#8217; Day of Struggle&#8221; by Johann Spengler The series &#8220;May 1st &#8211; International Workers&#8217; Day&#8221; by Johann Spengler (*1995 in Berlin) is dedicated to women in various professional fields in the GDR in eight pennants. While the obedience paragraph was still in force in the FRG until 1957 and the employment [&hellip;]        <\/p>\n        <div class=\"wp-block-buttons is-layout-flex wp-block-buttons-is-layout-flex\">\n          <div class=\"wp-block-button is-style-more-button\">\n            <a class=\"wp-block-button__link wp-element-button\" href=\"https:\/\/www.bbk-sachsenanhalt.de\/en\/laura-baginski\/\">\n              read more            <\/a>\n          <\/div>\n        <\/div>\n\n      <\/div>\n    <\/div>\n          <!-- wp:separator -->\n      <hr class=\"wp-block-separator has-alpha-channel-opacity\" \/>\n      <!-- \/wp:separator -->\n      \n    <div class=\"grid-container post-item\">\n      <div class=\"grid-column-left\">\n                  <figure class=\"wp-block-image\">\n            <a href=\"https:\/\/www.bbk-sachsenanhalt.de\/en\/call-for-open-studios-2026\/\">\n              <img loading=\"lazy\" decoding=\"async\" width=\"550\" height=\"413\" src=\"https:\/\/www.bbk-sachsenanhalt.de\/wp-content\/uploads\/2026\/04\/Feistner_Heidrun_Bild_03-550x413.jpg\" class=\"no-lightbox\" alt=\"\" data-mwl-img-ignore=\"true\" srcset=\"https:\/\/www.bbk-sachsenanhalt.de\/wp-content\/uploads\/2026\/04\/Feistner_Heidrun_Bild_03-550x413.jpg 550w, https:\/\/www.bbk-sachsenanhalt.de\/wp-content\/uploads\/2026\/04\/Feistner_Heidrun_Bild_03-300x225.jpg 300w, https:\/\/www.bbk-sachsenanhalt.de\/wp-content\/uploads\/2026\/04\/Feistner_Heidrun_Bild_03-1024x768.jpg 1024w, https:\/\/www.bbk-sachsenanhalt.de\/wp-content\/uploads\/2026\/04\/Feistner_Heidrun_Bild_03-768x576.jpg 768w, https:\/\/www.bbk-sachsenanhalt.de\/wp-content\/uploads\/2026\/04\/Feistner_Heidrun_Bild_03-1536x1152.jpg 1536w, https:\/\/www.bbk-sachsenanhalt.de\/wp-content\/uploads\/2026\/04\/Feistner_Heidrun_Bild_03-2048x1536.jpg 2048w, https:\/\/www.bbk-sachsenanhalt.de\/wp-content\/uploads\/2026\/04\/Feistner_Heidrun_Bild_03-740x555.jpg 740w, https:\/\/www.bbk-sachsenanhalt.de\/wp-content\/uploads\/2026\/04\/Feistner_Heidrun_Bild_03-400x300.jpg 400w, https:\/\/www.bbk-sachsenanhalt.de\/wp-content\/uploads\/2026\/04\/Feistner_Heidrun_Bild_03-653x490.jpg 653w\" sizes=\"auto, (max-width: 550px) 100vw, 550px\" \/>            <\/a>\n            <figcaption class=\"wp-element-caption\">\n              Foto: Heidrun Feistner, Lutherstadt Wittenberg            <\/figcaption>\n          <\/figure>\n              <\/div>\n\n      <div class=\"grid-column-right\">\n                  <div class=\"cmbbk-primary-category\"><a href=\"https:\/\/www.bbk-sachsenanhalt.de\/en\/category\/news\/dates\/\">Dates &#8211; to 31.05.2026<\/a><\/div>          <h3 class=\"is-style-teaser\">\n            <a href=\"https:\/\/www.bbk-sachsenanhalt.de\/en\/call-for-open-studios-2026\/\">Call for &#8220;Open studios&#8221; 2026<\/a>\n          <\/h3>\n                <p>\n          Open studios in Saxony-Anhalt September 19\/20, 2026, 11 a.m. to 6 p.m. each day We cordially invite all artists and designers in Saxony-Anhalt to apply for the &#8220;Open Studios in Saxony-Anhalt&#8221; event. As always, on the third weekend in September, people interested in art will have the opportunity to look over your shoulder as you [&hellip;]        <\/p>\n        <div class=\"wp-block-buttons is-layout-flex wp-block-buttons-is-layout-flex\">\n          <div class=\"wp-block-button is-style-more-button\">\n            <a class=\"wp-block-button__link wp-element-button\" href=\"https:\/\/www.bbk-sachsenanhalt.de\/en\/call-for-open-studios-2026\/\">\n              read more            <\/a>\n          <\/div>\n        <\/div>\n\n      <\/div>\n    <\/div>\n          <!-- wp:separator -->\n      <hr class=\"wp-block-separator has-alpha-channel-opacity\" \/>\n      <!-- \/wp:separator -->\n      \n    <div class=\"grid-container post-item\">\n      <div class=\"grid-column-left\">\n                  <figure class=\"wp-block-image\">\n            <a href=\"https:\/\/www.bbk-sachsenanhalt.de\/en\/application-form-open-studios-in-saxony-anhalt-2025-2\/\">\n              <img loading=\"lazy\" decoding=\"async\" width=\"550\" height=\"413\" src=\"https:\/\/www.bbk-sachsenanhalt.de\/wp-content\/uploads\/2026\/04\/Feistner_Heidrun_Bild_03-550x413.jpg\" class=\"no-lightbox\" alt=\"\" data-mwl-img-ignore=\"true\" srcset=\"https:\/\/www.bbk-sachsenanhalt.de\/wp-content\/uploads\/2026\/04\/Feistner_Heidrun_Bild_03-550x413.jpg 550w, https:\/\/www.bbk-sachsenanhalt.de\/wp-content\/uploads\/2026\/04\/Feistner_Heidrun_Bild_03-300x225.jpg 300w, https:\/\/www.bbk-sachsenanhalt.de\/wp-content\/uploads\/2026\/04\/Feistner_Heidrun_Bild_03-1024x768.jpg 1024w, https:\/\/www.bbk-sachsenanhalt.de\/wp-content\/uploads\/2026\/04\/Feistner_Heidrun_Bild_03-768x576.jpg 768w, https:\/\/www.bbk-sachsenanhalt.de\/wp-content\/uploads\/2026\/04\/Feistner_Heidrun_Bild_03-1536x1152.jpg 1536w, https:\/\/www.bbk-sachsenanhalt.de\/wp-content\/uploads\/2026\/04\/Feistner_Heidrun_Bild_03-2048x1536.jpg 2048w, https:\/\/www.bbk-sachsenanhalt.de\/wp-content\/uploads\/2026\/04\/Feistner_Heidrun_Bild_03-740x555.jpg 740w, https:\/\/www.bbk-sachsenanhalt.de\/wp-content\/uploads\/2026\/04\/Feistner_Heidrun_Bild_03-400x300.jpg 400w, https:\/\/www.bbk-sachsenanhalt.de\/wp-content\/uploads\/2026\/04\/Feistner_Heidrun_Bild_03-653x490.jpg 653w\" sizes=\"auto, (max-width: 550px) 100vw, 550px\" \/>            <\/a>\n            <figcaption class=\"wp-element-caption\">\n              Foto: Heidrun Feistner, Lutherstadt Wittenberg            <\/figcaption>\n          <\/figure>\n              <\/div>\n\n      <div class=\"grid-column-right\">\n                  <div class=\"cmbbk-primary-category\"><a href=\"https:\/\/www.bbk-sachsenanhalt.de\/en\/category\/projects\/\">Projects<\/a><\/div>          <h3 class=\"is-style-teaser\">\n            <a href=\"https:\/\/www.bbk-sachsenanhalt.de\/en\/application-form-open-studios-in-saxony-anhalt-2025-2\/\">Application form for open studios in Saxony-Anhalt 2026<\/a>\n          <\/h3>\n                <p>\n                  <\/p>\n        <div class=\"wp-block-buttons is-layout-flex wp-block-buttons-is-layout-flex\">\n          <div class=\"wp-block-button is-style-more-button\">\n            <a class=\"wp-block-button__link wp-element-button\" href=\"https:\/\/www.bbk-sachsenanhalt.de\/en\/application-form-open-studios-in-saxony-anhalt-2025-2\/\">\n              read more            <\/a>\n          <\/div>\n        <\/div>\n\n      <\/div>\n    <\/div>\n          <!-- wp:separator -->\n      <hr class=\"wp-block-separator has-alpha-channel-opacity\" \/>\n      <!-- \/wp:separator -->\n      \n    <div class=\"grid-container post-item\">\n      <div class=\"grid-column-left\">\n                  <figure class=\"wp-block-image\">\n            <a href=\"https:\/\/www.bbk-sachsenanhalt.de\/en\/course-plant-database-fall-2025\/\">\n              <img loading=\"lazy\" decoding=\"async\" width=\"550\" height=\"306\" src=\"https:\/\/www.bbk-sachsenanhalt.de\/wp-content\/uploads\/2026\/04\/screenshot_werkdatenbank_2026-550x306.png\" class=\"no-lightbox\" alt=\"\" data-mwl-img-ignore=\"true\" srcset=\"https:\/\/www.bbk-sachsenanhalt.de\/wp-content\/uploads\/2026\/04\/screenshot_werkdatenbank_2026-550x306.png 550w, https:\/\/www.bbk-sachsenanhalt.de\/wp-content\/uploads\/2026\/04\/screenshot_werkdatenbank_2026-300x167.png 300w, https:\/\/www.bbk-sachsenanhalt.de\/wp-content\/uploads\/2026\/04\/screenshot_werkdatenbank_2026-1024x571.png 1024w, https:\/\/www.bbk-sachsenanhalt.de\/wp-content\/uploads\/2026\/04\/screenshot_werkdatenbank_2026-768x428.png 768w, https:\/\/www.bbk-sachsenanhalt.de\/wp-content\/uploads\/2026\/04\/screenshot_werkdatenbank_2026-1536x856.png 1536w, https:\/\/www.bbk-sachsenanhalt.de\/wp-content\/uploads\/2026\/04\/screenshot_werkdatenbank_2026-740x412.png 740w, https:\/\/www.bbk-sachsenanhalt.de\/wp-content\/uploads\/2026\/04\/screenshot_werkdatenbank_2026-400x223.png 400w, https:\/\/www.bbk-sachsenanhalt.de\/wp-content\/uploads\/2026\/04\/screenshot_werkdatenbank_2026-879x490.png 879w, https:\/\/www.bbk-sachsenanhalt.de\/wp-content\/uploads\/2026\/04\/screenshot_werkdatenbank_2026.png 1556w\" sizes=\"auto, (max-width: 550px) 100vw, 550px\" \/>            <\/a>\n            <figcaption class=\"wp-element-caption\">\n                          <\/figcaption>\n          <\/figure>\n              <\/div>\n\n      <div class=\"grid-column-right\">\n                  <div class=\"cmbbk-primary-category\"><a href=\"https:\/\/www.bbk-sachsenanhalt.de\/en\/category\/concerns\/artists-estates\/\">Artists&#039; estates &#8211; to 15.05.2026<\/a><\/div>          <h3 class=\"is-style-teaser\">\n            <a href=\"https:\/\/www.bbk-sachsenanhalt.de\/en\/course-plant-database-fall-2025\/\">Invitation to tender &#8220;Summer 2026 plant database course&#8221;<\/a>\n          <\/h3>\n                <p>\n          The BBK Saxony-Anhalt has been operating the &#8220;Visual Arts Database Saxony-Anhalt&#8221; since 2017. It publishes catalogs of works and estates of visual artists with a connection to Saxony-Anhalt. The work database informs the public &#8211; including curators and researchers, for example &#8211; about the life&#8217;s work of individual artists and reflects the diversity of artistic [&hellip;]        <\/p>\n        <div class=\"wp-block-buttons is-layout-flex wp-block-buttons-is-layout-flex\">\n          <div class=\"wp-block-button is-style-more-button\">\n            <a class=\"wp-block-button__link wp-element-button\" href=\"https:\/\/www.bbk-sachsenanhalt.de\/en\/course-plant-database-fall-2025\/\">\n              read more            <\/a>\n          <\/div>\n        <\/div>\n\n      <\/div>\n    <\/div>\n          <!-- wp:separator -->\n      <hr class=\"wp-block-separator has-alpha-channel-opacity\" \/>\n      <!-- \/wp:separator -->\n      \n    <div class=\"grid-container post-item\">\n      <div class=\"grid-column-left\">\n                  <figure class=\"wp-block-image\">\n            <a href=\"https:\/\/www.bbk-sachsenanhalt.de\/en\/nerit-tree\/\">\n              <img loading=\"lazy\" decoding=\"async\" width=\"550\" height=\"413\" src=\"https:\/\/www.bbk-sachsenanhalt.de\/wp-content\/uploads\/2026\/03\/Fenster-550x413.jpg\" class=\"no-lightbox\" alt=\"\" data-mwl-img-ignore=\"true\" srcset=\"https:\/\/www.bbk-sachsenanhalt.de\/wp-content\/uploads\/2026\/03\/Fenster-550x413.jpg 550w, https:\/\/www.bbk-sachsenanhalt.de\/wp-content\/uploads\/2026\/03\/Fenster-300x225.jpg 300w, https:\/\/www.bbk-sachsenanhalt.de\/wp-content\/uploads\/2026\/03\/Fenster-1024x768.jpg 1024w, https:\/\/www.bbk-sachsenanhalt.de\/wp-content\/uploads\/2026\/03\/Fenster-768x576.jpg 768w, https:\/\/www.bbk-sachsenanhalt.de\/wp-content\/uploads\/2026\/03\/Fenster-1536x1152.jpg 1536w, https:\/\/www.bbk-sachsenanhalt.de\/wp-content\/uploads\/2026\/03\/Fenster-2048x1536.jpg 2048w, https:\/\/www.bbk-sachsenanhalt.de\/wp-content\/uploads\/2026\/03\/Fenster-740x555.jpg 740w, https:\/\/www.bbk-sachsenanhalt.de\/wp-content\/uploads\/2026\/03\/Fenster-400x300.jpg 400w, https:\/\/www.bbk-sachsenanhalt.de\/wp-content\/uploads\/2026\/03\/Fenster-653x490.jpg 653w\" sizes=\"auto, (max-width: 550px) 100vw, 550px\" \/>            <\/a>\n            <figcaption class=\"wp-element-caption\">\n                          <\/figcaption>\n          <\/figure>\n              <\/div>\n\n      <div class=\"grid-column-right\">\n                  <div class=\"cmbbk-primary-category\"><a href=\"https:\/\/www.bbk-sachsenanhalt.de\/en\/category\/news\/dates\/bbk-events\/\">BBK events &#8211; from 01.04.2026 to 31.05.2026<\/a><\/div>          <h3 class=\"is-style-teaser\">\n            <a href=\"https:\/\/www.bbk-sachsenanhalt.de\/en\/nerit-tree\/\">Sebastian Kaps<\/a>\n          <\/h3>\n                <p>\n          On April 1, 2026 at 17:00, the BBK Saxony-Anhalt will open a new exhibition at the BBKarium in Dessau-Ro\u00dflau. The guest is Dessau photographer Sebastian Kaps, who will be presenting his current photographic work. Sebastian Kaps dedicates his artistic work to landscape photography. The exhibition focuses on the oak tree as part of the Dessau-W\u00f6rlitz [&hellip;]        <\/p>\n        <div class=\"wp-block-buttons is-layout-flex wp-block-buttons-is-layout-flex\">\n          <div class=\"wp-block-button is-style-more-button\">\n            <a class=\"wp-block-button__link wp-element-button\" href=\"https:\/\/www.bbk-sachsenanhalt.de\/en\/nerit-tree\/\">\n              read more            <\/a>\n          <\/div>\n        <\/div>\n\n      <\/div>\n    <\/div>\n          <!-- wp:separator -->\n      <hr class=\"wp-block-separator has-alpha-channel-opacity\" \/>\n      <!-- \/wp:separator -->\n      \n    <div class=\"grid-container post-item\">\n      <div class=\"grid-column-left\">\n                  <figure class=\"wp-block-image\">\n            <a href=\"https:\/\/www.bbk-sachsenanhalt.de\/en\/talk-works-of-art-from-the-gdr-a-look-at-the-collections\/\">\n              <img loading=\"lazy\" decoding=\"async\" width=\"550\" height=\"285\" src=\"https:\/\/www.bbk-sachsenanhalt.de\/wp-content\/uploads\/2026\/01\/Logo-550x285.png\" class=\"no-lightbox\" alt=\"\" data-mwl-img-ignore=\"true\" srcset=\"https:\/\/www.bbk-sachsenanhalt.de\/wp-content\/uploads\/2026\/01\/Logo-550x285.png 550w, https:\/\/www.bbk-sachsenanhalt.de\/wp-content\/uploads\/2026\/01\/Logo-300x155.png 300w, https:\/\/www.bbk-sachsenanhalt.de\/wp-content\/uploads\/2026\/01\/Logo-768x398.png 768w, https:\/\/www.bbk-sachsenanhalt.de\/wp-content\/uploads\/2026\/01\/Logo-740x383.png 740w, https:\/\/www.bbk-sachsenanhalt.de\/wp-content\/uploads\/2026\/01\/Logo-400x207.png 400w, https:\/\/www.bbk-sachsenanhalt.de\/wp-content\/uploads\/2026\/01\/Logo.png 902w\" sizes=\"auto, (max-width: 550px) 100vw, 550px\" \/>            <\/a>\n            <figcaption class=\"wp-element-caption\">\n                          <\/figcaption>\n          <\/figure>\n              <\/div>\n\n      <div class=\"grid-column-right\">\n                  <div class=\"cmbbk-primary-category\"><a href=\"https:\/\/www.bbk-sachsenanhalt.de\/en\/category\/concerns\/artists-estates\/\">Artists&#039; estates &#8211; 28.04.2026 18:00&nbsp;clock<\/a><\/div>          <h3 class=\"is-style-teaser\">\n            <a href=\"https:\/\/www.bbk-sachsenanhalt.de\/en\/talk-works-of-art-from-the-gdr-a-look-at-the-collections\/\">Talk &#8220;Works of art from the GDR: a look at the collections&#8221;<\/a>\n          <\/h3>\n                <p>\n          Tue 28.4. \/ 18:00 \/ RADIO CORAX event room Works of art from the GDRA look at the collections How are works of art created in the GDR preserved, processed and exhibited today? How large is the proportion of works by women artists in the collections? How did the collections come about? Who has what? [&hellip;]        <\/p>\n        <div class=\"wp-block-buttons is-layout-flex wp-block-buttons-is-layout-flex\">\n          <div class=\"wp-block-button is-style-more-button\">\n            <a class=\"wp-block-button__link wp-element-button\" href=\"https:\/\/www.bbk-sachsenanhalt.de\/en\/talk-works-of-art-from-the-gdr-a-look-at-the-collections\/\">\n              read more            <\/a>\n          <\/div>\n        <\/div>\n\n      <\/div>\n    <\/div>\n          <!-- wp:separator -->\n      <hr class=\"wp-block-separator has-alpha-channel-opacity\" \/>\n      <!-- \/wp:separator -->\n      \n    <div class=\"grid-container post-item\">\n      <div class=\"grid-column-left\">\n                  <figure class=\"wp-block-image\">\n            <a href=\"https:\/\/www.bbk-sachsenanhalt.de\/en\/2027-visible-market-on-halles-market-square\/\">\n              <img loading=\"lazy\" decoding=\"async\" width=\"275\" height=\"183\" src=\"https:\/\/www.bbk-sachsenanhalt.de\/wp-content\/uploads\/2026\/03\/marktplatz_04.jpeg\" class=\"no-lightbox\" alt=\"\" data-mwl-img-ignore=\"true\" \/>            <\/a>\n            <figcaption class=\"wp-element-caption\">\n                          <\/figcaption>\n          <\/figure>\n              <\/div>\n\n      <div class=\"grid-column-right\">\n                  <div class=\"cmbbk-primary-category\"><a href=\"https:\/\/www.bbk-sachsenanhalt.de\/en\/category\/projects\/\">Projects<\/a><\/div>          <h3 class=\"is-style-teaser\">\n            <a href=\"https:\/\/www.bbk-sachsenanhalt.de\/en\/2027-visible-market-on-halles-market-square\/\">2027: visible market on Halle&#8217;s market square?<\/a>\n          <\/h3>\n                <p>\n          Dear former and potential exhibitors of the visible market, Moritzburg Castle in Halle will be a major construction site from 2027 (roof, walls and bridge will be renovated), meaning that the visible market will not be able to take place there for several years. The BBK is therefore currently looking for an alternative location. Our [&hellip;]        <\/p>\n        <div class=\"wp-block-buttons is-layout-flex wp-block-buttons-is-layout-flex\">\n          <div class=\"wp-block-button is-style-more-button\">\n            <a class=\"wp-block-button__link wp-element-button\" href=\"https:\/\/www.bbk-sachsenanhalt.de\/en\/2027-visible-market-on-halles-market-square\/\">\n              read more            <\/a>\n          <\/div>\n        <\/div>\n\n      <\/div>\n    <\/div>\n          <!-- wp:separator -->\n      <hr class=\"wp-block-separator has-alpha-channel-opacity\" \/>\n      <!-- \/wp:separator -->\n      \n    <div class=\"grid-container post-item\">\n      <div class=\"grid-column-left\">\n                  <figure class=\"wp-block-image\">\n            <a href=\"https:\/\/www.bbk-sachsenanhalt.de\/en\/call-for-proposals-artists-in-schools-in-saxony-anhalt-2025-26-2\/\">\n              <img loading=\"lazy\" decoding=\"async\" width=\"550\" height=\"361\" src=\"https:\/\/www.bbk-sachsenanhalt.de\/wp-content\/uploads\/2025\/07\/patze-550x361.jpg\" class=\"no-lightbox\" alt=\"\" data-mwl-img-ignore=\"true\" srcset=\"https:\/\/www.bbk-sachsenanhalt.de\/wp-content\/uploads\/2025\/07\/patze-550x361.jpg 550w, https:\/\/www.bbk-sachsenanhalt.de\/wp-content\/uploads\/2025\/07\/patze-300x197.jpg 300w, https:\/\/www.bbk-sachsenanhalt.de\/wp-content\/uploads\/2025\/07\/patze-1024x672.jpg 1024w, https:\/\/www.bbk-sachsenanhalt.de\/wp-content\/uploads\/2025\/07\/patze-768x504.jpg 768w, https:\/\/www.bbk-sachsenanhalt.de\/wp-content\/uploads\/2025\/07\/patze-740x486.jpg 740w, https:\/\/www.bbk-sachsenanhalt.de\/wp-content\/uploads\/2025\/07\/patze-400x263.jpg 400w, https:\/\/www.bbk-sachsenanhalt.de\/wp-content\/uploads\/2025\/07\/patze-746x490.jpg 746w, https:\/\/www.bbk-sachsenanhalt.de\/wp-content\/uploads\/2025\/07\/patze.jpg 1206w\" sizes=\"auto, (max-width: 550px) 100vw, 550px\" \/>            <\/a>\n            <figcaption class=\"wp-element-caption\">\n                          <\/figcaption>\n          <\/figure>\n              <\/div>\n\n      <div class=\"grid-column-right\">\n                  <div class=\"cmbbk-primary-category\"><a href=\"https:\/\/www.bbk-sachsenanhalt.de\/en\/category\/projects\/artists-at-schools\/\">Artists at schools &#8211; to 10.05.2026<\/a><\/div>          <h3 class=\"is-style-teaser\">\n            <a href=\"https:\/\/www.bbk-sachsenanhalt.de\/en\/call-for-proposals-artists-in-schools-in-saxony-anhalt-2025-26-2\/\">Call for proposals &#8220;Artists in schools in Saxony-Anhalt&#8221; 2026\/27<\/a>\n          <\/h3>\n                <p>\n          This year, the Berufsverband Bildender K\u00fcnstler Sachsen-Anhalt e.V. is once again inviting tenders for the implementation of cultural education projects, which are primarily open to the artists of the BBK Sachsen-Anhalt and all general education schools. The projects of approx. 20 hours can take place between August 17, 2026 and March 19, 2027. The &#8220;Artists [&hellip;]        <\/p>\n        <div class=\"wp-block-buttons is-layout-flex wp-block-buttons-is-layout-flex\">\n          <div class=\"wp-block-button is-style-more-button\">\n            <a class=\"wp-block-button__link wp-element-button\" href=\"https:\/\/www.bbk-sachsenanhalt.de\/en\/call-for-proposals-artists-in-schools-in-saxony-anhalt-2025-26-2\/\">\n              read more            <\/a>\n          <\/div>\n        <\/div>\n\n      <\/div>\n    <\/div>\n          <!-- wp:separator -->\n      <hr class=\"wp-block-separator has-alpha-channel-opacity\" \/>\n      <!-- \/wp:separator -->\n      \n    <div class=\"grid-container post-item\">\n      <div class=\"grid-column-left\">\n                  <figure class=\"wp-block-image\">\n            <a href=\"https:\/\/www.bbk-sachsenanhalt.de\/en\/christina-wildgrube\/\">\n              <img loading=\"lazy\" decoding=\"async\" width=\"550\" height=\"288\" src=\"https:\/\/www.bbk-sachsenanhalt.de\/wp-content\/uploads\/2026\/02\/FB_Event_01_Kolp-550x288.jpg\" class=\"no-lightbox\" alt=\"\" data-mwl-img-ignore=\"true\" srcset=\"https:\/\/www.bbk-sachsenanhalt.de\/wp-content\/uploads\/2026\/02\/FB_Event_01_Kolp-550x288.jpg 550w, https:\/\/www.bbk-sachsenanhalt.de\/wp-content\/uploads\/2026\/02\/FB_Event_01_Kolp-300x157.jpg 300w, https:\/\/www.bbk-sachsenanhalt.de\/wp-content\/uploads\/2026\/02\/FB_Event_01_Kolp-1024x537.jpg 1024w, https:\/\/www.bbk-sachsenanhalt.de\/wp-content\/uploads\/2026\/02\/FB_Event_01_Kolp-768x403.jpg 768w, https:\/\/www.bbk-sachsenanhalt.de\/wp-content\/uploads\/2026\/02\/FB_Event_01_Kolp-1536x805.jpg 1536w, https:\/\/www.bbk-sachsenanhalt.de\/wp-content\/uploads\/2026\/02\/FB_Event_01_Kolp-2048x1073.jpg 2048w, https:\/\/www.bbk-sachsenanhalt.de\/wp-content\/uploads\/2026\/02\/FB_Event_01_Kolp-740x388.jpg 740w, https:\/\/www.bbk-sachsenanhalt.de\/wp-content\/uploads\/2026\/02\/FB_Event_01_Kolp-400x210.jpg 400w, https:\/\/www.bbk-sachsenanhalt.de\/wp-content\/uploads\/2026\/02\/FB_Event_01_Kolp-935x490.jpg 935w\" sizes=\"auto, (max-width: 550px) 100vw, 550px\" \/>            <\/a>\n            <figcaption class=\"wp-element-caption\">\n              Foto: Daniel K. Schweitzer            <\/figcaption>\n          <\/figure>\n              <\/div>\n\n      <div class=\"grid-column-right\">\n                  <div class=\"cmbbk-primary-category\"><a href=\"https:\/\/www.bbk-sachsenanhalt.de\/en\/category\/news\/dates\/bbk-events\/\">BBK events &#8211; 28.02.2026 17:00&nbsp;clock<\/a><\/div>          <h3 class=\"is-style-teaser\">\n            <a href=\"https:\/\/www.bbk-sachsenanhalt.de\/en\/christina-wildgrube\/\">Laura Baginski<\/a>\n          <\/h3>\n                <p>\n          Making female* experience visible, questioning stereotypical images of nature, the body and roles and working towards a lively, diverse perception of gender, sexuality and desire &#8211; this is what drives Laura Baginski in her artistic work. In the video work &#8220;Lustsubjekte&#8221;, she merges the plaster relief of a vulva with images of nature from her [&hellip;]        <\/p>\n        <div class=\"wp-block-buttons is-layout-flex wp-block-buttons-is-layout-flex\">\n          <div class=\"wp-block-button is-style-more-button\">\n            <a class=\"wp-block-button__link wp-element-button\" href=\"https:\/\/www.bbk-sachsenanhalt.de\/en\/christina-wildgrube\/\">\n              read more            <\/a>\n          <\/div>\n        <\/div>\n\n      <\/div>\n    <\/div>\n          <!-- wp:separator -->\n      <hr class=\"wp-block-separator has-alpha-channel-opacity\" \/>\n      <!-- \/wp:separator -->\n      \n    <div class=\"grid-container post-item\">\n      <div class=\"grid-column-left\">\n                  <figure class=\"wp-block-image\">\n            <a href=\"https:\/\/www.bbk-sachsenanhalt.de\/en\/open-call-goldstuecke-2025-light-art-festival-in-gelsenkirchen\/\">\n              <img loading=\"lazy\" decoding=\"async\" width=\"338\" height=\"190\" src=\"https:\/\/www.bbk-sachsenanhalt.de\/wp-content\/uploads\/2026\/02\/logosw_24062-4387c424.jpg\" class=\"no-lightbox\" alt=\"\" data-mwl-img-ignore=\"true\" srcset=\"https:\/\/www.bbk-sachsenanhalt.de\/wp-content\/uploads\/2026\/02\/logosw_24062-4387c424.jpg 338w, https:\/\/www.bbk-sachsenanhalt.de\/wp-content\/uploads\/2026\/02\/logosw_24062-4387c424-300x169.jpg 300w\" sizes=\"auto, (max-width: 338px) 100vw, 338px\" \/>            <\/a>\n            <figcaption class=\"wp-element-caption\">\n                          <\/figcaption>\n          <\/figure>\n              <\/div>\n\n      <div class=\"grid-column-right\">\n                  <div class=\"cmbbk-primary-category\"><a href=\"https:\/\/www.bbk-sachsenanhalt.de\/en\/category\/news\/dates\/\">Dates &#8211; to 06.07.2026<\/a><\/div>          <h3 class=\"is-style-teaser\">\n            <a href=\"https:\/\/www.bbk-sachsenanhalt.de\/en\/open-call-goldstuecke-2025-light-art-festival-in-gelsenkirchen\/\">Open Call: Goldst\u00fccke 2025 &#8211; Light art festival in Gelsenkirchen<\/a>\n          <\/h3>\n                <p>\n          The Open Call for the Goldst\u00fccke 2025 light art festival is open! The motto of this year&#8217;s edition is &#8220;Active Positive&#8221;, inspired by the concept of &#8220;Open Form&#8221; by architect Oskar Hansen. We want to promote a shared, optimistic commitment to our built environment and encourage participation and dialog through light art. Whether individual light [&hellip;]        <\/p>\n        <div class=\"wp-block-buttons is-layout-flex wp-block-buttons-is-layout-flex\">\n          <div class=\"wp-block-button is-style-more-button\">\n            <a class=\"wp-block-button__link wp-element-button\" href=\"https:\/\/www.bbk-sachsenanhalt.de\/en\/open-call-goldstuecke-2025-light-art-festival-in-gelsenkirchen\/\">\n              read more            <\/a>\n          <\/div>\n        <\/div>\n\n      <\/div>\n    <\/div>\n          <!-- wp:separator -->\n      <hr class=\"wp-block-separator has-alpha-channel-opacity\" \/>\n      <!-- \/wp:separator -->\n      \n    <div class=\"grid-container post-item\">\n      <div class=\"grid-column-left\">\n                  <figure class=\"wp-block-image\">\n            <a href=\"https:\/\/www.bbk-sachsenanhalt.de\/en\/new-publications-work-database-september-2025\/\">\n              <img loading=\"lazy\" decoding=\"async\" width=\"550\" height=\"733\" src=\"https:\/\/www.bbk-sachsenanhalt.de\/wp-content\/uploads\/2026\/02\/molzberger_hans_cowboy_clown_2010-550x733.png\" class=\"no-lightbox\" alt=\"\" data-mwl-img-ignore=\"true\" srcset=\"https:\/\/www.bbk-sachsenanhalt.de\/wp-content\/uploads\/2026\/02\/molzberger_hans_cowboy_clown_2010-550x733.png 550w, https:\/\/www.bbk-sachsenanhalt.de\/wp-content\/uploads\/2026\/02\/molzberger_hans_cowboy_clown_2010-225x300.png 225w, https:\/\/www.bbk-sachsenanhalt.de\/wp-content\/uploads\/2026\/02\/molzberger_hans_cowboy_clown_2010-740x987.png 740w, https:\/\/www.bbk-sachsenanhalt.de\/wp-content\/uploads\/2026\/02\/molzberger_hans_cowboy_clown_2010-400x533.png 400w, https:\/\/www.bbk-sachsenanhalt.de\/wp-content\/uploads\/2026\/02\/molzberger_hans_cowboy_clown_2010-368x490.png 368w, https:\/\/www.bbk-sachsenanhalt.de\/wp-content\/uploads\/2026\/02\/molzberger_hans_cowboy_clown_2010.png 768w\" sizes=\"auto, (max-width: 550px) 100vw, 550px\" \/>            <\/a>\n            <figcaption class=\"wp-element-caption\">\n              Foto: Hans Molzberger            <\/figcaption>\n          <\/figure>\n              <\/div>\n\n      <div class=\"grid-column-right\">\n                  <div class=\"cmbbk-primary-category\"><a href=\"https:\/\/www.bbk-sachsenanhalt.de\/en\/category\/concerns\/artists-estates\/\">Artists&#039; estates &#8211; 11.09.2025 13:30&nbsp;clock<\/a><\/div>          <h3 class=\"is-style-teaser\">\n            <a href=\"https:\/\/www.bbk-sachsenanhalt.de\/en\/new-publications-work-database-september-2025\/\">New in the work database as of February 2026: Ulrike Kirchner and Hans Molzberger<\/a>\n          <\/h3>\n                <p>\n          With the seventh round of publications since 2017, the &#8220;Werkdatenbank Bildende Kunst Sachsen-Anhalt&#8221; has grown to 6,419 works by 43 artists. The focus is on two contemporary artists whose catalogs were newly created in winter 2025\/26: the Wittenberg artist Ulrike Kirchner (1959) and Hans Molzberger (1953) from the Altmark region. Ulrike Kirchner Ulrike Kirchner was [&hellip;]        <\/p>\n        <div class=\"wp-block-buttons is-layout-flex wp-block-buttons-is-layout-flex\">\n          <div class=\"wp-block-button is-style-more-button\">\n            <a class=\"wp-block-button__link wp-element-button\" href=\"https:\/\/www.bbk-sachsenanhalt.de\/en\/new-publications-work-database-september-2025\/\">\n              read more            <\/a>\n          <\/div>\n        <\/div>\n\n      <\/div>\n    <\/div>\n          <!-- wp:separator -->\n      <hr class=\"wp-block-separator has-alpha-channel-opacity\" \/>\n      <!-- \/wp:separator -->\n      \n    <div class=\"grid-container post-item\">\n      <div class=\"grid-column-left\">\n                  <figure class=\"wp-block-image\">\n            <a href=\"https:\/\/www.bbk-sachsenanhalt.de\/en\/publication-accompanying-the-study-the-economic-and-social-situation-of-visual-artists-published-2\/\">\n              <img loading=\"lazy\" decoding=\"async\" width=\"550\" height=\"687\" src=\"https:\/\/www.bbk-sachsenanhalt.de\/wp-content\/uploads\/2026\/02\/generellfrisch-spendengrafik-V2-01-550x687.jpg\" class=\"no-lightbox\" alt=\"\" data-mwl-img-ignore=\"true\" srcset=\"https:\/\/www.bbk-sachsenanhalt.de\/wp-content\/uploads\/2026\/02\/generellfrisch-spendengrafik-V2-01-550x687.jpg 550w, https:\/\/www.bbk-sachsenanhalt.de\/wp-content\/uploads\/2026\/02\/generellfrisch-spendengrafik-V2-01-240x300.jpg 240w, https:\/\/www.bbk-sachsenanhalt.de\/wp-content\/uploads\/2026\/02\/generellfrisch-spendengrafik-V2-01-819x1024.jpg 819w, https:\/\/www.bbk-sachsenanhalt.de\/wp-content\/uploads\/2026\/02\/generellfrisch-spendengrafik-V2-01-768x960.jpg 768w, https:\/\/www.bbk-sachsenanhalt.de\/wp-content\/uploads\/2026\/02\/generellfrisch-spendengrafik-V2-01-1229x1536.jpg 1229w, https:\/\/www.bbk-sachsenanhalt.de\/wp-content\/uploads\/2026\/02\/generellfrisch-spendengrafik-V2-01-1638x2048.jpg 1638w, https:\/\/www.bbk-sachsenanhalt.de\/wp-content\/uploads\/2026\/02\/generellfrisch-spendengrafik-V2-01-740x925.jpg 740w, https:\/\/www.bbk-sachsenanhalt.de\/wp-content\/uploads\/2026\/02\/generellfrisch-spendengrafik-V2-01-400x500.jpg 400w, https:\/\/www.bbk-sachsenanhalt.de\/wp-content\/uploads\/2026\/02\/generellfrisch-spendengrafik-V2-01-392x490.jpg 392w, https:\/\/www.bbk-sachsenanhalt.de\/wp-content\/uploads\/2026\/02\/generellfrisch-spendengrafik-V2-01-scaled.jpg 2048w\" sizes=\"auto, (max-width: 550px) 100vw, 550px\" \/>            <\/a>\n            <figcaption class=\"wp-element-caption\">\n                          <\/figcaption>\n          <\/figure>\n              <\/div>\n\n      <div class=\"grid-column-right\">\n                  <div class=\"cmbbk-primary-category\"><a href=\"https:\/\/www.bbk-sachsenanhalt.de\/en\/category\/concerns\/\">Concerns<\/a><\/div>          <h3 class=\"is-style-teaser\">\n            <a href=\"https:\/\/www.bbk-sachsenanhalt.de\/en\/publication-accompanying-the-study-the-economic-and-social-situation-of-visual-artists-published-2\/\">Donation campaign: &#8220;generell frisch&#8221; in Wittenberg needs your help!<\/a>\n          <\/h3>\n                <p>\n          Since 2013, the Kulturwerk des BBK Sachsen-Anhalt has regularly presented the new BBK members in the &#8220;generell frisch&#8221; series. Following presentations in Halle (Saale), Merseburg, Dessau-Ro\u00dflau, Magdeburg, Ilsenburg, Halberstadt and Salzwedel, Lutherstadt Wittenberg is to follow this year. However, the financing of the project is in danger of failing because the association is unable to [&hellip;]        <\/p>\n        <div class=\"wp-block-buttons is-layout-flex wp-block-buttons-is-layout-flex\">\n          <div class=\"wp-block-button is-style-more-button\">\n            <a class=\"wp-block-button__link wp-element-button\" href=\"https:\/\/www.bbk-sachsenanhalt.de\/en\/publication-accompanying-the-study-the-economic-and-social-situation-of-visual-artists-published-2\/\">\n              read more            <\/a>\n          <\/div>\n        <\/div>\n\n      <\/div>\n    <\/div>\n          <!-- wp:separator -->\n      <hr class=\"wp-block-separator has-alpha-channel-opacity\" \/>\n      <!-- \/wp:separator -->\n      \n    <div class=\"grid-container post-item\">\n      <div class=\"grid-column-left\">\n                  <figure class=\"wp-block-image\">\n            <a href=\"https:\/\/www.bbk-sachsenanhalt.de\/en\/december-exhibition-on-the-theme-of-green\/\">\n              <img loading=\"lazy\" decoding=\"async\" width=\"550\" height=\"310\" src=\"https:\/\/www.bbk-sachsenanhalt.de\/wp-content\/uploads\/2026\/01\/20260201_175901-1-550x310.jpg\" class=\"no-lightbox\" alt=\"\" data-mwl-img-ignore=\"true\" srcset=\"https:\/\/www.bbk-sachsenanhalt.de\/wp-content\/uploads\/2026\/01\/20260201_175901-1-550x310.jpg 550w, https:\/\/www.bbk-sachsenanhalt.de\/wp-content\/uploads\/2026\/01\/20260201_175901-1-300x169.jpg 300w, https:\/\/www.bbk-sachsenanhalt.de\/wp-content\/uploads\/2026\/01\/20260201_175901-1-1024x576.jpg 1024w, https:\/\/www.bbk-sachsenanhalt.de\/wp-content\/uploads\/2026\/01\/20260201_175901-1-768x432.jpg 768w, https:\/\/www.bbk-sachsenanhalt.de\/wp-content\/uploads\/2026\/01\/20260201_175901-1-1536x864.jpg 1536w, https:\/\/www.bbk-sachsenanhalt.de\/wp-content\/uploads\/2026\/01\/20260201_175901-1-2048x1153.jpg 2048w, https:\/\/www.bbk-sachsenanhalt.de\/wp-content\/uploads\/2026\/01\/20260201_175901-1-740x416.jpg 740w, https:\/\/www.bbk-sachsenanhalt.de\/wp-content\/uploads\/2026\/01\/20260201_175901-1-400x225.jpg 400w, https:\/\/www.bbk-sachsenanhalt.de\/wp-content\/uploads\/2026\/01\/20260201_175901-1-871x490.jpg 871w\" sizes=\"auto, (max-width: 550px) 100vw, 550px\" \/>            <\/a>\n            <figcaption class=\"wp-element-caption\">\n                          <\/figcaption>\n          <\/figure>\n              <\/div>\n\n      <div class=\"grid-column-right\">\n                  <div class=\"cmbbk-primary-category\"><a href=\"https:\/\/www.bbk-sachsenanhalt.de\/en\/category\/news\/dates\/bbk-events\/\">BBK events &#8211; from 01.02.2026 to 31.03.2026<\/a><\/div>          <h3 class=\"is-style-teaser\">\n            <a href=\"https:\/\/www.bbk-sachsenanhalt.de\/en\/december-exhibition-on-the-theme-of-green\/\">Nerit tree<\/a>\n          <\/h3>\n                <p>\n          &#8220;Art that does &#8211; local Scene&#8221; (Not entirely) serious light installation made of screw caps. Just like the rural art scene: colorful, scattered and often a little improvised, lively, committed and flexible. A finely balanced, mobile and fragile network. Nerit Baum, object and light artist from the small but fine Altmark art and culture scene, [&hellip;]        <\/p>\n        <div class=\"wp-block-buttons is-layout-flex wp-block-buttons-is-layout-flex\">\n          <div class=\"wp-block-button is-style-more-button\">\n            <a class=\"wp-block-button__link wp-element-button\" href=\"https:\/\/www.bbk-sachsenanhalt.de\/en\/december-exhibition-on-the-theme-of-green\/\">\n              read more            <\/a>\n          <\/div>\n        <\/div>\n\n      <\/div>\n    <\/div>\n          <!-- wp:separator -->\n      <hr class=\"wp-block-separator has-alpha-channel-opacity\" \/>\n      <!-- \/wp:separator -->\n      \n    <div class=\"grid-container post-item\">\n      <div class=\"grid-column-left\">\n                  <figure class=\"wp-block-image\">\n            <a href=\"https:\/\/www.bbk-sachsenanhalt.de\/en\/creart-3-0-open-call-for-land-environmental-art-in-kaunas\/\">\n              <img loading=\"lazy\" decoding=\"async\" width=\"550\" height=\"344\" src=\"https:\/\/www.bbk-sachsenanhalt.de\/wp-content\/uploads\/2024\/09\/66e2c9cf5d2f6-Open-Call-Central-Asia-2025-Webpage-1024x640-1-550x344.jpg\" class=\"no-lightbox\" alt=\"\" data-mwl-img-ignore=\"true\" srcset=\"https:\/\/www.bbk-sachsenanhalt.de\/wp-content\/uploads\/2024\/09\/66e2c9cf5d2f6-Open-Call-Central-Asia-2025-Webpage-1024x640-1-550x344.jpg 550w, https:\/\/www.bbk-sachsenanhalt.de\/wp-content\/uploads\/2024\/09\/66e2c9cf5d2f6-Open-Call-Central-Asia-2025-Webpage-1024x640-1-300x188.jpg 300w, https:\/\/www.bbk-sachsenanhalt.de\/wp-content\/uploads\/2024\/09\/66e2c9cf5d2f6-Open-Call-Central-Asia-2025-Webpage-1024x640-1-768x480.jpg 768w, https:\/\/www.bbk-sachsenanhalt.de\/wp-content\/uploads\/2024\/09\/66e2c9cf5d2f6-Open-Call-Central-Asia-2025-Webpage-1024x640-1-740x463.jpg 740w, https:\/\/www.bbk-sachsenanhalt.de\/wp-content\/uploads\/2024\/09\/66e2c9cf5d2f6-Open-Call-Central-Asia-2025-Webpage-1024x640-1-400x250.jpg 400w, https:\/\/www.bbk-sachsenanhalt.de\/wp-content\/uploads\/2024\/09\/66e2c9cf5d2f6-Open-Call-Central-Asia-2025-Webpage-1024x640-1-784x490.jpg 784w, https:\/\/www.bbk-sachsenanhalt.de\/wp-content\/uploads\/2024\/09\/66e2c9cf5d2f6-Open-Call-Central-Asia-2025-Webpage-1024x640-1.jpg 1024w\" sizes=\"auto, (max-width: 550px) 100vw, 550px\" \/>            <\/a>\n            <figcaption class=\"wp-element-caption\">\n                          <\/figcaption>\n          <\/figure>\n              <\/div>\n\n      <div class=\"grid-column-right\">\n                  <div class=\"cmbbk-primary-category\"><a href=\"https:\/\/www.bbk-sachsenanhalt.de\/en\/category\/news\/dates\/\">Dates &#8211; to 25.02.2026<\/a><\/div>          <h3 class=\"is-style-teaser\">\n            <a href=\"https:\/\/www.bbk-sachsenanhalt.de\/en\/creart-3-0-open-call-for-land-environmental-art-in-kaunas\/\">CreArt 3.0 \/ Open Call for land\/environmental art in Kaunas<\/a>\n          <\/h3>\n                <p>\n          CreArt Kaunas and Kaunas Artists&#8217; House announce an open call for land\/environmental art creators and invite them to create land\/environmental art installations in public spaces along the river Nemunas in Kaunas. The artworks must be made of natural, biodegradable materials and integrate harmoniously into the local context and landscape. The created works will be presented [&hellip;]        <\/p>\n        <div class=\"wp-block-buttons is-layout-flex wp-block-buttons-is-layout-flex\">\n          <div class=\"wp-block-button is-style-more-button\">\n            <a class=\"wp-block-button__link wp-element-button\" href=\"https:\/\/www.bbk-sachsenanhalt.de\/en\/creart-3-0-open-call-for-land-environmental-art-in-kaunas\/\">\n              read more            <\/a>\n          <\/div>\n        <\/div>\n\n      <\/div>\n    <\/div>\n          <!-- wp:separator -->\n      <hr class=\"wp-block-separator has-alpha-channel-opacity\" \/>\n      <!-- \/wp:separator -->\n      \n    <div class=\"grid-container post-item\">\n      <div class=\"grid-column-left\">\n                  <figure class=\"wp-block-image\">\n            <a href=\"https:\/\/www.bbk-sachsenanhalt.de\/en\/visible-art-design-market-2024-2\/\">\n              <img loading=\"lazy\" decoding=\"async\" width=\"346\" height=\"216\" src=\"https:\/\/www.bbk-sachsenanhalt.de\/wp-content\/uploads\/2026\/01\/Anzeige_sichtbar_markt_2026.jpg\" class=\"no-lightbox\" alt=\"\" data-mwl-img-ignore=\"true\" srcset=\"https:\/\/www.bbk-sachsenanhalt.de\/wp-content\/uploads\/2026\/01\/Anzeige_sichtbar_markt_2026.jpg 346w, https:\/\/www.bbk-sachsenanhalt.de\/wp-content\/uploads\/2026\/01\/Anzeige_sichtbar_markt_2026-300x187.jpg 300w\" sizes=\"auto, (max-width: 346px) 100vw, 346px\" \/>            <\/a>\n            <figcaption class=\"wp-element-caption\">\n                          <\/figcaption>\n          <\/figure>\n              <\/div>\n\n      <div class=\"grid-column-right\">\n                  <div class=\"cmbbk-primary-category\"><a href=\"https:\/\/www.bbk-sachsenanhalt.de\/en\/category\/news\/dates\/bbk-events\/\">BBK events &#8211; 13.06.2026 11:00&nbsp;clock<\/a><\/div>          <h3 class=\"is-style-teaser\">\n            <a href=\"https:\/\/www.bbk-sachsenanhalt.de\/en\/visible-art-design-market-2024-2\/\">visible &#8211; Art &amp; Design Market 2026<\/a>\n          <\/h3>\n                <p>\n          This year, the &#8220;sichtbar &#8211; Kunst- &amp; Designmarkt&#8221; will once again take place during the Handel Festival in the moat of Moritzburg Castle in Halle. We are looking forward to the diverse stands in a cultural ambience!        <\/p>\n        <div class=\"wp-block-buttons is-layout-flex wp-block-buttons-is-layout-flex\">\n          <div class=\"wp-block-button is-style-more-button\">\n            <a class=\"wp-block-button__link wp-element-button\" href=\"https:\/\/www.bbk-sachsenanhalt.de\/en\/visible-art-design-market-2024-2\/\">\n              read more            <\/a>\n          <\/div>\n        <\/div>\n\n      <\/div>\n    <\/div>\n          <!-- wp:separator -->\n      <hr class=\"wp-block-separator has-alpha-channel-opacity\" \/>\n      <!-- \/wp:separator -->\n      \n    <div class=\"grid-container post-item\">\n      <div class=\"grid-column-left\">\n              <\/div>\n\n      <div class=\"grid-column-right\">\n                  <div class=\"cmbbk-primary-category\"><a href=\"https:\/\/www.bbk-sachsenanhalt.de\/en\/category\/news\/dates\/bbk-events\/\">BBK events &#8211; 19.09.2026 11:00&nbsp;clock<\/a><\/div>          <h3 class=\"is-style-teaser\">\n            <a href=\"https:\/\/www.bbk-sachsenanhalt.de\/en\/open-studios-in-saxony-anhalt-on-september-20-21-2025\/\">Open studios in Saxony-Anhalt on September 19\/20, 2026<\/a>\n          <\/h3>\n                <p>\n          The Kulturwerk of the BBK Saxony-Anhalt is once again organizing the &#8220;Open Studios in Saxony-Anhalt&#8221; in 2026. They will take place on 19. and September 20 in all parts of the country. You can find the invitation here.        <\/p>\n        <div class=\"wp-block-buttons is-layout-flex wp-block-buttons-is-layout-flex\">\n          <div class=\"wp-block-button is-style-more-button\">\n            <a class=\"wp-block-button__link wp-element-button\" href=\"https:\/\/www.bbk-sachsenanhalt.de\/en\/open-studios-in-saxony-anhalt-on-september-20-21-2025\/\">\n              read more            <\/a>\n          <\/div>\n        <\/div>\n\n      <\/div>\n    <\/div>\n          <!-- wp:separator -->\n      <hr class=\"wp-block-separator has-alpha-channel-opacity\" \/>\n      <!-- \/wp:separator -->\n      \n    <div class=\"grid-container post-item\">\n      <div class=\"grid-column-left\">\n                  <figure class=\"wp-block-image\">\n            <a href=\"https:\/\/www.bbk-sachsenanhalt.de\/en\/alica-khaet-2\/\">\n              <img loading=\"lazy\" decoding=\"async\" width=\"550\" height=\"288\" src=\"https:\/\/www.bbk-sachsenanhalt.de\/wp-content\/uploads\/2026\/01\/FB_Event_01-550x288.jpg\" class=\"no-lightbox\" alt=\"\" data-mwl-img-ignore=\"true\" srcset=\"https:\/\/www.bbk-sachsenanhalt.de\/wp-content\/uploads\/2026\/01\/FB_Event_01-550x288.jpg 550w, https:\/\/www.bbk-sachsenanhalt.de\/wp-content\/uploads\/2026\/01\/FB_Event_01-300x157.jpg 300w, https:\/\/www.bbk-sachsenanhalt.de\/wp-content\/uploads\/2026\/01\/FB_Event_01-1024x537.jpg 1024w, https:\/\/www.bbk-sachsenanhalt.de\/wp-content\/uploads\/2026\/01\/FB_Event_01-768x403.jpg 768w, https:\/\/www.bbk-sachsenanhalt.de\/wp-content\/uploads\/2026\/01\/FB_Event_01-1536x805.jpg 1536w, https:\/\/www.bbk-sachsenanhalt.de\/wp-content\/uploads\/2026\/01\/FB_Event_01-2048x1073.jpg 2048w, https:\/\/www.bbk-sachsenanhalt.de\/wp-content\/uploads\/2026\/01\/FB_Event_01-740x388.jpg 740w, https:\/\/www.bbk-sachsenanhalt.de\/wp-content\/uploads\/2026\/01\/FB_Event_01-400x210.jpg 400w, https:\/\/www.bbk-sachsenanhalt.de\/wp-content\/uploads\/2026\/01\/FB_Event_01-935x490.jpg 935w\" sizes=\"auto, (max-width: 550px) 100vw, 550px\" \/>            <\/a>\n            <figcaption class=\"wp-element-caption\">\n                          <\/figcaption>\n          <\/figure>\n              <\/div>\n\n      <div class=\"grid-column-right\">\n                  <div class=\"cmbbk-primary-category\"><a href=\"https:\/\/www.bbk-sachsenanhalt.de\/en\/category\/news\/dates\/bbk-events\/\">BBK events &#8211; from 01.01.2026 to 28.02.2026<\/a><\/div>          <h3 class=\"is-style-teaser\">\n            <a href=\"https:\/\/www.bbk-sachsenanhalt.de\/en\/alica-khaet-2\/\">Christina Wildgrube<\/a>\n          <\/h3>\n                <p>\n          In her artistic work, Christina Wildgrube explores printmaking forms of expression, in particular letterpress printing and monotype. Based on sketches and notes made during excursions and hikes, she primarily develops landscape motifs in which perception, memory, movement and encounters are condensed as extracts. From time to time, she also creates sheets of poetry in which [&hellip;]        <\/p>\n        <div class=\"wp-block-buttons is-layout-flex wp-block-buttons-is-layout-flex\">\n          <div class=\"wp-block-button is-style-more-button\">\n            <a class=\"wp-block-button__link wp-element-button\" href=\"https:\/\/www.bbk-sachsenanhalt.de\/en\/alica-khaet-2\/\">\n              read more            <\/a>\n          <\/div>\n        <\/div>\n\n      <\/div>\n    <\/div>\n          <!-- wp:separator -->\n      <hr class=\"wp-block-separator has-alpha-channel-opacity\" \/>\n      <!-- \/wp:separator -->\n      \n    <div class=\"grid-container post-item\">\n      <div class=\"grid-column-left\">\n                  <figure class=\"wp-block-image\">\n            <a href=\"https:\/\/www.bbk-sachsenanhalt.de\/en\/call-for-entries-for-the-visible-art-and-design-market-on-13-june-14-2026\/\">\n              <img loading=\"lazy\" decoding=\"async\" width=\"550\" height=\"367\" src=\"https:\/\/www.bbk-sachsenanhalt.de\/wp-content\/uploads\/2025\/12\/IMG_8602-Kopie-1024x683-1-550x367.jpg\" class=\"no-lightbox\" alt=\"\" data-mwl-img-ignore=\"true\" srcset=\"https:\/\/www.bbk-sachsenanhalt.de\/wp-content\/uploads\/2025\/12\/IMG_8602-Kopie-1024x683-1-550x367.jpg 550w, https:\/\/www.bbk-sachsenanhalt.de\/wp-content\/uploads\/2025\/12\/IMG_8602-Kopie-1024x683-1-300x200.jpg 300w, https:\/\/www.bbk-sachsenanhalt.de\/wp-content\/uploads\/2025\/12\/IMG_8602-Kopie-1024x683-1-768x512.jpg 768w, https:\/\/www.bbk-sachsenanhalt.de\/wp-content\/uploads\/2025\/12\/IMG_8602-Kopie-1024x683-1-740x494.jpg 740w, https:\/\/www.bbk-sachsenanhalt.de\/wp-content\/uploads\/2025\/12\/IMG_8602-Kopie-1024x683-1-400x267.jpg 400w, https:\/\/www.bbk-sachsenanhalt.de\/wp-content\/uploads\/2025\/12\/IMG_8602-Kopie-1024x683-1-735x490.jpg 735w, https:\/\/www.bbk-sachsenanhalt.de\/wp-content\/uploads\/2025\/12\/IMG_8602-Kopie-1024x683-1.jpg 1024w\" sizes=\"auto, (max-width: 550px) 100vw, 550px\" \/>            <\/a>\n            <figcaption class=\"wp-element-caption\">\n                          <\/figcaption>\n          <\/figure>\n              <\/div>\n\n      <div class=\"grid-column-right\">\n                  <div class=\"cmbbk-primary-category\"><a href=\"https:\/\/www.bbk-sachsenanhalt.de\/en\/category\/news\/dates\/bbk-events\/\">BBK events &#8211; to 28.02.2026<\/a><\/div>          <h3 class=\"is-style-teaser\">\n            <a href=\"https:\/\/www.bbk-sachsenanhalt.de\/en\/call-for-entries-for-the-visible-art-and-design-market-on-13-june-14-2026\/\">Call for entries for the visible art and design market on 13. &amp; June 14, 2026<\/a>\n          <\/h3>\n                <p>\n          In 2026, Halle (Saale) will once again host the visible &#8211; Art &amp; Design Market in the moat of the Moritzburg Art Museum &#8211; this time on 13. and June 14, 2026. Be part of it and apply here. Dear artists and designers, In 2026, Halle (Saale) will once again host the visible &#8211; Art [&hellip;]        <\/p>\n        <div class=\"wp-block-buttons is-layout-flex wp-block-buttons-is-layout-flex\">\n          <div class=\"wp-block-button is-style-more-button\">\n            <a class=\"wp-block-button__link wp-element-button\" href=\"https:\/\/www.bbk-sachsenanhalt.de\/en\/call-for-entries-for-the-visible-art-and-design-market-on-13-june-14-2026\/\">\n              read more            <\/a>\n          <\/div>\n        <\/div>\n\n      <\/div>\n    <\/div>\n          <!-- wp:separator -->\n      <hr class=\"wp-block-separator has-alpha-channel-opacity\" \/>\n      <!-- \/wp:separator -->\n      \n    <div class=\"grid-container post-item\">\n      <div class=\"grid-column-left\">\n                  <figure class=\"wp-block-image\">\n            <a href=\"https:\/\/www.bbk-sachsenanhalt.de\/en\/hermann-beneke-in-mansfeld-suedharz\/\">\n              <img loading=\"lazy\" decoding=\"async\" width=\"550\" height=\"385\" src=\"https:\/\/www.bbk-sachsenanhalt.de\/wp-content\/uploads\/2025\/12\/beneke-550x385.webp\" class=\"no-lightbox\" alt=\"\" data-mwl-img-ignore=\"true\" srcset=\"https:\/\/www.bbk-sachsenanhalt.de\/wp-content\/uploads\/2025\/12\/beneke-550x385.webp 550w, https:\/\/www.bbk-sachsenanhalt.de\/wp-content\/uploads\/2025\/12\/beneke-300x210.webp 300w, https:\/\/www.bbk-sachsenanhalt.de\/wp-content\/uploads\/2025\/12\/beneke-1024x717.webp 1024w, https:\/\/www.bbk-sachsenanhalt.de\/wp-content\/uploads\/2025\/12\/beneke-768x538.webp 768w, https:\/\/www.bbk-sachsenanhalt.de\/wp-content\/uploads\/2025\/12\/beneke-740x518.webp 740w, https:\/\/www.bbk-sachsenanhalt.de\/wp-content\/uploads\/2025\/12\/beneke-400x280.webp 400w, https:\/\/www.bbk-sachsenanhalt.de\/wp-content\/uploads\/2025\/12\/beneke-700x490.webp 700w, https:\/\/www.bbk-sachsenanhalt.de\/wp-content\/uploads\/2025\/12\/beneke.webp 1083w\" sizes=\"auto, (max-width: 550px) 100vw, 550px\" \/>            <\/a>\n            <figcaption class=\"wp-element-caption\">\n                          <\/figcaption>\n          <\/figure>\n              <\/div>\n\n      <div class=\"grid-column-right\">\n                  <div class=\"cmbbk-primary-category\"><a href=\"https:\/\/www.bbk-sachsenanhalt.de\/en\/category\/projects\/\">Projects<\/a><\/div>          <h3 class=\"is-style-teaser\">\n            <a href=\"https:\/\/www.bbk-sachsenanhalt.de\/en\/hermann-beneke-in-mansfeld-suedharz\/\">Hermann Beneke in Mansfeld-S\u00fcdharz<\/a>\n          <\/h3>\n                <p>\n          The Werkleitz-Gesellschaft provides information: The Robota 500 artistic landmark has been erected in Stolberg (Harz), Osterhausen and Emseloh &#8211; selected places of remembrance of the Peasants&#8217; War events (around 1525) in the district of Mansfeld-S\u00fcdharz. It will preserve the memory of the victims beyond the commemorative year Gerechtigkeyt 2025. Robota 500 by Stine Albrecht and [&hellip;]        <\/p>\n        <div class=\"wp-block-buttons is-layout-flex wp-block-buttons-is-layout-flex\">\n          <div class=\"wp-block-button is-style-more-button\">\n            <a class=\"wp-block-button__link wp-element-button\" href=\"https:\/\/www.bbk-sachsenanhalt.de\/en\/hermann-beneke-in-mansfeld-suedharz\/\">\n              read more            <\/a>\n          <\/div>\n        <\/div>\n\n      <\/div>\n    <\/div>\n          <!-- wp:separator -->\n      <hr class=\"wp-block-separator has-alpha-channel-opacity\" \/>\n      <!-- \/wp:separator -->\n      \n    <div class=\"grid-container post-item\">\n      <div class=\"grid-column-left\">\n                  <figure class=\"wp-block-image\">\n            <a href=\"https:\/\/www.bbk-sachsenanhalt.de\/en\/federal-cross-of-merit-for-christina-simon\/\">\n              <img loading=\"lazy\" decoding=\"async\" width=\"550\" height=\"367\" src=\"https:\/\/www.bbk-sachsenanhalt.de\/wp-content\/uploads\/2025\/12\/christina_simon-550x367.jpg\" class=\"no-lightbox\" alt=\"\" data-mwl-img-ignore=\"true\" srcset=\"https:\/\/www.bbk-sachsenanhalt.de\/wp-content\/uploads\/2025\/12\/christina_simon-550x367.jpg 550w, https:\/\/www.bbk-sachsenanhalt.de\/wp-content\/uploads\/2025\/12\/christina_simon-300x200.jpg 300w, https:\/\/www.bbk-sachsenanhalt.de\/wp-content\/uploads\/2025\/12\/christina_simon-1024x683.jpg 1024w, https:\/\/www.bbk-sachsenanhalt.de\/wp-content\/uploads\/2025\/12\/christina_simon-768x512.jpg 768w, https:\/\/www.bbk-sachsenanhalt.de\/wp-content\/uploads\/2025\/12\/christina_simon-740x493.jpg 740w, https:\/\/www.bbk-sachsenanhalt.de\/wp-content\/uploads\/2025\/12\/christina_simon-400x267.jpg 400w, https:\/\/www.bbk-sachsenanhalt.de\/wp-content\/uploads\/2025\/12\/christina_simon-735x490.jpg 735w, https:\/\/www.bbk-sachsenanhalt.de\/wp-content\/uploads\/2025\/12\/christina_simon.jpg 1200w\" sizes=\"auto, (max-width: 550px) 100vw, 550px\" \/>            <\/a>\n            <figcaption class=\"wp-element-caption\">\n              \u00a9 Kulturministerium Sachsen-Anhalt            <\/figcaption>\n          <\/figure>\n              <\/div>\n\n      <div class=\"grid-column-right\">\n                  <div class=\"cmbbk-primary-category\"><a href=\"https:\/\/www.bbk-sachsenanhalt.de\/en\/category\/projects\/\">Projects<\/a><\/div>          <h3 class=\"is-style-teaser\">\n            <a href=\"https:\/\/www.bbk-sachsenanhalt.de\/en\/federal-cross-of-merit-for-christina-simon\/\">Federal Cross of Merit for Christina Simon<\/a>\n          <\/h3>\n                <p>\n          The Wei\u00dfenfels artist Christina Simon was awarded the Federal Cross of Merit in November 2025. Minister President Dr. Reiner Haseloff presented the award in the Magdeburg State Chancellery. A total of eight orders of merit were presented on the day. Christina Simon is an impressive example of how culture can grow from the bottom up [&hellip;]        <\/p>\n        <div class=\"wp-block-buttons is-layout-flex wp-block-buttons-is-layout-flex\">\n          <div class=\"wp-block-button is-style-more-button\">\n            <a class=\"wp-block-button__link wp-element-button\" href=\"https:\/\/www.bbk-sachsenanhalt.de\/en\/federal-cross-of-merit-for-christina-simon\/\">\n              read more            <\/a>\n          <\/div>\n        <\/div>\n\n      <\/div>\n    <\/div>\n          <!-- wp:separator -->\n      <hr class=\"wp-block-separator has-alpha-channel-opacity\" \/>\n      <!-- \/wp:separator -->\n      \n    <div class=\"grid-container post-item\">\n      <div class=\"grid-column-left\">\n                  <figure class=\"wp-block-image\">\n            <a href=\"https:\/\/www.bbk-sachsenanhalt.de\/en\/call-for-applications-project-coordination-bbkarium-saxony-anhalt-2026\/\">\n              <img loading=\"lazy\" decoding=\"async\" width=\"550\" height=\"662\" src=\"https:\/\/www.bbk-sachsenanhalt.de\/wp-content\/uploads\/2025\/12\/bbkarium_standorte_2026-550x662.jpg\" class=\"no-lightbox\" alt=\"\" data-mwl-img-ignore=\"true\" srcset=\"https:\/\/www.bbk-sachsenanhalt.de\/wp-content\/uploads\/2025\/12\/bbkarium_standorte_2026-550x662.jpg 550w, https:\/\/www.bbk-sachsenanhalt.de\/wp-content\/uploads\/2025\/12\/bbkarium_standorte_2026-249x300.jpg 249w, https:\/\/www.bbk-sachsenanhalt.de\/wp-content\/uploads\/2025\/12\/bbkarium_standorte_2026-400x482.jpg 400w, https:\/\/www.bbk-sachsenanhalt.de\/wp-content\/uploads\/2025\/12\/bbkarium_standorte_2026-407x490.jpg 407w, https:\/\/www.bbk-sachsenanhalt.de\/wp-content\/uploads\/2025\/12\/bbkarium_standorte_2026.jpg 553w\" sizes=\"auto, (max-width: 550px) 100vw, 550px\" \/>            <\/a>\n            <figcaption class=\"wp-element-caption\">\n                          <\/figcaption>\n          <\/figure>\n              <\/div>\n\n      <div class=\"grid-column-right\">\n                  <div class=\"cmbbk-primary-category\"><a href=\"https:\/\/www.bbk-sachsenanhalt.de\/en\/category\/news\/dates\/calendar\/\">Calendar &#8211; to 11.01.2026<\/a><\/div>          <h3 class=\"is-style-teaser\">\n            <a href=\"https:\/\/www.bbk-sachsenanhalt.de\/en\/call-for-applications-project-coordination-bbkarium-saxony-anhalt-2026\/\">Call for applications: Project coordination BBKarium Saxony-Anhalt 2026<\/a>\n          <\/h3>\n                <p>\n          What began in Halle in 2015 continued in Dessau in 2023 and is now taking on a new dynamic in other places in our federal state: the &#8220;BBKarium&#8221;. In Wittenberg, Magdeburg and the Harz region, members of the BBK Saxony-Anhalt have set out to find their own showcases for the presentation of contemporary art. Now [&hellip;]        <\/p>\n        <div class=\"wp-block-buttons is-layout-flex wp-block-buttons-is-layout-flex\">\n          <div class=\"wp-block-button is-style-more-button\">\n            <a class=\"wp-block-button__link wp-element-button\" href=\"https:\/\/www.bbk-sachsenanhalt.de\/en\/call-for-applications-project-coordination-bbkarium-saxony-anhalt-2026\/\">\n              read more            <\/a>\n          <\/div>\n        <\/div>\n\n      <\/div>\n    <\/div>\n          <!-- wp:separator -->\n      <hr class=\"wp-block-separator has-alpha-channel-opacity\" \/>\n      <!-- \/wp:separator -->\n      \n    <div class=\"grid-container post-item\">\n      <div class=\"grid-column-left\">\n                  <figure class=\"wp-block-image\">\n            <a href=\"https:\/\/www.bbk-sachsenanhalt.de\/en\/exhibition-opening-and-second-birthday\/\">\n              <img loading=\"lazy\" decoding=\"async\" width=\"550\" height=\"419\" src=\"https:\/\/www.bbk-sachsenanhalt.de\/wp-content\/uploads\/2025\/11\/Screenshot-2025-12-10-135126-550x419.jpg\" class=\"no-lightbox\" alt=\"\" data-mwl-img-ignore=\"true\" srcset=\"https:\/\/www.bbk-sachsenanhalt.de\/wp-content\/uploads\/2025\/11\/Screenshot-2025-12-10-135126-550x419.jpg 550w, https:\/\/www.bbk-sachsenanhalt.de\/wp-content\/uploads\/2025\/11\/Screenshot-2025-12-10-135126-300x229.jpg 300w, https:\/\/www.bbk-sachsenanhalt.de\/wp-content\/uploads\/2025\/11\/Screenshot-2025-12-10-135126-400x305.jpg 400w, https:\/\/www.bbk-sachsenanhalt.de\/wp-content\/uploads\/2025\/11\/Screenshot-2025-12-10-135126.jpg 626w\" sizes=\"auto, (max-width: 550px) 100vw, 550px\" \/>            <\/a>\n            <figcaption class=\"wp-element-caption\">\n                          <\/figcaption>\n          <\/figure>\n              <\/div>\n\n      <div class=\"grid-column-right\">\n                  <div class=\"cmbbk-primary-category\"><a href=\"https:\/\/www.bbk-sachsenanhalt.de\/en\/category\/news\/dates\/bbk-events\/\">BBK events &#8211; to 31.12.2025<\/a><\/div>          <h3 class=\"is-style-teaser\">\n            <a href=\"https:\/\/www.bbk-sachsenanhalt.de\/en\/exhibition-opening-and-second-birthday\/\">December exhibition on the theme of &#8220;Green&#8221;<\/a>\n          <\/h3>\n                <p>\n          At the end of the year, the artists of the BBK Dessau are showing works on the theme of &#8220;green&#8221;. Green in December symbolizes hope and the promise that light will return after the darkness. Green stands for confidence, new beginnings, growing together &#8211; and it is also part of the Christmas season. The exhibition [&hellip;]        <\/p>\n        <div class=\"wp-block-buttons is-layout-flex wp-block-buttons-is-layout-flex\">\n          <div class=\"wp-block-button is-style-more-button\">\n            <a class=\"wp-block-button__link wp-element-button\" href=\"https:\/\/www.bbk-sachsenanhalt.de\/en\/exhibition-opening-and-second-birthday\/\">\n              read more            <\/a>\n          <\/div>\n        <\/div>\n\n      <\/div>\n    <\/div>\n          <!-- wp:separator -->\n      <hr class=\"wp-block-separator has-alpha-channel-opacity\" \/>\n      <!-- \/wp:separator -->\n      \n    <div class=\"grid-container post-item\">\n      <div class=\"grid-column-left\">\n                  <figure class=\"wp-block-image\">\n            <a href=\"https:\/\/www.bbk-sachsenanhalt.de\/en\/networking-meeting-altmark-on-september-26-2025\/\">\n              <img loading=\"lazy\" decoding=\"async\" width=\"550\" height=\"786\" src=\"https:\/\/www.bbk-sachsenanhalt.de\/wp-content\/uploads\/2025\/11\/zickler_katrin_scham_02-550x786.jpeg\" class=\"no-lightbox\" alt=\"\" data-mwl-img-ignore=\"true\" srcset=\"https:\/\/www.bbk-sachsenanhalt.de\/wp-content\/uploads\/2025\/11\/zickler_katrin_scham_02-550x786.jpeg 550w, https:\/\/www.bbk-sachsenanhalt.de\/wp-content\/uploads\/2025\/11\/zickler_katrin_scham_02-210x300.jpeg 210w, https:\/\/www.bbk-sachsenanhalt.de\/wp-content\/uploads\/2025\/11\/zickler_katrin_scham_02-716x1024.jpeg 716w, https:\/\/www.bbk-sachsenanhalt.de\/wp-content\/uploads\/2025\/11\/zickler_katrin_scham_02-768x1098.jpeg 768w, https:\/\/www.bbk-sachsenanhalt.de\/wp-content\/uploads\/2025\/11\/zickler_katrin_scham_02-1075x1536.jpeg 1075w, https:\/\/www.bbk-sachsenanhalt.de\/wp-content\/uploads\/2025\/11\/zickler_katrin_scham_02-1433x2048.jpeg 1433w, https:\/\/www.bbk-sachsenanhalt.de\/wp-content\/uploads\/2025\/11\/zickler_katrin_scham_02-740x1058.jpeg 740w, https:\/\/www.bbk-sachsenanhalt.de\/wp-content\/uploads\/2025\/11\/zickler_katrin_scham_02-400x572.jpeg 400w, https:\/\/www.bbk-sachsenanhalt.de\/wp-content\/uploads\/2025\/11\/zickler_katrin_scham_02-343x490.jpeg 343w, https:\/\/www.bbk-sachsenanhalt.de\/wp-content\/uploads\/2025\/11\/zickler_katrin_scham_02-scaled.jpeg 1791w\" sizes=\"auto, (max-width: 550px) 100vw, 550px\" \/>            <\/a>\n            <figcaption class=\"wp-element-caption\">\n              Katrin Zickler: Scham, Risografie, 2025            <\/figcaption>\n          <\/figure>\n              <\/div>\n\n      <div class=\"grid-column-right\">\n                  <div class=\"cmbbk-primary-category\"><a href=\"https:\/\/www.bbk-sachsenanhalt.de\/en\/category\/news\/dates\/bbk-events\/\">BBK events &#8211; 30.11.2025 14:00&nbsp;clock<\/a><\/div>          <h3 class=\"is-style-teaser\">\n            <a href=\"https:\/\/www.bbk-sachsenanhalt.de\/en\/networking-meeting-altmark-on-september-26-2025\/\">Risographies by the BBK group DuU in the DenkRaum Stadtbad in Halle (Saale)<\/a>\n          <\/h3>\n                <p>\n          The BBK is a guest of the F\u00f6rderverein Zukunft Stadtbad Halle, which has once again found an interim location at the Alter Markt for the renovation phase of the pool. A portfolio of risographs created as part of the &#8220;BBKarium Dessau&#8221; 2025 project will also be on display. The DenkRaum Stadtbad will open its doors [&hellip;]        <\/p>\n        <div class=\"wp-block-buttons is-layout-flex wp-block-buttons-is-layout-flex\">\n          <div class=\"wp-block-button is-style-more-button\">\n            <a class=\"wp-block-button__link wp-element-button\" href=\"https:\/\/www.bbk-sachsenanhalt.de\/en\/networking-meeting-altmark-on-september-26-2025\/\">\n              read more            <\/a>\n          <\/div>\n        <\/div>\n\n      <\/div>\n    <\/div>\n          <!-- wp:separator -->\n      <hr class=\"wp-block-separator has-alpha-channel-opacity\" \/>\n      <!-- \/wp:separator -->\n      \n    <div class=\"grid-container post-item\">\n      <div class=\"grid-column-left\">\n                  <figure class=\"wp-block-image\">\n            <a href=\"https:\/\/www.bbk-sachsenanhalt.de\/en\/dessau-artists-develop-mechanical-shop-window\/\">\n              <img loading=\"lazy\" decoding=\"async\" width=\"550\" height=\"759\" src=\"https:\/\/www.bbk-sachsenanhalt.de\/wp-content\/uploads\/2025\/10\/Kaffeegefluester1-FriedaKnie-550x759.jpg\" class=\"no-lightbox\" alt=\"\" data-mwl-img-ignore=\"true\" srcset=\"https:\/\/www.bbk-sachsenanhalt.de\/wp-content\/uploads\/2025\/10\/Kaffeegefluester1-FriedaKnie-550x759.jpg 550w, https:\/\/www.bbk-sachsenanhalt.de\/wp-content\/uploads\/2025\/10\/Kaffeegefluester1-FriedaKnie-218x300.jpg 218w, https:\/\/www.bbk-sachsenanhalt.de\/wp-content\/uploads\/2025\/10\/Kaffeegefluester1-FriedaKnie-742x1024.jpg 742w, https:\/\/www.bbk-sachsenanhalt.de\/wp-content\/uploads\/2025\/10\/Kaffeegefluester1-FriedaKnie-768x1059.jpg 768w, https:\/\/www.bbk-sachsenanhalt.de\/wp-content\/uploads\/2025\/10\/Kaffeegefluester1-FriedaKnie-740x1021.jpg 740w, https:\/\/www.bbk-sachsenanhalt.de\/wp-content\/uploads\/2025\/10\/Kaffeegefluester1-FriedaKnie-400x552.jpg 400w, https:\/\/www.bbk-sachsenanhalt.de\/wp-content\/uploads\/2025\/10\/Kaffeegefluester1-FriedaKnie-355x490.jpg 355w, https:\/\/www.bbk-sachsenanhalt.de\/wp-content\/uploads\/2025\/10\/Kaffeegefluester1-FriedaKnie.jpg 928w\" sizes=\"auto, (max-width: 550px) 100vw, 550px\" \/>            <\/a>\n            <figcaption class=\"wp-element-caption\">\n              Frieda Knie: Kaffeegefl\u00fcster            <\/figcaption>\n          <\/figure>\n              <\/div>\n\n      <div class=\"grid-column-right\">\n                  <div class=\"cmbbk-primary-category\"><a href=\"https:\/\/www.bbk-sachsenanhalt.de\/en\/category\/news\/dates\/bbk-events\/\">BBK events &#8211; to 30.11.2025<\/a><\/div>          <h3 class=\"is-style-teaser\">\n            <a href=\"https:\/\/www.bbk-sachsenanhalt.de\/en\/dessau-artists-develop-mechanical-shop-window\/\">Exhibition opening and second birthday<\/a>\n          <\/h3>\n                <p>\n          The Kunstkollektiv Dessau und Umgebung (DuU) would like to cordially invite you to the next exhibition opening at BBKarium Dessau.On Saturday, November 01, 2025 at 4 pm at Ferdinand-von-Schill-Stra\u00dfe 3 in Dessau, the theme of &#8220;coffee&#8221; will be artistically interpreted and served. The theme of this month&#8217;s joint exhibition offers numerous possibilities for interpretation and [&hellip;]        <\/p>\n        <div class=\"wp-block-buttons is-layout-flex wp-block-buttons-is-layout-flex\">\n          <div class=\"wp-block-button is-style-more-button\">\n            <a class=\"wp-block-button__link wp-element-button\" href=\"https:\/\/www.bbk-sachsenanhalt.de\/en\/dessau-artists-develop-mechanical-shop-window\/\">\n              read more            <\/a>\n          <\/div>\n        <\/div>\n\n      <\/div>\n    <\/div>\n          <!-- wp:separator -->\n      <hr class=\"wp-block-separator has-alpha-channel-opacity\" \/>\n      <!-- \/wp:separator -->\n      \n    <div class=\"grid-container post-item\">\n      <div class=\"grid-column-left\">\n                  <figure class=\"wp-block-image\">\n            <a href=\"https:\/\/www.bbk-sachsenanhalt.de\/en\/juliane-naumann-2\/\">\n              <img loading=\"lazy\" decoding=\"async\" width=\"550\" height=\"750\" src=\"https:\/\/www.bbk-sachsenanhalt.de\/wp-content\/uploads\/2025\/09\/Besucher-zum-Tag-der-kultour-550x750.jpg\" class=\"no-lightbox\" alt=\"\" data-mwl-img-ignore=\"true\" srcset=\"https:\/\/www.bbk-sachsenanhalt.de\/wp-content\/uploads\/2025\/09\/Besucher-zum-Tag-der-kultour-550x750.jpg 550w, https:\/\/www.bbk-sachsenanhalt.de\/wp-content\/uploads\/2025\/09\/Besucher-zum-Tag-der-kultour-220x300.jpg 220w, https:\/\/www.bbk-sachsenanhalt.de\/wp-content\/uploads\/2025\/09\/Besucher-zum-Tag-der-kultour-751x1024.jpg 751w, https:\/\/www.bbk-sachsenanhalt.de\/wp-content\/uploads\/2025\/09\/Besucher-zum-Tag-der-kultour-768x1047.jpg 768w, https:\/\/www.bbk-sachsenanhalt.de\/wp-content\/uploads\/2025\/09\/Besucher-zum-Tag-der-kultour-1127x1536.jpg 1127w, https:\/\/www.bbk-sachsenanhalt.de\/wp-content\/uploads\/2025\/09\/Besucher-zum-Tag-der-kultour-740x1009.jpg 740w, https:\/\/www.bbk-sachsenanhalt.de\/wp-content\/uploads\/2025\/09\/Besucher-zum-Tag-der-kultour-400x545.jpg 400w, https:\/\/www.bbk-sachsenanhalt.de\/wp-content\/uploads\/2025\/09\/Besucher-zum-Tag-der-kultour-359x490.jpg 359w, https:\/\/www.bbk-sachsenanhalt.de\/wp-content\/uploads\/2025\/09\/Besucher-zum-Tag-der-kultour.jpg 1173w\" sizes=\"auto, (max-width: 550px) 100vw, 550px\" \/>            <\/a>\n            <figcaption class=\"wp-element-caption\">\n                          <\/figcaption>\n          <\/figure>\n              <\/div>\n\n      <div class=\"grid-column-right\">\n                  <div class=\"cmbbk-primary-category\"><a href=\"https:\/\/www.bbk-sachsenanhalt.de\/en\/category\/projects\/bbkarium-dessau-en\/\">BBKarium Dessau &#8211; 10\/2025<\/a><\/div>          <h3 class=\"is-style-teaser\">\n            <a href=\"https:\/\/www.bbk-sachsenanhalt.de\/en\/juliane-naumann-2\/\">Dessau artists develop &#8220;mechanical shop window&#8221;<\/a>\n          <\/h3>\n                <p>\n          The Kunstkollektiv Dessau und Umgebung(DuU) would like to cordially invite you to the next exhibition opening at the BBKarium Dessau. On Wednesday, October 1, 2025 at 6 p.m. at Ferdinand-von-Schill-Stra\u00dfe 3 in Dessau, our presentation machine will once again be set in motion. The results of a workshop held by our group of artists using [&hellip;]        <\/p>\n        <div class=\"wp-block-buttons is-layout-flex wp-block-buttons-is-layout-flex\">\n          <div class=\"wp-block-button is-style-more-button\">\n            <a class=\"wp-block-button__link wp-element-button\" href=\"https:\/\/www.bbk-sachsenanhalt.de\/en\/juliane-naumann-2\/\">\n              read more            <\/a>\n          <\/div>\n        <\/div>\n\n      <\/div>\n    <\/div>\n          <!-- wp:separator -->\n      <hr class=\"wp-block-separator has-alpha-channel-opacity\" \/>\n      <!-- \/wp:separator -->\n      \n    <div class=\"grid-container post-item\">\n      <div class=\"grid-column-left\">\n                  <figure class=\"wp-block-image\">\n            <a href=\"https:\/\/www.bbk-sachsenanhalt.de\/en\/generally-fresh-in-ilsenburg-monastery-2024\/\">\n              <img loading=\"lazy\" decoding=\"async\" width=\"550\" height=\"776\" src=\"https:\/\/www.bbk-sachsenanhalt.de\/wp-content\/uploads\/2025\/09\/bbk-gf-plakat-dina1-v6-druckfertig-550x776.jpg\" class=\"no-lightbox\" alt=\"\" data-mwl-img-ignore=\"true\" srcset=\"https:\/\/www.bbk-sachsenanhalt.de\/wp-content\/uploads\/2025\/09\/bbk-gf-plakat-dina1-v6-druckfertig-550x776.jpg 550w, https:\/\/www.bbk-sachsenanhalt.de\/wp-content\/uploads\/2025\/09\/bbk-gf-plakat-dina1-v6-druckfertig-213x300.jpg 213w, https:\/\/www.bbk-sachsenanhalt.de\/wp-content\/uploads\/2025\/09\/bbk-gf-plakat-dina1-v6-druckfertig-725x1024.jpg 725w, https:\/\/www.bbk-sachsenanhalt.de\/wp-content\/uploads\/2025\/09\/bbk-gf-plakat-dina1-v6-druckfertig-768x1084.jpg 768w, https:\/\/www.bbk-sachsenanhalt.de\/wp-content\/uploads\/2025\/09\/bbk-gf-plakat-dina1-v6-druckfertig-1088x1536.jpg 1088w, https:\/\/www.bbk-sachsenanhalt.de\/wp-content\/uploads\/2025\/09\/bbk-gf-plakat-dina1-v6-druckfertig-1451x2048.jpg 1451w, https:\/\/www.bbk-sachsenanhalt.de\/wp-content\/uploads\/2025\/09\/bbk-gf-plakat-dina1-v6-druckfertig-740x1045.jpg 740w, https:\/\/www.bbk-sachsenanhalt.de\/wp-content\/uploads\/2025\/09\/bbk-gf-plakat-dina1-v6-druckfertig-400x565.jpg 400w, https:\/\/www.bbk-sachsenanhalt.de\/wp-content\/uploads\/2025\/09\/bbk-gf-plakat-dina1-v6-druckfertig-347x490.jpg 347w, https:\/\/www.bbk-sachsenanhalt.de\/wp-content\/uploads\/2025\/09\/bbk-gf-plakat-dina1-v6-druckfertig-scaled.jpg 1814w\" sizes=\"auto, (max-width: 550px) 100vw, 550px\" \/>            <\/a>\n            <figcaption class=\"wp-element-caption\">\n                          <\/figcaption>\n          <\/figure>\n              <\/div>\n\n      <div class=\"grid-column-right\">\n                  <div class=\"cmbbk-primary-category\"><a href=\"https:\/\/www.bbk-sachsenanhalt.de\/en\/category\/news\/dates\/bbk-events\/\">BBK events &#8211; to 09.11.2025<\/a><\/div>          <h3 class=\"is-style-teaser\">\n            <a href=\"https:\/\/www.bbk-sachsenanhalt.de\/en\/generally-fresh-in-ilsenburg-monastery-2024\/\">generally fresh at Kunsthaus Salzwedel until November 9, 2025<\/a>\n          <\/h3>\n                <p>\n          The Kunsthaus Salzwedel is pleased to present the exhibition generell frisch &#8211; Neue Mitglieder des Berufsverbandes Bildender K\u00fcnstler Sachsen-Anhalt. The show by the Kulturwerk of the BBK Saxony-Anhalt brings together a diverse selection of contemporary works by 29 artists who were accepted into the professional association in 2023. With them are: Eileen Farida Almarales Noy [&hellip;]        <\/p>\n        <div class=\"wp-block-buttons is-layout-flex wp-block-buttons-is-layout-flex\">\n          <div class=\"wp-block-button is-style-more-button\">\n            <a class=\"wp-block-button__link wp-element-button\" href=\"https:\/\/www.bbk-sachsenanhalt.de\/en\/generally-fresh-in-ilsenburg-monastery-2024\/\">\n              read more            <\/a>\n          <\/div>\n        <\/div>\n\n      <\/div>\n    <\/div>\n          <!-- wp:separator -->\n      <hr class=\"wp-block-separator has-alpha-channel-opacity\" \/>\n      <!-- \/wp:separator -->\n      \n    <div class=\"grid-container post-item\">\n      <div class=\"grid-column-left\">\n                  <figure class=\"wp-block-image\">\n            <a href=\"https:\/\/www.bbk-sachsenanhalt.de\/en\/publications-work-database-february-2025\/\">\n              <img loading=\"lazy\" decoding=\"async\" width=\"550\" height=\"733\" src=\"https:\/\/www.bbk-sachsenanhalt.de\/wp-content\/uploads\/2025\/09\/baugut_claudia_harlekin-550x733.jpeg\" class=\"no-lightbox\" alt=\"\" data-mwl-img-ignore=\"true\" srcset=\"https:\/\/www.bbk-sachsenanhalt.de\/wp-content\/uploads\/2025\/09\/baugut_claudia_harlekin-550x733.jpeg 550w, https:\/\/www.bbk-sachsenanhalt.de\/wp-content\/uploads\/2025\/09\/baugut_claudia_harlekin-225x300.jpeg 225w, https:\/\/www.bbk-sachsenanhalt.de\/wp-content\/uploads\/2025\/09\/baugut_claudia_harlekin-768x1024.jpeg 768w, https:\/\/www.bbk-sachsenanhalt.de\/wp-content\/uploads\/2025\/09\/baugut_claudia_harlekin-740x987.jpeg 740w, https:\/\/www.bbk-sachsenanhalt.de\/wp-content\/uploads\/2025\/09\/baugut_claudia_harlekin-400x533.jpeg 400w, https:\/\/www.bbk-sachsenanhalt.de\/wp-content\/uploads\/2025\/09\/baugut_claudia_harlekin-368x490.jpeg 368w, https:\/\/www.bbk-sachsenanhalt.de\/wp-content\/uploads\/2025\/09\/baugut_claudia_harlekin.jpeg 960w\" sizes=\"auto, (max-width: 550px) 100vw, 550px\" \/>            <\/a>\n            <figcaption class=\"wp-element-caption\">\n              Claudia Baugut: Harlekin, Halsschmuck, roter Lack auf Aluminium, 30x20x5 cm, 2023 (Foto: Claudia Baugut)            <\/figcaption>\n          <\/figure>\n              <\/div>\n\n      <div class=\"grid-column-right\">\n                  <div class=\"cmbbk-primary-category\"><a href=\"https:\/\/www.bbk-sachsenanhalt.de\/en\/category\/concerns\/artists-estates\/\">Artists&#039; estates &#8211; 11.09.2025 13:30&nbsp;clock<\/a><\/div>          <h3 class=\"is-style-teaser\">\n            <a href=\"https:\/\/www.bbk-sachsenanhalt.de\/en\/publications-work-database-february-2025\/\">New publications work database September 2025<\/a>\n          <\/h3>\n                <p>\n          For the second time this year, the BBK Saxony-Anhalt is putting new works online. This means that 41 artists with a total of 6,207 works are now represented in the Saxony-Anhalt Visual Arts Database. The BBK cordially invites you to the studio of the jewelry artist Claudia Baugut, who was involved in the project, in [&hellip;]        <\/p>\n        <div class=\"wp-block-buttons is-layout-flex wp-block-buttons-is-layout-flex\">\n          <div class=\"wp-block-button is-style-more-button\">\n            <a class=\"wp-block-button__link wp-element-button\" href=\"https:\/\/www.bbk-sachsenanhalt.de\/en\/publications-work-database-february-2025\/\">\n              read more            <\/a>\n          <\/div>\n        <\/div>\n\n      <\/div>\n    <\/div>\n          <!-- wp:separator -->\n      <hr class=\"wp-block-separator has-alpha-channel-opacity\" \/>\n      <!-- \/wp:separator -->\n      \n    <div class=\"grid-container post-item\">\n      <div class=\"grid-column-left\">\n                  <figure class=\"wp-block-image\">\n            <a href=\"https:\/\/www.bbk-sachsenanhalt.de\/en\/taha-bader\/\">\n              <img loading=\"lazy\" decoding=\"async\" width=\"513\" height=\"422\" src=\"https:\/\/www.bbk-sachsenanhalt.de\/wp-content\/uploads\/2025\/08\/schaufenstermaschine.png\" class=\"no-lightbox\" alt=\"\" data-mwl-img-ignore=\"true\" srcset=\"https:\/\/www.bbk-sachsenanhalt.de\/wp-content\/uploads\/2025\/08\/schaufenstermaschine.png 513w, https:\/\/www.bbk-sachsenanhalt.de\/wp-content\/uploads\/2025\/08\/schaufenstermaschine-300x247.png 300w, https:\/\/www.bbk-sachsenanhalt.de\/wp-content\/uploads\/2025\/08\/schaufenstermaschine-400x329.png 400w\" sizes=\"auto, (max-width: 513px) 100vw, 513px\" \/>            <\/a>\n            <figcaption class=\"wp-element-caption\">\n                          <\/figcaption>\n          <\/figure>\n              <\/div>\n\n      <div class=\"grid-column-right\">\n                  <div class=\"cmbbk-primary-category\"><a href=\"https:\/\/www.bbk-sachsenanhalt.de\/en\/category\/news\/dates\/bbk-events\/\">BBK events &#8211; from 01.09.2025 to 30.09.2025<\/a><\/div>          <h3 class=\"is-style-teaser\">\n            <a href=\"https:\/\/www.bbk-sachsenanhalt.de\/en\/taha-bader\/\">Mechanical shop window<\/a>\n          <\/h3>\n                <p>\n          The BBK shop window has been in Dessau since October 2022 &#8211; now it is becoming the site of a special community project. The artists&#8217; association &#8220;Dessau und Umgebung&#8221;, or DuU for short, which has come together under the umbrella of the BBK, is currently working on an unusual idea: the &#8220;Mechanical Shop Window&#8221;. This [&hellip;]        <\/p>\n        <div class=\"wp-block-buttons is-layout-flex wp-block-buttons-is-layout-flex\">\n          <div class=\"wp-block-button is-style-more-button\">\n            <a class=\"wp-block-button__link wp-element-button\" href=\"https:\/\/www.bbk-sachsenanhalt.de\/en\/taha-bader\/\">\n              read more            <\/a>\n          <\/div>\n        <\/div>\n\n      <\/div>\n    <\/div>\n          <!-- wp:separator -->\n      <hr class=\"wp-block-separator has-alpha-channel-opacity\" \/>\n      <!-- \/wp:separator -->\n      \n    <div class=\"grid-container post-item\">\n      <div class=\"grid-column-left\">\n                  <figure class=\"wp-block-image\">\n            <a href=\"https:\/\/www.bbk-sachsenanhalt.de\/en\/launch-of-new-school-projects-and-review-of-2024-2025\/\">\n              <img loading=\"lazy\" decoding=\"async\" width=\"550\" height=\"367\" src=\"https:\/\/www.bbk-sachsenanhalt.de\/wp-content\/uploads\/2025\/07\/Herrbru\u2560egger-Heinrich-550x367.jpg\" class=\"no-lightbox\" alt=\"\" data-mwl-img-ignore=\"true\" srcset=\"https:\/\/www.bbk-sachsenanhalt.de\/wp-content\/uploads\/2025\/07\/Herrbru\u2560egger-Heinrich-550x367.jpg 550w, https:\/\/www.bbk-sachsenanhalt.de\/wp-content\/uploads\/2025\/07\/Herrbru\u2560egger-Heinrich-300x200.jpg 300w, https:\/\/www.bbk-sachsenanhalt.de\/wp-content\/uploads\/2025\/07\/Herrbru\u2560egger-Heinrich-768x512.jpg 768w, https:\/\/www.bbk-sachsenanhalt.de\/wp-content\/uploads\/2025\/07\/Herrbru\u2560egger-Heinrich-740x494.jpg 740w, https:\/\/www.bbk-sachsenanhalt.de\/wp-content\/uploads\/2025\/07\/Herrbru\u2560egger-Heinrich-400x267.jpg 400w, https:\/\/www.bbk-sachsenanhalt.de\/wp-content\/uploads\/2025\/07\/Herrbru\u2560egger-Heinrich-735x490.jpg 735w, https:\/\/www.bbk-sachsenanhalt.de\/wp-content\/uploads\/2025\/07\/Herrbru\u2560egger-Heinrich.jpg 1024w\" sizes=\"auto, (max-width: 550px) 100vw, 550px\" \/>            <\/a>\n            <figcaption class=\"wp-element-caption\">\n                          <\/figcaption>\n          <\/figure>\n              <\/div>\n\n      <div class=\"grid-column-right\">\n                  <div class=\"cmbbk-primary-category\"><a href=\"https:\/\/www.bbk-sachsenanhalt.de\/en\/category\/projects\/artists-at-schools\/\">Artists at schools<\/a><\/div>          <h3 class=\"is-style-teaser\">\n            <a href=\"https:\/\/www.bbk-sachsenanhalt.de\/en\/launch-of-new-school-projects-and-review-of-2024-2025\/\">Start of new school projects and review of the last school year 2024\/2025<\/a>\n          <\/h3>\n                <p>\n          This year, we are delighted to be able to launch a total of 49 new projects in over 20 different cities as part of the school project for 2025 and 2026. Last school year, we successfully completed 40 projects and are delighted to present the results.        <\/p>\n        <div class=\"wp-block-buttons is-layout-flex wp-block-buttons-is-layout-flex\">\n          <div class=\"wp-block-button is-style-more-button\">\n            <a class=\"wp-block-button__link wp-element-button\" href=\"https:\/\/www.bbk-sachsenanhalt.de\/en\/launch-of-new-school-projects-and-review-of-2024-2025\/\">\n              read more            <\/a>\n          <\/div>\n        <\/div>\n\n      <\/div>\n    <\/div>\n          <!-- wp:separator -->\n      <hr class=\"wp-block-separator has-alpha-channel-opacity\" \/>\n      <!-- \/wp:separator -->\n      \n    <div class=\"grid-container post-item\">\n      <div class=\"grid-column-left\">\n                  <figure class=\"wp-block-image\">\n            <a href=\"https:\/\/www.bbk-sachsenanhalt.de\/en\/insights-from-the-2023-24-school-year\/\">\n              <img loading=\"lazy\" decoding=\"async\" width=\"550\" height=\"367\" src=\"https:\/\/www.bbk-sachsenanhalt.de\/wp-content\/uploads\/2025\/07\/Herrbru\u2560egger-Heinrich-550x367.jpg\" class=\"no-lightbox\" alt=\"\" data-mwl-img-ignore=\"true\" srcset=\"https:\/\/www.bbk-sachsenanhalt.de\/wp-content\/uploads\/2025\/07\/Herrbru\u2560egger-Heinrich-550x367.jpg 550w, https:\/\/www.bbk-sachsenanhalt.de\/wp-content\/uploads\/2025\/07\/Herrbru\u2560egger-Heinrich-300x200.jpg 300w, https:\/\/www.bbk-sachsenanhalt.de\/wp-content\/uploads\/2025\/07\/Herrbru\u2560egger-Heinrich-768x512.jpg 768w, https:\/\/www.bbk-sachsenanhalt.de\/wp-content\/uploads\/2025\/07\/Herrbru\u2560egger-Heinrich-740x494.jpg 740w, https:\/\/www.bbk-sachsenanhalt.de\/wp-content\/uploads\/2025\/07\/Herrbru\u2560egger-Heinrich-400x267.jpg 400w, https:\/\/www.bbk-sachsenanhalt.de\/wp-content\/uploads\/2025\/07\/Herrbru\u2560egger-Heinrich-735x490.jpg 735w, https:\/\/www.bbk-sachsenanhalt.de\/wp-content\/uploads\/2025\/07\/Herrbru\u2560egger-Heinrich.jpg 1024w\" sizes=\"auto, (max-width: 550px) 100vw, 550px\" \/>            <\/a>\n            <figcaption class=\"wp-element-caption\">\n                          <\/figcaption>\n          <\/figure>\n              <\/div>\n\n      <div class=\"grid-column-right\">\n                  <div class=\"cmbbk-primary-category\"><a href=\"https:\/\/www.bbk-sachsenanhalt.de\/en\/category\/projects\/artists-at-schools\/\">Artists at schools<\/a><\/div>          <h3 class=\"is-style-teaser\">\n            <a href=\"https:\/\/www.bbk-sachsenanhalt.de\/en\/insights-from-the-2023-24-school-year\/\">Insights from the 2024\/25 school year<\/a>\n          <\/h3>\n                <p>\n          Artistic Director: Mareen Alburg DunckerF\u00f6rderschule &#8220;Astrid Lindgren&#8221; in Halle (Saale) The children drew fantastic animals and plants on paper on the theme of the URWALD and colored them in. Using this template, the children sawed out the shapes from poplar wood panels. The mosaic tiles were then selected, placed and glued on, the gaps filled [&hellip;]        <\/p>\n        <div class=\"wp-block-buttons is-layout-flex wp-block-buttons-is-layout-flex\">\n          <div class=\"wp-block-button is-style-more-button\">\n            <a class=\"wp-block-button__link wp-element-button\" href=\"https:\/\/www.bbk-sachsenanhalt.de\/en\/insights-from-the-2023-24-school-year\/\">\n              read more            <\/a>\n          <\/div>\n        <\/div>\n\n      <\/div>\n    <\/div>\n          <!-- wp:separator -->\n      <hr class=\"wp-block-separator has-alpha-channel-opacity\" \/>\n      <!-- \/wp:separator -->\n      \n    <div class=\"grid-container post-item\">\n      <div class=\"grid-column-left\">\n                  <figure class=\"wp-block-image\">\n            <a href=\"https:\/\/www.bbk-sachsenanhalt.de\/en\/course-plant-database-spring-2025-2\/\">\n              <img loading=\"lazy\" decoding=\"async\" width=\"550\" height=\"372\" src=\"https:\/\/www.bbk-sachsenanhalt.de\/wp-content\/uploads\/2025\/07\/werkdatenbank_screenshot-550x372.png\" class=\"no-lightbox\" alt=\"\" data-mwl-img-ignore=\"true\" srcset=\"https:\/\/www.bbk-sachsenanhalt.de\/wp-content\/uploads\/2025\/07\/werkdatenbank_screenshot-550x372.png 550w, https:\/\/www.bbk-sachsenanhalt.de\/wp-content\/uploads\/2025\/07\/werkdatenbank_screenshot-300x203.png 300w, https:\/\/www.bbk-sachsenanhalt.de\/wp-content\/uploads\/2025\/07\/werkdatenbank_screenshot-1024x693.png 1024w, https:\/\/www.bbk-sachsenanhalt.de\/wp-content\/uploads\/2025\/07\/werkdatenbank_screenshot-768x520.png 768w, https:\/\/www.bbk-sachsenanhalt.de\/wp-content\/uploads\/2025\/07\/werkdatenbank_screenshot-740x501.png 740w, https:\/\/www.bbk-sachsenanhalt.de\/wp-content\/uploads\/2025\/07\/werkdatenbank_screenshot-400x271.png 400w, https:\/\/www.bbk-sachsenanhalt.de\/wp-content\/uploads\/2025\/07\/werkdatenbank_screenshot-724x490.png 724w, https:\/\/www.bbk-sachsenanhalt.de\/wp-content\/uploads\/2025\/07\/werkdatenbank_screenshot.png 1282w\" sizes=\"auto, (max-width: 550px) 100vw, 550px\" \/>            <\/a>\n            <figcaption class=\"wp-element-caption\">\n              Screenshot der Werkdatenbank Bildende Kunst Sachsen-Anhalt            <\/figcaption>\n          <\/figure>\n              <\/div>\n\n      <div class=\"grid-column-right\">\n                  <div class=\"cmbbk-primary-category\"><a href=\"https:\/\/www.bbk-sachsenanhalt.de\/en\/category\/concerns\/artists-estates\/\">Artists&#039; estates &#8211; to 15.09.2025<\/a><\/div>          <h3 class=\"is-style-teaser\">\n            <a href=\"https:\/\/www.bbk-sachsenanhalt.de\/en\/course-plant-database-spring-2025-2\/\">Course plant database fall 2025<\/a>\n          <\/h3>\n                <p>\n          In fall 2025, the BBK Saxony-Anhalt is offering a new fee-based course for artists, heirs and estate administrators under the direction of art historian Katharina Lorenz M.A., which consists of three dates. The following documents must be submitted for the application: Letter of motivation, short biography, list of exhibitions, list of publications, digital image of [&hellip;]        <\/p>\n        <div class=\"wp-block-buttons is-layout-flex wp-block-buttons-is-layout-flex\">\n          <div class=\"wp-block-button is-style-more-button\">\n            <a class=\"wp-block-button__link wp-element-button\" href=\"https:\/\/www.bbk-sachsenanhalt.de\/en\/course-plant-database-spring-2025-2\/\">\n              read more            <\/a>\n          <\/div>\n        <\/div>\n\n      <\/div>\n    <\/div>\n          <!-- wp:separator -->\n      <hr class=\"wp-block-separator has-alpha-channel-opacity\" \/>\n      <!-- \/wp:separator -->\n      \n    <div class=\"grid-container post-item\">\n      <div class=\"grid-column-left\">\n                  <figure class=\"wp-block-image\">\n            <a href=\"https:\/\/www.bbk-sachsenanhalt.de\/en\/open-studios-in-saxony-anhalt-2024-2\/\">\n              <img loading=\"lazy\" decoding=\"async\" width=\"550\" height=\"776\" src=\"https:\/\/www.bbk-sachsenanhalt.de\/wp-content\/uploads\/2025\/07\/Plakat_Offene_Ateliers_2025-550x776.jpg\" class=\"no-lightbox\" alt=\"\" data-mwl-img-ignore=\"true\" srcset=\"https:\/\/www.bbk-sachsenanhalt.de\/wp-content\/uploads\/2025\/07\/Plakat_Offene_Ateliers_2025-550x776.jpg 550w, https:\/\/www.bbk-sachsenanhalt.de\/wp-content\/uploads\/2025\/07\/Plakat_Offene_Ateliers_2025-213x300.jpg 213w, https:\/\/www.bbk-sachsenanhalt.de\/wp-content\/uploads\/2025\/07\/Plakat_Offene_Ateliers_2025-725x1024.jpg 725w, https:\/\/www.bbk-sachsenanhalt.de\/wp-content\/uploads\/2025\/07\/Plakat_Offene_Ateliers_2025-768x1084.jpg 768w, https:\/\/www.bbk-sachsenanhalt.de\/wp-content\/uploads\/2025\/07\/Plakat_Offene_Ateliers_2025-1088x1536.jpg 1088w, https:\/\/www.bbk-sachsenanhalt.de\/wp-content\/uploads\/2025\/07\/Plakat_Offene_Ateliers_2025-740x1045.jpg 740w, https:\/\/www.bbk-sachsenanhalt.de\/wp-content\/uploads\/2025\/07\/Plakat_Offene_Ateliers_2025-400x565.jpg 400w, https:\/\/www.bbk-sachsenanhalt.de\/wp-content\/uploads\/2025\/07\/Plakat_Offene_Ateliers_2025-347x490.jpg 347w, https:\/\/www.bbk-sachsenanhalt.de\/wp-content\/uploads\/2025\/07\/Plakat_Offene_Ateliers_2025.jpg 1181w\" sizes=\"auto, (max-width: 550px) 100vw, 550px\" \/>            <\/a>\n            <figcaption class=\"wp-element-caption\">\n              Gestaltung: helensdesign            <\/figcaption>\n          <\/figure>\n              <\/div>\n\n      <div class=\"grid-column-right\">\n                  <div class=\"cmbbk-primary-category\"><a href=\"https:\/\/www.bbk-sachsenanhalt.de\/en\/category\/news\/dates\/bbk-events\/\">BBK events &#8211; 20.09.2025 11:00&nbsp;clock<\/a><\/div>          <h3 class=\"is-style-teaser\">\n            <a href=\"https:\/\/www.bbk-sachsenanhalt.de\/en\/open-studios-in-saxony-anhalt-2024-2\/\">Open studios in Saxony-Anhalt on September 20\/21, 2025<\/a>\n          <\/h3>\n                <p>\n          Art needs space &#8211; for creation and for encounters. On this special weekend, Saxony-Anhalt opens its studio doors and becomes a living map of creative work. Where there is usually silence, rooms are filled with voices. Whether painting, photography, sculpture, graphics, ceramics or sound &#8211; each studio is a small world of its own: surprising, [&hellip;]        <\/p>\n        <div class=\"wp-block-buttons is-layout-flex wp-block-buttons-is-layout-flex\">\n          <div class=\"wp-block-button is-style-more-button\">\n            <a class=\"wp-block-button__link wp-element-button\" href=\"https:\/\/www.bbk-sachsenanhalt.de\/en\/open-studios-in-saxony-anhalt-2024-2\/\">\n              read more            <\/a>\n          <\/div>\n        <\/div>\n\n      <\/div>\n    <\/div>\n          <!-- wp:separator -->\n      <hr class=\"wp-block-separator has-alpha-channel-opacity\" \/>\n      <!-- \/wp:separator -->\n      \n    <div class=\"grid-container post-item\">\n      <div class=\"grid-column-left\">\n                  <figure class=\"wp-block-image\">\n            <a href=\"https:\/\/www.bbk-sachsenanhalt.de\/en\/juliane-naumann\/\">\n              <img loading=\"lazy\" decoding=\"async\" width=\"550\" height=\"367\" src=\"https:\/\/www.bbk-sachsenanhalt.de\/wp-content\/uploads\/2025\/06\/stefan_sabrautzky_taha_bader_1971_2x3-550x367.jpg\" class=\"no-lightbox\" alt=\"\" data-mwl-img-ignore=\"true\" srcset=\"https:\/\/www.bbk-sachsenanhalt.de\/wp-content\/uploads\/2025\/06\/stefan_sabrautzky_taha_bader_1971_2x3-550x367.jpg 550w, https:\/\/www.bbk-sachsenanhalt.de\/wp-content\/uploads\/2025\/06\/stefan_sabrautzky_taha_bader_1971_2x3-300x200.jpg 300w, https:\/\/www.bbk-sachsenanhalt.de\/wp-content\/uploads\/2025\/06\/stefan_sabrautzky_taha_bader_1971_2x3-1024x683.jpg 1024w, https:\/\/www.bbk-sachsenanhalt.de\/wp-content\/uploads\/2025\/06\/stefan_sabrautzky_taha_bader_1971_2x3-768x512.jpg 768w, https:\/\/www.bbk-sachsenanhalt.de\/wp-content\/uploads\/2025\/06\/stefan_sabrautzky_taha_bader_1971_2x3-1536x1024.jpg 1536w, https:\/\/www.bbk-sachsenanhalt.de\/wp-content\/uploads\/2025\/06\/stefan_sabrautzky_taha_bader_1971_2x3-2048x1365.jpg 2048w, https:\/\/www.bbk-sachsenanhalt.de\/wp-content\/uploads\/2025\/06\/stefan_sabrautzky_taha_bader_1971_2x3-740x493.jpg 740w, https:\/\/www.bbk-sachsenanhalt.de\/wp-content\/uploads\/2025\/06\/stefan_sabrautzky_taha_bader_1971_2x3-400x267.jpg 400w, https:\/\/www.bbk-sachsenanhalt.de\/wp-content\/uploads\/2025\/06\/stefan_sabrautzky_taha_bader_1971_2x3-735x490.jpg 735w\" sizes=\"auto, (max-width: 550px) 100vw, 550px\" \/>            <\/a>\n            <figcaption class=\"wp-element-caption\">\n                          <\/figcaption>\n          <\/figure>\n              <\/div>\n\n      <div class=\"grid-column-right\">\n                  <div class=\"cmbbk-primary-category\"><a href=\"https:\/\/www.bbk-sachsenanhalt.de\/en\/category\/news\/dates\/bbk-events\/\">BBK events &#8211; from 01.07.2025 to 31.07.2025<\/a><\/div>          <h3 class=\"is-style-teaser\">\n            <a href=\"https:\/\/www.bbk-sachsenanhalt.de\/en\/juliane-naumann\/\">Taha Bader<\/a>\n          <\/h3>\n                <p>\n          Taha Bader, born in Karachi (Pakistan) in 1991, has lived in Saxony-Anhalt since 2016. After completing his Bachelor&#8217;s degree in Communication Design at the Indus Valley School of Art &amp; Architecture and a Master&#8217;s degree in Integrated Design in Dessau, he has dedicated himself to painting since childhood, which he rediscovered during the pandemic in [&hellip;]        <\/p>\n        <div class=\"wp-block-buttons is-layout-flex wp-block-buttons-is-layout-flex\">\n          <div class=\"wp-block-button is-style-more-button\">\n            <a class=\"wp-block-button__link wp-element-button\" href=\"https:\/\/www.bbk-sachsenanhalt.de\/en\/juliane-naumann\/\">\n              read more            <\/a>\n          <\/div>\n        <\/div>\n\n      <\/div>\n    <\/div>\n          <!-- wp:separator -->\n      <hr class=\"wp-block-separator has-alpha-channel-opacity\" \/>\n      <!-- \/wp:separator -->\n      \n    <div class=\"grid-container post-item\">\n      <div class=\"grid-column-left\">\n                  <figure class=\"wp-block-image\">\n            <a href=\"https:\/\/www.bbk-sachsenanhalt.de\/en\/yvonne-standke-schramm\/\">\n              <img loading=\"lazy\" decoding=\"async\" width=\"550\" height=\"367\" src=\"https:\/\/www.bbk-sachsenanhalt.de\/wp-content\/uploads\/2025\/05\/5179-B5-@Juliane-Naumann-Photography-550x367.jpg\" class=\"no-lightbox\" alt=\"\" data-mwl-img-ignore=\"true\" srcset=\"https:\/\/www.bbk-sachsenanhalt.de\/wp-content\/uploads\/2025\/05\/5179-B5-@Juliane-Naumann-Photography-550x367.jpg 550w, https:\/\/www.bbk-sachsenanhalt.de\/wp-content\/uploads\/2025\/05\/5179-B5-@Juliane-Naumann-Photography-300x200.jpg 300w, https:\/\/www.bbk-sachsenanhalt.de\/wp-content\/uploads\/2025\/05\/5179-B5-@Juliane-Naumann-Photography-1024x683.jpg 1024w, https:\/\/www.bbk-sachsenanhalt.de\/wp-content\/uploads\/2025\/05\/5179-B5-@Juliane-Naumann-Photography-768x512.jpg 768w, https:\/\/www.bbk-sachsenanhalt.de\/wp-content\/uploads\/2025\/05\/5179-B5-@Juliane-Naumann-Photography-1536x1024.jpg 1536w, https:\/\/www.bbk-sachsenanhalt.de\/wp-content\/uploads\/2025\/05\/5179-B5-@Juliane-Naumann-Photography-2048x1365.jpg 2048w, https:\/\/www.bbk-sachsenanhalt.de\/wp-content\/uploads\/2025\/05\/5179-B5-@Juliane-Naumann-Photography-740x493.jpg 740w, https:\/\/www.bbk-sachsenanhalt.de\/wp-content\/uploads\/2025\/05\/5179-B5-@Juliane-Naumann-Photography-400x267.jpg 400w, https:\/\/www.bbk-sachsenanhalt.de\/wp-content\/uploads\/2025\/05\/5179-B5-@Juliane-Naumann-Photography-735x490.jpg 735w\" sizes=\"auto, (max-width: 550px) 100vw, 550px\" \/>            <\/a>\n            <figcaption class=\"wp-element-caption\">\n              @Juliane Naumann Photography            <\/figcaption>\n          <\/figure>\n              <\/div>\n\n      <div class=\"grid-column-right\">\n                  <div class=\"cmbbk-primary-category\"><a href=\"https:\/\/www.bbk-sachsenanhalt.de\/en\/category\/projects\/bbkarium-dessau-en\/\">BBKarium Dessau &#8211; 06\/2025<\/a><\/div>          <h3 class=\"is-style-teaser\">\n            <a href=\"https:\/\/www.bbk-sachsenanhalt.de\/en\/yvonne-standke-schramm\/\">Juliane Naumann<\/a>\n          <\/h3>\n                <p>\n          &#8220;Feelin&#8217; Medusa&#8221; In the June edition of the BBKarium showcase, Dessau photographer Juliane Naumann translates an ancient myth into the present. In her photo series &#8220;Feelin&#8217; Medusa&#8221;, she looks behind the fa\u00e7ade of the snake-headed monster whose gaze could petrify. In intense portraits, she exposes power, fragility, exclusion and self-determination &#8211; and holds up a [&hellip;]        <\/p>\n        <div class=\"wp-block-buttons is-layout-flex wp-block-buttons-is-layout-flex\">\n          <div class=\"wp-block-button is-style-more-button\">\n            <a class=\"wp-block-button__link wp-element-button\" href=\"https:\/\/www.bbk-sachsenanhalt.de\/en\/yvonne-standke-schramm\/\">\n              read more            <\/a>\n          <\/div>\n        <\/div>\n\n      <\/div>\n    <\/div>\n          <!-- wp:separator -->\n      <hr class=\"wp-block-separator has-alpha-channel-opacity\" \/>\n      <!-- \/wp:separator -->\n      \n    <div class=\"grid-container post-item\">\n      <div class=\"grid-column-left\">\n                  <figure class=\"wp-block-image\">\n            <a href=\"https:\/\/www.bbk-sachsenanhalt.de\/en\/veronika-kaiping\/\">\n              <img loading=\"lazy\" decoding=\"async\" width=\"550\" height=\"550\" src=\"https:\/\/www.bbk-sachsenanhalt.de\/wp-content\/uploads\/2025\/04\/Yvonne-Standke.jpg\" class=\"no-lightbox\" alt=\"\" data-mwl-img-ignore=\"true\" srcset=\"https:\/\/www.bbk-sachsenanhalt.de\/wp-content\/uploads\/2025\/04\/Yvonne-Standke.jpg 551w, https:\/\/www.bbk-sachsenanhalt.de\/wp-content\/uploads\/2025\/04\/Yvonne-Standke-300x300.jpg 300w, https:\/\/www.bbk-sachsenanhalt.de\/wp-content\/uploads\/2025\/04\/Yvonne-Standke-150x150.jpg 150w, https:\/\/www.bbk-sachsenanhalt.de\/wp-content\/uploads\/2025\/04\/Yvonne-Standke-400x400.jpg 400w, https:\/\/www.bbk-sachsenanhalt.de\/wp-content\/uploads\/2025\/04\/Yvonne-Standke-490x490.jpg 490w\" sizes=\"auto, (max-width: 550px) 100vw, 550px\" \/>            <\/a>\n            <figcaption class=\"wp-element-caption\">\n                          <\/figcaption>\n          <\/figure>\n              <\/div>\n\n      <div class=\"grid-column-right\">\n                  <div class=\"cmbbk-primary-category\"><a href=\"https:\/\/www.bbk-sachsenanhalt.de\/en\/category\/projects\/bbkarium-dessau-en\/\">BBKarium Dessau &#8211; 05\/2025<\/a><\/div>          <h3 class=\"is-style-teaser\">\n            <a href=\"https:\/\/www.bbk-sachsenanhalt.de\/en\/veronika-kaiping\/\">Yvonne Standke-Schramm<\/a>\n          <\/h3>\n                <p>\n          &#8220;Betrogenes Gl\u00fcck&#8221; invites you on an allegorical journey about hopes and disappointments. The title refers to a deceptive happiness &#8211; a promise that does not stand up to reality. How can development succeed in a world in which the shimmering dreams of childhood are overtaken by the demands of adulthood? Freedom and lightness seem like [&hellip;]        <\/p>\n        <div class=\"wp-block-buttons is-layout-flex wp-block-buttons-is-layout-flex\">\n          <div class=\"wp-block-button is-style-more-button\">\n            <a class=\"wp-block-button__link wp-element-button\" href=\"https:\/\/www.bbk-sachsenanhalt.de\/en\/veronika-kaiping\/\">\n              read more            <\/a>\n          <\/div>\n        <\/div>\n\n      <\/div>\n    <\/div>\n          <!-- wp:separator -->\n      <hr class=\"wp-block-separator has-alpha-channel-opacity\" \/>\n      <!-- \/wp:separator -->\n      \n    <div class=\"grid-container post-item\">\n      <div class=\"grid-column-left\">\n                  <figure class=\"wp-block-image\">\n            <a href=\"https:\/\/www.bbk-sachsenanhalt.de\/en\/astrid-salewski\/\">\n              <img loading=\"lazy\" decoding=\"async\" width=\"550\" height=\"688\" src=\"https:\/\/www.bbk-sachsenanhalt.de\/wp-content\/uploads\/2025\/03\/Kaiping_Innenansichten-550x688.jpg\" class=\"no-lightbox\" alt=\"\" data-mwl-img-ignore=\"true\" srcset=\"https:\/\/www.bbk-sachsenanhalt.de\/wp-content\/uploads\/2025\/03\/Kaiping_Innenansichten-550x688.jpg 550w, https:\/\/www.bbk-sachsenanhalt.de\/wp-content\/uploads\/2025\/03\/Kaiping_Innenansichten-240x300.jpg 240w, https:\/\/www.bbk-sachsenanhalt.de\/wp-content\/uploads\/2025\/03\/Kaiping_Innenansichten-819x1024.jpg 819w, https:\/\/www.bbk-sachsenanhalt.de\/wp-content\/uploads\/2025\/03\/Kaiping_Innenansichten-768x960.jpg 768w, https:\/\/www.bbk-sachsenanhalt.de\/wp-content\/uploads\/2025\/03\/Kaiping_Innenansichten-1229x1536.jpg 1229w, https:\/\/www.bbk-sachsenanhalt.de\/wp-content\/uploads\/2025\/03\/Kaiping_Innenansichten-1638x2048.jpg 1638w, https:\/\/www.bbk-sachsenanhalt.de\/wp-content\/uploads\/2025\/03\/Kaiping_Innenansichten-740x925.jpg 740w, https:\/\/www.bbk-sachsenanhalt.de\/wp-content\/uploads\/2025\/03\/Kaiping_Innenansichten-400x500.jpg 400w, https:\/\/www.bbk-sachsenanhalt.de\/wp-content\/uploads\/2025\/03\/Kaiping_Innenansichten-392x490.jpg 392w, https:\/\/www.bbk-sachsenanhalt.de\/wp-content\/uploads\/2025\/03\/Kaiping_Innenansichten.jpg 2048w\" sizes=\"auto, (max-width: 550px) 100vw, 550px\" \/>            <\/a>\n            <figcaption class=\"wp-element-caption\">\n                          <\/figcaption>\n          <\/figure>\n              <\/div>\n\n      <div class=\"grid-column-right\">\n                  <div class=\"cmbbk-primary-category\"><a href=\"https:\/\/www.bbk-sachsenanhalt.de\/en\/category\/news\/dates\/bbk-events\/\">BBK events &#8211; from 01.04.2025 to 30.04.2025<\/a><\/div>          <h3 class=\"is-style-teaser\">\n            <a href=\"https:\/\/www.bbk-sachsenanhalt.de\/en\/astrid-salewski\/\">Veronika Kaiping<\/a>\n          <\/h3>\n                <p>\n          &#8220;INTERIOR VIEWS&#8221; In April, the BBKarium Dessau is all about our inner life. Artist Veronika Kaiping makes visible what we don&#8217;t normally see &#8211; the organs that work inside us and the emotions that move us. Body maps and emotional beings provide humorous insights in which the physical and the spiritual exist side by side. [&hellip;]        <\/p>\n        <div class=\"wp-block-buttons is-layout-flex wp-block-buttons-is-layout-flex\">\n          <div class=\"wp-block-button is-style-more-button\">\n            <a class=\"wp-block-button__link wp-element-button\" href=\"https:\/\/www.bbk-sachsenanhalt.de\/en\/astrid-salewski\/\">\n              read more            <\/a>\n          <\/div>\n        <\/div>\n\n      <\/div>\n    <\/div>\n          <!-- wp:separator -->\n      <hr class=\"wp-block-separator has-alpha-channel-opacity\" \/>\n      <!-- \/wp:separator -->\n      \n    <div class=\"grid-container post-item\">\n      <div class=\"grid-column-left\">\n                  <figure class=\"wp-block-image\">\n            <a href=\"https:\/\/www.bbk-sachsenanhalt.de\/en\/call-for-proposals-artists-in-schools-in-saxony-anhalt-2025-26\/\">\n              <img loading=\"lazy\" decoding=\"async\" width=\"550\" height=\"367\" src=\"https:\/\/www.bbk-sachsenanhalt.de\/wp-content\/uploads\/2025\/03\/PfeifferR._2-1024x683-1-550x367.jpg\" class=\"no-lightbox\" alt=\"\" data-mwl-img-ignore=\"true\" srcset=\"https:\/\/www.bbk-sachsenanhalt.de\/wp-content\/uploads\/2025\/03\/PfeifferR._2-1024x683-1-550x367.jpg 550w, https:\/\/www.bbk-sachsenanhalt.de\/wp-content\/uploads\/2025\/03\/PfeifferR._2-1024x683-1-300x200.jpg 300w, https:\/\/www.bbk-sachsenanhalt.de\/wp-content\/uploads\/2025\/03\/PfeifferR._2-1024x683-1-768x512.jpg 768w, https:\/\/www.bbk-sachsenanhalt.de\/wp-content\/uploads\/2025\/03\/PfeifferR._2-1024x683-1-740x494.jpg 740w, https:\/\/www.bbk-sachsenanhalt.de\/wp-content\/uploads\/2025\/03\/PfeifferR._2-1024x683-1-400x267.jpg 400w, https:\/\/www.bbk-sachsenanhalt.de\/wp-content\/uploads\/2025\/03\/PfeifferR._2-1024x683-1-735x490.jpg 735w, https:\/\/www.bbk-sachsenanhalt.de\/wp-content\/uploads\/2025\/03\/PfeifferR._2-1024x683-1.jpg 1024w\" sizes=\"auto, (max-width: 550px) 100vw, 550px\" \/>            <\/a>\n            <figcaption class=\"wp-element-caption\">\n              Foto: Romy Pfeiffer            <\/figcaption>\n          <\/figure>\n              <\/div>\n\n      <div class=\"grid-column-right\">\n                  <div class=\"cmbbk-primary-category\"><a href=\"https:\/\/www.bbk-sachsenanhalt.de\/en\/category\/projects\/artists-at-schools\/\">Artists at schools &#8211; to 30.04.2025<\/a><\/div>          <h3 class=\"is-style-teaser\">\n            <a href=\"https:\/\/www.bbk-sachsenanhalt.de\/en\/call-for-proposals-artists-in-schools-in-saxony-anhalt-2025-26\/\">Call for proposals &#8220;Artists in schools in Saxony-Anhalt&#8221; 2025\/26<\/a>\n          <\/h3>\n                <p>\n          This year, the Berufsverband Bildender K\u00fcnstler Sachsen-Anhalt e.V. is once again inviting applications for the implementation of cultural education projects, which are primarily open to the artists of the BBK Sachsen-Anhalt and all general education schools. The projects of approx. 20 hours can take place between August 11, 2025 and March 27, 2026. The &#8220;Artists [&hellip;]        <\/p>\n        <div class=\"wp-block-buttons is-layout-flex wp-block-buttons-is-layout-flex\">\n          <div class=\"wp-block-button is-style-more-button\">\n            <a class=\"wp-block-button__link wp-element-button\" href=\"https:\/\/www.bbk-sachsenanhalt.de\/en\/call-for-proposals-artists-in-schools-in-saxony-anhalt-2025-26\/\">\n              read more            <\/a>\n          <\/div>\n        <\/div>\n\n      <\/div>\n    <\/div>\n          <!-- wp:separator -->\n      <hr class=\"wp-block-separator has-alpha-channel-opacity\" \/>\n      <!-- \/wp:separator -->\n      \n    <div class=\"grid-container post-item\">\n      <div class=\"grid-column-left\">\n                  <figure class=\"wp-block-image\">\n            <a href=\"https:\/\/www.bbk-sachsenanhalt.de\/en\/korvin-reich\/\">\n              <img loading=\"lazy\" decoding=\"async\" width=\"550\" height=\"204\" src=\"https:\/\/www.bbk-sachsenanhalt.de\/wp-content\/uploads\/2025\/03\/Mandalka_behne_lwl_FB_Banner-3015\u200a\u00d7\u200a1117-550x204.jpg\" class=\"no-lightbox\" alt=\"\" data-mwl-img-ignore=\"true\" srcset=\"https:\/\/www.bbk-sachsenanhalt.de\/wp-content\/uploads\/2025\/03\/Mandalka_behne_lwl_FB_Banner-3015\u200a\u00d7\u200a1117-550x204.jpg 550w, https:\/\/www.bbk-sachsenanhalt.de\/wp-content\/uploads\/2025\/03\/Mandalka_behne_lwl_FB_Banner-3015\u200a\u00d7\u200a1117-300x111.jpg 300w, https:\/\/www.bbk-sachsenanhalt.de\/wp-content\/uploads\/2025\/03\/Mandalka_behne_lwl_FB_Banner-3015\u200a\u00d7\u200a1117-1024x379.jpg 1024w, https:\/\/www.bbk-sachsenanhalt.de\/wp-content\/uploads\/2025\/03\/Mandalka_behne_lwl_FB_Banner-3015\u200a\u00d7\u200a1117-768x285.jpg 768w, https:\/\/www.bbk-sachsenanhalt.de\/wp-content\/uploads\/2025\/03\/Mandalka_behne_lwl_FB_Banner-3015\u200a\u00d7\u200a1117-1536x569.jpg 1536w, https:\/\/www.bbk-sachsenanhalt.de\/wp-content\/uploads\/2025\/03\/Mandalka_behne_lwl_FB_Banner-3015\u200a\u00d7\u200a1117-2048x759.jpg 2048w, https:\/\/www.bbk-sachsenanhalt.de\/wp-content\/uploads\/2025\/03\/Mandalka_behne_lwl_FB_Banner-3015\u200a\u00d7\u200a1117-740x274.jpg 740w, https:\/\/www.bbk-sachsenanhalt.de\/wp-content\/uploads\/2025\/03\/Mandalka_behne_lwl_FB_Banner-3015\u200a\u00d7\u200a1117-400x148.jpg 400w, https:\/\/www.bbk-sachsenanhalt.de\/wp-content\/uploads\/2025\/03\/Mandalka_behne_lwl_FB_Banner-3015\u200a\u00d7\u200a1117-1152x427.jpg 1152w\" sizes=\"auto, (max-width: 550px) 100vw, 550px\" \/>            <\/a>\n            <figcaption class=\"wp-element-caption\">\n              Foto: Matthias Behne, lautwieleise.de            <\/figcaption>\n          <\/figure>\n              <\/div>\n\n      <div class=\"grid-column-right\">\n                  <div class=\"cmbbk-primary-category\"><a href=\"https:\/\/www.bbk-sachsenanhalt.de\/en\/category\/news\/dates\/bbk-events\/\">BBK events &#8211; from 01.03.2025 to 30.04.2025<\/a><\/div>          <h3 class=\"is-style-teaser\">\n            <a href=\"https:\/\/www.bbk-sachsenanhalt.de\/en\/korvin-reich\/\">Marie Mandalka<\/a>\n          <\/h3>\n                <p>\n          Mandalka&#8217;s garbage reliefs attract attention with their organic aesthetics and haptics. Memories of skin and anthropological traces unfold a fascinating effect. By using recycled, cut-up packaging waste that shimmers through under layers of latex in kilim structures, these works focus on themes such as the use of resources, political communication, interaction and effectiveness. Further information [&hellip;]        <\/p>\n        <div class=\"wp-block-buttons is-layout-flex wp-block-buttons-is-layout-flex\">\n          <div class=\"wp-block-button is-style-more-button\">\n            <a class=\"wp-block-button__link wp-element-button\" href=\"https:\/\/www.bbk-sachsenanhalt.de\/en\/korvin-reich\/\">\n              read more            <\/a>\n          <\/div>\n        <\/div>\n\n      <\/div>\n    <\/div>\n          <!-- wp:separator -->\n      <hr class=\"wp-block-separator has-alpha-channel-opacity\" \/>\n      <!-- \/wp:separator -->\n      \n    <div class=\"grid-container post-item\">\n      <div class=\"grid-column-left\">\n                  <figure class=\"wp-block-image\">\n            <a href=\"https:\/\/www.bbk-sachsenanhalt.de\/en\/gert-burkard-buettner-2\/\">\n              <img loading=\"lazy\" decoding=\"async\" width=\"550\" height=\"659\" src=\"https:\/\/www.bbk-sachsenanhalt.de\/wp-content\/uploads\/2025\/02\/Nachgeboren-550x659.jpg\" class=\"no-lightbox\" alt=\"\" data-mwl-img-ignore=\"true\" srcset=\"https:\/\/www.bbk-sachsenanhalt.de\/wp-content\/uploads\/2025\/02\/Nachgeboren-550x659.jpg 550w, https:\/\/www.bbk-sachsenanhalt.de\/wp-content\/uploads\/2025\/02\/Nachgeboren-250x300.jpg 250w, https:\/\/www.bbk-sachsenanhalt.de\/wp-content\/uploads\/2025\/02\/Nachgeboren-854x1024.jpg 854w, https:\/\/www.bbk-sachsenanhalt.de\/wp-content\/uploads\/2025\/02\/Nachgeboren-768x921.jpg 768w, https:\/\/www.bbk-sachsenanhalt.de\/wp-content\/uploads\/2025\/02\/Nachgeboren-1281x1536.jpg 1281w, https:\/\/www.bbk-sachsenanhalt.de\/wp-content\/uploads\/2025\/02\/Nachgeboren-1708x2048.jpg 1708w, https:\/\/www.bbk-sachsenanhalt.de\/wp-content\/uploads\/2025\/02\/Nachgeboren-740x887.jpg 740w, https:\/\/www.bbk-sachsenanhalt.de\/wp-content\/uploads\/2025\/02\/Nachgeboren-400x480.jpg 400w, https:\/\/www.bbk-sachsenanhalt.de\/wp-content\/uploads\/2025\/02\/Nachgeboren-409x490.jpg 409w\" sizes=\"auto, (max-width: 550px) 100vw, 550px\" \/>            <\/a>\n            <figcaption class=\"wp-element-caption\">\n              dav            <\/figcaption>\n          <\/figure>\n              <\/div>\n\n      <div class=\"grid-column-right\">\n                  <div class=\"cmbbk-primary-category\"><a href=\"https:\/\/www.bbk-sachsenanhalt.de\/en\/category\/news\/dates\/bbk-events\/\">BBK events &#8211; from 01.03.2025 to 31.03.2025<\/a><\/div>          <h3 class=\"is-style-teaser\">\n            <a href=\"https:\/\/www.bbk-sachsenanhalt.de\/en\/gert-burkard-buettner-2\/\">Astrid Salewski<\/a>\n          <\/h3>\n                <p>\n          In the March edition of the BBKarium&#8217;s showcase exhibition, Dessau artist Astrid Salewski invites you to explore the sometimes disturbing beauty of quiet moments with her small selection of images. On display are works that were created as part of a work scholarship on the subject of &#8220;Under the Ice&#8221; and for the exhibition &#8220;sein@nichtsein.de&#8221; [&hellip;]        <\/p>\n        <div class=\"wp-block-buttons is-layout-flex wp-block-buttons-is-layout-flex\">\n          <div class=\"wp-block-button is-style-more-button\">\n            <a class=\"wp-block-button__link wp-element-button\" href=\"https:\/\/www.bbk-sachsenanhalt.de\/en\/gert-burkard-buettner-2\/\">\n              read more            <\/a>\n          <\/div>\n        <\/div>\n\n      <\/div>\n    <\/div>\n          <!-- wp:separator -->\n      <hr class=\"wp-block-separator has-alpha-channel-opacity\" \/>\n      <!-- \/wp:separator -->\n      \n    <div class=\"grid-container post-item\">\n      <div class=\"grid-column-left\">\n                  <figure class=\"wp-block-image\">\n            <a href=\"https:\/\/www.bbk-sachsenanhalt.de\/en\/course-plant-database-spring-2025\/\">\n              <img loading=\"lazy\" decoding=\"async\" width=\"550\" height=\"289\" src=\"https:\/\/www.bbk-sachsenanhalt.de\/wp-content\/uploads\/2025\/02\/kurs_werkdatenbank-550x289.png\" class=\"no-lightbox\" alt=\"\" data-mwl-img-ignore=\"true\" srcset=\"https:\/\/www.bbk-sachsenanhalt.de\/wp-content\/uploads\/2025\/02\/kurs_werkdatenbank-550x289.png 550w, https:\/\/www.bbk-sachsenanhalt.de\/wp-content\/uploads\/2025\/02\/kurs_werkdatenbank-300x157.png 300w, https:\/\/www.bbk-sachsenanhalt.de\/wp-content\/uploads\/2025\/02\/kurs_werkdatenbank-1024x537.png 1024w, https:\/\/www.bbk-sachsenanhalt.de\/wp-content\/uploads\/2025\/02\/kurs_werkdatenbank-768x403.png 768w, https:\/\/www.bbk-sachsenanhalt.de\/wp-content\/uploads\/2025\/02\/kurs_werkdatenbank-740x388.png 740w, https:\/\/www.bbk-sachsenanhalt.de\/wp-content\/uploads\/2025\/02\/kurs_werkdatenbank-400x210.png 400w, https:\/\/www.bbk-sachsenanhalt.de\/wp-content\/uploads\/2025\/02\/kurs_werkdatenbank-934x490.png 934w, https:\/\/www.bbk-sachsenanhalt.de\/wp-content\/uploads\/2025\/02\/kurs_werkdatenbank.png 1429w\" sizes=\"auto, (max-width: 550px) 100vw, 550px\" \/>            <\/a>\n            <figcaption class=\"wp-element-caption\">\n                          <\/figcaption>\n          <\/figure>\n              <\/div>\n\n      <div class=\"grid-column-right\">\n                  <div class=\"cmbbk-primary-category\"><a href=\"https:\/\/www.bbk-sachsenanhalt.de\/en\/category\/concerns\/artists-estates\/\">Artists&#039; estates &#8211; to 15.03.2025<\/a><\/div>          <h3 class=\"is-style-teaser\">\n            <a href=\"https:\/\/www.bbk-sachsenanhalt.de\/en\/course-plant-database-spring-2025\/\">Course plant database spring 2025<\/a>\n          <\/h3>\n                <p>\n          In spring 2025, the BBK Saxony-Anhalt is offering a new fee-based course for artists, heirs and estate administrators under the direction of art historian Katharina Lorenz M.A., which consists of three dates. The following documents must be submitted for the application: Letter of motivation, short biography, list of exhibitions, list of publications, digital image of [&hellip;]        <\/p>\n        <div class=\"wp-block-buttons is-layout-flex wp-block-buttons-is-layout-flex\">\n          <div class=\"wp-block-button is-style-more-button\">\n            <a class=\"wp-block-button__link wp-element-button\" href=\"https:\/\/www.bbk-sachsenanhalt.de\/en\/course-plant-database-spring-2025\/\">\n              read more            <\/a>\n          <\/div>\n        <\/div>\n\n      <\/div>\n    <\/div>\n          <!-- wp:separator -->\n      <hr class=\"wp-block-separator has-alpha-channel-opacity\" \/>\n      <!-- \/wp:separator -->\n      \n    <div class=\"grid-container post-item\">\n      <div class=\"grid-column-left\">\n                  <figure class=\"wp-block-image\">\n            <a href=\"https:\/\/www.bbk-sachsenanhalt.de\/en\/publications-november-2023-2\/\">\n              <img loading=\"lazy\" decoding=\"async\" width=\"550\" height=\"733\" src=\"https:\/\/www.bbk-sachsenanhalt.de\/wp-content\/uploads\/2025\/02\/kunz_sabine-550x733.jpg\" class=\"no-lightbox\" alt=\"\" data-mwl-img-ignore=\"true\" srcset=\"https:\/\/www.bbk-sachsenanhalt.de\/wp-content\/uploads\/2025\/02\/kunz_sabine-550x733.jpg 550w, https:\/\/www.bbk-sachsenanhalt.de\/wp-content\/uploads\/2025\/02\/kunz_sabine-225x300.jpg 225w, https:\/\/www.bbk-sachsenanhalt.de\/wp-content\/uploads\/2025\/02\/kunz_sabine-768x1024.jpg 768w, https:\/\/www.bbk-sachsenanhalt.de\/wp-content\/uploads\/2025\/02\/kunz_sabine-1152x1536.jpg 1152w, https:\/\/www.bbk-sachsenanhalt.de\/wp-content\/uploads\/2025\/02\/kunz_sabine-1536x2048.jpg 1536w, https:\/\/www.bbk-sachsenanhalt.de\/wp-content\/uploads\/2025\/02\/kunz_sabine-740x987.jpg 740w, https:\/\/www.bbk-sachsenanhalt.de\/wp-content\/uploads\/2025\/02\/kunz_sabine-400x533.jpg 400w, https:\/\/www.bbk-sachsenanhalt.de\/wp-content\/uploads\/2025\/02\/kunz_sabine-368x490.jpg 368w, https:\/\/www.bbk-sachsenanhalt.de\/wp-content\/uploads\/2025\/02\/kunz_sabine-scaled.jpg 1920w\" sizes=\"auto, (max-width: 550px) 100vw, 550px\" \/>            <\/a>\n            <figcaption class=\"wp-element-caption\">\n              UTF-8   ApfelBirne, Farbholzschnitt, 240x122cm, Druckstock, 280x160cm Papierformat Sabine Kunz             <\/figcaption>\n          <\/figure>\n              <\/div>\n\n      <div class=\"grid-column-right\">\n                  <div class=\"cmbbk-primary-category\"><a href=\"https:\/\/www.bbk-sachsenanhalt.de\/en\/category\/concerns\/artists-estates\/\">Artists&#039; estates<\/a><\/div>          <h3 class=\"is-style-teaser\">\n            <a href=\"https:\/\/www.bbk-sachsenanhalt.de\/en\/publications-november-2023-2\/\">Publications work database February 2025<\/a>\n          <\/h3>\n                <p>\n          The Berufsverband Bildender K\u00fcnstler Sachsen-Anhalt e.V. (BBK) published new works in its &#8220;Werkdatenbank Bildende Kunst Sachsen-Anhalt&#8221; at the beginning of February 2025. The focus is on the estate catalog of Magdeburg artist Walter Bischof (1919-1968) and the catalog raisonn\u00e9 of Halle artist Sabine Kunz (*1962). In addition, numerous artists have completed the catalogs they began [&hellip;]        <\/p>\n        <div class=\"wp-block-buttons is-layout-flex wp-block-buttons-is-layout-flex\">\n          <div class=\"wp-block-button is-style-more-button\">\n            <a class=\"wp-block-button__link wp-element-button\" href=\"https:\/\/www.bbk-sachsenanhalt.de\/en\/publications-november-2023-2\/\">\n              read more            <\/a>\n          <\/div>\n        <\/div>\n\n      <\/div>\n    <\/div>\n          <!-- wp:separator -->\n      <hr class=\"wp-block-separator has-alpha-channel-opacity\" \/>\n      <!-- \/wp:separator -->\n      \n    <div class=\"grid-container post-item\">\n      <div class=\"grid-column-left\">\n              <\/div>\n\n      <div class=\"grid-column-right\">\n                  <div class=\"cmbbk-primary-category\"><a href=\"https:\/\/www.bbk-sachsenanhalt.de\/en\/category\/concerns\/artists-estates\/\">Artists&#039; estates<\/a><\/div>          <h3 class=\"is-style-teaser\">\n            <a href=\"https:\/\/www.bbk-sachsenanhalt.de\/en\/new-publications-in-the-work-database\/\">New publications in the work database<\/a>\n          <\/h3>\n                <p>\n          The Berufsverband Bildender K\u00fcnstler Sachsen-Anhalt e.V. (BBK) published new works in its &#8220;Werkdatenbank Bildende Kunst Sachsen-Anhalt&#8221; at the beginning of February 2025. The focus is on the catalog raisonn\u00e9 of the Magdeburg artist Walter Bischof (1919-1968) and the catalog raisonn\u00e9 of the Halle artist Sabine Kunz (1962). In addition, numerous artists have completed the catalogs [&hellip;]        <\/p>\n        <div class=\"wp-block-buttons is-layout-flex wp-block-buttons-is-layout-flex\">\n          <div class=\"wp-block-button is-style-more-button\">\n            <a class=\"wp-block-button__link wp-element-button\" href=\"https:\/\/www.bbk-sachsenanhalt.de\/en\/new-publications-in-the-work-database\/\">\n              read more            <\/a>\n          <\/div>\n        <\/div>\n\n      <\/div>\n    <\/div>\n          <!-- wp:separator -->\n      <hr class=\"wp-block-separator has-alpha-channel-opacity\" \/>\n      <!-- \/wp:separator -->\n      \n    <div class=\"grid-container post-item\">\n      <div class=\"grid-column-left\">\n                  <figure class=\"wp-block-image\">\n            <a href=\"https:\/\/www.bbk-sachsenanhalt.de\/en\/tender-2025\/\">\n              <img loading=\"lazy\" decoding=\"async\" width=\"550\" height=\"367\" src=\"https:\/\/www.bbk-sachsenanhalt.de\/wp-content\/uploads\/2025\/01\/20240907_BBK_Kunstmarkt_web_\u00a9-Joachim-Blobel-03320-2-550x367.jpg\" class=\"no-lightbox\" alt=\"\" data-mwl-img-ignore=\"true\" srcset=\"https:\/\/www.bbk-sachsenanhalt.de\/wp-content\/uploads\/2025\/01\/20240907_BBK_Kunstmarkt_web_\u00a9-Joachim-Blobel-03320-2-550x367.jpg 550w, https:\/\/www.bbk-sachsenanhalt.de\/wp-content\/uploads\/2025\/01\/20240907_BBK_Kunstmarkt_web_\u00a9-Joachim-Blobel-03320-2-300x200.jpg 300w, https:\/\/www.bbk-sachsenanhalt.de\/wp-content\/uploads\/2025\/01\/20240907_BBK_Kunstmarkt_web_\u00a9-Joachim-Blobel-03320-2-1024x683.jpg 1024w, https:\/\/www.bbk-sachsenanhalt.de\/wp-content\/uploads\/2025\/01\/20240907_BBK_Kunstmarkt_web_\u00a9-Joachim-Blobel-03320-2-768x512.jpg 768w, https:\/\/www.bbk-sachsenanhalt.de\/wp-content\/uploads\/2025\/01\/20240907_BBK_Kunstmarkt_web_\u00a9-Joachim-Blobel-03320-2-1536x1025.jpg 1536w, https:\/\/www.bbk-sachsenanhalt.de\/wp-content\/uploads\/2025\/01\/20240907_BBK_Kunstmarkt_web_\u00a9-Joachim-Blobel-03320-2-740x494.jpg 740w, https:\/\/www.bbk-sachsenanhalt.de\/wp-content\/uploads\/2025\/01\/20240907_BBK_Kunstmarkt_web_\u00a9-Joachim-Blobel-03320-2-400x267.jpg 400w, https:\/\/www.bbk-sachsenanhalt.de\/wp-content\/uploads\/2025\/01\/20240907_BBK_Kunstmarkt_web_\u00a9-Joachim-Blobel-03320-2-735x490.jpg 735w, https:\/\/www.bbk-sachsenanhalt.de\/wp-content\/uploads\/2025\/01\/20240907_BBK_Kunstmarkt_web_\u00a9-Joachim-Blobel-03320-2.jpg 2000w\" sizes=\"auto, (max-width: 550px) 100vw, 550px\" \/>            <\/a>\n            <figcaption class=\"wp-element-caption\">\n              Foto: Joachim Blobel            <\/figcaption>\n          <\/figure>\n              <\/div>\n\n      <div class=\"grid-column-right\">\n                  <div class=\"cmbbk-primary-category\"><a href=\"https:\/\/www.bbk-sachsenanhalt.de\/en\/category\/projects\/sichtbar-markt-en\/\">sichtbar-Markt<\/a><\/div>          <h3 class=\"is-style-teaser\">\n            <a href=\"https:\/\/www.bbk-sachsenanhalt.de\/en\/tender-2025\/\">Tender 2025<\/a>\n          <\/h3>\n                <p>\n          visible art &amp; design market Dear artists and designers, In 2025, Halle (Saale) will once again host the visible &#8211; art &amp; design market in the moat of the Moritzburg Art Museum &#8211; this time, however, already in June, namely on 14 &amp; 15 June 2025. The market will once again be curated and organized [&hellip;]        <\/p>\n        <div class=\"wp-block-buttons is-layout-flex wp-block-buttons-is-layout-flex\">\n          <div class=\"wp-block-button is-style-more-button\">\n            <a class=\"wp-block-button__link wp-element-button\" href=\"https:\/\/www.bbk-sachsenanhalt.de\/en\/tender-2025\/\">\n              read more            <\/a>\n          <\/div>\n        <\/div>\n\n      <\/div>\n    <\/div>\n          <!-- wp:separator -->\n      <hr class=\"wp-block-separator has-alpha-channel-opacity\" \/>\n      <!-- \/wp:separator -->\n      \n    <div class=\"grid-container post-item\">\n      <div class=\"grid-column-left\">\n                  <figure class=\"wp-block-image\">\n            <a href=\"https:\/\/www.bbk-sachsenanhalt.de\/en\/group-exhibition\/\">\n              <img loading=\"lazy\" decoding=\"async\" width=\"550\" height=\"310\" src=\"https:\/\/www.bbk-sachsenanhalt.de\/wp-content\/uploads\/2025\/01\/20250204_205912-550x310.jpg\" class=\"no-lightbox\" alt=\"\" data-mwl-img-ignore=\"true\" srcset=\"https:\/\/www.bbk-sachsenanhalt.de\/wp-content\/uploads\/2025\/01\/20250204_205912-550x310.jpg 550w, https:\/\/www.bbk-sachsenanhalt.de\/wp-content\/uploads\/2025\/01\/20250204_205912-300x169.jpg 300w, https:\/\/www.bbk-sachsenanhalt.de\/wp-content\/uploads\/2025\/01\/20250204_205912-1024x576.jpg 1024w, https:\/\/www.bbk-sachsenanhalt.de\/wp-content\/uploads\/2025\/01\/20250204_205912-768x432.jpg 768w, https:\/\/www.bbk-sachsenanhalt.de\/wp-content\/uploads\/2025\/01\/20250204_205912-1536x864.jpg 1536w, https:\/\/www.bbk-sachsenanhalt.de\/wp-content\/uploads\/2025\/01\/20250204_205912-2048x1153.jpg 2048w, https:\/\/www.bbk-sachsenanhalt.de\/wp-content\/uploads\/2025\/01\/20250204_205912-740x416.jpg 740w, https:\/\/www.bbk-sachsenanhalt.de\/wp-content\/uploads\/2025\/01\/20250204_205912-400x225.jpg 400w, https:\/\/www.bbk-sachsenanhalt.de\/wp-content\/uploads\/2025\/01\/20250204_205912-871x490.jpg 871w\" sizes=\"auto, (max-width: 550px) 100vw, 550px\" \/>            <\/a>\n            <figcaption class=\"wp-element-caption\">\n                          <\/figcaption>\n          <\/figure>\n              <\/div>\n\n      <div class=\"grid-column-right\">\n                  <div class=\"cmbbk-primary-category\"><a href=\"https:\/\/www.bbk-sachsenanhalt.de\/en\/category\/news\/dates\/bbk-events\/\">BBK events &#8211; from 01.02.2025 to 28.02.2025<\/a><\/div>          <h3 class=\"is-style-teaser\">\n            <a href=\"https:\/\/www.bbk-sachsenanhalt.de\/en\/group-exhibition\/\">Anja Wolf<\/a>\n          <\/h3>\n                <p>\n          In February, our newcomer Anja Wolf will be presenting her work in the window of the workshop caf\u00e9. The exhibition will be on display around the clock until February 28. On display in the exhibition are collages from the year 2024, which show an artistic examination of the &#8220;Potsdam Memorandum 2005&#8221;. This is a manifesto [&hellip;]        <\/p>\n        <div class=\"wp-block-buttons is-layout-flex wp-block-buttons-is-layout-flex\">\n          <div class=\"wp-block-button is-style-more-button\">\n            <a class=\"wp-block-button__link wp-element-button\" href=\"https:\/\/www.bbk-sachsenanhalt.de\/en\/group-exhibition\/\">\n              read more            <\/a>\n          <\/div>\n        <\/div>\n\n      <\/div>\n    <\/div>\n          <!-- wp:separator -->\n      <hr class=\"wp-block-separator has-alpha-channel-opacity\" \/>\n      <!-- \/wp:separator -->\n      \n    <div class=\"grid-container post-item\">\n      <div class=\"grid-column-left\">\n                  <figure class=\"wp-block-image\">\n            <a href=\"https:\/\/www.bbk-sachsenanhalt.de\/en\/network-meeting-art-and-parenthood\/\">\n              <img loading=\"lazy\" decoding=\"async\" width=\"500\" height=\"509\" src=\"https:\/\/www.bbk-sachsenanhalt.de\/wp-content\/uploads\/2025\/01\/rh_maternal_fantasies_08.jpg\" class=\"no-lightbox\" alt=\"\" data-mwl-img-ignore=\"true\" srcset=\"https:\/\/www.bbk-sachsenanhalt.de\/wp-content\/uploads\/2025\/01\/rh_maternal_fantasies_08.jpg 500w, https:\/\/www.bbk-sachsenanhalt.de\/wp-content\/uploads\/2025\/01\/rh_maternal_fantasies_08-295x300.jpg 295w, https:\/\/www.bbk-sachsenanhalt.de\/wp-content\/uploads\/2025\/01\/rh_maternal_fantasies_08-400x407.jpg 400w, https:\/\/www.bbk-sachsenanhalt.de\/wp-content\/uploads\/2025\/01\/rh_maternal_fantasies_08-481x490.jpg 481w\" sizes=\"auto, (max-width: 500px) 100vw, 500px\" \/>            <\/a>\n            <figcaption class=\"wp-element-caption\">\n              Foto: Ruth Heftrig            <\/figcaption>\n          <\/figure>\n              <\/div>\n\n      <div class=\"grid-column-right\">\n                  <div class=\"cmbbk-primary-category\"><a href=\"https:\/\/www.bbk-sachsenanhalt.de\/en\/category\/working-groups\/art-and-parenthood\/\">Art and parenthood &#8211; 03.02.2025 13:00&nbsp;clock<\/a><\/div>          <h3 class=\"is-style-teaser\">\n            <a href=\"https:\/\/www.bbk-sachsenanhalt.de\/en\/network-meeting-art-and-parenthood\/\">Network meeting &#8220;Art and Parenthood&#8221; on February 3 in Halle (Saale)<\/a>\n          <\/h3>\n                <p>\n          An open network meeting on the topic of &#8220;Art and Parenthood&#8221; will take place on February 3, 2025 from 1:00 to 3:00 pm. We would like to think together about how to proceed with our concerns. At the workshop with MATERNAL FANTASIES in November 2024, some ideas were raised in the open final round that [&hellip;]        <\/p>\n        <div class=\"wp-block-buttons is-layout-flex wp-block-buttons-is-layout-flex\">\n          <div class=\"wp-block-button is-style-more-button\">\n            <a class=\"wp-block-button__link wp-element-button\" href=\"https:\/\/www.bbk-sachsenanhalt.de\/en\/network-meeting-art-and-parenthood\/\">\n              read more            <\/a>\n          <\/div>\n        <\/div>\n\n      <\/div>\n    <\/div>\n          <!-- wp:separator -->\n      <hr class=\"wp-block-separator has-alpha-channel-opacity\" \/>\n      <!-- \/wp:separator -->\n      \n    <div class=\"grid-container post-item\">\n      <div class=\"grid-column-left\">\n                  <figure class=\"wp-block-image\">\n            <a href=\"https:\/\/www.bbk-sachsenanhalt.de\/en\/gert-burkard-buettner\/\">\n              <img loading=\"lazy\" decoding=\"async\" width=\"550\" height=\"326\" src=\"https:\/\/www.bbk-sachsenanhalt.de\/wp-content\/uploads\/2025\/01\/bbkarium_dessau_2025_01-550x326.jpg\" class=\"no-lightbox\" alt=\"\" data-mwl-img-ignore=\"true\" srcset=\"https:\/\/www.bbk-sachsenanhalt.de\/wp-content\/uploads\/2025\/01\/bbkarium_dessau_2025_01-550x326.jpg 550w, https:\/\/www.bbk-sachsenanhalt.de\/wp-content\/uploads\/2025\/01\/bbkarium_dessau_2025_01-300x178.jpg 300w, https:\/\/www.bbk-sachsenanhalt.de\/wp-content\/uploads\/2025\/01\/bbkarium_dessau_2025_01-400x237.jpg 400w, https:\/\/www.bbk-sachsenanhalt.de\/wp-content\/uploads\/2025\/01\/bbkarium_dessau_2025_01.jpg 679w\" sizes=\"auto, (max-width: 550px) 100vw, 550px\" \/>            <\/a>\n            <figcaption class=\"wp-element-caption\">\n                          <\/figcaption>\n          <\/figure>\n              <\/div>\n\n      <div class=\"grid-column-right\">\n                  <div class=\"cmbbk-primary-category\"><a href=\"https:\/\/www.bbk-sachsenanhalt.de\/en\/category\/news\/dates\/bbk-events\/\">BBK events &#8211; from 01.01.2025 to 31.01.2025<\/a><\/div>          <h3 class=\"is-style-teaser\">\n            <a href=\"https:\/\/www.bbk-sachsenanhalt.de\/en\/gert-burkard-buettner\/\">Group exhibition<\/a>\n          <\/h3>\n                <p>\n          Happy New Year and a group exhibition in January with art by Anja Wolf, Elfi Nitze, Elena Kiseleva-Arendt, Sabine Brauns, Veronika Kaiping, 6y_anhalt, Juliane Naumann, Benjamin Kerwien and Jakob Wolf. New Year&#8217;s vernissage | January 1 | 4.30 p.m. Further information: https:\/\/www.instagram.com\/bbkarium_dessau\/ Visible from outside around the clock! The project is funded by the NeuSTADT [&hellip;]        <\/p>\n        <div class=\"wp-block-buttons is-layout-flex wp-block-buttons-is-layout-flex\">\n          <div class=\"wp-block-button is-style-more-button\">\n            <a class=\"wp-block-button__link wp-element-button\" href=\"https:\/\/www.bbk-sachsenanhalt.de\/en\/gert-burkard-buettner\/\">\n              read more            <\/a>\n          <\/div>\n        <\/div>\n\n      <\/div>\n    <\/div>\n          <!-- wp:separator -->\n      <hr class=\"wp-block-separator has-alpha-channel-opacity\" \/>\n      <!-- \/wp:separator -->\n      \n    <div class=\"grid-container post-item\">\n      <div class=\"grid-column-left\">\n                  <figure class=\"wp-block-image\">\n            <a href=\"https:\/\/www.bbk-sachsenanhalt.de\/en\/ilka-leukefeld-2\/\">\n              <img loading=\"lazy\" decoding=\"async\" width=\"550\" height=\"687\" src=\"https:\/\/www.bbk-sachsenanhalt.de\/wp-content\/uploads\/2025\/01\/Reich_behne_lwl_FB_Feed-1363\u200a\u00d7\u200a1702-550x687.jpg\" class=\"no-lightbox\" alt=\"\" data-mwl-img-ignore=\"true\" srcset=\"https:\/\/www.bbk-sachsenanhalt.de\/wp-content\/uploads\/2025\/01\/Reich_behne_lwl_FB_Feed-1363\u200a\u00d7\u200a1702-550x687.jpg 550w, https:\/\/www.bbk-sachsenanhalt.de\/wp-content\/uploads\/2025\/01\/Reich_behne_lwl_FB_Feed-1363\u200a\u00d7\u200a1702-240x300.jpg 240w, https:\/\/www.bbk-sachsenanhalt.de\/wp-content\/uploads\/2025\/01\/Reich_behne_lwl_FB_Feed-1363\u200a\u00d7\u200a1702-820x1024.jpg 820w, https:\/\/www.bbk-sachsenanhalt.de\/wp-content\/uploads\/2025\/01\/Reich_behne_lwl_FB_Feed-1363\u200a\u00d7\u200a1702-768x959.jpg 768w, https:\/\/www.bbk-sachsenanhalt.de\/wp-content\/uploads\/2025\/01\/Reich_behne_lwl_FB_Feed-1363\u200a\u00d7\u200a1702-1230x1536.jpg 1230w, https:\/\/www.bbk-sachsenanhalt.de\/wp-content\/uploads\/2025\/01\/Reich_behne_lwl_FB_Feed-1363\u200a\u00d7\u200a1702-740x924.jpg 740w, https:\/\/www.bbk-sachsenanhalt.de\/wp-content\/uploads\/2025\/01\/Reich_behne_lwl_FB_Feed-1363\u200a\u00d7\u200a1702-400x499.jpg 400w, https:\/\/www.bbk-sachsenanhalt.de\/wp-content\/uploads\/2025\/01\/Reich_behne_lwl_FB_Feed-1363\u200a\u00d7\u200a1702-392x490.jpg 392w, https:\/\/www.bbk-sachsenanhalt.de\/wp-content\/uploads\/2025\/01\/Reich_behne_lwl_FB_Feed-1363\u200a\u00d7\u200a1702.jpg 1363w\" sizes=\"auto, (max-width: 550px) 100vw, 550px\" \/>            <\/a>\n            <figcaption class=\"wp-element-caption\">\n              Foto:             <\/figcaption>\n          <\/figure>\n              <\/div>\n\n      <div class=\"grid-column-right\">\n                  <div class=\"cmbbk-primary-category\"><a href=\"https:\/\/www.bbk-sachsenanhalt.de\/en\/category\/news\/dates\/bbk-events\/\">BBK events &#8211; from 01.01.2025 to 28.02.2025<\/a><\/div>          <h3 class=\"is-style-teaser\">\n            <a href=\"https:\/\/www.bbk-sachsenanhalt.de\/en\/ilka-leukefeld-2\/\">Korvin Reich<\/a>\n          <\/h3>\n                <p>\n          Several levels come together in his &#8220;flying objects&#8221;: Force fields, maps, elements from mathematics and physics. The perception of the spiritual world materializes. Free, intuitively set forms are surprisingly combined with fixed processes. Reich&#8217;s hand drawings are often mistaken for prints of computer graphics &#8211; calling his own perception into question. Further information about the [&hellip;]        <\/p>\n        <div class=\"wp-block-buttons is-layout-flex wp-block-buttons-is-layout-flex\">\n          <div class=\"wp-block-button is-style-more-button\">\n            <a class=\"wp-block-button__link wp-element-button\" href=\"https:\/\/www.bbk-sachsenanhalt.de\/en\/ilka-leukefeld-2\/\">\n              read more            <\/a>\n          <\/div>\n        <\/div>\n\n      <\/div>\n    <\/div>\n          <!-- wp:separator -->\n      <hr class=\"wp-block-separator has-alpha-channel-opacity\" \/>\n      <!-- \/wp:separator -->\n      \n    <div class=\"grid-container post-item\">\n      <div class=\"grid-column-left\">\n                  <figure class=\"wp-block-image\">\n            <a href=\"https:\/\/www.bbk-sachsenanhalt.de\/en\/1-year-bbkarium-dessau-and-wilfried-meinarth\/\">\n              <img loading=\"lazy\" decoding=\"async\" width=\"492\" height=\"615\" src=\"https:\/\/www.bbk-sachsenanhalt.de\/wp-content\/uploads\/2024\/11\/6741ddcb65aec.jpg\" class=\"no-lightbox\" alt=\"\" data-mwl-img-ignore=\"true\" srcset=\"https:\/\/www.bbk-sachsenanhalt.de\/wp-content\/uploads\/2024\/11\/6741ddcb65aec.jpg 492w, https:\/\/www.bbk-sachsenanhalt.de\/wp-content\/uploads\/2024\/11\/6741ddcb65aec-240x300.jpg 240w, https:\/\/www.bbk-sachsenanhalt.de\/wp-content\/uploads\/2024\/11\/6741ddcb65aec-400x500.jpg 400w, https:\/\/www.bbk-sachsenanhalt.de\/wp-content\/uploads\/2024\/11\/6741ddcb65aec-392x490.jpg 392w\" sizes=\"auto, (max-width: 492px) 100vw, 492px\" \/>            <\/a>\n            <figcaption class=\"wp-element-caption\">\n                          <\/figcaption>\n          <\/figure>\n              <\/div>\n\n      <div class=\"grid-column-right\">\n                  <div class=\"cmbbk-primary-category\"><a href=\"https:\/\/www.bbk-sachsenanhalt.de\/en\/category\/news\/dates\/bbk-events\/\">BBK events<\/a><\/div>          <h3 class=\"is-style-teaser\">\n            <a href=\"https:\/\/www.bbk-sachsenanhalt.de\/en\/1-year-bbkarium-dessau-and-wilfried-meinarth\/\">First birthday BBKarium Dessau with Wilfried Meinarth<\/a>\n          <\/h3>\n                <p>\n          The BBKarium in Dessau has been around for a year now. We want to celebrate this birthday with you on December 1, 2024, from 5 p.m. at the shop window in Ferdinand-von-Schill-Str.3. There will be mulled wine, snacks and a short review of the past year. We also want to present the exhibition program for [&hellip;]        <\/p>\n        <div class=\"wp-block-buttons is-layout-flex wp-block-buttons-is-layout-flex\">\n          <div class=\"wp-block-button is-style-more-button\">\n            <a class=\"wp-block-button__link wp-element-button\" href=\"https:\/\/www.bbk-sachsenanhalt.de\/en\/1-year-bbkarium-dessau-and-wilfried-meinarth\/\">\n              read more            <\/a>\n          <\/div>\n        <\/div>\n\n      <\/div>\n    <\/div>\n          <!-- wp:separator -->\n      <hr class=\"wp-block-separator has-alpha-channel-opacity\" \/>\n      <!-- \/wp:separator -->\n      \n    <div class=\"grid-container post-item\">\n      <div class=\"grid-column-left\">\n                  <figure class=\"wp-block-image\">\n            <a href=\"https:\/\/www.bbk-sachsenanhalt.de\/en\/bbk-saxony-anhalt-conducts-survey-on-artists-estates-2\/\">\n              <img loading=\"lazy\" decoding=\"async\" width=\"550\" height=\"550\" src=\"https:\/\/www.bbk-sachsenanhalt.de\/wp-content\/uploads\/2024\/11\/Danke-550x550.png\" class=\"no-lightbox\" alt=\"\" data-mwl-img-ignore=\"true\" srcset=\"https:\/\/www.bbk-sachsenanhalt.de\/wp-content\/uploads\/2024\/11\/Danke-550x550.png 550w, https:\/\/www.bbk-sachsenanhalt.de\/wp-content\/uploads\/2024\/11\/Danke-300x300.png 300w, https:\/\/www.bbk-sachsenanhalt.de\/wp-content\/uploads\/2024\/11\/Danke-1024x1024.png 1024w, https:\/\/www.bbk-sachsenanhalt.de\/wp-content\/uploads\/2024\/11\/Danke-150x150.png 150w, https:\/\/www.bbk-sachsenanhalt.de\/wp-content\/uploads\/2024\/11\/Danke-768x768.png 768w, https:\/\/www.bbk-sachsenanhalt.de\/wp-content\/uploads\/2024\/11\/Danke-740x740.png 740w, https:\/\/www.bbk-sachsenanhalt.de\/wp-content\/uploads\/2024\/11\/Danke-400x400.png 400w, https:\/\/www.bbk-sachsenanhalt.de\/wp-content\/uploads\/2024\/11\/Danke-490x490.png 490w, https:\/\/www.bbk-sachsenanhalt.de\/wp-content\/uploads\/2024\/11\/Danke.png 1080w\" sizes=\"auto, (max-width: 550px) 100vw, 550px\" \/>            <\/a>\n            <figcaption class=\"wp-element-caption\">\n              Bild von Andreas Breitling auf Pixabay            <\/figcaption>\n          <\/figure>\n              <\/div>\n\n      <div class=\"grid-column-right\">\n                  <div class=\"cmbbk-primary-category\"><a href=\"https:\/\/www.bbk-sachsenanhalt.de\/en\/category\/concerns\/artists-estates\/\">Artists&#039; estates &#8211; to 15.11.2024<\/a><\/div>          <h3 class=\"is-style-teaser\">\n            <a href=\"https:\/\/www.bbk-sachsenanhalt.de\/en\/bbk-saxony-anhalt-conducts-survey-on-artists-estates-2\/\">Survey on artists&#8217; estates completed<\/a>\n          <\/h3>\n                <p>\n          From mid-September to mid-November 2024, the BBK Saxony-Anhalt conducted a survey on artists&#8217; estates. Visual artists and estate holders (institutions and private individuals) were invited to take part. The response was great. The Museum and Archive Association, the Saxony-Anhalt Art Foundation and other partners forwarded our appeal, articles about the project appeared in the press [&hellip;]        <\/p>\n        <div class=\"wp-block-buttons is-layout-flex wp-block-buttons-is-layout-flex\">\n          <div class=\"wp-block-button is-style-more-button\">\n            <a class=\"wp-block-button__link wp-element-button\" href=\"https:\/\/www.bbk-sachsenanhalt.de\/en\/bbk-saxony-anhalt-conducts-survey-on-artists-estates-2\/\">\n              read more            <\/a>\n          <\/div>\n        <\/div>\n\n      <\/div>\n    <\/div>\n          <!-- wp:separator -->\n      <hr class=\"wp-block-separator has-alpha-channel-opacity\" \/>\n      <!-- \/wp:separator -->\n      \n    <div class=\"grid-container post-item\">\n      <div class=\"grid-column-left\">\n                  <figure class=\"wp-block-image\">\n            <a href=\"https:\/\/www.bbk-sachsenanhalt.de\/en\/fabian-jochen-kanzler\/\">\n              <img loading=\"lazy\" decoding=\"async\" width=\"550\" height=\"310\" src=\"https:\/\/www.bbk-sachsenanhalt.de\/wp-content\/uploads\/2024\/11\/IMG-20241106-WA00071-550x310.jpg\" class=\"no-lightbox\" alt=\"\" data-mwl-img-ignore=\"true\" srcset=\"https:\/\/www.bbk-sachsenanhalt.de\/wp-content\/uploads\/2024\/11\/IMG-20241106-WA00071-550x310.jpg 550w, https:\/\/www.bbk-sachsenanhalt.de\/wp-content\/uploads\/2024\/11\/IMG-20241106-WA00071-300x169.jpg 300w, https:\/\/www.bbk-sachsenanhalt.de\/wp-content\/uploads\/2024\/11\/IMG-20241106-WA00071-1024x576.jpg 1024w, https:\/\/www.bbk-sachsenanhalt.de\/wp-content\/uploads\/2024\/11\/IMG-20241106-WA00071-768x432.jpg 768w, https:\/\/www.bbk-sachsenanhalt.de\/wp-content\/uploads\/2024\/11\/IMG-20241106-WA00071-1536x864.jpg 1536w, https:\/\/www.bbk-sachsenanhalt.de\/wp-content\/uploads\/2024\/11\/IMG-20241106-WA00071-2048x1153.jpg 2048w, https:\/\/www.bbk-sachsenanhalt.de\/wp-content\/uploads\/2024\/11\/IMG-20241106-WA00071-740x416.jpg 740w, https:\/\/www.bbk-sachsenanhalt.de\/wp-content\/uploads\/2024\/11\/IMG-20241106-WA00071-400x225.jpg 400w, https:\/\/www.bbk-sachsenanhalt.de\/wp-content\/uploads\/2024\/11\/IMG-20241106-WA00071-871x490.jpg 871w\" sizes=\"auto, (max-width: 550px) 100vw, 550px\" \/>            <\/a>\n            <figcaption class=\"wp-element-caption\">\n              \u00a9 Jakob Wolf            <\/figcaption>\n          <\/figure>\n              <\/div>\n\n      <div class=\"grid-column-right\">\n                  <div class=\"cmbbk-primary-category\"><a href=\"https:\/\/www.bbk-sachsenanhalt.de\/en\/category\/news\/dates\/bbk-events\/\">BBK events &#8211; from 01.11.2024 to 30.11.2024<\/a><\/div>          <h3 class=\"is-style-teaser\">\n            <a href=\"https:\/\/www.bbk-sachsenanhalt.de\/en\/fabian-jochen-kanzler\/\">Gert Burkard B\u00fcttner<\/a>\n          <\/h3>\n                <p>\n          Title of the exhibition: Bild-Hauerei Gert Burkard B\u00fcttner, qualified sculptor\/metal designer In my works, I use the various creative means of the visual arts to process paradoxical and strange inspirations from reality that occur to me. The motifs can then be seen in the fields of sculpture and plastic art as well as graphics and [&hellip;]        <\/p>\n        <div class=\"wp-block-buttons is-layout-flex wp-block-buttons-is-layout-flex\">\n          <div class=\"wp-block-button is-style-more-button\">\n            <a class=\"wp-block-button__link wp-element-button\" href=\"https:\/\/www.bbk-sachsenanhalt.de\/en\/fabian-jochen-kanzler\/\">\n              read more            <\/a>\n          <\/div>\n        <\/div>\n\n      <\/div>\n    <\/div>\n          <!-- wp:separator -->\n      <hr class=\"wp-block-separator has-alpha-channel-opacity\" \/>\n      <!-- \/wp:separator -->\n      \n    <div class=\"grid-container post-item\">\n      <div class=\"grid-column-left\">\n                  <figure class=\"wp-block-image\">\n            <a href=\"https:\/\/www.bbk-sachsenanhalt.de\/en\/friedrich-hensen\/\">\n              <img loading=\"lazy\" decoding=\"async\" width=\"550\" height=\"204\" src=\"https:\/\/www.bbk-sachsenanhalt.de\/wp-content\/uploads\/2024\/11\/Homm_behne_lwl_FB_Banner-3015-\u00d7-1117-550x204.jpg\" class=\"no-lightbox\" alt=\"\" data-mwl-img-ignore=\"true\" srcset=\"https:\/\/www.bbk-sachsenanhalt.de\/wp-content\/uploads\/2024\/11\/Homm_behne_lwl_FB_Banner-3015-\u00d7-1117-550x204.jpg 550w, https:\/\/www.bbk-sachsenanhalt.de\/wp-content\/uploads\/2024\/11\/Homm_behne_lwl_FB_Banner-3015-\u00d7-1117-300x111.jpg 300w, https:\/\/www.bbk-sachsenanhalt.de\/wp-content\/uploads\/2024\/11\/Homm_behne_lwl_FB_Banner-3015-\u00d7-1117-1024x379.jpg 1024w, https:\/\/www.bbk-sachsenanhalt.de\/wp-content\/uploads\/2024\/11\/Homm_behne_lwl_FB_Banner-3015-\u00d7-1117-768x285.jpg 768w, https:\/\/www.bbk-sachsenanhalt.de\/wp-content\/uploads\/2024\/11\/Homm_behne_lwl_FB_Banner-3015-\u00d7-1117-1536x569.jpg 1536w, https:\/\/www.bbk-sachsenanhalt.de\/wp-content\/uploads\/2024\/11\/Homm_behne_lwl_FB_Banner-3015-\u00d7-1117-2048x759.jpg 2048w, https:\/\/www.bbk-sachsenanhalt.de\/wp-content\/uploads\/2024\/11\/Homm_behne_lwl_FB_Banner-3015-\u00d7-1117-740x274.jpg 740w, https:\/\/www.bbk-sachsenanhalt.de\/wp-content\/uploads\/2024\/11\/Homm_behne_lwl_FB_Banner-3015-\u00d7-1117-400x148.jpg 400w, https:\/\/www.bbk-sachsenanhalt.de\/wp-content\/uploads\/2024\/11\/Homm_behne_lwl_FB_Banner-3015-\u00d7-1117-1152x427.jpg 1152w\" sizes=\"auto, (max-width: 550px) 100vw, 550px\" \/>            <\/a>\n            <figcaption class=\"wp-element-caption\">\n              Foto: Matthias Behne, lautwieleise.de            <\/figcaption>\n          <\/figure>\n              <\/div>\n\n      <div class=\"grid-column-right\">\n                  <div class=\"cmbbk-primary-category\"><a href=\"https:\/\/www.bbk-sachsenanhalt.de\/en\/category\/news\/dates\/bbk-events\/\">BBK events &#8211; from 01.11.2024 to 31.12.2024<\/a><\/div>          <h3 class=\"is-style-teaser\">\n            <a href=\"https:\/\/www.bbk-sachsenanhalt.de\/en\/friedrich-hensen\/\">Manuela Homm<\/a>\n          <\/h3>\n                <p>\n          Manuela Homm works with a wide variety of materials such as glass, ceramics, wood and concrete. Melting, casting and firing are her favorite processing techniques. She explores the inner life, the core of the material in detail and expresses it in her objects through form and light. Approximation usually occurs through a structure, the meeting [&hellip;]        <\/p>\n        <div class=\"wp-block-buttons is-layout-flex wp-block-buttons-is-layout-flex\">\n          <div class=\"wp-block-button is-style-more-button\">\n            <a class=\"wp-block-button__link wp-element-button\" href=\"https:\/\/www.bbk-sachsenanhalt.de\/en\/friedrich-hensen\/\">\n              read more            <\/a>\n          <\/div>\n        <\/div>\n\n      <\/div>\n    <\/div>\n          <!-- wp:separator -->\n      <hr class=\"wp-block-separator has-alpha-channel-opacity\" \/>\n      <!-- \/wp:separator -->\n      \n    <div class=\"grid-container post-item\">\n      <div class=\"grid-column-left\">\n                  <figure class=\"wp-block-image\">\n            <a href=\"https:\/\/www.bbk-sachsenanhalt.de\/en\/sabine-brauns-2\/\">\n              <img loading=\"lazy\" decoding=\"async\" width=\"550\" height=\"688\" src=\"https:\/\/www.bbk-sachsenanhalt.de\/wp-content\/uploads\/2024\/10\/image0-550x688.jpeg\" class=\"no-lightbox\" alt=\"\" data-mwl-img-ignore=\"true\" srcset=\"https:\/\/www.bbk-sachsenanhalt.de\/wp-content\/uploads\/2024\/10\/image0-550x688.jpeg 550w, https:\/\/www.bbk-sachsenanhalt.de\/wp-content\/uploads\/2024\/10\/image0-240x300.jpeg 240w, https:\/\/www.bbk-sachsenanhalt.de\/wp-content\/uploads\/2024\/10\/image0-819x1024.jpeg 819w, https:\/\/www.bbk-sachsenanhalt.de\/wp-content\/uploads\/2024\/10\/image0-768x960.jpeg 768w, https:\/\/www.bbk-sachsenanhalt.de\/wp-content\/uploads\/2024\/10\/image0-1229x1536.jpeg 1229w, https:\/\/www.bbk-sachsenanhalt.de\/wp-content\/uploads\/2024\/10\/image0-740x925.jpeg 740w, https:\/\/www.bbk-sachsenanhalt.de\/wp-content\/uploads\/2024\/10\/image0-400x500.jpeg 400w, https:\/\/www.bbk-sachsenanhalt.de\/wp-content\/uploads\/2024\/10\/image0-392x490.jpeg 392w, https:\/\/www.bbk-sachsenanhalt.de\/wp-content\/uploads\/2024\/10\/image0.jpeg 1440w\" sizes=\"auto, (max-width: 550px) 100vw, 550px\" \/>            <\/a>\n            <figcaption class=\"wp-element-caption\">\n                          <\/figcaption>\n          <\/figure>\n              <\/div>\n\n      <div class=\"grid-column-right\">\n                  <div class=\"cmbbk-primary-category\"><a href=\"https:\/\/www.bbk-sachsenanhalt.de\/en\/category\/projects\/bbkarium-dessau-en\/\">BBKarium Dessau &#8211; 10\/2024<\/a><\/div>          <h3 class=\"is-style-teaser\">\n            <a href=\"https:\/\/www.bbk-sachsenanhalt.de\/en\/sabine-brauns-2\/\">Fabian Jochen Kanzler<\/a>\n          <\/h3>\n                <p>\n          In his artistic work, Fabian Jochen Kanzler unfolds a metaphysical examination of the facets of human perception and the variations of its psyche. With his photographs, he seeks to look behind the visible world &#8211; where photography in the conventional sense ends. But this view never remains merely on the surface. With his accompanying texts, [&hellip;]        <\/p>\n        <div class=\"wp-block-buttons is-layout-flex wp-block-buttons-is-layout-flex\">\n          <div class=\"wp-block-button is-style-more-button\">\n            <a class=\"wp-block-button__link wp-element-button\" href=\"https:\/\/www.bbk-sachsenanhalt.de\/en\/sabine-brauns-2\/\">\n              read more            <\/a>\n          <\/div>\n        <\/div>\n\n      <\/div>\n    <\/div>\n          <!-- wp:separator -->\n      <hr class=\"wp-block-separator has-alpha-channel-opacity\" \/>\n      <!-- \/wp:separator -->\n      \n    <div class=\"grid-container post-item\">\n      <div class=\"grid-column-left\">\n                  <figure class=\"wp-block-image\">\n            <a href=\"https:\/\/www.bbk-sachsenanhalt.de\/en\/colette-doerrwand\/\">\n              <img loading=\"lazy\" decoding=\"async\" width=\"550\" height=\"204\" src=\"https:\/\/www.bbk-sachsenanhalt.de\/wp-content\/uploads\/2024\/09\/Hensen_behne_lwl_FB_Banner-3015-\u00d7-1117-550x204.jpg\" class=\"no-lightbox\" alt=\"\" data-mwl-img-ignore=\"true\" srcset=\"https:\/\/www.bbk-sachsenanhalt.de\/wp-content\/uploads\/2024\/09\/Hensen_behne_lwl_FB_Banner-3015-\u00d7-1117-550x204.jpg 550w, https:\/\/www.bbk-sachsenanhalt.de\/wp-content\/uploads\/2024\/09\/Hensen_behne_lwl_FB_Banner-3015-\u00d7-1117-300x111.jpg 300w, https:\/\/www.bbk-sachsenanhalt.de\/wp-content\/uploads\/2024\/09\/Hensen_behne_lwl_FB_Banner-3015-\u00d7-1117-1024x379.jpg 1024w, https:\/\/www.bbk-sachsenanhalt.de\/wp-content\/uploads\/2024\/09\/Hensen_behne_lwl_FB_Banner-3015-\u00d7-1117-768x285.jpg 768w, https:\/\/www.bbk-sachsenanhalt.de\/wp-content\/uploads\/2024\/09\/Hensen_behne_lwl_FB_Banner-3015-\u00d7-1117-1536x569.jpg 1536w, https:\/\/www.bbk-sachsenanhalt.de\/wp-content\/uploads\/2024\/09\/Hensen_behne_lwl_FB_Banner-3015-\u00d7-1117-2048x759.jpg 2048w, https:\/\/www.bbk-sachsenanhalt.de\/wp-content\/uploads\/2024\/09\/Hensen_behne_lwl_FB_Banner-3015-\u00d7-1117-740x274.jpg 740w, https:\/\/www.bbk-sachsenanhalt.de\/wp-content\/uploads\/2024\/09\/Hensen_behne_lwl_FB_Banner-3015-\u00d7-1117-400x148.jpg 400w, https:\/\/www.bbk-sachsenanhalt.de\/wp-content\/uploads\/2024\/09\/Hensen_behne_lwl_FB_Banner-3015-\u00d7-1117-1152x427.jpg 1152w\" sizes=\"auto, (max-width: 550px) 100vw, 550px\" \/>            <\/a>\n            <figcaption class=\"wp-element-caption\">\n              \u00a9 Matthias Behne, lautwieleise.de            <\/figcaption>\n          <\/figure>\n              <\/div>\n\n      <div class=\"grid-column-right\">\n                  <div class=\"cmbbk-primary-category\"><a href=\"https:\/\/www.bbk-sachsenanhalt.de\/en\/category\/news\/dates\/bbk-events\/\">BBK events &#8211; from 01.09.2024 to 31.10.2024<\/a><\/div>          <h3 class=\"is-style-teaser\">\n            <a href=\"https:\/\/www.bbk-sachsenanhalt.de\/en\/colette-doerrwand\/\">Friedrich Hensen<\/a>\n          <\/h3>\n                <p>\n          Friedrich Hensen works intermedially. He works in social, artistic and non-material spaces, which he summarizes with the socio-philosophical term &#8220;traversing the spheres&#8221;. This results in site-specific installations, performances and multimedia works consisting of texts, sounds and poetry or socio-cultural projects, such as the B\u00fcrgertheater Zeitz. Friedrich Hensen:        <\/p>\n        <div class=\"wp-block-buttons is-layout-flex wp-block-buttons-is-layout-flex\">\n          <div class=\"wp-block-button is-style-more-button\">\n            <a class=\"wp-block-button__link wp-element-button\" href=\"https:\/\/www.bbk-sachsenanhalt.de\/en\/colette-doerrwand\/\">\n              read more            <\/a>\n          <\/div>\n        <\/div>\n\n      <\/div>\n    <\/div>\n          <!-- wp:separator -->\n      <hr class=\"wp-block-separator has-alpha-channel-opacity\" \/>\n      <!-- \/wp:separator -->\n      \n    <div class=\"grid-container post-item\">\n      <div class=\"grid-column-left\">\n                  <figure class=\"wp-block-image\">\n            <a href=\"https:\/\/www.bbk-sachsenanhalt.de\/en\/study-center-for-artists-legacies-saxony-anhalt-2024-2026\/\">\n              <img loading=\"lazy\" decoding=\"async\" width=\"550\" height=\"367\" src=\"https:\/\/www.bbk-sachsenanhalt.de\/wp-content\/uploads\/2024\/09\/Bild_von_Andreas_Breitling_auf_Pixabay-550x367.jpg\" class=\"no-lightbox\" alt=\"\" data-mwl-img-ignore=\"true\" srcset=\"https:\/\/www.bbk-sachsenanhalt.de\/wp-content\/uploads\/2024\/09\/Bild_von_Andreas_Breitling_auf_Pixabay-550x367.jpg 550w, https:\/\/www.bbk-sachsenanhalt.de\/wp-content\/uploads\/2024\/09\/Bild_von_Andreas_Breitling_auf_Pixabay-300x200.jpg 300w, https:\/\/www.bbk-sachsenanhalt.de\/wp-content\/uploads\/2024\/09\/Bild_von_Andreas_Breitling_auf_Pixabay-1024x683.jpg 1024w, https:\/\/www.bbk-sachsenanhalt.de\/wp-content\/uploads\/2024\/09\/Bild_von_Andreas_Breitling_auf_Pixabay-768x512.jpg 768w, https:\/\/www.bbk-sachsenanhalt.de\/wp-content\/uploads\/2024\/09\/Bild_von_Andreas_Breitling_auf_Pixabay-1536x1024.jpg 1536w, https:\/\/www.bbk-sachsenanhalt.de\/wp-content\/uploads\/2024\/09\/Bild_von_Andreas_Breitling_auf_Pixabay-740x493.jpg 740w, https:\/\/www.bbk-sachsenanhalt.de\/wp-content\/uploads\/2024\/09\/Bild_von_Andreas_Breitling_auf_Pixabay-400x267.jpg 400w, https:\/\/www.bbk-sachsenanhalt.de\/wp-content\/uploads\/2024\/09\/Bild_von_Andreas_Breitling_auf_Pixabay-735x490.jpg 735w, https:\/\/www.bbk-sachsenanhalt.de\/wp-content\/uploads\/2024\/09\/Bild_von_Andreas_Breitling_auf_Pixabay.jpg 1920w\" sizes=\"auto, (max-width: 550px) 100vw, 550px\" \/>            <\/a>\n            <figcaption class=\"wp-element-caption\">\n              Bild von Andreas Breitling auf Pixabay            <\/figcaption>\n          <\/figure>\n              <\/div>\n\n      <div class=\"grid-column-right\">\n                  <div class=\"cmbbk-primary-category\"><a href=\"https:\/\/www.bbk-sachsenanhalt.de\/en\/category\/concerns\/artists-estates\/\">Artists&#039; estates<\/a><\/div>          <h3 class=\"is-style-teaser\">\n            <a href=\"https:\/\/www.bbk-sachsenanhalt.de\/en\/study-center-for-artists-legacies-saxony-anhalt-2024-2026\/\">Study Center for Artists&#8217; Legacies Saxony-Anhalt 2024-2026<\/a>\n          <\/h3>\n                <p>\n          The BBK Saxony-Anhalt has been observing the problems of dealing with artistic bequests and estates for many years. He is committed to keeping this topic in the political discourse and finding solutions. He will now examine whether a center for artists&#8217; estates could be expedient. The state government also attaches great importance to this idea [&hellip;]        <\/p>\n        <div class=\"wp-block-buttons is-layout-flex wp-block-buttons-is-layout-flex\">\n          <div class=\"wp-block-button is-style-more-button\">\n            <a class=\"wp-block-button__link wp-element-button\" href=\"https:\/\/www.bbk-sachsenanhalt.de\/en\/study-center-for-artists-legacies-saxony-anhalt-2024-2026\/\">\n              read more            <\/a>\n          <\/div>\n        <\/div>\n\n      <\/div>\n    <\/div>\n          <!-- wp:separator -->\n      <hr class=\"wp-block-separator has-alpha-channel-opacity\" \/>\n      <!-- \/wp:separator -->\n      \n    <div class=\"grid-container post-item\">\n      <div class=\"grid-column-left\">\n                  <figure class=\"wp-block-image\">\n            <a href=\"https:\/\/www.bbk-sachsenanhalt.de\/en\/visible-art-design-market-on-07-and-september-8-2024\/\">\n              <img loading=\"lazy\" decoding=\"async\" width=\"550\" height=\"309\" src=\"https:\/\/www.bbk-sachsenanhalt.de\/wp-content\/uploads\/2024\/08\/Hallesche-Touristinfo_1920x1080-550x309.jpg\" class=\"no-lightbox\" alt=\"\" data-mwl-img-ignore=\"true\" srcset=\"https:\/\/www.bbk-sachsenanhalt.de\/wp-content\/uploads\/2024\/08\/Hallesche-Touristinfo_1920x1080-550x309.jpg 550w, https:\/\/www.bbk-sachsenanhalt.de\/wp-content\/uploads\/2024\/08\/Hallesche-Touristinfo_1920x1080-300x169.jpg 300w, https:\/\/www.bbk-sachsenanhalt.de\/wp-content\/uploads\/2024\/08\/Hallesche-Touristinfo_1920x1080-1024x576.jpg 1024w, https:\/\/www.bbk-sachsenanhalt.de\/wp-content\/uploads\/2024\/08\/Hallesche-Touristinfo_1920x1080-768x432.jpg 768w, https:\/\/www.bbk-sachsenanhalt.de\/wp-content\/uploads\/2024\/08\/Hallesche-Touristinfo_1920x1080-1536x864.jpg 1536w, https:\/\/www.bbk-sachsenanhalt.de\/wp-content\/uploads\/2024\/08\/Hallesche-Touristinfo_1920x1080-740x416.jpg 740w, https:\/\/www.bbk-sachsenanhalt.de\/wp-content\/uploads\/2024\/08\/Hallesche-Touristinfo_1920x1080-400x225.jpg 400w, https:\/\/www.bbk-sachsenanhalt.de\/wp-content\/uploads\/2024\/08\/Hallesche-Touristinfo_1920x1080-871x490.jpg 871w, https:\/\/www.bbk-sachsenanhalt.de\/wp-content\/uploads\/2024\/08\/Hallesche-Touristinfo_1920x1080.jpg 1920w\" sizes=\"auto, (max-width: 550px) 100vw, 550px\" \/>            <\/a>\n            <figcaption class=\"wp-element-caption\">\n                          <\/figcaption>\n          <\/figure>\n              <\/div>\n\n      <div class=\"grid-column-right\">\n                  <div class=\"cmbbk-primary-category\"><a href=\"https:\/\/www.bbk-sachsenanhalt.de\/en\/category\/news\/\">News<\/a><\/div>          <h3 class=\"is-style-teaser\">\n            <a href=\"https:\/\/www.bbk-sachsenanhalt.de\/en\/visible-art-design-market-on-07-and-september-8-2024\/\">Visible Art &amp; Design Market on 07. and September 8, 2024<\/a>\n          <\/h3>\n                <p>\n          Soon the time will come &#8211; on 7. and September 8, 2024, the moat of Moritzburg Castle will become a meeting place for art and culture! More than 50 artists and designers will be showing their extraordinary range. Experience colors, shapes and materials in various forms and get to know the creative people behind them. [&hellip;]        <\/p>\n        <div class=\"wp-block-buttons is-layout-flex wp-block-buttons-is-layout-flex\">\n          <div class=\"wp-block-button is-style-more-button\">\n            <a class=\"wp-block-button__link wp-element-button\" href=\"https:\/\/www.bbk-sachsenanhalt.de\/en\/visible-art-design-market-on-07-and-september-8-2024\/\">\n              read more            <\/a>\n          <\/div>\n        <\/div>\n\n      <\/div>\n    <\/div>\n          <!-- wp:separator -->\n      <hr class=\"wp-block-separator has-alpha-channel-opacity\" \/>\n      <!-- \/wp:separator -->\n      \n    <div class=\"grid-container post-item\">\n      <div class=\"grid-column-left\">\n                  <figure class=\"wp-block-image\">\n            <a href=\"https:\/\/www.bbk-sachsenanhalt.de\/en\/sabine-brauns\/\">\n              <img loading=\"lazy\" decoding=\"async\" width=\"550\" height=\"367\" src=\"https:\/\/www.bbk-sachsenanhalt.de\/wp-content\/uploads\/2024\/08\/Titelbild_Sabine_Brauns1-550x367.jpg\" class=\"no-lightbox\" alt=\"\" data-mwl-img-ignore=\"true\" srcset=\"https:\/\/www.bbk-sachsenanhalt.de\/wp-content\/uploads\/2024\/08\/Titelbild_Sabine_Brauns1-550x367.jpg 550w, https:\/\/www.bbk-sachsenanhalt.de\/wp-content\/uploads\/2024\/08\/Titelbild_Sabine_Brauns1-300x200.jpg 300w, https:\/\/www.bbk-sachsenanhalt.de\/wp-content\/uploads\/2024\/08\/Titelbild_Sabine_Brauns1-1024x683.jpg 1024w, https:\/\/www.bbk-sachsenanhalt.de\/wp-content\/uploads\/2024\/08\/Titelbild_Sabine_Brauns1-768x512.jpg 768w, https:\/\/www.bbk-sachsenanhalt.de\/wp-content\/uploads\/2024\/08\/Titelbild_Sabine_Brauns1-1536x1024.jpg 1536w, https:\/\/www.bbk-sachsenanhalt.de\/wp-content\/uploads\/2024\/08\/Titelbild_Sabine_Brauns1-2048x1365.jpg 2048w, https:\/\/www.bbk-sachsenanhalt.de\/wp-content\/uploads\/2024\/08\/Titelbild_Sabine_Brauns1-740x493.jpg 740w, https:\/\/www.bbk-sachsenanhalt.de\/wp-content\/uploads\/2024\/08\/Titelbild_Sabine_Brauns1-400x267.jpg 400w, https:\/\/www.bbk-sachsenanhalt.de\/wp-content\/uploads\/2024\/08\/Titelbild_Sabine_Brauns1-735x490.jpg 735w\" sizes=\"auto, (max-width: 550px) 100vw, 550px\" \/>            <\/a>\n            <figcaption class=\"wp-element-caption\">\n                          <\/figcaption>\n          <\/figure>\n              <\/div>\n\n      <div class=\"grid-column-right\">\n                  <div class=\"cmbbk-primary-category\"><a href=\"https:\/\/www.bbk-sachsenanhalt.de\/en\/category\/news\/dates\/bbk-events\/\">BBK events &#8211; from 01.09.2024 to 30.08.2024<\/a><\/div>          <h3 class=\"is-style-teaser\">\n            <a href=\"https:\/\/www.bbk-sachsenanhalt.de\/en\/sabine-brauns\/\">Sabine Brauns<\/a>\n          <\/h3>\n                <p>\n          In my exhibition &#8220;13&#8220;, I am showing works that reflect on the articles of the UN Convention on Human Rights of 1948 and the disregard for them. More precisely, the focus is on Articles 1 and 3. The former recognizes the inviolability of every human being&#8217;s dignity. It should be the foundation for ethical behavior [&hellip;]        <\/p>\n        <div class=\"wp-block-buttons is-layout-flex wp-block-buttons-is-layout-flex\">\n          <div class=\"wp-block-button is-style-more-button\">\n            <a class=\"wp-block-button__link wp-element-button\" href=\"https:\/\/www.bbk-sachsenanhalt.de\/en\/sabine-brauns\/\">\n              read more            <\/a>\n          <\/div>\n        <\/div>\n\n      <\/div>\n    <\/div>\n          <!-- wp:separator -->\n      <hr class=\"wp-block-separator has-alpha-channel-opacity\" \/>\n      <!-- \/wp:separator -->\n      \n    <div class=\"grid-container post-item\">\n      <div class=\"grid-column-left\">\n                  <figure class=\"wp-block-image\">\n            <a href=\"https:\/\/www.bbk-sachsenanhalt.de\/en\/frieda-knie\/\">\n              <img loading=\"lazy\" decoding=\"async\" width=\"550\" height=\"310\" src=\"https:\/\/www.bbk-sachsenanhalt.de\/wp-content\/uploads\/2024\/07\/IMG-20240806-WA0006-550x310.jpg\" class=\"no-lightbox\" alt=\"\" data-mwl-img-ignore=\"true\" srcset=\"https:\/\/www.bbk-sachsenanhalt.de\/wp-content\/uploads\/2024\/07\/IMG-20240806-WA0006-550x310.jpg 550w, https:\/\/www.bbk-sachsenanhalt.de\/wp-content\/uploads\/2024\/07\/IMG-20240806-WA0006-300x169.jpg 300w, https:\/\/www.bbk-sachsenanhalt.de\/wp-content\/uploads\/2024\/07\/IMG-20240806-WA0006-1024x576.jpg 1024w, https:\/\/www.bbk-sachsenanhalt.de\/wp-content\/uploads\/2024\/07\/IMG-20240806-WA0006-768x432.jpg 768w, https:\/\/www.bbk-sachsenanhalt.de\/wp-content\/uploads\/2024\/07\/IMG-20240806-WA0006-1536x864.jpg 1536w, https:\/\/www.bbk-sachsenanhalt.de\/wp-content\/uploads\/2024\/07\/IMG-20240806-WA0006-2048x1153.jpg 2048w, https:\/\/www.bbk-sachsenanhalt.de\/wp-content\/uploads\/2024\/07\/IMG-20240806-WA0006-740x416.jpg 740w, https:\/\/www.bbk-sachsenanhalt.de\/wp-content\/uploads\/2024\/07\/IMG-20240806-WA0006-400x225.jpg 400w, https:\/\/www.bbk-sachsenanhalt.de\/wp-content\/uploads\/2024\/07\/IMG-20240806-WA0006-871x490.jpg 871w\" sizes=\"auto, (max-width: 550px) 100vw, 550px\" \/>            <\/a>\n            <figcaption class=\"wp-element-caption\">\n                          <\/figcaption>\n          <\/figure>\n              <\/div>\n\n      <div class=\"grid-column-right\">\n                  <div class=\"cmbbk-primary-category\"><a href=\"https:\/\/www.bbk-sachsenanhalt.de\/en\/category\/news\/dates\/bbk-events\/\">BBK events &#8211; from 01.08.2024 to 31.08.2024<\/a><\/div>          <h3 class=\"is-style-teaser\">\n            <a href=\"https:\/\/www.bbk-sachsenanhalt.de\/en\/frieda-knie\/\">Frieda Knie<\/a>\n          <\/h3>\n                <p>\n          I began my artistic journey with woodcuts. In 2013, I approached a completely new and graphic form of expression. Again, I worked with the diverse organic forms of nature: leaf, tree, blossom, landscape. Now the focus is on the hidden forms, folds, cracks and fractures, the rough edges that become visible through the power of [&hellip;]        <\/p>\n        <div class=\"wp-block-buttons is-layout-flex wp-block-buttons-is-layout-flex\">\n          <div class=\"wp-block-button is-style-more-button\">\n            <a class=\"wp-block-button__link wp-element-button\" href=\"https:\/\/www.bbk-sachsenanhalt.de\/en\/frieda-knie\/\">\n              read more            <\/a>\n          <\/div>\n        <\/div>\n\n      <\/div>\n    <\/div>\n          <!-- wp:separator -->\n      <hr class=\"wp-block-separator has-alpha-channel-opacity\" \/>\n      <!-- \/wp:separator -->\n      \n    <div class=\"grid-container post-item\">\n      <div class=\"grid-column-left\">\n                  <figure class=\"wp-block-image\">\n            <a href=\"https:\/\/www.bbk-sachsenanhalt.de\/en\/generally-fresh-in-ilsenburg-monastery\/\">\n              <img loading=\"lazy\" decoding=\"async\" width=\"550\" height=\"779\" src=\"https:\/\/www.bbk-sachsenanhalt.de\/wp-content\/uploads\/2024\/06\/Instagram-fb-Post-generellfrisch-Hochformat-550x779.jpg\" class=\"no-lightbox\" alt=\"\" data-mwl-img-ignore=\"true\" srcset=\"https:\/\/www.bbk-sachsenanhalt.de\/wp-content\/uploads\/2024\/06\/Instagram-fb-Post-generellfrisch-Hochformat-550x779.jpg 550w, https:\/\/www.bbk-sachsenanhalt.de\/wp-content\/uploads\/2024\/06\/Instagram-fb-Post-generellfrisch-Hochformat-212x300.jpg 212w, https:\/\/www.bbk-sachsenanhalt.de\/wp-content\/uploads\/2024\/06\/Instagram-fb-Post-generellfrisch-Hochformat-723x1024.jpg 723w, https:\/\/www.bbk-sachsenanhalt.de\/wp-content\/uploads\/2024\/06\/Instagram-fb-Post-generellfrisch-Hochformat-768x1087.jpg 768w, https:\/\/www.bbk-sachsenanhalt.de\/wp-content\/uploads\/2024\/06\/Instagram-fb-Post-generellfrisch-Hochformat-1085x1536.jpg 1085w, https:\/\/www.bbk-sachsenanhalt.de\/wp-content\/uploads\/2024\/06\/Instagram-fb-Post-generellfrisch-Hochformat-1447x2048.jpg 1447w, https:\/\/www.bbk-sachsenanhalt.de\/wp-content\/uploads\/2024\/06\/Instagram-fb-Post-generellfrisch-Hochformat-740x1048.jpg 740w, https:\/\/www.bbk-sachsenanhalt.de\/wp-content\/uploads\/2024\/06\/Instagram-fb-Post-generellfrisch-Hochformat-400x566.jpg 400w, https:\/\/www.bbk-sachsenanhalt.de\/wp-content\/uploads\/2024\/06\/Instagram-fb-Post-generellfrisch-Hochformat-346x490.jpg 346w, https:\/\/www.bbk-sachsenanhalt.de\/wp-content\/uploads\/2024\/06\/Instagram-fb-Post-generellfrisch-Hochformat.jpg 1684w\" sizes=\"auto, (max-width: 550px) 100vw, 550px\" \/>            <\/a>\n            <figcaption class=\"wp-element-caption\">\n              Gestaltung von: Helen Schneider | www.helensdesign.de            <\/figcaption>\n          <\/figure>\n              <\/div>\n\n      <div class=\"grid-column-right\">\n                  <div class=\"cmbbk-primary-category\"><a href=\"https:\/\/www.bbk-sachsenanhalt.de\/en\/category\/news\/dates\/bbk-events\/\">BBK events &#8211; to 12.01.2025<\/a><\/div>          <h3 class=\"is-style-teaser\">\n            <a href=\"https:\/\/www.bbk-sachsenanhalt.de\/en\/generally-fresh-in-ilsenburg-monastery\/\">Generally fresh in Ilsenburg Monastery 2024<\/a>\n          <\/h3>\n                <p>\n          From fall 2024, the Kulturwerk of the BBK Saxony-Anhalt in Ilsenburg Monastery will be showing the exhibition &#8220;generell frisch. New members of the BBK Saxony-Anhalt&#8221;. We are looking forward to cooperating with the Ilsenburg Monastery Foundation in a fantastic location with the best conditions for the numerous works of art. Participants are 30 artists who [&hellip;]        <\/p>\n        <div class=\"wp-block-buttons is-layout-flex wp-block-buttons-is-layout-flex\">\n          <div class=\"wp-block-button is-style-more-button\">\n            <a class=\"wp-block-button__link wp-element-button\" href=\"https:\/\/www.bbk-sachsenanhalt.de\/en\/generally-fresh-in-ilsenburg-monastery\/\">\n              read more            <\/a>\n          <\/div>\n        <\/div>\n\n      <\/div>\n    <\/div>\n          <!-- wp:separator -->\n      <hr class=\"wp-block-separator has-alpha-channel-opacity\" \/>\n      <!-- \/wp:separator -->\n      \n    <div class=\"grid-container post-item\">\n      <div class=\"grid-column-left\">\n                  <figure class=\"wp-block-image\">\n            <a href=\"https:\/\/www.bbk-sachsenanhalt.de\/en\/visible-art-design-market-2024\/\">\n              <img loading=\"lazy\" decoding=\"async\" width=\"550\" height=\"309\" src=\"https:\/\/www.bbk-sachsenanhalt.de\/wp-content\/uploads\/2024\/08\/Hallesche-Touristinfo_1920x1080-550x309.jpg\" class=\"no-lightbox\" alt=\"\" data-mwl-img-ignore=\"true\" srcset=\"https:\/\/www.bbk-sachsenanhalt.de\/wp-content\/uploads\/2024\/08\/Hallesche-Touristinfo_1920x1080-550x309.jpg 550w, https:\/\/www.bbk-sachsenanhalt.de\/wp-content\/uploads\/2024\/08\/Hallesche-Touristinfo_1920x1080-300x169.jpg 300w, https:\/\/www.bbk-sachsenanhalt.de\/wp-content\/uploads\/2024\/08\/Hallesche-Touristinfo_1920x1080-1024x576.jpg 1024w, https:\/\/www.bbk-sachsenanhalt.de\/wp-content\/uploads\/2024\/08\/Hallesche-Touristinfo_1920x1080-768x432.jpg 768w, https:\/\/www.bbk-sachsenanhalt.de\/wp-content\/uploads\/2024\/08\/Hallesche-Touristinfo_1920x1080-1536x864.jpg 1536w, https:\/\/www.bbk-sachsenanhalt.de\/wp-content\/uploads\/2024\/08\/Hallesche-Touristinfo_1920x1080-740x416.jpg 740w, https:\/\/www.bbk-sachsenanhalt.de\/wp-content\/uploads\/2024\/08\/Hallesche-Touristinfo_1920x1080-400x225.jpg 400w, https:\/\/www.bbk-sachsenanhalt.de\/wp-content\/uploads\/2024\/08\/Hallesche-Touristinfo_1920x1080-871x490.jpg 871w, https:\/\/www.bbk-sachsenanhalt.de\/wp-content\/uploads\/2024\/08\/Hallesche-Touristinfo_1920x1080.jpg 1920w\" sizes=\"auto, (max-width: 550px) 100vw, 550px\" \/>            <\/a>\n            <figcaption class=\"wp-element-caption\">\n                          <\/figcaption>\n          <\/figure>\n              <\/div>\n\n      <div class=\"grid-column-right\">\n                  <div class=\"cmbbk-primary-category\"><a href=\"https:\/\/www.bbk-sachsenanhalt.de\/en\/category\/news\/dates\/bbk-events\/\">BBK events &#8211; 07.09.2024 11:00&nbsp;clock<\/a><\/div>          <h3 class=\"is-style-teaser\">\n            <a href=\"https:\/\/www.bbk-sachsenanhalt.de\/en\/visible-art-design-market-2024\/\">visible &#8211; Art &amp; Design Market 2024<\/a>\n          <\/h3>\n                <p>\n                  <\/p>\n        <div class=\"wp-block-buttons is-layout-flex wp-block-buttons-is-layout-flex\">\n          <div class=\"wp-block-button is-style-more-button\">\n            <a class=\"wp-block-button__link wp-element-button\" href=\"https:\/\/www.bbk-sachsenanhalt.de\/en\/visible-art-design-market-2024\/\">\n              read more            <\/a>\n          <\/div>\n        <\/div>\n\n      <\/div>\n    <\/div>\n          <!-- wp:separator -->\n      <hr class=\"wp-block-separator has-alpha-channel-opacity\" \/>\n      <!-- \/wp:separator -->\n      \n    <div class=\"grid-container post-item\">\n      <div class=\"grid-column-left\">\n                  <figure class=\"wp-block-image\">\n            <a href=\"https:\/\/www.bbk-sachsenanhalt.de\/en\/open-studios-in-saxony-anhalt-2024\/\">\n              <img loading=\"lazy\" decoding=\"async\" width=\"550\" height=\"773\" src=\"https:\/\/www.bbk-sachsenanhalt.de\/wp-content\/uploads\/2024\/06\/Plakat_Offene_Ateliers_2024_web-550x773.jpg\" class=\"no-lightbox\" alt=\"\" data-mwl-img-ignore=\"true\" srcset=\"https:\/\/www.bbk-sachsenanhalt.de\/wp-content\/uploads\/2024\/06\/Plakat_Offene_Ateliers_2024_web-550x773.jpg 550w, https:\/\/www.bbk-sachsenanhalt.de\/wp-content\/uploads\/2024\/06\/Plakat_Offene_Ateliers_2024_web-213x300.jpg 213w, https:\/\/www.bbk-sachsenanhalt.de\/wp-content\/uploads\/2024\/06\/Plakat_Offene_Ateliers_2024_web-728x1024.jpg 728w, https:\/\/www.bbk-sachsenanhalt.de\/wp-content\/uploads\/2024\/06\/Plakat_Offene_Ateliers_2024_web-768x1080.jpg 768w, https:\/\/www.bbk-sachsenanhalt.de\/wp-content\/uploads\/2024\/06\/Plakat_Offene_Ateliers_2024_web-1093x1536.jpg 1093w, https:\/\/www.bbk-sachsenanhalt.de\/wp-content\/uploads\/2024\/06\/Plakat_Offene_Ateliers_2024_web-1457x2048.jpg 1457w, https:\/\/www.bbk-sachsenanhalt.de\/wp-content\/uploads\/2024\/06\/Plakat_Offene_Ateliers_2024_web-740x1040.jpg 740w, https:\/\/www.bbk-sachsenanhalt.de\/wp-content\/uploads\/2024\/06\/Plakat_Offene_Ateliers_2024_web-400x562.jpg 400w, https:\/\/www.bbk-sachsenanhalt.de\/wp-content\/uploads\/2024\/06\/Plakat_Offene_Ateliers_2024_web-349x490.jpg 349w, https:\/\/www.bbk-sachsenanhalt.de\/wp-content\/uploads\/2024\/06\/Plakat_Offene_Ateliers_2024_web.jpg 1789w\" sizes=\"auto, (max-width: 550px) 100vw, 550px\" \/>            <\/a>\n            <figcaption class=\"wp-element-caption\">\n              Gestaltung: Friedrich Hensen \/ www.friedrichhensen.art , Titelmotiv: Fr\u00fcheres Atelier von Martin M\u00f6hwald, Foto: Sibylle Mania \u00a9 VG Bild-Kunst            <\/figcaption>\n          <\/figure>\n              <\/div>\n\n      <div class=\"grid-column-right\">\n                  <div class=\"cmbbk-primary-category\"><a href=\"https:\/\/www.bbk-sachsenanhalt.de\/en\/category\/news\/dates\/bbk-events\/\">BBK events &#8211; 21.09.2024 11:00&nbsp;clock<\/a><\/div>          <h3 class=\"is-style-teaser\">\n            <a href=\"https:\/\/www.bbk-sachsenanhalt.de\/en\/open-studios-in-saxony-anhalt-2024\/\">Open studios in Saxony-Anhalt 2024<\/a>\n          <\/h3>\n                <p>\n          On 21. and September 22, 2024 the &#8220;Open Studios&#8221; will take place again in Saxony-Anhalt. Around 150 artists open their doors to visitors. Look forward to open doors in Barleben, Derenburg, Dessau-Ro\u00dflau, Halle (Saale), Havelberg, Jessen, Lutherstadt Wittenberg, Magdeburg, Nebra, Quedlinburg, the Saale district, Salzwedel, Schlanstedt and Wernigerode!        <\/p>\n        <div class=\"wp-block-buttons is-layout-flex wp-block-buttons-is-layout-flex\">\n          <div class=\"wp-block-button is-style-more-button\">\n            <a class=\"wp-block-button__link wp-element-button\" href=\"https:\/\/www.bbk-sachsenanhalt.de\/en\/open-studios-in-saxony-anhalt-2024\/\">\n              read more            <\/a>\n          <\/div>\n        <\/div>\n\n      <\/div>\n    <\/div>\n          <!-- wp:separator -->\n      <hr class=\"wp-block-separator has-alpha-channel-opacity\" \/>\n      <!-- \/wp:separator -->\n      \n    <div class=\"grid-container post-item\">\n      <div class=\"grid-column-left\">\n                  <figure class=\"wp-block-image\">\n            <a href=\"https:\/\/www.bbk-sachsenanhalt.de\/en\/the-portfolio-project\/\">\n              <img loading=\"lazy\" decoding=\"async\" width=\"550\" height=\"296\" src=\"https:\/\/www.bbk-sachsenanhalt.de\/wp-content\/uploads\/2024\/05\/symposium_druckkunst_motiv_jj_03-550x296.jpg\" class=\"no-lightbox\" alt=\"\" data-mwl-img-ignore=\"true\" srcset=\"https:\/\/www.bbk-sachsenanhalt.de\/wp-content\/uploads\/2024\/05\/symposium_druckkunst_motiv_jj_03-550x296.jpg 550w, https:\/\/www.bbk-sachsenanhalt.de\/wp-content\/uploads\/2024\/05\/symposium_druckkunst_motiv_jj_03-300x161.jpg 300w, https:\/\/www.bbk-sachsenanhalt.de\/wp-content\/uploads\/2024\/05\/symposium_druckkunst_motiv_jj_03-400x215.jpg 400w, https:\/\/www.bbk-sachsenanhalt.de\/wp-content\/uploads\/2024\/05\/symposium_druckkunst_motiv_jj_03.jpg 640w\" sizes=\"auto, (max-width: 550px) 100vw, 550px\" \/>            <\/a>\n            <figcaption class=\"wp-element-caption\">\n              \u00a9 Julienne Jattiot            <\/figcaption>\n          <\/figure>\n              <\/div>\n\n      <div class=\"grid-column-right\">\n                  <div class=\"cmbbk-primary-category\"><a href=\"https:\/\/www.bbk-sachsenanhalt.de\/en\/category\/news\/dates\/bbk-events\/\">BBK events &#8211; from 23.09.2024 to 28.09.2024<\/a><\/div>          <h3 class=\"is-style-teaser\">\n            <a href=\"https:\/\/www.bbk-sachsenanhalt.de\/en\/the-portfolio-project\/\">Symposium Experimental Printmaking<\/a>\n          <\/h3>\n                <p>\n          In September 2024, eight members of the BBK Saxony-Anhalt will come together at Posa Monastery in Zeitz to work together for a week. The artists are at home in the art of printing and look forward to experimenting. Not only does a well-equipped screen printing workshop await them, but also plenty of space to try [&hellip;]        <\/p>\n        <div class=\"wp-block-buttons is-layout-flex wp-block-buttons-is-layout-flex\">\n          <div class=\"wp-block-button is-style-more-button\">\n            <a class=\"wp-block-button__link wp-element-button\" href=\"https:\/\/www.bbk-sachsenanhalt.de\/en\/the-portfolio-project\/\">\n              read more            <\/a>\n          <\/div>\n        <\/div>\n\n      <\/div>\n    <\/div>\n          <!-- wp:separator -->\n      <hr class=\"wp-block-separator has-alpha-channel-opacity\" \/>\n      <!-- \/wp:separator -->\n      \n    <div class=\"grid-container post-item\">\n      <div class=\"grid-column-left\">\n                  <figure class=\"wp-block-image\">\n            <a href=\"https:\/\/www.bbk-sachsenanhalt.de\/en\/bbkarium-dessau-in-april-2024-frank-taeubner\/\">\n              <img loading=\"lazy\" decoding=\"async\" width=\"550\" height=\"310\" src=\"https:\/\/www.bbk-sachsenanhalt.de\/wp-content\/uploads\/2024\/04\/frank_taeubner-550x310.jpg\" class=\"no-lightbox\" alt=\"\" data-mwl-img-ignore=\"true\" srcset=\"https:\/\/www.bbk-sachsenanhalt.de\/wp-content\/uploads\/2024\/04\/frank_taeubner-550x310.jpg 550w, https:\/\/www.bbk-sachsenanhalt.de\/wp-content\/uploads\/2024\/04\/frank_taeubner-300x169.jpg 300w, https:\/\/www.bbk-sachsenanhalt.de\/wp-content\/uploads\/2024\/04\/frank_taeubner-1024x576.jpg 1024w, https:\/\/www.bbk-sachsenanhalt.de\/wp-content\/uploads\/2024\/04\/frank_taeubner-768x432.jpg 768w, https:\/\/www.bbk-sachsenanhalt.de\/wp-content\/uploads\/2024\/04\/frank_taeubner-740x417.jpg 740w, https:\/\/www.bbk-sachsenanhalt.de\/wp-content\/uploads\/2024\/04\/frank_taeubner-400x225.jpg 400w, https:\/\/www.bbk-sachsenanhalt.de\/wp-content\/uploads\/2024\/04\/frank_taeubner-870x490.jpg 870w, https:\/\/www.bbk-sachsenanhalt.de\/wp-content\/uploads\/2024\/04\/frank_taeubner.jpg 1080w\" sizes=\"auto, (max-width: 550px) 100vw, 550px\" \/>            <\/a>\n            <figcaption class=\"wp-element-caption\">\n              Frank T\u00e4ubner            <\/figcaption>\n          <\/figure>\n              <\/div>\n\n      <div class=\"grid-column-right\">\n                  <div class=\"cmbbk-primary-category\"><a href=\"https:\/\/www.bbk-sachsenanhalt.de\/en\/category\/projects\/bbkarium-dessau-en\/\">BBKarium Dessau &#8211; 04\/2024<\/a><\/div>          <h3 class=\"is-style-teaser\">\n            <a href=\"https:\/\/www.bbk-sachsenanhalt.de\/en\/bbkarium-dessau-in-april-2024-frank-taeubner\/\">Frank T\u00e4ubner<\/a>\n          <\/h3>\n                <p>\n          Frank T\u00e4ubner, born in 1954, lived and worked in Dessau-Ro\u00dflau until 2013. Since then, he has moved to Derenburg in the Harz Mountains. However, he always maintained his connection to Dessau. His cycle of paintings of W\u00f6rlitz Park was on display in the library of the Federal Environment Agency last year and was subsequently purchased [&hellip;]        <\/p>\n        <div class=\"wp-block-buttons is-layout-flex wp-block-buttons-is-layout-flex\">\n          <div class=\"wp-block-button is-style-more-button\">\n            <a class=\"wp-block-button__link wp-element-button\" href=\"https:\/\/www.bbk-sachsenanhalt.de\/en\/bbkarium-dessau-in-april-2024-frank-taeubner\/\">\n              read more            <\/a>\n          <\/div>\n        <\/div>\n\n      <\/div>\n    <\/div>\n          <!-- wp:separator -->\n      <hr class=\"wp-block-separator has-alpha-channel-opacity\" \/>\n      <!-- \/wp:separator -->\n      \n    <div class=\"grid-container post-item\">\n      <div class=\"grid-column-left\">\n              <\/div>\n\n      <div class=\"grid-column-right\">\n                  <div class=\"cmbbk-primary-category\"><a href=\"https:\/\/www.bbk-sachsenanhalt.de\/en\/category\/news\/dates\/bbk-events\/\">BBK events &#8211; from 01.04.2024 to 30.04.2024<\/a><\/div>          <h3 class=\"is-style-teaser\">\n            <a href=\"https:\/\/www.bbk-sachsenanhalt.de\/en\/frank-taeubner\/\">Frank T\u00e4ubner<\/a>\n          <\/h3>\n                <p>\n          Frank T\u00e4ubner, born in 1954, lived and worked in Dessau-Ro\u00dflau until 2013. Since then, he has moved to Derenburg in the Harz Mountains. However, he always maintained his connection to Dessau. His cycle of paintings of W\u00f6rlitz Park was on display in the library of the Federal Environment Agency last year and was subsequently purchased [&hellip;]        <\/p>\n        <div class=\"wp-block-buttons is-layout-flex wp-block-buttons-is-layout-flex\">\n          <div class=\"wp-block-button is-style-more-button\">\n            <a class=\"wp-block-button__link wp-element-button\" href=\"https:\/\/www.bbk-sachsenanhalt.de\/en\/frank-taeubner\/\">\n              read more            <\/a>\n          <\/div>\n        <\/div>\n\n      <\/div>\n    <\/div>\n          <!-- wp:separator -->\n      <hr class=\"wp-block-separator has-alpha-channel-opacity\" \/>\n      <!-- \/wp:separator -->\n      \n    <div class=\"grid-container post-item\">\n      <div class=\"grid-column-left\">\n                  <figure class=\"wp-block-image\">\n            <a href=\"https:\/\/www.bbk-sachsenanhalt.de\/en\/open-studios-in-saxony-anhalt-2023\/\">\n              <img loading=\"lazy\" decoding=\"async\" width=\"550\" height=\"550\" src=\"https:\/\/www.bbk-sachsenanhalt.de\/wp-content\/uploads\/2024\/03\/BBK_OAs-Square-1200x1200-1-1-550x550.jpg\" class=\"no-lightbox\" alt=\"\" data-mwl-img-ignore=\"true\" srcset=\"https:\/\/www.bbk-sachsenanhalt.de\/wp-content\/uploads\/2024\/03\/BBK_OAs-Square-1200x1200-1-1-550x550.jpg 550w, https:\/\/www.bbk-sachsenanhalt.de\/wp-content\/uploads\/2024\/03\/BBK_OAs-Square-1200x1200-1-1-300x300.jpg 300w, https:\/\/www.bbk-sachsenanhalt.de\/wp-content\/uploads\/2024\/03\/BBK_OAs-Square-1200x1200-1-1-1024x1024.jpg 1024w, https:\/\/www.bbk-sachsenanhalt.de\/wp-content\/uploads\/2024\/03\/BBK_OAs-Square-1200x1200-1-1-150x150.jpg 150w, https:\/\/www.bbk-sachsenanhalt.de\/wp-content\/uploads\/2024\/03\/BBK_OAs-Square-1200x1200-1-1-768x768.jpg 768w, https:\/\/www.bbk-sachsenanhalt.de\/wp-content\/uploads\/2024\/03\/BBK_OAs-Square-1200x1200-1-1-740x740.jpg 740w, https:\/\/www.bbk-sachsenanhalt.de\/wp-content\/uploads\/2024\/03\/BBK_OAs-Square-1200x1200-1-1-400x400.jpg 400w, https:\/\/www.bbk-sachsenanhalt.de\/wp-content\/uploads\/2024\/03\/BBK_OAs-Square-1200x1200-1-1-490x490.jpg 490w, https:\/\/www.bbk-sachsenanhalt.de\/wp-content\/uploads\/2024\/03\/BBK_OAs-Square-1200x1200-1-1.jpg 1200w\" sizes=\"auto, (max-width: 550px) 100vw, 550px\" \/>            <\/a>\n            <figcaption class=\"wp-element-caption\">\n              Gestaltung: Christoph Ackermann            <\/figcaption>\n          <\/figure>\n              <\/div>\n\n      <div class=\"grid-column-right\">\n                  <div class=\"cmbbk-primary-category\"><a href=\"https:\/\/www.bbk-sachsenanhalt.de\/en\/category\/projects\/open-studios\/\">Open studios<\/a><\/div>          <h3 class=\"is-style-teaser\">\n            <a href=\"https:\/\/www.bbk-sachsenanhalt.de\/en\/open-studios-in-saxony-anhalt-2023\/\">Open studios in Saxony-Anhalt 2023<\/a>\n          <\/h3>\n                <p>\n          16. and September 17, 2023 from 11 a.m. to 6 p.m. Dear visitors, On the third weekend in September, you are once again cordially invited to roam through the country to immerse yourself in the barely visible spaces where the country&#8217;s artists dedicate themselves to the questions of their respective projects on a daily basis. [&hellip;]        <\/p>\n        <div class=\"wp-block-buttons is-layout-flex wp-block-buttons-is-layout-flex\">\n          <div class=\"wp-block-button is-style-more-button\">\n            <a class=\"wp-block-button__link wp-element-button\" href=\"https:\/\/www.bbk-sachsenanhalt.de\/en\/open-studios-in-saxony-anhalt-2023\/\">\n              read more            <\/a>\n          <\/div>\n        <\/div>\n\n      <\/div>\n    <\/div>\n          <!-- wp:separator -->\n      <hr class=\"wp-block-separator has-alpha-channel-opacity\" \/>\n      <!-- \/wp:separator -->\n      \n    <div class=\"grid-container post-item\">\n      <div class=\"grid-column-left\">\n                  <figure class=\"wp-block-image\">\n            <a href=\"https:\/\/www.bbk-sachsenanhalt.de\/en\/open-studios-in-saxony-anhalt-2022\/\">\n              <img loading=\"lazy\" decoding=\"async\" width=\"550\" height=\"309\" src=\"https:\/\/www.bbk-sachsenanhalt.de\/wp-content\/uploads\/2024\/03\/facebook_16_9-550x309.jpg\" class=\"no-lightbox\" alt=\"\" data-mwl-img-ignore=\"true\" srcset=\"https:\/\/www.bbk-sachsenanhalt.de\/wp-content\/uploads\/2024\/03\/facebook_16_9-550x309.jpg 550w, https:\/\/www.bbk-sachsenanhalt.de\/wp-content\/uploads\/2024\/03\/facebook_16_9-300x169.jpg 300w, https:\/\/www.bbk-sachsenanhalt.de\/wp-content\/uploads\/2024\/03\/facebook_16_9-1024x576.jpg 1024w, https:\/\/www.bbk-sachsenanhalt.de\/wp-content\/uploads\/2024\/03\/facebook_16_9-768x432.jpg 768w, https:\/\/www.bbk-sachsenanhalt.de\/wp-content\/uploads\/2024\/03\/facebook_16_9-740x416.jpg 740w, https:\/\/www.bbk-sachsenanhalt.de\/wp-content\/uploads\/2024\/03\/facebook_16_9-400x225.jpg 400w, https:\/\/www.bbk-sachsenanhalt.de\/wp-content\/uploads\/2024\/03\/facebook_16_9-871x490.jpg 871w, https:\/\/www.bbk-sachsenanhalt.de\/wp-content\/uploads\/2024\/03\/facebook_16_9.jpg 1200w\" sizes=\"auto, (max-width: 550px) 100vw, 550px\" \/>            <\/a>\n            <figcaption class=\"wp-element-caption\">\n              https:\/\/lautwieleise.de            <\/figcaption>\n          <\/figure>\n              <\/div>\n\n      <div class=\"grid-column-right\">\n                  <div class=\"cmbbk-primary-category\"><a href=\"https:\/\/www.bbk-sachsenanhalt.de\/en\/category\/projects\/open-studios\/\">Open studios<\/a><\/div>          <h3 class=\"is-style-teaser\">\n            <a href=\"https:\/\/www.bbk-sachsenanhalt.de\/en\/open-studios-in-saxony-anhalt-2022\/\">Open studios in Saxony-Anhalt 2022<\/a>\n          <\/h3>\n                <p>\n          17. and September 18, 2022, 11 a.m. to 6 p.m. Download the program here! DEAR VISITORS, Once again, artists from Saxony-Anhalt are opening their studio doors to offer you an insight into their various working methods. Such an experience of art has a very special charm. Going to places where art is created creates its [&hellip;]        <\/p>\n        <div class=\"wp-block-buttons is-layout-flex wp-block-buttons-is-layout-flex\">\n          <div class=\"wp-block-button is-style-more-button\">\n            <a class=\"wp-block-button__link wp-element-button\" href=\"https:\/\/www.bbk-sachsenanhalt.de\/en\/open-studios-in-saxony-anhalt-2022\/\">\n              read more            <\/a>\n          <\/div>\n        <\/div>\n\n      <\/div>\n    <\/div>\n          <!-- wp:separator -->\n      <hr class=\"wp-block-separator has-alpha-channel-opacity\" \/>\n      <!-- \/wp:separator -->\n      \n    <div class=\"grid-container post-item\">\n      <div class=\"grid-column-left\">\n                  <figure class=\"wp-block-image\">\n            <a href=\"https:\/\/www.bbk-sachsenanhalt.de\/en\/generally-fresh-in-halberstadt-2023\/\">\n              <img loading=\"lazy\" decoding=\"async\" width=\"550\" height=\"550\" src=\"https:\/\/www.bbk-sachsenanhalt.de\/wp-content\/uploads\/2024\/03\/gf23socialQuadEnd2-1024x1024-1-550x550.jpg\" class=\"no-lightbox\" alt=\"\" data-mwl-img-ignore=\"true\" srcset=\"https:\/\/www.bbk-sachsenanhalt.de\/wp-content\/uploads\/2024\/03\/gf23socialQuadEnd2-1024x1024-1-550x550.jpg 550w, https:\/\/www.bbk-sachsenanhalt.de\/wp-content\/uploads\/2024\/03\/gf23socialQuadEnd2-1024x1024-1-300x300.jpg 300w, https:\/\/www.bbk-sachsenanhalt.de\/wp-content\/uploads\/2024\/03\/gf23socialQuadEnd2-1024x1024-1-150x150.jpg 150w, https:\/\/www.bbk-sachsenanhalt.de\/wp-content\/uploads\/2024\/03\/gf23socialQuadEnd2-1024x1024-1-768x768.jpg 768w, https:\/\/www.bbk-sachsenanhalt.de\/wp-content\/uploads\/2024\/03\/gf23socialQuadEnd2-1024x1024-1-740x740.jpg 740w, https:\/\/www.bbk-sachsenanhalt.de\/wp-content\/uploads\/2024\/03\/gf23socialQuadEnd2-1024x1024-1-400x400.jpg 400w, https:\/\/www.bbk-sachsenanhalt.de\/wp-content\/uploads\/2024\/03\/gf23socialQuadEnd2-1024x1024-1-490x490.jpg 490w, https:\/\/www.bbk-sachsenanhalt.de\/wp-content\/uploads\/2024\/03\/gf23socialQuadEnd2-1024x1024-1.jpg 1024w\" sizes=\"auto, (max-width: 550px) 100vw, 550px\" \/>            <\/a>\n            <figcaption class=\"wp-element-caption\">\n              Titelbild: Friederike Nottrott: \u201eHandgranate\u201c \/ Foto: Yvonne Most \/ Gestaltung: Ralf Zimmermann            <\/figcaption>\n          <\/figure>\n              <\/div>\n\n      <div class=\"grid-column-right\">\n                  <div class=\"cmbbk-primary-category\"><a href=\"https:\/\/www.bbk-sachsenanhalt.de\/en\/category\/projects\/generell-frisch-en\/\">generell frisch<\/a><\/div>          <h3 class=\"is-style-teaser\">\n            <a href=\"https:\/\/www.bbk-sachsenanhalt.de\/en\/generally-fresh-in-halberstadt-2023\/\">generally fresh in Halberstadt 2023<\/a>\n          <\/h3>\n                <p>\n          As a prelude to &#8220;Region in BBK Focus \/ Harz Region 2024&#8221;, we will be presenting the exhibition &#8220;Generally Fresh&#8221; in Halberstadt&#8217;s St. Martini Church in fall 2023. 27 new members show new works in a wonderful sacred space with a long exhibition history. On display are installations, ceramic sculpture, metal sculpture and sculpture as [&hellip;]        <\/p>\n        <div class=\"wp-block-buttons is-layout-flex wp-block-buttons-is-layout-flex\">\n          <div class=\"wp-block-button is-style-more-button\">\n            <a class=\"wp-block-button__link wp-element-button\" href=\"https:\/\/www.bbk-sachsenanhalt.de\/en\/generally-fresh-in-halberstadt-2023\/\">\n              read more            <\/a>\n          <\/div>\n        <\/div>\n\n      <\/div>\n    <\/div>\n          <!-- wp:separator -->\n      <hr class=\"wp-block-separator has-alpha-channel-opacity\" \/>\n      <!-- \/wp:separator -->\n      \n    <div class=\"grid-container post-item\">\n      <div class=\"grid-column-left\">\n                  <figure class=\"wp-block-image\">\n            <a href=\"https:\/\/www.bbk-sachsenanhalt.de\/en\/generally-fresh-in-magdeburg-2023\/\">\n              <img loading=\"lazy\" decoding=\"async\" width=\"550\" height=\"550\" src=\"https:\/\/www.bbk-sachsenanhalt.de\/wp-content\/uploads\/2024\/03\/bbk-motiv-quadrat-1500px-550x550.jpg\" class=\"no-lightbox\" alt=\"\" data-mwl-img-ignore=\"true\" srcset=\"https:\/\/www.bbk-sachsenanhalt.de\/wp-content\/uploads\/2024\/03\/bbk-motiv-quadrat-1500px-550x550.jpg 550w, https:\/\/www.bbk-sachsenanhalt.de\/wp-content\/uploads\/2024\/03\/bbk-motiv-quadrat-1500px-300x300.jpg 300w, https:\/\/www.bbk-sachsenanhalt.de\/wp-content\/uploads\/2024\/03\/bbk-motiv-quadrat-1500px-1024x1024.jpg 1024w, https:\/\/www.bbk-sachsenanhalt.de\/wp-content\/uploads\/2024\/03\/bbk-motiv-quadrat-1500px-150x150.jpg 150w, https:\/\/www.bbk-sachsenanhalt.de\/wp-content\/uploads\/2024\/03\/bbk-motiv-quadrat-1500px-768x768.jpg 768w, https:\/\/www.bbk-sachsenanhalt.de\/wp-content\/uploads\/2024\/03\/bbk-motiv-quadrat-1500px-740x740.jpg 740w, https:\/\/www.bbk-sachsenanhalt.de\/wp-content\/uploads\/2024\/03\/bbk-motiv-quadrat-1500px-400x400.jpg 400w, https:\/\/www.bbk-sachsenanhalt.de\/wp-content\/uploads\/2024\/03\/bbk-motiv-quadrat-1500px-490x490.jpg 490w, https:\/\/www.bbk-sachsenanhalt.de\/wp-content\/uploads\/2024\/03\/bbk-motiv-quadrat-1500px.jpg 1500w\" sizes=\"auto, (max-width: 550px) 100vw, 550px\" \/>            <\/a>\n            <figcaption class=\"wp-element-caption\">\n              Gestaltung: www.die-stilartisten.de            <\/figcaption>\n          <\/figure>\n              <\/div>\n\n      <div class=\"grid-column-right\">\n                  <div class=\"cmbbk-primary-category\"><a href=\"https:\/\/www.bbk-sachsenanhalt.de\/en\/category\/news\/dates\/bbk-events\/\">BBK events<\/a><\/div>          <h3 class=\"is-style-teaser\">\n            <a href=\"https:\/\/www.bbk-sachsenanhalt.de\/en\/generally-fresh-in-magdeburg-2023\/\">generally fresh in Magdeburg 2023<\/a>\n          <\/h3>\n                <p>\n          In the seventh edition of our &#8220;generally fresh&#8221; exhibition format, we are presenting 25 new members at the Magdeburg Design Forum. We are delighted to be guests at this venue for ambitious art and cultural projects. Discover painting, printmaking, installation, textile art, jewelry, sculpture, drawing by the artists who were accepted into the BBK Saxony-Anhalt [&hellip;]        <\/p>\n        <div class=\"wp-block-buttons is-layout-flex wp-block-buttons-is-layout-flex\">\n          <div class=\"wp-block-button is-style-more-button\">\n            <a class=\"wp-block-button__link wp-element-button\" href=\"https:\/\/www.bbk-sachsenanhalt.de\/en\/generally-fresh-in-magdeburg-2023\/\">\n              read more            <\/a>\n          <\/div>\n        <\/div>\n\n      <\/div>\n    <\/div>\n          <!-- wp:separator -->\n      <hr class=\"wp-block-separator has-alpha-channel-opacity\" \/>\n      <!-- \/wp:separator -->\n      \n    <div class=\"grid-container post-item\">\n      <div class=\"grid-column-left\">\n              <\/div>\n\n      <div class=\"grid-column-right\">\n                  <div class=\"cmbbk-primary-category\"><a href=\"https:\/\/www.bbk-sachsenanhalt.de\/en\/category\/projects\/\">Projects<\/a><\/div>          <h3 class=\"is-style-teaser\">\n            <a href=\"https:\/\/www.bbk-sachsenanhalt.de\/en\/exhibitors-2023\/\">Exhibitors 2023<\/a>\n          <\/h3>\n                <p>\n          Alexandra Stein Porcelain &amp; Ceramics        <\/p>\n        <div class=\"wp-block-buttons is-layout-flex wp-block-buttons-is-layout-flex\">\n          <div class=\"wp-block-button is-style-more-button\">\n            <a class=\"wp-block-button__link wp-element-button\" href=\"https:\/\/www.bbk-sachsenanhalt.de\/en\/exhibitors-2023\/\">\n              read more            <\/a>\n          <\/div>\n        <\/div>\n\n      <\/div>\n    <\/div>\n          <!-- wp:separator -->\n      <hr class=\"wp-block-separator has-alpha-channel-opacity\" \/>\n      <!-- \/wp:separator -->\n      \n    <div class=\"grid-container post-item\">\n      <div class=\"grid-column-left\">\n                  <figure class=\"wp-block-image\">\n            <a href=\"https:\/\/www.bbk-sachsenanhalt.de\/en\/open-studios-in-saxony-anhalt-2021\/\">\n              <img loading=\"lazy\" decoding=\"async\" width=\"550\" height=\"288\" src=\"https:\/\/www.bbk-sachsenanhalt.de\/wp-content\/uploads\/2024\/03\/20210727_bbk-oa-2021-online-1200x628-web-550x288.jpg\" class=\"no-lightbox\" alt=\"\" data-mwl-img-ignore=\"true\" srcset=\"https:\/\/www.bbk-sachsenanhalt.de\/wp-content\/uploads\/2024\/03\/20210727_bbk-oa-2021-online-1200x628-web-550x288.jpg 550w, https:\/\/www.bbk-sachsenanhalt.de\/wp-content\/uploads\/2024\/03\/20210727_bbk-oa-2021-online-1200x628-web-300x157.jpg 300w, https:\/\/www.bbk-sachsenanhalt.de\/wp-content\/uploads\/2024\/03\/20210727_bbk-oa-2021-online-1200x628-web-1024x536.jpg 1024w, https:\/\/www.bbk-sachsenanhalt.de\/wp-content\/uploads\/2024\/03\/20210727_bbk-oa-2021-online-1200x628-web-768x402.jpg 768w, https:\/\/www.bbk-sachsenanhalt.de\/wp-content\/uploads\/2024\/03\/20210727_bbk-oa-2021-online-1200x628-web-740x387.jpg 740w, https:\/\/www.bbk-sachsenanhalt.de\/wp-content\/uploads\/2024\/03\/20210727_bbk-oa-2021-online-1200x628-web-400x209.jpg 400w, https:\/\/www.bbk-sachsenanhalt.de\/wp-content\/uploads\/2024\/03\/20210727_bbk-oa-2021-online-1200x628-web-936x490.jpg 936w, https:\/\/www.bbk-sachsenanhalt.de\/wp-content\/uploads\/2024\/03\/20210727_bbk-oa-2021-online-1200x628-web.jpg 1200w\" sizes=\"auto, (max-width: 550px) 100vw, 550px\" \/>            <\/a>\n            <figcaption class=\"wp-element-caption\">\n              Gestaltung und Foto Titelmotiv: Marcus-Andreas Mohr (Titelmotiv: Atelier Ralf Zimmermann, Halle            <\/figcaption>\n          <\/figure>\n              <\/div>\n\n      <div class=\"grid-column-right\">\n                  <div class=\"cmbbk-primary-category\"><a href=\"https:\/\/www.bbk-sachsenanhalt.de\/en\/category\/projects\/open-studios\/\">Open studios<\/a><\/div>          <h3 class=\"is-style-teaser\">\n            <a href=\"https:\/\/www.bbk-sachsenanhalt.de\/en\/open-studios-in-saxony-anhalt-2021\/\">Open studios in Saxony-Anhalt 2021<\/a>\n          <\/h3>\n                <p>\n          September 18\/19, 2021, 11 a.m. to 6 p.m. Download the program here! Dear art lovers, Did you know that the old French word &#8220;astelier&#8221; originally meant &#8220;heap of shavings&#8221;? This became the name for the carpenter&#8217;s workshop, and later for the working space of artists. However, the fascination of the studio does not stem from [&hellip;]        <\/p>\n        <div class=\"wp-block-buttons is-layout-flex wp-block-buttons-is-layout-flex\">\n          <div class=\"wp-block-button is-style-more-button\">\n            <a class=\"wp-block-button__link wp-element-button\" href=\"https:\/\/www.bbk-sachsenanhalt.de\/en\/open-studios-in-saxony-anhalt-2021\/\">\n              read more            <\/a>\n          <\/div>\n        <\/div>\n\n      <\/div>\n    <\/div>\n          <!-- wp:separator -->\n      <hr class=\"wp-block-separator has-alpha-channel-opacity\" \/>\n      <!-- \/wp:separator -->\n      \n    <div class=\"grid-container post-item\">\n      <div class=\"grid-column-left\">\n                  <figure class=\"wp-block-image\">\n            <a href=\"https:\/\/www.bbk-sachsenanhalt.de\/en\/open-studios-in-saxony-anhalt-2020\/\">\n              <img loading=\"lazy\" decoding=\"async\" width=\"550\" height=\"286\" src=\"https:\/\/www.bbk-sachsenanhalt.de\/wp-content\/uploads\/2024\/03\/csm_bbk_offene_ateliers_flyer_digital_2020_e7c99faa54-673x350-1-550x286.jpg\" class=\"no-lightbox\" alt=\"\" data-mwl-img-ignore=\"true\" srcset=\"https:\/\/www.bbk-sachsenanhalt.de\/wp-content\/uploads\/2024\/03\/csm_bbk_offene_ateliers_flyer_digital_2020_e7c99faa54-673x350-1-550x286.jpg 550w, https:\/\/www.bbk-sachsenanhalt.de\/wp-content\/uploads\/2024\/03\/csm_bbk_offene_ateliers_flyer_digital_2020_e7c99faa54-673x350-1-300x156.jpg 300w, https:\/\/www.bbk-sachsenanhalt.de\/wp-content\/uploads\/2024\/03\/csm_bbk_offene_ateliers_flyer_digital_2020_e7c99faa54-673x350-1-400x208.jpg 400w, https:\/\/www.bbk-sachsenanhalt.de\/wp-content\/uploads\/2024\/03\/csm_bbk_offene_ateliers_flyer_digital_2020_e7c99faa54-673x350-1.jpg 673w\" sizes=\"auto, (max-width: 550px) 100vw, 550px\" \/>            <\/a>\n            <figcaption class=\"wp-element-caption\">\n              \u00a9 Suse Kaluza            <\/figcaption>\n          <\/figure>\n              <\/div>\n\n      <div class=\"grid-column-right\">\n                  <div class=\"cmbbk-primary-category\"><a href=\"https:\/\/www.bbk-sachsenanhalt.de\/en\/category\/projects\/open-studios\/\">Open studios<\/a><\/div>          <h3 class=\"is-style-teaser\">\n            <a href=\"https:\/\/www.bbk-sachsenanhalt.de\/en\/open-studios-in-saxony-anhalt-2020\/\">Open studios in Saxony-Anhalt 2020<\/a>\n          <\/h3>\n                <p>\n          September 19\/20, 2020, 11:00 a.m. to 6:00 p.m. Download the program: here! (1 MB) Program as online map: (no longer available) Many artists, craftspeople and designers were extremely productive during the lockdown &#8211; despite the fact that they were by no means able to use the extra time without worry and, above all, without considerable [&hellip;]        <\/p>\n        <div class=\"wp-block-buttons is-layout-flex wp-block-buttons-is-layout-flex\">\n          <div class=\"wp-block-button is-style-more-button\">\n            <a class=\"wp-block-button__link wp-element-button\" href=\"https:\/\/www.bbk-sachsenanhalt.de\/en\/open-studios-in-saxony-anhalt-2020\/\">\n              read more            <\/a>\n          <\/div>\n        <\/div>\n\n      <\/div>\n    <\/div>\n          <!-- wp:separator -->\n      <hr class=\"wp-block-separator has-alpha-channel-opacity\" \/>\n      <!-- \/wp:separator -->\n      \n    <div class=\"grid-container post-item\">\n      <div class=\"grid-column-left\">\n                  <figure class=\"wp-block-image\">\n            <a href=\"https:\/\/www.bbk-sachsenanhalt.de\/en\/open-studios-2019\/\">\n              <img loading=\"lazy\" decoding=\"async\" width=\"550\" height=\"367\" src=\"https:\/\/www.bbk-sachsenanhalt.de\/wp-content\/uploads\/2024\/03\/csm_bbk_19-014_banner_960x640_e1_ab8e2c05a1-550x367.jpg\" class=\"no-lightbox\" alt=\"\" data-mwl-img-ignore=\"true\" srcset=\"https:\/\/www.bbk-sachsenanhalt.de\/wp-content\/uploads\/2024\/03\/csm_bbk_19-014_banner_960x640_e1_ab8e2c05a1-550x367.jpg 550w, https:\/\/www.bbk-sachsenanhalt.de\/wp-content\/uploads\/2024\/03\/csm_bbk_19-014_banner_960x640_e1_ab8e2c05a1-300x200.jpg 300w, https:\/\/www.bbk-sachsenanhalt.de\/wp-content\/uploads\/2024\/03\/csm_bbk_19-014_banner_960x640_e1_ab8e2c05a1-400x267.jpg 400w, https:\/\/www.bbk-sachsenanhalt.de\/wp-content\/uploads\/2024\/03\/csm_bbk_19-014_banner_960x640_e1_ab8e2c05a1.jpg 600w\" sizes=\"auto, (max-width: 550px) 100vw, 550px\" \/>            <\/a>\n            <figcaption class=\"wp-element-caption\">\n              Gestaltung: Alexander Sperrle, sperrle.com, Foto Titelmotiv (Atelierhaus B\u00f6lli 8): Marcus-Andreas Mohr, www.marcus-andreas-mohr.de            <\/figcaption>\n          <\/figure>\n              <\/div>\n\n      <div class=\"grid-column-right\">\n                  <div class=\"cmbbk-primary-category\"><a href=\"https:\/\/www.bbk-sachsenanhalt.de\/en\/category\/projects\/open-studios\/\">Open studios<\/a><\/div>          <h3 class=\"is-style-teaser\">\n            <a href=\"https:\/\/www.bbk-sachsenanhalt.de\/en\/open-studios-2019\/\">Open studios in Saxony-Anhalt 2019<\/a>\n          <\/h3>\n                <p>\n          September 14\/15, 2019, 11 a.m. to 6 p.m. The Professional Association of Visual Artists Saxony-Anhalt invites you to the &#8220;Open Studios in Saxony-Anhalt&#8221;. Around 90 artists open their doors and look forward to welcoming numerous interested visitors. In addition to tidy or sometimes untidy studios and new artistic works, you can expect a wide variety [&hellip;]        <\/p>\n        <div class=\"wp-block-buttons is-layout-flex wp-block-buttons-is-layout-flex\">\n          <div class=\"wp-block-button is-style-more-button\">\n            <a class=\"wp-block-button__link wp-element-button\" href=\"https:\/\/www.bbk-sachsenanhalt.de\/en\/open-studios-2019\/\">\n              read more            <\/a>\n          <\/div>\n        <\/div>\n\n      <\/div>\n    <\/div>\n          <!-- wp:separator -->\n      <hr class=\"wp-block-separator has-alpha-channel-opacity\" \/>\n      <!-- \/wp:separator -->\n      \n    <div class=\"grid-container post-item\">\n      <div class=\"grid-column-left\">\n                  <figure class=\"wp-block-image\">\n            <a href=\"https:\/\/www.bbk-sachsenanhalt.de\/en\/insights-from-the-2022-23-school-year\/\">\n              <img loading=\"lazy\" decoding=\"async\" width=\"550\" height=\"413\" src=\"https:\/\/www.bbk-sachsenanhalt.de\/wp-content\/uploads\/2024\/03\/Cyranka-Josefine-550x413.jpg\" class=\"no-lightbox\" alt=\"\" data-mwl-img-ignore=\"true\" srcset=\"https:\/\/www.bbk-sachsenanhalt.de\/wp-content\/uploads\/2024\/03\/Cyranka-Josefine-550x413.jpg 550w, https:\/\/www.bbk-sachsenanhalt.de\/wp-content\/uploads\/2024\/03\/Cyranka-Josefine-300x225.jpg 300w, https:\/\/www.bbk-sachsenanhalt.de\/wp-content\/uploads\/2024\/03\/Cyranka-Josefine-768x576.jpg 768w, https:\/\/www.bbk-sachsenanhalt.de\/wp-content\/uploads\/2024\/03\/Cyranka-Josefine-740x555.jpg 740w, https:\/\/www.bbk-sachsenanhalt.de\/wp-content\/uploads\/2024\/03\/Cyranka-Josefine-400x300.jpg 400w, https:\/\/www.bbk-sachsenanhalt.de\/wp-content\/uploads\/2024\/03\/Cyranka-Josefine-653x490.jpg 653w, https:\/\/www.bbk-sachsenanhalt.de\/wp-content\/uploads\/2024\/03\/Cyranka-Josefine.jpg 850w\" sizes=\"auto, (max-width: 550px) 100vw, 550px\" \/>            <\/a>\n            <figcaption class=\"wp-element-caption\">\n              Foto: Josefine Cyranka            <\/figcaption>\n          <\/figure>\n              <\/div>\n\n      <div class=\"grid-column-right\">\n                  <div class=\"cmbbk-primary-category\"><a href=\"https:\/\/www.bbk-sachsenanhalt.de\/en\/category\/projects\/artists-at-schools\/\">Artists at schools<\/a><\/div>          <h3 class=\"is-style-teaser\">\n            <a href=\"https:\/\/www.bbk-sachsenanhalt.de\/en\/insights-from-the-2022-23-school-year\/\">Insights from the 2022\/23 school year<\/a>\n          <\/h3>\n                <p>\n          Artistic director: Mareen Alburg-DunckerF\u00f6rderschule &#8220;Astrid Lindgren&#8221; in Halle SEA MOSAIC: Year 8 pupils created a sea mosaic, with the theme of marine life being illuminated from all sides. In addition to the creative approach and implementation, it was important to me to make the children aware of the topic of environmental protection. Our aim was [&hellip;]        <\/p>\n        <div class=\"wp-block-buttons is-layout-flex wp-block-buttons-is-layout-flex\">\n          <div class=\"wp-block-button is-style-more-button\">\n            <a class=\"wp-block-button__link wp-element-button\" href=\"https:\/\/www.bbk-sachsenanhalt.de\/en\/insights-from-the-2022-23-school-year\/\">\n              read more            <\/a>\n          <\/div>\n        <\/div>\n\n      <\/div>\n    <\/div>\n          <!-- wp:separator -->\n      <hr class=\"wp-block-separator has-alpha-channel-opacity\" \/>\n      <!-- \/wp:separator -->\n      \n    <div class=\"grid-container post-item\">\n      <div class=\"grid-column-left\">\n              <\/div>\n\n      <div class=\"grid-column-right\">\n                  <div class=\"cmbbk-primary-category\"><a href=\"https:\/\/www.bbk-sachsenanhalt.de\/en\/category\/projects\/\">Projects<\/a><\/div>          <h3 class=\"is-style-teaser\">\n            <a href=\"https:\/\/www.bbk-sachsenanhalt.de\/en\/member-projects\/\">Member projects<\/a>\n          <\/h3>\n                <p>\n                  <\/p>\n        <div class=\"wp-block-buttons is-layout-flex wp-block-buttons-is-layout-flex\">\n          <div class=\"wp-block-button is-style-more-button\">\n            <a class=\"wp-block-button__link wp-element-button\" href=\"https:\/\/www.bbk-sachsenanhalt.de\/en\/member-projects\/\">\n              read more            <\/a>\n          <\/div>\n        <\/div>\n\n      <\/div>\n    <\/div>\n          <!-- wp:separator -->\n      <hr class=\"wp-block-separator has-alpha-channel-opacity\" \/>\n      <!-- \/wp:separator -->\n      \n    <div class=\"grid-container post-item\">\n      <div class=\"grid-column-left\">\n                  <figure class=\"wp-block-image\">\n            <a href=\"https:\/\/www.bbk-sachsenanhalt.de\/en\/generally-fresh-in-dessau-rosslau-2021-22\/\">\n              <img loading=\"lazy\" decoding=\"async\" width=\"550\" height=\"550\" src=\"https:\/\/www.bbk-sachsenanhalt.de\/wp-content\/uploads\/2024\/03\/generell_frisch_quadratisch_insta_face-1536x1536-1-550x550.jpg\" class=\"no-lightbox\" alt=\"\" data-mwl-img-ignore=\"true\" srcset=\"https:\/\/www.bbk-sachsenanhalt.de\/wp-content\/uploads\/2024\/03\/generell_frisch_quadratisch_insta_face-1536x1536-1-550x550.jpg 550w, https:\/\/www.bbk-sachsenanhalt.de\/wp-content\/uploads\/2024\/03\/generell_frisch_quadratisch_insta_face-1536x1536-1-300x300.jpg 300w, https:\/\/www.bbk-sachsenanhalt.de\/wp-content\/uploads\/2024\/03\/generell_frisch_quadratisch_insta_face-1536x1536-1-1024x1024.jpg 1024w, https:\/\/www.bbk-sachsenanhalt.de\/wp-content\/uploads\/2024\/03\/generell_frisch_quadratisch_insta_face-1536x1536-1-150x150.jpg 150w, https:\/\/www.bbk-sachsenanhalt.de\/wp-content\/uploads\/2024\/03\/generell_frisch_quadratisch_insta_face-1536x1536-1-768x768.jpg 768w, https:\/\/www.bbk-sachsenanhalt.de\/wp-content\/uploads\/2024\/03\/generell_frisch_quadratisch_insta_face-1536x1536-1-740x740.jpg 740w, https:\/\/www.bbk-sachsenanhalt.de\/wp-content\/uploads\/2024\/03\/generell_frisch_quadratisch_insta_face-1536x1536-1-400x400.jpg 400w, https:\/\/www.bbk-sachsenanhalt.de\/wp-content\/uploads\/2024\/03\/generell_frisch_quadratisch_insta_face-1536x1536-1-490x490.jpg 490w, https:\/\/www.bbk-sachsenanhalt.de\/wp-content\/uploads\/2024\/03\/generell_frisch_quadratisch_insta_face-1536x1536-1.jpg 1536w\" sizes=\"auto, (max-width: 550px) 100vw, 550px\" \/>            <\/a>\n            <figcaption class=\"wp-element-caption\">\n              \u00a9 Suse Kaluza            <\/figcaption>\n          <\/figure>\n              <\/div>\n\n      <div class=\"grid-column-right\">\n                  <div class=\"cmbbk-primary-category\"><a href=\"https:\/\/www.bbk-sachsenanhalt.de\/en\/category\/projects\/generell-frisch-en\/\">generell frisch<\/a><\/div>          <h3 class=\"is-style-teaser\">\n            <a href=\"https:\/\/www.bbk-sachsenanhalt.de\/en\/generally-fresh-in-dessau-rosslau-2021-22\/\">generally fresh in Dessau-Ro\u00dflau 2021\/22<\/a>\n          <\/h3>\n                <p>\n          generally fresh in Dessau-Ro\u00dflau 2021\/22 With the sixth exhibition in its &#8220;generell frisch&#8221; series, the Berufsverband Bildender K\u00fcnstler Sachsen-Anhalt e. V. is presenting works by newcomers in the Kesselhaus of the former Schulthei\u00df brewery in Dessau-Ro\u00dflau in winter 2021\/2022. As part of the series, which has existed since 2013, 20 artists from all over Saxony-Anhalt [&hellip;]        <\/p>\n        <div class=\"wp-block-buttons is-layout-flex wp-block-buttons-is-layout-flex\">\n          <div class=\"wp-block-button is-style-more-button\">\n            <a class=\"wp-block-button__link wp-element-button\" href=\"https:\/\/www.bbk-sachsenanhalt.de\/en\/generally-fresh-in-dessau-rosslau-2021-22\/\">\n              read more            <\/a>\n          <\/div>\n        <\/div>\n\n      <\/div>\n    <\/div>\n          <!-- wp:separator -->\n      <hr class=\"wp-block-separator has-alpha-channel-opacity\" \/>\n      <!-- \/wp:separator -->\n      \n    <div class=\"grid-container post-item\">\n      <div class=\"grid-column-left\">\n                  <figure class=\"wp-block-image\">\n            <a href=\"https:\/\/www.bbk-sachsenanhalt.de\/en\/generally-fresh-in-the-burg-galerie-in-volkspark-2020\/\">\n              <img loading=\"lazy\" decoding=\"async\" width=\"550\" height=\"777\" src=\"https:\/\/www.bbk-sachsenanhalt.de\/wp-content\/uploads\/2024\/03\/csm_generell_frisch_plakata2_web_fece62dd38-550x777.jpg\" class=\"no-lightbox\" alt=\"\" data-mwl-img-ignore=\"true\" srcset=\"https:\/\/www.bbk-sachsenanhalt.de\/wp-content\/uploads\/2024\/03\/csm_generell_frisch_plakata2_web_fece62dd38-550x777.jpg 550w, https:\/\/www.bbk-sachsenanhalt.de\/wp-content\/uploads\/2024\/03\/csm_generell_frisch_plakata2_web_fece62dd38-212x300.jpg 212w, https:\/\/www.bbk-sachsenanhalt.de\/wp-content\/uploads\/2024\/03\/csm_generell_frisch_plakata2_web_fece62dd38-400x565.jpg 400w, https:\/\/www.bbk-sachsenanhalt.de\/wp-content\/uploads\/2024\/03\/csm_generell_frisch_plakata2_web_fece62dd38-347x490.jpg 347w, https:\/\/www.bbk-sachsenanhalt.de\/wp-content\/uploads\/2024\/03\/csm_generell_frisch_plakata2_web_fece62dd38.jpg 600w\" sizes=\"auto, (max-width: 550px) 100vw, 550px\" \/>            <\/a>\n            <figcaption class=\"wp-element-caption\">\n              Gestaltung: Sisters of Design, mit Abbildungen von Thomas Plank, Paul Werner, Hermann Gr\u00fcneberg, Franz Rentsch und Sarah Bartmann.            <\/figcaption>\n          <\/figure>\n              <\/div>\n\n      <div class=\"grid-column-right\">\n                  <div class=\"cmbbk-primary-category\"><a href=\"https:\/\/www.bbk-sachsenanhalt.de\/en\/category\/projects\/generell-frisch-en\/\">generell frisch<\/a><\/div>          <h3 class=\"is-style-teaser\">\n            <a href=\"https:\/\/www.bbk-sachsenanhalt.de\/en\/generally-fresh-in-the-burg-galerie-in-volkspark-2020\/\">generally fresh in the Burg Galerie in Volkspark 2020<\/a>\n          <\/h3>\n                <p>\n          generally fresh in the Burg Galerie in Volkspark 2020 This year&#8217;s show with 17 participating artists invites visitors to the Burg Galerie im Volkspark from August 29 to September 13 in a thematically broad and cross-genre exhibition landscape. The connecting spheres between the visible and the hidden, the perpetual transformations of memories, the fascination of [&hellip;]        <\/p>\n        <div class=\"wp-block-buttons is-layout-flex wp-block-buttons-is-layout-flex\">\n          <div class=\"wp-block-button is-style-more-button\">\n            <a class=\"wp-block-button__link wp-element-button\" href=\"https:\/\/www.bbk-sachsenanhalt.de\/en\/generally-fresh-in-the-burg-galerie-in-volkspark-2020\/\">\n              read more            <\/a>\n          <\/div>\n        <\/div>\n\n      <\/div>\n    <\/div>\n          <!-- wp:separator -->\n      <hr class=\"wp-block-separator has-alpha-channel-opacity\" \/>\n      <!-- \/wp:separator -->\n      \n    <div class=\"grid-container post-item\">\n      <div class=\"grid-column-left\">\n                  <figure class=\"wp-block-image\">\n            <a href=\"https:\/\/www.bbk-sachsenanhalt.de\/en\/ilka-leukefeld\/\">\n              <img loading=\"lazy\" decoding=\"async\" width=\"550\" height=\"550\" src=\"https:\/\/www.bbk-sachsenanhalt.de\/wp-content\/uploads\/2024\/03\/Instagram_03_24-550x550.jpg\" class=\"no-lightbox\" alt=\"\" data-mwl-img-ignore=\"true\" srcset=\"https:\/\/www.bbk-sachsenanhalt.de\/wp-content\/uploads\/2024\/03\/Instagram_03_24-550x550.jpg 550w, https:\/\/www.bbk-sachsenanhalt.de\/wp-content\/uploads\/2024\/03\/Instagram_03_24-300x300.jpg 300w, https:\/\/www.bbk-sachsenanhalt.de\/wp-content\/uploads\/2024\/03\/Instagram_03_24-1024x1024.jpg 1024w, https:\/\/www.bbk-sachsenanhalt.de\/wp-content\/uploads\/2024\/03\/Instagram_03_24-150x150.jpg 150w, https:\/\/www.bbk-sachsenanhalt.de\/wp-content\/uploads\/2024\/03\/Instagram_03_24-768x768.jpg 768w, https:\/\/www.bbk-sachsenanhalt.de\/wp-content\/uploads\/2024\/03\/Instagram_03_24-1536x1536.jpg 1536w, https:\/\/www.bbk-sachsenanhalt.de\/wp-content\/uploads\/2024\/03\/Instagram_03_24-740x740.jpg 740w, https:\/\/www.bbk-sachsenanhalt.de\/wp-content\/uploads\/2024\/03\/Instagram_03_24-400x400.jpg 400w, https:\/\/www.bbk-sachsenanhalt.de\/wp-content\/uploads\/2024\/03\/Instagram_03_24-490x490.jpg 490w, https:\/\/www.bbk-sachsenanhalt.de\/wp-content\/uploads\/2024\/03\/Instagram_03_24.jpg 1733w\" sizes=\"auto, (max-width: 550px) 100vw, 550px\" \/>            <\/a>\n            <figcaption class=\"wp-element-caption\">\n              \u00a9 Thomas Kober            <\/figcaption>\n          <\/figure>\n              <\/div>\n\n      <div class=\"grid-column-right\">\n                  <div class=\"cmbbk-primary-category\"><a href=\"https:\/\/www.bbk-sachsenanhalt.de\/en\/category\/news\/dates\/bbk-events\/\">BBK events &#8211; from 01.03.2024 to 30.04.2024<\/a><\/div>          <h3 class=\"is-style-teaser\">\n            <a href=\"https:\/\/www.bbk-sachsenanhalt.de\/en\/ilka-leukefeld\/\">ilka Leukefeld<\/a>\n          <\/h3>\n                <p>\n          Visually guided to the day before &#8216;becoming conscious&#8217;, we see wild creatures. a nature untouched by man with clear air, unsealed landscapes and waters without plastic particles. This place of idyllic thoughts harbors carefully guarded hopes like seeds that have become rare. The work is on display: &#8220;I\/II There used to be a paradise (with [&hellip;]        <\/p>\n        <div class=\"wp-block-buttons is-layout-flex wp-block-buttons-is-layout-flex\">\n          <div class=\"wp-block-button is-style-more-button\">\n            <a class=\"wp-block-button__link wp-element-button\" href=\"https:\/\/www.bbk-sachsenanhalt.de\/en\/ilka-leukefeld\/\">\n              read more            <\/a>\n          <\/div>\n        <\/div>\n\n      <\/div>\n    <\/div>\n          <!-- wp:separator -->\n      <hr class=\"wp-block-separator has-alpha-channel-opacity\" \/>\n      <!-- \/wp:separator -->\n      \n    <div class=\"grid-container post-item\">\n      <div class=\"grid-column-left\">\n                  <figure class=\"wp-block-image\">\n            <a href=\"https:\/\/www.bbk-sachsenanhalt.de\/en\/till-neuenfeldt\/\">\n              <img loading=\"lazy\" decoding=\"async\" width=\"550\" height=\"733\" src=\"https:\/\/www.bbk-sachsenanhalt.de\/wp-content\/uploads\/2024\/02\/20240215_124328web-550x733.jpg\" class=\"no-lightbox\" alt=\"\" data-mwl-img-ignore=\"true\" srcset=\"https:\/\/www.bbk-sachsenanhalt.de\/wp-content\/uploads\/2024\/02\/20240215_124328web-550x733.jpg 550w, https:\/\/www.bbk-sachsenanhalt.de\/wp-content\/uploads\/2024\/02\/20240215_124328web-225x300.jpg 225w, https:\/\/www.bbk-sachsenanhalt.de\/wp-content\/uploads\/2024\/02\/20240215_124328web-768x1024.jpg 768w, https:\/\/www.bbk-sachsenanhalt.de\/wp-content\/uploads\/2024\/02\/20240215_124328web-1152x1536.jpg 1152w, https:\/\/www.bbk-sachsenanhalt.de\/wp-content\/uploads\/2024\/02\/20240215_124328web-1536x2048.jpg 1536w, https:\/\/www.bbk-sachsenanhalt.de\/wp-content\/uploads\/2024\/02\/20240215_124328web-740x987.jpg 740w, https:\/\/www.bbk-sachsenanhalt.de\/wp-content\/uploads\/2024\/02\/20240215_124328web-400x533.jpg 400w, https:\/\/www.bbk-sachsenanhalt.de\/wp-content\/uploads\/2024\/02\/20240215_124328web-368x490.jpg 368w, https:\/\/www.bbk-sachsenanhalt.de\/wp-content\/uploads\/2024\/02\/20240215_124328web-scaled.jpg 1920w\" sizes=\"auto, (max-width: 550px) 100vw, 550px\" \/>            <\/a>\n            <figcaption class=\"wp-element-caption\">\n              \u00a9 Till Neuenfeldt            <\/figcaption>\n          <\/figure>\n              <\/div>\n\n      <div class=\"grid-column-right\">\n                  <div class=\"cmbbk-primary-category\"><a href=\"https:\/\/www.bbk-sachsenanhalt.de\/en\/category\/news\/dates\/bbk-events\/\">BBK events &#8211; 01.03.2024 18:00&nbsp;clock<\/a><\/div>          <h3 class=\"is-style-teaser\">\n            <a href=\"https:\/\/www.bbk-sachsenanhalt.de\/en\/till-neuenfeldt\/\">Till Neuenfeldt<\/a>\n          <\/h3>\n                <p>\n          &#8220;Perspectives 2024 Ha_Neu Dream of togetherness&#8221; People, machines, fiction and laughter await you in March. Carved in acrylic and chiseled out of chemistry, the work of Till Neuenfeldt shines in the BBKarium Dessau. Conformities with reality are never excluded in free art and must be accepted by the viewer. Further information: https:\/\/www.instagram.com\/bbkarium_dessau\/        <\/p>\n        <div class=\"wp-block-buttons is-layout-flex wp-block-buttons-is-layout-flex\">\n          <div class=\"wp-block-button is-style-more-button\">\n            <a class=\"wp-block-button__link wp-element-button\" href=\"https:\/\/www.bbk-sachsenanhalt.de\/en\/till-neuenfeldt\/\">\n              read more            <\/a>\n          <\/div>\n        <\/div>\n\n      <\/div>\n    <\/div>\n          <!-- wp:separator -->\n      <hr class=\"wp-block-separator has-alpha-channel-opacity\" \/>\n      <!-- \/wp:separator -->\n      \n    <div class=\"grid-container post-item\">\n      <div class=\"grid-column-left\">\n              <\/div>\n\n      <div class=\"grid-column-right\">\n                  <div class=\"cmbbk-primary-category\"><a href=\"https:\/\/www.bbk-sachsenanhalt.de\/en\/category\/projects\/artists-at-schools\/\">Artists at schools<\/a><\/div>          <h3 class=\"is-style-teaser\">\n            <a href=\"https:\/\/www.bbk-sachsenanhalt.de\/en\/project-practice\/\">Project practice<\/a>\n          <\/h3>\n                <p>\n          In order to shed some light on the field of concrete collaboration, qualitative interviews were conducted with several school representatives and artists at the end of the study. The interviewees selected the questions relevant to them from a given list of questions and answered them in free speech. Interviews with school representatives Elvira Gorisch and [&hellip;]        <\/p>\n        <div class=\"wp-block-buttons is-layout-flex wp-block-buttons-is-layout-flex\">\n          <div class=\"wp-block-button is-style-more-button\">\n            <a class=\"wp-block-button__link wp-element-button\" href=\"https:\/\/www.bbk-sachsenanhalt.de\/en\/project-practice\/\">\n              read more            <\/a>\n          <\/div>\n        <\/div>\n\n      <\/div>\n    <\/div>\n          <!-- wp:separator -->\n      <hr class=\"wp-block-separator has-alpha-channel-opacity\" \/>\n      <!-- \/wp:separator -->\n      \n    <div class=\"grid-container post-item\">\n      <div class=\"grid-column-left\">\n              <\/div>\n\n      <div class=\"grid-column-right\">\n                  <div class=\"cmbbk-primary-category\"><a href=\"https:\/\/www.bbk-sachsenanhalt.de\/en\/category\/projects\/artists-at-schools\/\">Artists at schools<\/a><\/div>          <h3 class=\"is-style-teaser\">\n            <a href=\"https:\/\/www.bbk-sachsenanhalt.de\/en\/project-cooperations\/\">Project cooperations<\/a>\n          <\/h3>\n                <p>\n          Only very limited reliable statements can be derived from the available database on the topic of establishing and promoting long-term collaborations. One of the reasons for this is that it is not possible to clarify the extent to which schools or artists have reapplied with further individual project ideas following an initial collaboration, but were [&hellip;]        <\/p>\n        <div class=\"wp-block-buttons is-layout-flex wp-block-buttons-is-layout-flex\">\n          <div class=\"wp-block-button is-style-more-button\">\n            <a class=\"wp-block-button__link wp-element-button\" href=\"https:\/\/www.bbk-sachsenanhalt.de\/en\/project-cooperations\/\">\n              read more            <\/a>\n          <\/div>\n        <\/div>\n\n      <\/div>\n    <\/div>\n          <!-- wp:separator -->\n      <hr class=\"wp-block-separator has-alpha-channel-opacity\" \/>\n      <!-- \/wp:separator -->\n      \n    <div class=\"grid-container post-item\">\n      <div class=\"grid-column-left\">\n              <\/div>\n\n      <div class=\"grid-column-right\">\n                  <div class=\"cmbbk-primary-category\"><a href=\"https:\/\/www.bbk-sachsenanhalt.de\/en\/category\/projects\/artists-at-schools\/\">Artists at schools<\/a><\/div>          <h3 class=\"is-style-teaser\">\n            <a href=\"https:\/\/www.bbk-sachsenanhalt.de\/en\/project-history\/\">Project history<\/a>\n          <\/h3>\n                <p>\n          Nowadays, everyone is talking about cultural education and it is impossible to imagine inclusion, better educational opportunities and equal participation in the school context without it. However, few people are aware that the state of Saxony-Anhalt has been continuously supporting this area of education and work in cooperation with the Berufsverband Bildender K\u00fcnstler (BBK) Sachsen-Anhalt [&hellip;]        <\/p>\n        <div class=\"wp-block-buttons is-layout-flex wp-block-buttons-is-layout-flex\">\n          <div class=\"wp-block-button is-style-more-button\">\n            <a class=\"wp-block-button__link wp-element-button\" href=\"https:\/\/www.bbk-sachsenanhalt.de\/en\/project-history\/\">\n              read more            <\/a>\n          <\/div>\n        <\/div>\n\n      <\/div>\n    <\/div>\n          <!-- wp:separator -->\n      <hr class=\"wp-block-separator has-alpha-channel-opacity\" \/>\n      <!-- \/wp:separator -->\n      \n    <div class=\"grid-container post-item\">\n      <div class=\"grid-column-left\">\n              <\/div>\n\n      <div class=\"grid-column-right\">\n                  <div class=\"cmbbk-primary-category\"><a href=\"https:\/\/www.bbk-sachsenanhalt.de\/en\/category\/projects\/artists-at-schools\/\">Artists at schools<\/a><\/div>          <h3 class=\"is-style-teaser\">\n            <a href=\"https:\/\/www.bbk-sachsenanhalt.de\/en\/data-basis\/\">Data basis<\/a>\n          <\/h3>\n                <p>\n          This research covers a total of 803 individual projects by 140 artists at 252 schools between 1996 and 2015. As key data from a total of five years (1996, 1999, 2001, 2002, 2003) are no longer available for the Magdeburg regional office due to the expiry of the ten-year retention obligation for project documents, these [&hellip;]        <\/p>\n        <div class=\"wp-block-buttons is-layout-flex wp-block-buttons-is-layout-flex\">\n          <div class=\"wp-block-button is-style-more-button\">\n            <a class=\"wp-block-button__link wp-element-button\" href=\"https:\/\/www.bbk-sachsenanhalt.de\/en\/data-basis\/\">\n              read more            <\/a>\n          <\/div>\n        <\/div>\n\n      <\/div>\n    <\/div>\n          <!-- wp:separator -->\n      <hr class=\"wp-block-separator has-alpha-channel-opacity\" \/>\n      <!-- \/wp:separator -->\n      \n    <div class=\"grid-container post-item\">\n      <div class=\"grid-column-left\">\n                  <figure class=\"wp-block-image\">\n            <a href=\"https:\/\/www.bbk-sachsenanhalt.de\/en\/insights-from-the-2021-22-school-year\/\">\n              <img loading=\"lazy\" decoding=\"async\" width=\"550\" height=\"413\" src=\"https:\/\/www.bbk-sachsenanhalt.de\/wp-content\/uploads\/2024\/02\/Zeitler-768x576-1-550x413.jpg\" class=\"no-lightbox\" alt=\"\" data-mwl-img-ignore=\"true\" srcset=\"https:\/\/www.bbk-sachsenanhalt.de\/wp-content\/uploads\/2024\/02\/Zeitler-768x576-1-550x413.jpg 550w, https:\/\/www.bbk-sachsenanhalt.de\/wp-content\/uploads\/2024\/02\/Zeitler-768x576-1-300x225.jpg 300w, https:\/\/www.bbk-sachsenanhalt.de\/wp-content\/uploads\/2024\/02\/Zeitler-768x576-1-740x555.jpg 740w, https:\/\/www.bbk-sachsenanhalt.de\/wp-content\/uploads\/2024\/02\/Zeitler-768x576-1-400x300.jpg 400w, https:\/\/www.bbk-sachsenanhalt.de\/wp-content\/uploads\/2024\/02\/Zeitler-768x576-1-653x490.jpg 653w, https:\/\/www.bbk-sachsenanhalt.de\/wp-content\/uploads\/2024\/02\/Zeitler-768x576-1.jpg 768w\" sizes=\"auto, (max-width: 550px) 100vw, 550px\" \/>            <\/a>\n            <figcaption class=\"wp-element-caption\">\n              \u00a9 Chr            <\/figcaption>\n          <\/figure>\n              <\/div>\n\n      <div class=\"grid-column-right\">\n                  <div class=\"cmbbk-primary-category\"><a href=\"https:\/\/www.bbk-sachsenanhalt.de\/en\/category\/projects\/artists-at-schools\/\">Artists at schools<\/a><\/div>          <h3 class=\"is-style-teaser\">\n            <a href=\"https:\/\/www.bbk-sachsenanhalt.de\/en\/insights-from-the-2021-22-school-year\/\">Insights from the 2021\/22 school year<\/a>\n          <\/h3>\n                <p>\n          Artistic director: Mareen Alburg-DunckerSpecial school &#8220;Astrid Lindgren&#8221; in Halle The joy of seeing the 6th grade again was great and motivation was high. Our theme this year was to create our own little oasis. The first question was &#8211; what is (my) oasis? And then we figured it out &#8211; they are feel-good places or [&hellip;]        <\/p>\n        <div class=\"wp-block-buttons is-layout-flex wp-block-buttons-is-layout-flex\">\n          <div class=\"wp-block-button is-style-more-button\">\n            <a class=\"wp-block-button__link wp-element-button\" href=\"https:\/\/www.bbk-sachsenanhalt.de\/en\/insights-from-the-2021-22-school-year\/\">\n              read more            <\/a>\n          <\/div>\n        <\/div>\n\n      <\/div>\n    <\/div>\n          <!-- wp:separator -->\n      <hr class=\"wp-block-separator has-alpha-channel-opacity\" \/>\n      <!-- \/wp:separator -->\n      \n    <div class=\"grid-container post-item\">\n      <div class=\"grid-column-left\">\n                  <figure class=\"wp-block-image\">\n            <a href=\"https:\/\/www.bbk-sachsenanhalt.de\/en\/publications-november-2023\/\">\n              <img loading=\"lazy\" decoding=\"async\" width=\"550\" height=\"734\" src=\"https:\/\/www.bbk-sachsenanhalt.de\/wp-content\/uploads\/2024\/02\/trekel_silke_7371-550x734.jpg\" class=\"no-lightbox\" alt=\"Silke Trekel: Fluss, 2013 (Foto: Christoph Sandig)\" data-mwl-img-ignore=\"true\" srcset=\"https:\/\/www.bbk-sachsenanhalt.de\/wp-content\/uploads\/2024\/02\/trekel_silke_7371-550x734.jpg 550w, https:\/\/www.bbk-sachsenanhalt.de\/wp-content\/uploads\/2024\/02\/trekel_silke_7371-225x300.jpg 225w, https:\/\/www.bbk-sachsenanhalt.de\/wp-content\/uploads\/2024\/02\/trekel_silke_7371-740x988.jpg 740w, https:\/\/www.bbk-sachsenanhalt.de\/wp-content\/uploads\/2024\/02\/trekel_silke_7371-400x534.jpg 400w, https:\/\/www.bbk-sachsenanhalt.de\/wp-content\/uploads\/2024\/02\/trekel_silke_7371-367x490.jpg 367w, https:\/\/www.bbk-sachsenanhalt.de\/wp-content\/uploads\/2024\/02\/trekel_silke_7371.jpg 767w\" sizes=\"auto, (max-width: 550px) 100vw, 550px\" \/>            <\/a>\n            <figcaption class=\"wp-element-caption\">\n              Silke Trekel: Fluss, 2013 (Foto: Christoph Sandig)            <\/figcaption>\n          <\/figure>\n              <\/div>\n\n      <div class=\"grid-column-right\">\n                  <div class=\"cmbbk-primary-category\"><a href=\"https:\/\/www.bbk-sachsenanhalt.de\/en\/category\/projects\/works-database\/\">Works database<\/a><\/div>          <h3 class=\"is-style-teaser\">\n            <a href=\"https:\/\/www.bbk-sachsenanhalt.de\/en\/publications-november-2023\/\">Publications November 2023<\/a>\n          <\/h3>\n                <p>\n          In November 2023, the BBK Saxony-Anhalt published 6 new directories in the Saxony-Anhalt Visual Arts Database! Over the course of 2023, the participating artists took part in a three-part course run by Halle-based art historian Katharina Lorenz, who was commissioned by the BBK to introduce them to the use of the database.        <\/p>\n        <div class=\"wp-block-buttons is-layout-flex wp-block-buttons-is-layout-flex\">\n          <div class=\"wp-block-button is-style-more-button\">\n            <a class=\"wp-block-button__link wp-element-button\" href=\"https:\/\/www.bbk-sachsenanhalt.de\/en\/publications-november-2023\/\">\n              read more            <\/a>\n          <\/div>\n        <\/div>\n\n      <\/div>\n    <\/div>\n          <!-- wp:separator -->\n      <hr class=\"wp-block-separator has-alpha-channel-opacity\" \/>\n      <!-- \/wp:separator -->\n      \n    <div class=\"grid-container post-item\">\n      <div class=\"grid-column-left\">\n              <\/div>\n\n      <div class=\"grid-column-right\">\n                  <div class=\"cmbbk-primary-category\"><a href=\"https:\/\/www.bbk-sachsenanhalt.de\/en\/category\/projects\/artists-at-schools\/\">Artists at schools<\/a><\/div>          <h3 class=\"is-style-teaser\">\n            <a href=\"https:\/\/www.bbk-sachsenanhalt.de\/en\/review-1996-2015\/\">Review 1996-2015<\/a>\n          <\/h3>\n                <p>\n          Colophon The study was commissioned by the Berufsverband Bildender K\u00fcnstler (BBK) Sachsen-Anhalt between May 2016 and December 2017 and was financially supported by the Ministry of Education of the State of Saxony-Anhalt. Special thanks are due in particular to Be\u00e1ta Maria Hinz as head and coordinator of the &#8220;Artists in Schools&#8221; project (since its launch [&hellip;]        <\/p>\n        <div class=\"wp-block-buttons is-layout-flex wp-block-buttons-is-layout-flex\">\n          <div class=\"wp-block-button is-style-more-button\">\n            <a class=\"wp-block-button__link wp-element-button\" href=\"https:\/\/www.bbk-sachsenanhalt.de\/en\/review-1996-2015\/\">\n              read more            <\/a>\n          <\/div>\n        <\/div>\n\n      <\/div>\n    <\/div>\n          <!-- wp:separator -->\n      <hr class=\"wp-block-separator has-alpha-channel-opacity\" \/>\n      <!-- \/wp:separator -->\n      \n    <div class=\"grid-container post-item\">\n      <div class=\"grid-column-left\">\n                  <figure class=\"wp-block-image\">\n            <a href=\"https:\/\/www.bbk-sachsenanhalt.de\/en\/publications-december-2022\/\">\n              <img loading=\"lazy\" decoding=\"async\" width=\"550\" height=\"275\" src=\"https:\/\/www.bbk-sachsenanhalt.de\/wp-content\/uploads\/2024\/02\/budig_christiane_6084-550x275.jpg\" class=\"no-lightbox\" alt=\"Christiane Budig: Symbiose I, 2014\" data-mwl-img-ignore=\"true\" srcset=\"https:\/\/www.bbk-sachsenanhalt.de\/wp-content\/uploads\/2024\/02\/budig_christiane_6084-550x275.jpg 550w, https:\/\/www.bbk-sachsenanhalt.de\/wp-content\/uploads\/2024\/02\/budig_christiane_6084-300x150.jpg 300w, https:\/\/www.bbk-sachsenanhalt.de\/wp-content\/uploads\/2024\/02\/budig_christiane_6084-768x384.jpg 768w, https:\/\/www.bbk-sachsenanhalt.de\/wp-content\/uploads\/2024\/02\/budig_christiane_6084-740x370.jpg 740w, https:\/\/www.bbk-sachsenanhalt.de\/wp-content\/uploads\/2024\/02\/budig_christiane_6084-400x200.jpg 400w, https:\/\/www.bbk-sachsenanhalt.de\/wp-content\/uploads\/2024\/02\/budig_christiane_6084-980x490.jpg 980w, https:\/\/www.bbk-sachsenanhalt.de\/wp-content\/uploads\/2024\/02\/budig_christiane_6084.jpg 1024w\" sizes=\"auto, (max-width: 550px) 100vw, 550px\" \/>            <\/a>\n            <figcaption class=\"wp-element-caption\">\n              Christiane Budig: Symbiose I, 2014            <\/figcaption>\n          <\/figure>\n              <\/div>\n\n      <div class=\"grid-column-right\">\n                  <div class=\"cmbbk-primary-category\"><a href=\"https:\/\/www.bbk-sachsenanhalt.de\/en\/category\/projects\/works-database\/\">Works database<\/a><\/div>          <h3 class=\"is-style-teaser\">\n            <a href=\"https:\/\/www.bbk-sachsenanhalt.de\/en\/publications-december-2022\/\">Publications December 2022<\/a>\n          <\/h3>\n                <p>\n          In December 2022, the Berufsverband Bildender K\u00fcnstler Sachsen-Anhalt published the directories of 4 visual artists from Halle (Saale) online. For the first time since the existence of the work database, members of the BBK Saxony-Anhalt created their own directories. They have provided information on their careers, exhibitions, awards and publications and have included photographs and [&hellip;]        <\/p>\n        <div class=\"wp-block-buttons is-layout-flex wp-block-buttons-is-layout-flex\">\n          <div class=\"wp-block-button is-style-more-button\">\n            <a class=\"wp-block-button__link wp-element-button\" href=\"https:\/\/www.bbk-sachsenanhalt.de\/en\/publications-december-2022\/\">\n              read more            <\/a>\n          <\/div>\n        <\/div>\n\n      <\/div>\n    <\/div>\n          <!-- wp:separator -->\n      <hr class=\"wp-block-separator has-alpha-channel-opacity\" \/>\n      <!-- \/wp:separator -->\n      \n    <div class=\"grid-container post-item\">\n      <div class=\"grid-column-left\">\n                  <figure class=\"wp-block-image\">\n            <a href=\"https:\/\/www.bbk-sachsenanhalt.de\/en\/new-design-and-new-filter-functions-for-the-2021-works-database\/\">\n              <img loading=\"lazy\" decoding=\"async\" width=\"550\" height=\"330\" src=\"https:\/\/www.bbk-sachsenanhalt.de\/wp-content\/uploads\/2024\/02\/screenshot_werkdatenbank-550x330.png\" class=\"no-lightbox\" alt=\"Screenshot Werkdatenbank Bildende Kunst Sachsen-Anhalt, 2024\" data-mwl-img-ignore=\"true\" srcset=\"https:\/\/www.bbk-sachsenanhalt.de\/wp-content\/uploads\/2024\/02\/screenshot_werkdatenbank-550x330.png 550w, https:\/\/www.bbk-sachsenanhalt.de\/wp-content\/uploads\/2024\/02\/screenshot_werkdatenbank-300x180.png 300w, https:\/\/www.bbk-sachsenanhalt.de\/wp-content\/uploads\/2024\/02\/screenshot_werkdatenbank-1024x614.png 1024w, https:\/\/www.bbk-sachsenanhalt.de\/wp-content\/uploads\/2024\/02\/screenshot_werkdatenbank-768x460.png 768w, https:\/\/www.bbk-sachsenanhalt.de\/wp-content\/uploads\/2024\/02\/screenshot_werkdatenbank-740x444.png 740w, https:\/\/www.bbk-sachsenanhalt.de\/wp-content\/uploads\/2024\/02\/screenshot_werkdatenbank-400x240.png 400w, https:\/\/www.bbk-sachsenanhalt.de\/wp-content\/uploads\/2024\/02\/screenshot_werkdatenbank-817x490.png 817w, https:\/\/www.bbk-sachsenanhalt.de\/wp-content\/uploads\/2024\/02\/screenshot_werkdatenbank.png 1301w\" sizes=\"auto, (max-width: 550px) 100vw, 550px\" \/>            <\/a>\n            <figcaption class=\"wp-element-caption\">\n              Screenshot Werkdatenbank Bildende Kunst Sachsen-Anhalt, 2024            <\/figcaption>\n          <\/figure>\n              <\/div>\n\n      <div class=\"grid-column-right\">\n                  <div class=\"cmbbk-primary-category\"><a href=\"https:\/\/www.bbk-sachsenanhalt.de\/en\/category\/projects\/works-database\/\">Works database<\/a><\/div>          <h3 class=\"is-style-teaser\">\n            <a href=\"https:\/\/www.bbk-sachsenanhalt.de\/en\/new-design-and-new-filter-functions-for-the-2021-works-database\/\">New design and new filter functions for the 2021 works database<\/a>\n          <\/h3>\n                <p>\n          The design of the Saxony-Anhalt Visual Arts Database was revised in 2021 and was created by Pepe J\u00fcrgens in collaboration with Daniel Burckhardt. The &#8220;BBK POP (Professional Online Presence)&#8221; project was funded by the &#8220;KULTUR.GEMEINSCHAFTEN&#8221; program of the Kulturstiftung der L\u00e4nder as part of NEUSTART KULTUR.        <\/p>\n        <div class=\"wp-block-buttons is-layout-flex wp-block-buttons-is-layout-flex\">\n          <div class=\"wp-block-button is-style-more-button\">\n            <a class=\"wp-block-button__link wp-element-button\" href=\"https:\/\/www.bbk-sachsenanhalt.de\/en\/new-design-and-new-filter-functions-for-the-2021-works-database\/\">\n              read more            <\/a>\n          <\/div>\n        <\/div>\n\n      <\/div>\n    <\/div>\n          <!-- wp:separator -->\n      <hr class=\"wp-block-separator has-alpha-channel-opacity\" \/>\n      <!-- \/wp:separator -->\n      \n    <div class=\"grid-container post-item\">\n      <div class=\"grid-column-left\">\n                  <figure class=\"wp-block-image\">\n            <a href=\"https:\/\/www.bbk-sachsenanhalt.de\/en\/publications-september-2021\/\">\n              <img loading=\"lazy\" decoding=\"async\" width=\"550\" height=\"748\" src=\"https:\/\/www.bbk-sachsenanhalt.de\/wp-content\/uploads\/2024\/02\/butter_5165-550x748.jpg\" class=\"no-lightbox\" alt=\"Benno Butter:\" data-mwl-img-ignore=\"true\" srcset=\"https:\/\/www.bbk-sachsenanhalt.de\/wp-content\/uploads\/2024\/02\/butter_5165-550x748.jpg 550w, https:\/\/www.bbk-sachsenanhalt.de\/wp-content\/uploads\/2024\/02\/butter_5165-221x300.jpg 221w, https:\/\/www.bbk-sachsenanhalt.de\/wp-content\/uploads\/2024\/02\/butter_5165-740x1006.jpg 740w, https:\/\/www.bbk-sachsenanhalt.de\/wp-content\/uploads\/2024\/02\/butter_5165-400x544.jpg 400w, https:\/\/www.bbk-sachsenanhalt.de\/wp-content\/uploads\/2024\/02\/butter_5165-360x490.jpg 360w, https:\/\/www.bbk-sachsenanhalt.de\/wp-content\/uploads\/2024\/02\/butter_5165.jpg 753w\" sizes=\"auto, (max-width: 550px) 100vw, 550px\" \/>            <\/a>\n            <figcaption class=\"wp-element-caption\">\n              Benno Butter: New York, um 1957 (Foto: Andreas Butter)            <\/figcaption>\n          <\/figure>\n              <\/div>\n\n      <div class=\"grid-column-right\">\n                  <div class=\"cmbbk-primary-category\"><a href=\"https:\/\/www.bbk-sachsenanhalt.de\/en\/category\/projects\/works-database\/\">Works database<\/a><\/div>          <h3 class=\"is-style-teaser\">\n            <a href=\"https:\/\/www.bbk-sachsenanhalt.de\/en\/publications-september-2021\/\">Publications September 2021<\/a>\n          <\/h3>\n                <p>\n          In September 2021, the multi-year pilot project Werk-Datenbank Bildende Kunst Sachsen-Anhalt came to a successful conclusion with the publication of 3 further directories:        <\/p>\n        <div class=\"wp-block-buttons is-layout-flex wp-block-buttons-is-layout-flex\">\n          <div class=\"wp-block-button is-style-more-button\">\n            <a class=\"wp-block-button__link wp-element-button\" href=\"https:\/\/www.bbk-sachsenanhalt.de\/en\/publications-september-2021\/\">\n              read more            <\/a>\n          <\/div>\n        <\/div>\n\n      <\/div>\n    <\/div>\n          <!-- wp:separator -->\n      <hr class=\"wp-block-separator has-alpha-channel-opacity\" \/>\n      <!-- \/wp:separator -->\n      \n    <div class=\"grid-container post-item\">\n      <div class=\"grid-column-left\">\n                  <figure class=\"wp-block-image\">\n            <a href=\"https:\/\/www.bbk-sachsenanhalt.de\/en\/publications-2020\/\">\n              <img loading=\"lazy\" decoding=\"async\" width=\"550\" height=\"343\" src=\"https:\/\/www.bbk-sachsenanhalt.de\/wp-content\/uploads\/2024\/02\/doering_4329-550x343.jpg\" class=\"no-lightbox\" alt=\"Harald D\u00f6ring: Krebs, 1978\" data-mwl-img-ignore=\"true\" srcset=\"https:\/\/www.bbk-sachsenanhalt.de\/wp-content\/uploads\/2024\/02\/doering_4329-550x343.jpg 550w, https:\/\/www.bbk-sachsenanhalt.de\/wp-content\/uploads\/2024\/02\/doering_4329-300x187.jpg 300w, https:\/\/www.bbk-sachsenanhalt.de\/wp-content\/uploads\/2024\/02\/doering_4329-768x479.jpg 768w, https:\/\/www.bbk-sachsenanhalt.de\/wp-content\/uploads\/2024\/02\/doering_4329-740x461.jpg 740w, https:\/\/www.bbk-sachsenanhalt.de\/wp-content\/uploads\/2024\/02\/doering_4329-400x249.jpg 400w, https:\/\/www.bbk-sachsenanhalt.de\/wp-content\/uploads\/2024\/02\/doering_4329-786x490.jpg 786w, https:\/\/www.bbk-sachsenanhalt.de\/wp-content\/uploads\/2024\/02\/doering_4329.jpg 1024w\" sizes=\"auto, (max-width: 550px) 100vw, 550px\" \/>            <\/a>\n            <figcaption class=\"wp-element-caption\">\n              Harald D\u00f6ring: Krebs, 1978            <\/figcaption>\n          <\/figure>\n              <\/div>\n\n      <div class=\"grid-column-right\">\n                  <div class=\"cmbbk-primary-category\"><a href=\"https:\/\/www.bbk-sachsenanhalt.de\/en\/category\/projects\/works-database\/\">Works database<\/a><\/div>          <h3 class=\"is-style-teaser\">\n            <a href=\"https:\/\/www.bbk-sachsenanhalt.de\/en\/publications-2020\/\">Publications 2020<\/a>\n          <\/h3>\n                <p>\n          From spring 2019, directories were included via an open tender by the BBK Saxony-Anhalt. In July 2019, a five-member expert jury consisting of representatives of the Kunststiftung Sachsen-Anhalt, the Kunstmuseum Magdeburg, the Feininger-Galerie Quedlinburg and independent art scholars selected 11 bequests or estates of visual artists from 21 submitted applications for inclusion in the &#8220;Werk-Datenbank [&hellip;]        <\/p>\n        <div class=\"wp-block-buttons is-layout-flex wp-block-buttons-is-layout-flex\">\n          <div class=\"wp-block-button is-style-more-button\">\n            <a class=\"wp-block-button__link wp-element-button\" href=\"https:\/\/www.bbk-sachsenanhalt.de\/en\/publications-2020\/\">\n              read more            <\/a>\n          <\/div>\n        <\/div>\n\n      <\/div>\n    <\/div>\n          <!-- wp:separator -->\n      <hr class=\"wp-block-separator has-alpha-channel-opacity\" \/>\n      <!-- \/wp:separator -->\n      \n    <div class=\"grid-container post-item\">\n      <div class=\"grid-column-left\">\n                  <figure class=\"wp-block-image\">\n            <a href=\"https:\/\/www.bbk-sachsenanhalt.de\/en\/publications-2018\/\">\n              <img loading=\"lazy\" decoding=\"async\" width=\"550\" height=\"578\" src=\"https:\/\/www.bbk-sachsenanhalt.de\/wp-content\/uploads\/2024\/02\/mahn_eva_3674-550x578.png\" class=\"no-lightbox\" alt=\"Eva Mahn: O.T. (aus der Serie &quot;T\u00f6pferkleider&quot;), 1982\" data-mwl-img-ignore=\"true\" srcset=\"https:\/\/www.bbk-sachsenanhalt.de\/wp-content\/uploads\/2024\/02\/mahn_eva_3674-550x578.png 550w, https:\/\/www.bbk-sachsenanhalt.de\/wp-content\/uploads\/2024\/02\/mahn_eva_3674-286x300.png 286w, https:\/\/www.bbk-sachsenanhalt.de\/wp-content\/uploads\/2024\/02\/mahn_eva_3674-400x420.png 400w, https:\/\/www.bbk-sachsenanhalt.de\/wp-content\/uploads\/2024\/02\/mahn_eva_3674-467x490.png 467w, https:\/\/www.bbk-sachsenanhalt.de\/wp-content\/uploads\/2024\/02\/mahn_eva_3674.png 678w\" sizes=\"auto, (max-width: 550px) 100vw, 550px\" \/>            <\/a>\n            <figcaption class=\"wp-element-caption\">\n              Eva Mahn: &#8220;O.T.&#8221; (aus der Serie &#8220;T\u00f6pferkleider&#8221;), 1982            <\/figcaption>\n          <\/figure>\n              <\/div>\n\n      <div class=\"grid-column-right\">\n                  <div class=\"cmbbk-primary-category\"><a href=\"https:\/\/www.bbk-sachsenanhalt.de\/en\/category\/projects\/works-database\/\">Works database<\/a><\/div>          <h3 class=\"is-style-teaser\">\n            <a href=\"https:\/\/www.bbk-sachsenanhalt.de\/en\/publications-2018\/\">Publications 2018<\/a>\n          <\/h3>\n                <p>\n          The first three directories of the work database were selected for publication by the board of the BBK Saxony-Anhalt in consultation with the BBK Saxony-Anhalt working group on artists&#8217; estates. These were released in November 2018 by State Secretary for Culture Dr. Gunnar Schellenberger during a press conference at the State Chancellery and Ministry of [&hellip;]        <\/p>\n        <div class=\"wp-block-buttons is-layout-flex wp-block-buttons-is-layout-flex\">\n          <div class=\"wp-block-button is-style-more-button\">\n            <a class=\"wp-block-button__link wp-element-button\" href=\"https:\/\/www.bbk-sachsenanhalt.de\/en\/publications-2018\/\">\n              read more            <\/a>\n          <\/div>\n        <\/div>\n\n      <\/div>\n    <\/div>\n          <!-- wp:separator -->\n      <hr class=\"wp-block-separator has-alpha-channel-opacity\" \/>\n      <!-- \/wp:separator -->\n      \n    <div class=\"grid-container post-item\">\n      <div class=\"grid-column-left\">\n              <\/div>\n\n      <div class=\"grid-column-right\">\n                  <div class=\"cmbbk-primary-category\"><a href=\"https:\/\/www.bbk-sachsenanhalt.de\/en\/category\/projects\/works-database\/\">Works database<\/a><\/div>          <h3 class=\"is-style-teaser\">\n            <a href=\"https:\/\/www.bbk-sachsenanhalt.de\/en\/pilot-project-plant-database-2018-to-2021\/\">Pilot project plant database 2018 to 2021<\/a>\n          <\/h3>\n                <p>\n          In the pilot phase of the project from 2018 to 2021, selected directories were entered into the works database, covering a range of artistic genres, generations and regional distribution within Saxony-Anhalt. The pilot phase was financed by the Investitionsbank Sachsen-Anhalt as part of the &#8220;Digital Heritage&#8221; program. The first three directories were compiled by project [&hellip;]        <\/p>\n        <div class=\"wp-block-buttons is-layout-flex wp-block-buttons-is-layout-flex\">\n          <div class=\"wp-block-button is-style-more-button\">\n            <a class=\"wp-block-button__link wp-element-button\" href=\"https:\/\/www.bbk-sachsenanhalt.de\/en\/pilot-project-plant-database-2018-to-2021\/\">\n              read more            <\/a>\n          <\/div>\n        <\/div>\n\n      <\/div>\n    <\/div>\n          <!-- wp:separator -->\n      <hr class=\"wp-block-separator has-alpha-channel-opacity\" \/>\n      <!-- \/wp:separator -->\n      \n    <div class=\"grid-container post-item\">\n      <div class=\"grid-column-left\">\n                  <figure class=\"wp-block-image\">\n            <a href=\"https:\/\/www.bbk-sachsenanhalt.de\/en\/katharina-stark\/\">\n              <img loading=\"lazy\" decoding=\"async\" width=\"550\" height=\"550\" src=\"https:\/\/www.bbk-sachsenanhalt.de\/wp-content\/uploads\/2024\/02\/Instagram_0224-1-550x550.jpg\" class=\"no-lightbox\" alt=\"\" data-mwl-img-ignore=\"true\" srcset=\"https:\/\/www.bbk-sachsenanhalt.de\/wp-content\/uploads\/2024\/02\/Instagram_0224-1-550x550.jpg 550w, https:\/\/www.bbk-sachsenanhalt.de\/wp-content\/uploads\/2024\/02\/Instagram_0224-1-300x300.jpg 300w, https:\/\/www.bbk-sachsenanhalt.de\/wp-content\/uploads\/2024\/02\/Instagram_0224-1-1024x1024.jpg 1024w, https:\/\/www.bbk-sachsenanhalt.de\/wp-content\/uploads\/2024\/02\/Instagram_0224-1-150x150.jpg 150w, https:\/\/www.bbk-sachsenanhalt.de\/wp-content\/uploads\/2024\/02\/Instagram_0224-1-768x768.jpg 768w, https:\/\/www.bbk-sachsenanhalt.de\/wp-content\/uploads\/2024\/02\/Instagram_0224-1-1536x1536.jpg 1536w, https:\/\/www.bbk-sachsenanhalt.de\/wp-content\/uploads\/2024\/02\/Instagram_0224-1-740x740.jpg 740w, https:\/\/www.bbk-sachsenanhalt.de\/wp-content\/uploads\/2024\/02\/Instagram_0224-1-400x400.jpg 400w, https:\/\/www.bbk-sachsenanhalt.de\/wp-content\/uploads\/2024\/02\/Instagram_0224-1-490x490.jpg 490w, https:\/\/www.bbk-sachsenanhalt.de\/wp-content\/uploads\/2024\/02\/Instagram_0224-1.jpg 1733w\" sizes=\"auto, (max-width: 550px) 100vw, 550px\" \/>            <\/a>\n            <figcaption class=\"wp-element-caption\">\n              \u00a9             <\/figcaption>\n          <\/figure>\n              <\/div>\n\n      <div class=\"grid-column-right\">\n                  <div class=\"cmbbk-primary-category\"><a href=\"https:\/\/www.bbk-sachsenanhalt.de\/en\/category\/news\/dates\/bbk-events\/\">BBK events &#8211; from 01.02.2024 to 29.02.2024<\/a><\/div>          <h3 class=\"is-style-teaser\">\n            <a href=\"https:\/\/www.bbk-sachsenanhalt.de\/en\/katharina-stark\/\">Katharina Stark<\/a>\n          <\/h3>\n                <p>\n          The &#8220;Sunset&#8221; group of works tells of the loss of lightness, of contaminated paradises and unsuccessful displacement. Destruction is immanent in the newly created &#8211; decay permeates the material. Kitschy elements are reminiscent of untroubled dreams of times gone by.          <\/p>\n        <div class=\"wp-block-buttons is-layout-flex wp-block-buttons-is-layout-flex\">\n          <div class=\"wp-block-button is-style-more-button\">\n            <a class=\"wp-block-button__link wp-element-button\" href=\"https:\/\/www.bbk-sachsenanhalt.de\/en\/katharina-stark\/\">\n              read more            <\/a>\n          <\/div>\n        <\/div>\n\n      <\/div>\n    <\/div>\n          <!-- wp:separator -->\n      <hr class=\"wp-block-separator has-alpha-channel-opacity\" \/>\n      <!-- \/wp:separator -->\n      \n    <div class=\"grid-container post-item\">\n      <div class=\"grid-column-left\">\n                  <figure class=\"wp-block-image\">\n            <a href=\"https:\/\/www.bbk-sachsenanhalt.de\/en\/benjamin-kerwien\/\">\n              <img loading=\"lazy\" decoding=\"async\" width=\"550\" height=\"478\" src=\"https:\/\/www.bbk-sachsenanhalt.de\/wp-content\/uploads\/2024\/02\/BenjaminKerwien02_24-550x478.png\" class=\"no-lightbox\" alt=\"\" data-mwl-img-ignore=\"true\" srcset=\"https:\/\/www.bbk-sachsenanhalt.de\/wp-content\/uploads\/2024\/02\/BenjaminKerwien02_24-550x478.png 550w, https:\/\/www.bbk-sachsenanhalt.de\/wp-content\/uploads\/2024\/02\/BenjaminKerwien02_24-300x261.png 300w, https:\/\/www.bbk-sachsenanhalt.de\/wp-content\/uploads\/2024\/02\/BenjaminKerwien02_24-400x348.png 400w, https:\/\/www.bbk-sachsenanhalt.de\/wp-content\/uploads\/2024\/02\/BenjaminKerwien02_24-564x490.png 564w, https:\/\/www.bbk-sachsenanhalt.de\/wp-content\/uploads\/2024\/02\/BenjaminKerwien02_24.png 705w\" sizes=\"auto, (max-width: 550px) 100vw, 550px\" \/>            <\/a>\n            <figcaption class=\"wp-element-caption\">\n                          <\/figcaption>\n          <\/figure>\n              <\/div>\n\n      <div class=\"grid-column-right\">\n                  <div class=\"cmbbk-primary-category\"><a href=\"https:\/\/www.bbk-sachsenanhalt.de\/en\/category\/news\/dates\/bbk-events\/\">BBK events &#8211; from 01.01.2024 to 29.02.2024<\/a><\/div>          <h3 class=\"is-style-teaser\">\n            <a href=\"https:\/\/www.bbk-sachsenanhalt.de\/en\/benjamin-kerwien\/\">Benjamin Kerwien<\/a>\n          <\/h3>\n                <p>\n          Works by Benjamin Kerwien can be seen at the BBKarium Dessau until February 29. He is showing new works: Insect portraits with slightly iconographic features on copper, gold leaf and cardboard, oriented towards reality and without spatial reference. When greatly enlarged, the insects become impressive works of art thanks to the power of color and [&hellip;]        <\/p>\n        <div class=\"wp-block-buttons is-layout-flex wp-block-buttons-is-layout-flex\">\n          <div class=\"wp-block-button is-style-more-button\">\n            <a class=\"wp-block-button__link wp-element-button\" href=\"https:\/\/www.bbk-sachsenanhalt.de\/en\/benjamin-kerwien\/\">\n              read more            <\/a>\n          <\/div>\n        <\/div>\n\n      <\/div>\n    <\/div>\n          <!-- wp:separator -->\n      <hr class=\"wp-block-separator has-alpha-channel-opacity\" \/>\n      <!-- \/wp:separator -->\n      \n    <div class=\"grid-container post-item\">\n      <div class=\"grid-column-left\">\n                  <figure class=\"wp-block-image\">\n            <a href=\"https:\/\/www.bbk-sachsenanhalt.de\/en\/katharina-guenther\/\">\n              <img loading=\"lazy\" decoding=\"async\" width=\"550\" height=\"550\" src=\"https:\/\/www.bbk-sachsenanhalt.de\/wp-content\/uploads\/2024\/01\/Instagram_0124-550x550.jpg\" class=\"no-lightbox\" alt=\"\" data-mwl-img-ignore=\"true\" srcset=\"https:\/\/www.bbk-sachsenanhalt.de\/wp-content\/uploads\/2024\/01\/Instagram_0124-550x550.jpg 550w, https:\/\/www.bbk-sachsenanhalt.de\/wp-content\/uploads\/2024\/01\/Instagram_0124-300x300.jpg 300w, https:\/\/www.bbk-sachsenanhalt.de\/wp-content\/uploads\/2024\/01\/Instagram_0124-1024x1024.jpg 1024w, https:\/\/www.bbk-sachsenanhalt.de\/wp-content\/uploads\/2024\/01\/Instagram_0124-150x150.jpg 150w, https:\/\/www.bbk-sachsenanhalt.de\/wp-content\/uploads\/2024\/01\/Instagram_0124-768x768.jpg 768w, https:\/\/www.bbk-sachsenanhalt.de\/wp-content\/uploads\/2024\/01\/Instagram_0124-1536x1536.jpg 1536w, https:\/\/www.bbk-sachsenanhalt.de\/wp-content\/uploads\/2024\/01\/Instagram_0124-740x740.jpg 740w, https:\/\/www.bbk-sachsenanhalt.de\/wp-content\/uploads\/2024\/01\/Instagram_0124-400x400.jpg 400w, https:\/\/www.bbk-sachsenanhalt.de\/wp-content\/uploads\/2024\/01\/Instagram_0124-490x490.jpg 490w, https:\/\/www.bbk-sachsenanhalt.de\/wp-content\/uploads\/2024\/01\/Instagram_0124.jpg 1733w\" sizes=\"auto, (max-width: 550px) 100vw, 550px\" \/>            <\/a>\n            <figcaption class=\"wp-element-caption\">\n              \u00a9 Thomas Kober            <\/figcaption>\n          <\/figure>\n              <\/div>\n\n      <div class=\"grid-column-right\">\n                  <div class=\"cmbbk-primary-category\"><a href=\"https:\/\/www.bbk-sachsenanhalt.de\/en\/category\/news\/dates\/bbk-events\/\">BBK events &#8211; from 01.01.2024 to 31.01.2024<\/a><\/div>          <h3 class=\"is-style-teaser\">\n            <a href=\"https:\/\/www.bbk-sachsenanhalt.de\/en\/katharina-guenther\/\">Katharina G\u00fcnther<\/a>\n          <\/h3>\n                <p>\n          For me as a sculptor, the body\/body as an emotional, physical and metaphysical space of experience is a central theme. How do we experience our body? Our skin provides us with protection, demarcation and at the same time an exchange with our surroundings. We are touchable and vulnerable. I work with wax. The material has [&hellip;]        <\/p>\n        <div class=\"wp-block-buttons is-layout-flex wp-block-buttons-is-layout-flex\">\n          <div class=\"wp-block-button is-style-more-button\">\n            <a class=\"wp-block-button__link wp-element-button\" href=\"https:\/\/www.bbk-sachsenanhalt.de\/en\/katharina-guenther\/\">\n              read more            <\/a>\n          <\/div>\n        <\/div>\n\n      <\/div>\n    <\/div>\n          <!-- wp:separator -->\n      <hr class=\"wp-block-separator has-alpha-channel-opacity\" \/>\n      <!-- \/wp:separator -->\n      \n    <div class=\"grid-container post-item\">\n      <div class=\"grid-column-left\">\n                  <figure class=\"wp-block-image\">\n            <a href=\"https:\/\/www.bbk-sachsenanhalt.de\/en\/ingrid-mueller-kuberski\/\">\n              <img loading=\"lazy\" decoding=\"async\" width=\"550\" height=\"550\" src=\"https:\/\/www.bbk-sachsenanhalt.de\/wp-content\/uploads\/2024\/02\/Instagram_dez_23-550x550.jpg\" class=\"no-lightbox\" alt=\"\" data-mwl-img-ignore=\"true\" srcset=\"https:\/\/www.bbk-sachsenanhalt.de\/wp-content\/uploads\/2024\/02\/Instagram_dez_23-550x550.jpg 550w, https:\/\/www.bbk-sachsenanhalt.de\/wp-content\/uploads\/2024\/02\/Instagram_dez_23-300x300.jpg 300w, https:\/\/www.bbk-sachsenanhalt.de\/wp-content\/uploads\/2024\/02\/Instagram_dez_23-1024x1024.jpg 1024w, https:\/\/www.bbk-sachsenanhalt.de\/wp-content\/uploads\/2024\/02\/Instagram_dez_23-150x150.jpg 150w, https:\/\/www.bbk-sachsenanhalt.de\/wp-content\/uploads\/2024\/02\/Instagram_dez_23-768x768.jpg 768w, https:\/\/www.bbk-sachsenanhalt.de\/wp-content\/uploads\/2024\/02\/Instagram_dez_23-1536x1536.jpg 1536w, https:\/\/www.bbk-sachsenanhalt.de\/wp-content\/uploads\/2024\/02\/Instagram_dez_23-740x740.jpg 740w, https:\/\/www.bbk-sachsenanhalt.de\/wp-content\/uploads\/2024\/02\/Instagram_dez_23-400x400.jpg 400w, https:\/\/www.bbk-sachsenanhalt.de\/wp-content\/uploads\/2024\/02\/Instagram_dez_23-490x490.jpg 490w, https:\/\/www.bbk-sachsenanhalt.de\/wp-content\/uploads\/2024\/02\/Instagram_dez_23.jpg 1733w\" sizes=\"auto, (max-width: 550px) 100vw, 550px\" \/>            <\/a>\n            <figcaption class=\"wp-element-caption\">\n              \u00a9 Thomas Kober            <\/figcaption>\n          <\/figure>\n              <\/div>\n\n      <div class=\"grid-column-right\">\n                  <div class=\"cmbbk-primary-category\"><a href=\"https:\/\/www.bbk-sachsenanhalt.de\/en\/category\/news\/dates\/bbk-events\/\">BBK events<\/a><\/div>          <h3 class=\"is-style-teaser\">\n            <a href=\"https:\/\/www.bbk-sachsenanhalt.de\/en\/ingrid-mueller-kuberski\/\">Ingrid M\u00fcller-Kuberski<\/a>\n          <\/h3>\n                <p>\n          Coming from textiles, I have tried out many different materials and techniques over the years. At the moment there are often photographs at the beginning of a work, which &#8211; processed on the computer and printed on aluminum dibond &#8211; in the end bear no resemblance to the original motif, especially in terms of content. [&hellip;]        <\/p>\n        <div class=\"wp-block-buttons is-layout-flex wp-block-buttons-is-layout-flex\">\n          <div class=\"wp-block-button is-style-more-button\">\n            <a class=\"wp-block-button__link wp-element-button\" href=\"https:\/\/www.bbk-sachsenanhalt.de\/en\/ingrid-mueller-kuberski\/\">\n              read more            <\/a>\n          <\/div>\n        <\/div>\n\n      <\/div>\n    <\/div>\n          <!-- wp:separator -->\n      <hr class=\"wp-block-separator has-alpha-channel-opacity\" \/>\n      <!-- \/wp:separator -->\n      \n    <div class=\"grid-container post-item\">\n      <div class=\"grid-column-left\">\n                  <figure class=\"wp-block-image\">\n            <a href=\"https:\/\/www.bbk-sachsenanhalt.de\/en\/diana-hoeding\/\">\n              <img loading=\"lazy\" decoding=\"async\" width=\"550\" height=\"550\" src=\"https:\/\/www.bbk-sachsenanhalt.de\/wp-content\/uploads\/2024\/02\/Instagram_1123-550x550.jpg\" class=\"no-lightbox\" alt=\"\" data-mwl-img-ignore=\"true\" srcset=\"https:\/\/www.bbk-sachsenanhalt.de\/wp-content\/uploads\/2024\/02\/Instagram_1123-550x550.jpg 550w, https:\/\/www.bbk-sachsenanhalt.de\/wp-content\/uploads\/2024\/02\/Instagram_1123-300x300.jpg 300w, https:\/\/www.bbk-sachsenanhalt.de\/wp-content\/uploads\/2024\/02\/Instagram_1123-1024x1024.jpg 1024w, https:\/\/www.bbk-sachsenanhalt.de\/wp-content\/uploads\/2024\/02\/Instagram_1123-150x150.jpg 150w, https:\/\/www.bbk-sachsenanhalt.de\/wp-content\/uploads\/2024\/02\/Instagram_1123-768x768.jpg 768w, https:\/\/www.bbk-sachsenanhalt.de\/wp-content\/uploads\/2024\/02\/Instagram_1123-1536x1536.jpg 1536w, https:\/\/www.bbk-sachsenanhalt.de\/wp-content\/uploads\/2024\/02\/Instagram_1123-740x740.jpg 740w, https:\/\/www.bbk-sachsenanhalt.de\/wp-content\/uploads\/2024\/02\/Instagram_1123-400x400.jpg 400w, https:\/\/www.bbk-sachsenanhalt.de\/wp-content\/uploads\/2024\/02\/Instagram_1123-490x490.jpg 490w, https:\/\/www.bbk-sachsenanhalt.de\/wp-content\/uploads\/2024\/02\/Instagram_1123.jpg 1733w\" sizes=\"auto, (max-width: 550px) 100vw, 550px\" \/>            <\/a>\n            <figcaption class=\"wp-element-caption\">\n              \u00a9 Thomas Kober            <\/figcaption>\n          <\/figure>\n              <\/div>\n\n      <div class=\"grid-column-right\">\n                  <div class=\"cmbbk-primary-category\"><a href=\"https:\/\/www.bbk-sachsenanhalt.de\/en\/category\/news\/dates\/bbk-events\/\">BBK events<\/a><\/div>          <h3 class=\"is-style-teaser\">\n            <a href=\"https:\/\/www.bbk-sachsenanhalt.de\/en\/diana-hoeding\/\">Diana H\u00f6ding<\/a>\n          <\/h3>\n                <p>\n          The main theme and artistic approach of my work is the ambivalence of life in the field of tension of our contradictory world. In my works of painting and object art, I try to capture today&#8217;s complex, fast-moving world of unmanageable scraps of information. Mixed media techniques come very close to this perception. They combine [&hellip;]        <\/p>\n        <div class=\"wp-block-buttons is-layout-flex wp-block-buttons-is-layout-flex\">\n          <div class=\"wp-block-button is-style-more-button\">\n            <a class=\"wp-block-button__link wp-element-button\" href=\"https:\/\/www.bbk-sachsenanhalt.de\/en\/diana-hoeding\/\">\n              read more            <\/a>\n          <\/div>\n        <\/div>\n\n      <\/div>\n    <\/div>\n          <!-- wp:separator -->\n      <hr class=\"wp-block-separator has-alpha-channel-opacity\" \/>\n      <!-- \/wp:separator -->\n      \n    <div class=\"grid-container post-item\">\n      <div class=\"grid-column-left\">\n                  <figure class=\"wp-block-image\">\n            <a href=\"https:\/\/www.bbk-sachsenanhalt.de\/en\/grit-berkner\/\">\n              <img loading=\"lazy\" decoding=\"async\" width=\"550\" height=\"550\" src=\"https:\/\/www.bbk-sachsenanhalt.de\/wp-content\/uploads\/2024\/02\/Instagram_1023-550x550.jpg\" class=\"no-lightbox\" alt=\"\" data-mwl-img-ignore=\"true\" srcset=\"https:\/\/www.bbk-sachsenanhalt.de\/wp-content\/uploads\/2024\/02\/Instagram_1023-550x550.jpg 550w, https:\/\/www.bbk-sachsenanhalt.de\/wp-content\/uploads\/2024\/02\/Instagram_1023-300x300.jpg 300w, https:\/\/www.bbk-sachsenanhalt.de\/wp-content\/uploads\/2024\/02\/Instagram_1023-1024x1024.jpg 1024w, https:\/\/www.bbk-sachsenanhalt.de\/wp-content\/uploads\/2024\/02\/Instagram_1023-150x150.jpg 150w, https:\/\/www.bbk-sachsenanhalt.de\/wp-content\/uploads\/2024\/02\/Instagram_1023-768x768.jpg 768w, https:\/\/www.bbk-sachsenanhalt.de\/wp-content\/uploads\/2024\/02\/Instagram_1023-1536x1536.jpg 1536w, https:\/\/www.bbk-sachsenanhalt.de\/wp-content\/uploads\/2024\/02\/Instagram_1023-740x740.jpg 740w, https:\/\/www.bbk-sachsenanhalt.de\/wp-content\/uploads\/2024\/02\/Instagram_1023-400x400.jpg 400w, https:\/\/www.bbk-sachsenanhalt.de\/wp-content\/uploads\/2024\/02\/Instagram_1023-490x490.jpg 490w, https:\/\/www.bbk-sachsenanhalt.de\/wp-content\/uploads\/2024\/02\/Instagram_1023.jpg 1733w\" sizes=\"auto, (max-width: 550px) 100vw, 550px\" \/>            <\/a>\n            <figcaption class=\"wp-element-caption\">\n              \u00a9 Thomas Kober            <\/figcaption>\n          <\/figure>\n              <\/div>\n\n      <div class=\"grid-column-right\">\n                  <div class=\"cmbbk-primary-category\"><a href=\"https:\/\/www.bbk-sachsenanhalt.de\/en\/category\/news\/dates\/bbk-events\/\">BBK events<\/a><\/div>          <h3 class=\"is-style-teaser\">\n            <a href=\"https:\/\/www.bbk-sachsenanhalt.de\/en\/grit-berkner\/\">Grit Berkner<\/a>\n          <\/h3>\n                <p>\n          People are at the center of my work. I am particularly interested in the portrait. The smaller details that can change a lot are particularly important to me, such as the tilt of the head, the alignment of the eyes or a certain incidence of light. However, the large form as a whole must not [&hellip;]        <\/p>\n        <div class=\"wp-block-buttons is-layout-flex wp-block-buttons-is-layout-flex\">\n          <div class=\"wp-block-button is-style-more-button\">\n            <a class=\"wp-block-button__link wp-element-button\" href=\"https:\/\/www.bbk-sachsenanhalt.de\/en\/grit-berkner\/\">\n              read more            <\/a>\n          <\/div>\n        <\/div>\n\n      <\/div>\n    <\/div>\n          <!-- wp:separator -->\n      <hr class=\"wp-block-separator has-alpha-channel-opacity\" \/>\n      <!-- \/wp:separator -->\n      \n    <div class=\"grid-container post-item\">\n      <div class=\"grid-column-left\">\n                  <figure class=\"wp-block-image\">\n            <a href=\"https:\/\/www.bbk-sachsenanhalt.de\/en\/alica-khaet\/\">\n              <img loading=\"lazy\" decoding=\"async\" width=\"550\" height=\"550\" src=\"https:\/\/www.bbk-sachsenanhalt.de\/wp-content\/uploads\/2024\/02\/Instagram_0923-550x550.jpg\" class=\"no-lightbox\" alt=\"\" data-mwl-img-ignore=\"true\" srcset=\"https:\/\/www.bbk-sachsenanhalt.de\/wp-content\/uploads\/2024\/02\/Instagram_0923-550x550.jpg 550w, https:\/\/www.bbk-sachsenanhalt.de\/wp-content\/uploads\/2024\/02\/Instagram_0923-300x300.jpg 300w, https:\/\/www.bbk-sachsenanhalt.de\/wp-content\/uploads\/2024\/02\/Instagram_0923-1024x1024.jpg 1024w, https:\/\/www.bbk-sachsenanhalt.de\/wp-content\/uploads\/2024\/02\/Instagram_0923-150x150.jpg 150w, https:\/\/www.bbk-sachsenanhalt.de\/wp-content\/uploads\/2024\/02\/Instagram_0923-768x768.jpg 768w, https:\/\/www.bbk-sachsenanhalt.de\/wp-content\/uploads\/2024\/02\/Instagram_0923-1536x1536.jpg 1536w, https:\/\/www.bbk-sachsenanhalt.de\/wp-content\/uploads\/2024\/02\/Instagram_0923-740x740.jpg 740w, https:\/\/www.bbk-sachsenanhalt.de\/wp-content\/uploads\/2024\/02\/Instagram_0923-400x400.jpg 400w, https:\/\/www.bbk-sachsenanhalt.de\/wp-content\/uploads\/2024\/02\/Instagram_0923-490x490.jpg 490w, https:\/\/www.bbk-sachsenanhalt.de\/wp-content\/uploads\/2024\/02\/Instagram_0923.jpg 1733w\" sizes=\"auto, (max-width: 550px) 100vw, 550px\" \/>            <\/a>\n            <figcaption class=\"wp-element-caption\">\n              \u00a9 Thomas Kober            <\/figcaption>\n          <\/figure>\n              <\/div>\n\n      <div class=\"grid-column-right\">\n                  <div class=\"cmbbk-primary-category\"><a href=\"https:\/\/www.bbk-sachsenanhalt.de\/en\/category\/news\/dates\/bbk-events\/\">BBK events<\/a><\/div>          <h3 class=\"is-style-teaser\">\n            <a href=\"https:\/\/www.bbk-sachsenanhalt.de\/en\/alica-khaet\/\">Alica Khaet<\/a>\n          <\/h3>\n                <p>\n          Alica Khaet is a painter, graphic artist, animator and performer of Russian-Israeli origin. Born in 1988 in Rostov-on-Don, Russia, USSR, she lived and studied in Moscow, Jerusalem and Prague. She came to Germany in 2009 and studied graphic design at Burg Giebichenstein in the class of Prof. Thomas Rug from 2011-18. She completed her degree [&hellip;]        <\/p>\n        <div class=\"wp-block-buttons is-layout-flex wp-block-buttons-is-layout-flex\">\n          <div class=\"wp-block-button is-style-more-button\">\n            <a class=\"wp-block-button__link wp-element-button\" href=\"https:\/\/www.bbk-sachsenanhalt.de\/en\/alica-khaet\/\">\n              read more            <\/a>\n          <\/div>\n        <\/div>\n\n      <\/div>\n    <\/div>\n          <!-- wp:separator -->\n      <hr class=\"wp-block-separator has-alpha-channel-opacity\" \/>\n      <!-- \/wp:separator -->\n      \n    <div class=\"grid-container post-item\">\n      <div class=\"grid-column-left\">\n                  <figure class=\"wp-block-image\">\n            <a href=\"https:\/\/www.bbk-sachsenanhalt.de\/en\/michal-fuchs\/\">\n              <img loading=\"lazy\" decoding=\"async\" width=\"550\" height=\"550\" src=\"https:\/\/www.bbk-sachsenanhalt.de\/wp-content\/uploads\/2024\/02\/Instagram_0823-550x550.jpg\" class=\"no-lightbox\" alt=\"\" data-mwl-img-ignore=\"true\" srcset=\"https:\/\/www.bbk-sachsenanhalt.de\/wp-content\/uploads\/2024\/02\/Instagram_0823-550x550.jpg 550w, https:\/\/www.bbk-sachsenanhalt.de\/wp-content\/uploads\/2024\/02\/Instagram_0823-300x300.jpg 300w, https:\/\/www.bbk-sachsenanhalt.de\/wp-content\/uploads\/2024\/02\/Instagram_0823-1024x1024.jpg 1024w, https:\/\/www.bbk-sachsenanhalt.de\/wp-content\/uploads\/2024\/02\/Instagram_0823-150x150.jpg 150w, https:\/\/www.bbk-sachsenanhalt.de\/wp-content\/uploads\/2024\/02\/Instagram_0823-768x768.jpg 768w, https:\/\/www.bbk-sachsenanhalt.de\/wp-content\/uploads\/2024\/02\/Instagram_0823-1536x1536.jpg 1536w, https:\/\/www.bbk-sachsenanhalt.de\/wp-content\/uploads\/2024\/02\/Instagram_0823-740x740.jpg 740w, https:\/\/www.bbk-sachsenanhalt.de\/wp-content\/uploads\/2024\/02\/Instagram_0823-400x400.jpg 400w, https:\/\/www.bbk-sachsenanhalt.de\/wp-content\/uploads\/2024\/02\/Instagram_0823-490x490.jpg 490w, https:\/\/www.bbk-sachsenanhalt.de\/wp-content\/uploads\/2024\/02\/Instagram_0823.jpg 1733w\" sizes=\"auto, (max-width: 550px) 100vw, 550px\" \/>            <\/a>\n            <figcaption class=\"wp-element-caption\">\n              \u00a9 Thomas Kober            <\/figcaption>\n          <\/figure>\n              <\/div>\n\n      <div class=\"grid-column-right\">\n                  <div class=\"cmbbk-primary-category\"><a href=\"https:\/\/www.bbk-sachsenanhalt.de\/en\/category\/news\/dates\/bbk-events\/\">BBK events<\/a><\/div>          <h3 class=\"is-style-teaser\">\n            <a href=\"https:\/\/www.bbk-sachsenanhalt.de\/en\/michal-fuchs\/\">Michal Fuchs<\/a>\n          <\/h3>\n                <p>\n          Shavuot is the Zionist-Jewish harvest festival. Both festivals have similar symbols and traditions, including the wheat and circle symbols. Pictures: Above: Harvest festival in Kaisitz, probably. 1929. Below: Shavuot, Alonim, Israel 1946. The pewter figures are part of a new series. Instead of world war soldiers, they depict people who are apparently working the land. [&hellip;]        <\/p>\n        <div class=\"wp-block-buttons is-layout-flex wp-block-buttons-is-layout-flex\">\n          <div class=\"wp-block-button is-style-more-button\">\n            <a class=\"wp-block-button__link wp-element-button\" href=\"https:\/\/www.bbk-sachsenanhalt.de\/en\/michal-fuchs\/\">\n              read more            <\/a>\n          <\/div>\n        <\/div>\n\n      <\/div>\n    <\/div>\n          <!-- wp:separator -->\n      <hr class=\"wp-block-separator has-alpha-channel-opacity\" \/>\n      <!-- \/wp:separator -->\n      \n    <div class=\"grid-container post-item\">\n      <div class=\"grid-column-left\">\n                  <figure class=\"wp-block-image\">\n            <a href=\"https:\/\/www.bbk-sachsenanhalt.de\/en\/jenny-rempel\/\">\n              <img loading=\"lazy\" decoding=\"async\" width=\"550\" height=\"550\" src=\"https:\/\/www.bbk-sachsenanhalt.de\/wp-content\/uploads\/2024\/02\/Instagram_0723-550x550.jpg\" class=\"no-lightbox\" alt=\"\" data-mwl-img-ignore=\"true\" srcset=\"https:\/\/www.bbk-sachsenanhalt.de\/wp-content\/uploads\/2024\/02\/Instagram_0723-550x550.jpg 550w, https:\/\/www.bbk-sachsenanhalt.de\/wp-content\/uploads\/2024\/02\/Instagram_0723-300x300.jpg 300w, https:\/\/www.bbk-sachsenanhalt.de\/wp-content\/uploads\/2024\/02\/Instagram_0723-1024x1024.jpg 1024w, https:\/\/www.bbk-sachsenanhalt.de\/wp-content\/uploads\/2024\/02\/Instagram_0723-150x150.jpg 150w, https:\/\/www.bbk-sachsenanhalt.de\/wp-content\/uploads\/2024\/02\/Instagram_0723-768x768.jpg 768w, https:\/\/www.bbk-sachsenanhalt.de\/wp-content\/uploads\/2024\/02\/Instagram_0723-1536x1536.jpg 1536w, https:\/\/www.bbk-sachsenanhalt.de\/wp-content\/uploads\/2024\/02\/Instagram_0723-740x740.jpg 740w, https:\/\/www.bbk-sachsenanhalt.de\/wp-content\/uploads\/2024\/02\/Instagram_0723-400x400.jpg 400w, https:\/\/www.bbk-sachsenanhalt.de\/wp-content\/uploads\/2024\/02\/Instagram_0723-490x490.jpg 490w, https:\/\/www.bbk-sachsenanhalt.de\/wp-content\/uploads\/2024\/02\/Instagram_0723.jpg 1733w\" sizes=\"auto, (max-width: 550px) 100vw, 550px\" \/>            <\/a>\n            <figcaption class=\"wp-element-caption\">\n              \u00a9 Thomas Kober            <\/figcaption>\n          <\/figure>\n              <\/div>\n\n      <div class=\"grid-column-right\">\n                  <div class=\"cmbbk-primary-category\"><a href=\"https:\/\/www.bbk-sachsenanhalt.de\/en\/category\/news\/dates\/bbk-events\/\">BBK events<\/a><\/div>          <h3 class=\"is-style-teaser\">\n            <a href=\"https:\/\/www.bbk-sachsenanhalt.de\/en\/jenny-rempel\/\">Jenny Rempel<\/a>\n          <\/h3>\n                <p>\n          The starting point of the work was the bride of the writer Novalis, Sophie von K\u00fchn. The young child bride and the drama of her early death had a decisive influence on Novalis&#8217; life and work. The unequal connection that Novalis entered into with her seemed to him like a reunion, a complete transformation of [&hellip;]        <\/p>\n        <div class=\"wp-block-buttons is-layout-flex wp-block-buttons-is-layout-flex\">\n          <div class=\"wp-block-button is-style-more-button\">\n            <a class=\"wp-block-button__link wp-element-button\" href=\"https:\/\/www.bbk-sachsenanhalt.de\/en\/jenny-rempel\/\">\n              read more            <\/a>\n          <\/div>\n        <\/div>\n\n      <\/div>\n    <\/div>\n          <!-- wp:separator -->\n      <hr class=\"wp-block-separator has-alpha-channel-opacity\" \/>\n      <!-- \/wp:separator -->\n      \n    <div class=\"grid-container post-item\">\n      <div class=\"grid-column-left\">\n                  <figure class=\"wp-block-image\">\n            <a href=\"https:\/\/www.bbk-sachsenanhalt.de\/en\/helga-borisch\/\">\n              <img loading=\"lazy\" decoding=\"async\" width=\"550\" height=\"550\" src=\"https:\/\/www.bbk-sachsenanhalt.de\/wp-content\/uploads\/2024\/02\/Instagram_juni23-550x550.jpg\" class=\"no-lightbox\" alt=\"\" data-mwl-img-ignore=\"true\" srcset=\"https:\/\/www.bbk-sachsenanhalt.de\/wp-content\/uploads\/2024\/02\/Instagram_juni23-550x550.jpg 550w, https:\/\/www.bbk-sachsenanhalt.de\/wp-content\/uploads\/2024\/02\/Instagram_juni23-300x300.jpg 300w, https:\/\/www.bbk-sachsenanhalt.de\/wp-content\/uploads\/2024\/02\/Instagram_juni23-1024x1024.jpg 1024w, https:\/\/www.bbk-sachsenanhalt.de\/wp-content\/uploads\/2024\/02\/Instagram_juni23-150x150.jpg 150w, https:\/\/www.bbk-sachsenanhalt.de\/wp-content\/uploads\/2024\/02\/Instagram_juni23-768x768.jpg 768w, https:\/\/www.bbk-sachsenanhalt.de\/wp-content\/uploads\/2024\/02\/Instagram_juni23-1536x1536.jpg 1536w, https:\/\/www.bbk-sachsenanhalt.de\/wp-content\/uploads\/2024\/02\/Instagram_juni23-740x740.jpg 740w, https:\/\/www.bbk-sachsenanhalt.de\/wp-content\/uploads\/2024\/02\/Instagram_juni23-400x400.jpg 400w, https:\/\/www.bbk-sachsenanhalt.de\/wp-content\/uploads\/2024\/02\/Instagram_juni23-490x490.jpg 490w, https:\/\/www.bbk-sachsenanhalt.de\/wp-content\/uploads\/2024\/02\/Instagram_juni23.jpg 1733w\" sizes=\"auto, (max-width: 550px) 100vw, 550px\" \/>            <\/a>\n            <figcaption class=\"wp-element-caption\">\n              \u00a9 Thomas Kober            <\/figcaption>\n          <\/figure>\n              <\/div>\n\n      <div class=\"grid-column-right\">\n                  <div class=\"cmbbk-primary-category\"><a href=\"https:\/\/www.bbk-sachsenanhalt.de\/en\/category\/news\/dates\/bbk-events\/\">BBK events<\/a><\/div>          <h3 class=\"is-style-teaser\">\n            <a href=\"https:\/\/www.bbk-sachsenanhalt.de\/en\/helga-borisch\/\">Helga Borisch<\/a>\n          <\/h3>\n                <p>\n          A not quite so funny &#8211; but real &#8211; &#8220;summer night&#8217;s dream&#8221;. The underlying watercolor is in the collection for &#8220;Humor and Satire&#8221; (Gabrovo \/ Bulgaria). Borisch&#8217;s drawings and watercolors are often created without a plan &#8211; intuitively with subliminal impressions of the day. This version of the picture was repeated in the large painting. [&hellip;]        <\/p>\n        <div class=\"wp-block-buttons is-layout-flex wp-block-buttons-is-layout-flex\">\n          <div class=\"wp-block-button is-style-more-button\">\n            <a class=\"wp-block-button__link wp-element-button\" href=\"https:\/\/www.bbk-sachsenanhalt.de\/en\/helga-borisch\/\">\n              read more            <\/a>\n          <\/div>\n        <\/div>\n\n      <\/div>\n    <\/div>\n          <!-- wp:separator -->\n      <hr class=\"wp-block-separator has-alpha-channel-opacity\" \/>\n      <!-- \/wp:separator -->\n      \n    <div class=\"grid-container post-item\">\n      <div class=\"grid-column-left\">\n                  <figure class=\"wp-block-image\">\n            <a href=\"https:\/\/www.bbk-sachsenanhalt.de\/en\/ina-jaenicke\/\">\n              <img loading=\"lazy\" decoding=\"async\" width=\"550\" height=\"550\" src=\"https:\/\/www.bbk-sachsenanhalt.de\/wp-content\/uploads\/2024\/02\/Instagram_Mai23-550x550.jpg\" class=\"no-lightbox\" alt=\"\" data-mwl-img-ignore=\"true\" srcset=\"https:\/\/www.bbk-sachsenanhalt.de\/wp-content\/uploads\/2024\/02\/Instagram_Mai23-550x550.jpg 550w, https:\/\/www.bbk-sachsenanhalt.de\/wp-content\/uploads\/2024\/02\/Instagram_Mai23-300x300.jpg 300w, https:\/\/www.bbk-sachsenanhalt.de\/wp-content\/uploads\/2024\/02\/Instagram_Mai23-1024x1024.jpg 1024w, https:\/\/www.bbk-sachsenanhalt.de\/wp-content\/uploads\/2024\/02\/Instagram_Mai23-150x150.jpg 150w, https:\/\/www.bbk-sachsenanhalt.de\/wp-content\/uploads\/2024\/02\/Instagram_Mai23-768x768.jpg 768w, https:\/\/www.bbk-sachsenanhalt.de\/wp-content\/uploads\/2024\/02\/Instagram_Mai23-1536x1536.jpg 1536w, https:\/\/www.bbk-sachsenanhalt.de\/wp-content\/uploads\/2024\/02\/Instagram_Mai23-740x740.jpg 740w, https:\/\/www.bbk-sachsenanhalt.de\/wp-content\/uploads\/2024\/02\/Instagram_Mai23-400x400.jpg 400w, https:\/\/www.bbk-sachsenanhalt.de\/wp-content\/uploads\/2024\/02\/Instagram_Mai23-490x490.jpg 490w, https:\/\/www.bbk-sachsenanhalt.de\/wp-content\/uploads\/2024\/02\/Instagram_Mai23.jpg 1733w\" sizes=\"auto, (max-width: 550px) 100vw, 550px\" \/>            <\/a>\n            <figcaption class=\"wp-element-caption\">\n              \u00a9 Thomas Kober\n            <\/figcaption>\n          <\/figure>\n              <\/div>\n\n      <div class=\"grid-column-right\">\n                  <div class=\"cmbbk-primary-category\"><a href=\"https:\/\/www.bbk-sachsenanhalt.de\/en\/category\/news\/dates\/bbk-events\/\">BBK events<\/a><\/div>          <h3 class=\"is-style-teaser\">\n            <a href=\"https:\/\/www.bbk-sachsenanhalt.de\/en\/ina-jaenicke\/\">Ina Jaenicke<\/a>\n          <\/h3>\n                <p>\n          &#8220;blue man &#8221; and &#8220;Valid\/a&#8221; were created in 2020 during the &#8220;Terra Arte&#8221; ceramics symposium at the Hundisburg technical brickworks (B\u00f6rde). The attraction for me was the challenge of working in large format with the red brick clay available there, as I usually work with porcelain in a small, medium format. Even in the large [&hellip;]        <\/p>\n        <div class=\"wp-block-buttons is-layout-flex wp-block-buttons-is-layout-flex\">\n          <div class=\"wp-block-button is-style-more-button\">\n            <a class=\"wp-block-button__link wp-element-button\" href=\"https:\/\/www.bbk-sachsenanhalt.de\/en\/ina-jaenicke\/\">\n              read more            <\/a>\n          <\/div>\n        <\/div>\n\n      <\/div>\n    <\/div>\n          <!-- wp:separator -->\n      <hr class=\"wp-block-separator has-alpha-channel-opacity\" \/>\n      <!-- \/wp:separator -->\n      \n    <div class=\"grid-container post-item\">\n      <div class=\"grid-column-left\">\n                  <figure class=\"wp-block-image\">\n            <a href=\"https:\/\/www.bbk-sachsenanhalt.de\/en\/zhana-veselinova-nedelcheva\/\">\n              <img loading=\"lazy\" decoding=\"async\" width=\"550\" height=\"550\" src=\"https:\/\/www.bbk-sachsenanhalt.de\/wp-content\/uploads\/2024\/02\/Instagram_april23-1-550x550.jpg\" class=\"no-lightbox\" alt=\"\" data-mwl-img-ignore=\"true\" srcset=\"https:\/\/www.bbk-sachsenanhalt.de\/wp-content\/uploads\/2024\/02\/Instagram_april23-1-550x550.jpg 550w, https:\/\/www.bbk-sachsenanhalt.de\/wp-content\/uploads\/2024\/02\/Instagram_april23-1-300x300.jpg 300w, https:\/\/www.bbk-sachsenanhalt.de\/wp-content\/uploads\/2024\/02\/Instagram_april23-1-1024x1024.jpg 1024w, https:\/\/www.bbk-sachsenanhalt.de\/wp-content\/uploads\/2024\/02\/Instagram_april23-1-150x150.jpg 150w, https:\/\/www.bbk-sachsenanhalt.de\/wp-content\/uploads\/2024\/02\/Instagram_april23-1-768x768.jpg 768w, https:\/\/www.bbk-sachsenanhalt.de\/wp-content\/uploads\/2024\/02\/Instagram_april23-1-1536x1536.jpg 1536w, https:\/\/www.bbk-sachsenanhalt.de\/wp-content\/uploads\/2024\/02\/Instagram_april23-1-740x740.jpg 740w, https:\/\/www.bbk-sachsenanhalt.de\/wp-content\/uploads\/2024\/02\/Instagram_april23-1-400x400.jpg 400w, https:\/\/www.bbk-sachsenanhalt.de\/wp-content\/uploads\/2024\/02\/Instagram_april23-1-490x490.jpg 490w, https:\/\/www.bbk-sachsenanhalt.de\/wp-content\/uploads\/2024\/02\/Instagram_april23-1.jpg 1733w\" sizes=\"auto, (max-width: 550px) 100vw, 550px\" \/>            <\/a>\n            <figcaption class=\"wp-element-caption\">\n              \u00a9 Thomas Kober            <\/figcaption>\n          <\/figure>\n              <\/div>\n\n      <div class=\"grid-column-right\">\n                  <div class=\"cmbbk-primary-category\"><a href=\"https:\/\/www.bbk-sachsenanhalt.de\/en\/category\/news\/dates\/bbk-events\/\">BBK events<\/a><\/div>          <h3 class=\"is-style-teaser\">\n            <a href=\"https:\/\/www.bbk-sachsenanhalt.de\/en\/zhana-veselinova-nedelcheva\/\">Zhana Veselinova Nedelcheva<\/a>\n          <\/h3>\n                <p>\n          Nature with its countless color nuances and shapes inspires me in my art. My sculptures often consist of solid and strong forms. I work boldly with glazes, applying them in different layers to achieve unforeseen results. The firing temperature also creates new surprises in my works. This element of surprise is a driving force in [&hellip;]        <\/p>\n        <div class=\"wp-block-buttons is-layout-flex wp-block-buttons-is-layout-flex\">\n          <div class=\"wp-block-button is-style-more-button\">\n            <a class=\"wp-block-button__link wp-element-button\" href=\"https:\/\/www.bbk-sachsenanhalt.de\/en\/zhana-veselinova-nedelcheva\/\">\n              read more            <\/a>\n          <\/div>\n        <\/div>\n\n      <\/div>\n    <\/div>\n          <!-- wp:separator -->\n      <hr class=\"wp-block-separator has-alpha-channel-opacity\" \/>\n      <!-- \/wp:separator -->\n      \n    <div class=\"grid-container post-item\">\n      <div class=\"grid-column-left\">\n                  <figure class=\"wp-block-image\">\n            <a href=\"https:\/\/www.bbk-sachsenanhalt.de\/en\/undine-j-e-hannemann\/\">\n              <img loading=\"lazy\" decoding=\"async\" width=\"550\" height=\"550\" src=\"https:\/\/www.bbk-sachsenanhalt.de\/wp-content\/uploads\/2024\/02\/Instagram-Maerz23-550x550.jpg\" class=\"no-lightbox\" alt=\"\" data-mwl-img-ignore=\"true\" srcset=\"https:\/\/www.bbk-sachsenanhalt.de\/wp-content\/uploads\/2024\/02\/Instagram-Maerz23-550x550.jpg 550w, https:\/\/www.bbk-sachsenanhalt.de\/wp-content\/uploads\/2024\/02\/Instagram-Maerz23-300x300.jpg 300w, https:\/\/www.bbk-sachsenanhalt.de\/wp-content\/uploads\/2024\/02\/Instagram-Maerz23-1024x1024.jpg 1024w, https:\/\/www.bbk-sachsenanhalt.de\/wp-content\/uploads\/2024\/02\/Instagram-Maerz23-150x150.jpg 150w, https:\/\/www.bbk-sachsenanhalt.de\/wp-content\/uploads\/2024\/02\/Instagram-Maerz23-768x768.jpg 768w, https:\/\/www.bbk-sachsenanhalt.de\/wp-content\/uploads\/2024\/02\/Instagram-Maerz23-1536x1536.jpg 1536w, https:\/\/www.bbk-sachsenanhalt.de\/wp-content\/uploads\/2024\/02\/Instagram-Maerz23-740x740.jpg 740w, https:\/\/www.bbk-sachsenanhalt.de\/wp-content\/uploads\/2024\/02\/Instagram-Maerz23-400x400.jpg 400w, https:\/\/www.bbk-sachsenanhalt.de\/wp-content\/uploads\/2024\/02\/Instagram-Maerz23-490x490.jpg 490w, https:\/\/www.bbk-sachsenanhalt.de\/wp-content\/uploads\/2024\/02\/Instagram-Maerz23.jpg 1733w\" sizes=\"auto, (max-width: 550px) 100vw, 550px\" \/>            <\/a>\n            <figcaption class=\"wp-element-caption\">\n              \u00a9 Tobias Nerger            <\/figcaption>\n          <\/figure>\n              <\/div>\n\n      <div class=\"grid-column-right\">\n                  <div class=\"cmbbk-primary-category\"><a href=\"https:\/\/www.bbk-sachsenanhalt.de\/en\/category\/news\/dates\/bbk-events\/\">BBK events<\/a><\/div>          <h3 class=\"is-style-teaser\">\n            <a href=\"https:\/\/www.bbk-sachsenanhalt.de\/en\/undine-j-e-hannemann\/\">Undine J. E. Hannemann<\/a>\n          <\/h3>\n                <p>\n          Undine J. E. Hannemann lives and works in the north of Halle (Saale). The region is known for its porphyry landscape. The nature reserve and the animals that live there are an inspiration for the painter. Through her closeness to nature, the artist has developed a deep fascination for the behavior and habits of the [&hellip;]        <\/p>\n        <div class=\"wp-block-buttons is-layout-flex wp-block-buttons-is-layout-flex\">\n          <div class=\"wp-block-button is-style-more-button\">\n            <a class=\"wp-block-button__link wp-element-button\" href=\"https:\/\/www.bbk-sachsenanhalt.de\/en\/undine-j-e-hannemann\/\">\n              read more            <\/a>\n          <\/div>\n        <\/div>\n\n      <\/div>\n    <\/div>\n          <!-- wp:separator -->\n      <hr class=\"wp-block-separator has-alpha-channel-opacity\" \/>\n      <!-- \/wp:separator -->\n      \n    <div class=\"grid-container post-item\">\n      <div class=\"grid-column-left\">\n                  <figure class=\"wp-block-image\">\n            <a href=\"https:\/\/www.bbk-sachsenanhalt.de\/en\/daniel-priese\/\">\n              <img loading=\"lazy\" decoding=\"async\" width=\"550\" height=\"550\" src=\"https:\/\/www.bbk-sachsenanhalt.de\/wp-content\/uploads\/2024\/02\/Instagram-Feb.23-550x550.jpg\" class=\"no-lightbox\" alt=\"\" data-mwl-img-ignore=\"true\" srcset=\"https:\/\/www.bbk-sachsenanhalt.de\/wp-content\/uploads\/2024\/02\/Instagram-Feb.23-550x550.jpg 550w, https:\/\/www.bbk-sachsenanhalt.de\/wp-content\/uploads\/2024\/02\/Instagram-Feb.23-300x300.jpg 300w, https:\/\/www.bbk-sachsenanhalt.de\/wp-content\/uploads\/2024\/02\/Instagram-Feb.23-1024x1024.jpg 1024w, https:\/\/www.bbk-sachsenanhalt.de\/wp-content\/uploads\/2024\/02\/Instagram-Feb.23-150x150.jpg 150w, https:\/\/www.bbk-sachsenanhalt.de\/wp-content\/uploads\/2024\/02\/Instagram-Feb.23-768x768.jpg 768w, https:\/\/www.bbk-sachsenanhalt.de\/wp-content\/uploads\/2024\/02\/Instagram-Feb.23-1536x1536.jpg 1536w, https:\/\/www.bbk-sachsenanhalt.de\/wp-content\/uploads\/2024\/02\/Instagram-Feb.23-2048x2048.jpg 2048w, https:\/\/www.bbk-sachsenanhalt.de\/wp-content\/uploads\/2024\/02\/Instagram-Feb.23-740x740.jpg 740w, https:\/\/www.bbk-sachsenanhalt.de\/wp-content\/uploads\/2024\/02\/Instagram-Feb.23-400x400.jpg 400w, https:\/\/www.bbk-sachsenanhalt.de\/wp-content\/uploads\/2024\/02\/Instagram-Feb.23-490x490.jpg 490w\" sizes=\"auto, (max-width: 550px) 100vw, 550px\" \/>            <\/a>\n            <figcaption class=\"wp-element-caption\">\n              \u00a9 Tobias Nerger            <\/figcaption>\n          <\/figure>\n              <\/div>\n\n      <div class=\"grid-column-right\">\n                  <div class=\"cmbbk-primary-category\"><a href=\"https:\/\/www.bbk-sachsenanhalt.de\/en\/category\/news\/dates\/bbk-events\/\">BBK events<\/a><\/div>          <h3 class=\"is-style-teaser\">\n            <a href=\"https:\/\/www.bbk-sachsenanhalt.de\/en\/daniel-priese\/\">Daniel Priese<\/a>\n          <\/h3>\n                <p>\n          Drawing on paper or shaping stones by removing material are both final, non-reversible processes. Every stroke, every blow remains a part of the final appearance. This is what makes them honest and so they become direct statements. Further information about the artist: www.steinsculptur.de Daniel Priese:Torso reclining, 2022, marble, taille direct, 21 x 56 x 35 [&hellip;]        <\/p>\n        <div class=\"wp-block-buttons is-layout-flex wp-block-buttons-is-layout-flex\">\n          <div class=\"wp-block-button is-style-more-button\">\n            <a class=\"wp-block-button__link wp-element-button\" href=\"https:\/\/www.bbk-sachsenanhalt.de\/en\/daniel-priese\/\">\n              read more            <\/a>\n          <\/div>\n        <\/div>\n\n      <\/div>\n    <\/div>\n          <!-- wp:separator -->\n      <hr class=\"wp-block-separator has-alpha-channel-opacity\" \/>\n      <!-- \/wp:separator -->\n      \n    <div class=\"grid-container post-item\">\n      <div class=\"grid-column-left\">\n                  <figure class=\"wp-block-image\">\n            <a href=\"https:\/\/www.bbk-sachsenanhalt.de\/en\/carola-helbing-erben\/\">\n              <img loading=\"lazy\" decoding=\"async\" width=\"550\" height=\"550\" src=\"https:\/\/www.bbk-sachsenanhalt.de\/wp-content\/uploads\/2024\/02\/Instagram-Jan-2023-550x550.jpg\" class=\"no-lightbox\" alt=\"\" data-mwl-img-ignore=\"true\" srcset=\"https:\/\/www.bbk-sachsenanhalt.de\/wp-content\/uploads\/2024\/02\/Instagram-Jan-2023-550x550.jpg 550w, https:\/\/www.bbk-sachsenanhalt.de\/wp-content\/uploads\/2024\/02\/Instagram-Jan-2023-300x300.jpg 300w, https:\/\/www.bbk-sachsenanhalt.de\/wp-content\/uploads\/2024\/02\/Instagram-Jan-2023-1024x1024.jpg 1024w, https:\/\/www.bbk-sachsenanhalt.de\/wp-content\/uploads\/2024\/02\/Instagram-Jan-2023-150x150.jpg 150w, https:\/\/www.bbk-sachsenanhalt.de\/wp-content\/uploads\/2024\/02\/Instagram-Jan-2023-768x768.jpg 768w, https:\/\/www.bbk-sachsenanhalt.de\/wp-content\/uploads\/2024\/02\/Instagram-Jan-2023-1536x1536.jpg 1536w, https:\/\/www.bbk-sachsenanhalt.de\/wp-content\/uploads\/2024\/02\/Instagram-Jan-2023-740x740.jpg 740w, https:\/\/www.bbk-sachsenanhalt.de\/wp-content\/uploads\/2024\/02\/Instagram-Jan-2023-400x400.jpg 400w, https:\/\/www.bbk-sachsenanhalt.de\/wp-content\/uploads\/2024\/02\/Instagram-Jan-2023-490x490.jpg 490w, https:\/\/www.bbk-sachsenanhalt.de\/wp-content\/uploads\/2024\/02\/Instagram-Jan-2023.jpg 1725w\" sizes=\"auto, (max-width: 550px) 100vw, 550px\" \/>            <\/a>\n            <figcaption class=\"wp-element-caption\">\n              \u00a9 Tobias Nerger            <\/figcaption>\n          <\/figure>\n              <\/div>\n\n      <div class=\"grid-column-right\">\n                  <div class=\"cmbbk-primary-category\"><a href=\"https:\/\/www.bbk-sachsenanhalt.de\/en\/category\/news\/dates\/bbk-events\/\">BBK events<\/a><\/div>          <h3 class=\"is-style-teaser\">\n            <a href=\"https:\/\/www.bbk-sachsenanhalt.de\/en\/carola-helbing-erben\/\">Carola Helbing-Erben<\/a>\n          <\/h3>\n                <p>\n          That all sounds good. The color is vibration and the rhythm of the surfaces. My heartbeat and pulse when I paint are vibrations. There is a bundling towards the center that is wide and open like the sky, like a hope Further information about the artist: http:\/\/carola-helbing-erben.de\/ Carola Helbing-Erben:&#8220;Requiem&#8221; or &#8220;The Greater Hope&#8221;, acrylic painting, [&hellip;]        <\/p>\n        <div class=\"wp-block-buttons is-layout-flex wp-block-buttons-is-layout-flex\">\n          <div class=\"wp-block-button is-style-more-button\">\n            <a class=\"wp-block-button__link wp-element-button\" href=\"https:\/\/www.bbk-sachsenanhalt.de\/en\/carola-helbing-erben\/\">\n              read more            <\/a>\n          <\/div>\n        <\/div>\n\n      <\/div>\n    <\/div>\n          <!-- wp:separator -->\n      <hr class=\"wp-block-separator has-alpha-channel-opacity\" \/>\n      <!-- \/wp:separator -->\n      \n    <div class=\"grid-container post-item\">\n      <div class=\"grid-column-left\">\n                  <figure class=\"wp-block-image\">\n            <a href=\"https:\/\/www.bbk-sachsenanhalt.de\/en\/joerg-riemke\/\">\n              <img loading=\"lazy\" decoding=\"async\" width=\"550\" height=\"550\" src=\"https:\/\/www.bbk-sachsenanhalt.de\/wp-content\/uploads\/2024\/02\/Instagram-Dez-550x550.jpg\" class=\"no-lightbox\" alt=\"\" data-mwl-img-ignore=\"true\" srcset=\"https:\/\/www.bbk-sachsenanhalt.de\/wp-content\/uploads\/2024\/02\/Instagram-Dez-550x550.jpg 550w, https:\/\/www.bbk-sachsenanhalt.de\/wp-content\/uploads\/2024\/02\/Instagram-Dez-300x300.jpg 300w, https:\/\/www.bbk-sachsenanhalt.de\/wp-content\/uploads\/2024\/02\/Instagram-Dez-1024x1024.jpg 1024w, https:\/\/www.bbk-sachsenanhalt.de\/wp-content\/uploads\/2024\/02\/Instagram-Dez-150x150.jpg 150w, https:\/\/www.bbk-sachsenanhalt.de\/wp-content\/uploads\/2024\/02\/Instagram-Dez-768x768.jpg 768w, https:\/\/www.bbk-sachsenanhalt.de\/wp-content\/uploads\/2024\/02\/Instagram-Dez-1536x1536.jpg 1536w, https:\/\/www.bbk-sachsenanhalt.de\/wp-content\/uploads\/2024\/02\/Instagram-Dez-2048x2048.jpg 2048w, https:\/\/www.bbk-sachsenanhalt.de\/wp-content\/uploads\/2024\/02\/Instagram-Dez-740x740.jpg 740w, https:\/\/www.bbk-sachsenanhalt.de\/wp-content\/uploads\/2024\/02\/Instagram-Dez-400x400.jpg 400w, https:\/\/www.bbk-sachsenanhalt.de\/wp-content\/uploads\/2024\/02\/Instagram-Dez-490x490.jpg 490w\" sizes=\"auto, (max-width: 550px) 100vw, 550px\" \/>            <\/a>\n            <figcaption class=\"wp-element-caption\">\n              \u00a9 Tobias Nerger            <\/figcaption>\n          <\/figure>\n              <\/div>\n\n      <div class=\"grid-column-right\">\n                  <div class=\"cmbbk-primary-category\"><a href=\"https:\/\/www.bbk-sachsenanhalt.de\/en\/category\/news\/dates\/bbk-events\/\">BBK events<\/a><\/div>          <h3 class=\"is-style-teaser\">\n            <a href=\"https:\/\/www.bbk-sachsenanhalt.de\/en\/joerg-riemke\/\">J\u00f6rg Riemke<\/a>\n          <\/h3>\n                <p>\n          In my artistic work, I concentrate on a single simple theme: the woman &#8211; in painting, in marble and also in bronze. Further information about the artist: http:\/\/riemkeskulptur.blogspot.com J\u00f6rg Riemke:Three women on the beach, acrylic on canvas, 140 x 120 cm, 2022 \/\/ Standing &#8211; Non finito, marble, height 42 cm, 2016        <\/p>\n        <div class=\"wp-block-buttons is-layout-flex wp-block-buttons-is-layout-flex\">\n          <div class=\"wp-block-button is-style-more-button\">\n            <a class=\"wp-block-button__link wp-element-button\" href=\"https:\/\/www.bbk-sachsenanhalt.de\/en\/joerg-riemke\/\">\n              read more            <\/a>\n          <\/div>\n        <\/div>\n\n      <\/div>\n    <\/div>\n          <!-- wp:separator -->\n      <hr class=\"wp-block-separator has-alpha-channel-opacity\" \/>\n      <!-- \/wp:separator -->\n      \n    <div class=\"grid-container post-item\">\n      <div class=\"grid-column-left\">\n                  <figure class=\"wp-block-image\">\n            <a href=\"https:\/\/www.bbk-sachsenanhalt.de\/en\/sabine-kunz\/\">\n              <img loading=\"lazy\" decoding=\"async\" width=\"550\" height=\"550\" src=\"https:\/\/www.bbk-sachsenanhalt.de\/wp-content\/uploads\/2024\/02\/Instagram-Nov-550x550.jpg\" class=\"no-lightbox\" alt=\"\" data-mwl-img-ignore=\"true\" srcset=\"https:\/\/www.bbk-sachsenanhalt.de\/wp-content\/uploads\/2024\/02\/Instagram-Nov-550x550.jpg 550w, https:\/\/www.bbk-sachsenanhalt.de\/wp-content\/uploads\/2024\/02\/Instagram-Nov-300x300.jpg 300w, https:\/\/www.bbk-sachsenanhalt.de\/wp-content\/uploads\/2024\/02\/Instagram-Nov-1024x1024.jpg 1024w, https:\/\/www.bbk-sachsenanhalt.de\/wp-content\/uploads\/2024\/02\/Instagram-Nov-150x150.jpg 150w, https:\/\/www.bbk-sachsenanhalt.de\/wp-content\/uploads\/2024\/02\/Instagram-Nov-768x768.jpg 768w, https:\/\/www.bbk-sachsenanhalt.de\/wp-content\/uploads\/2024\/02\/Instagram-Nov-1536x1536.jpg 1536w, https:\/\/www.bbk-sachsenanhalt.de\/wp-content\/uploads\/2024\/02\/Instagram-Nov-2048x2048.jpg 2048w, https:\/\/www.bbk-sachsenanhalt.de\/wp-content\/uploads\/2024\/02\/Instagram-Nov-740x740.jpg 740w, https:\/\/www.bbk-sachsenanhalt.de\/wp-content\/uploads\/2024\/02\/Instagram-Nov-400x400.jpg 400w, https:\/\/www.bbk-sachsenanhalt.de\/wp-content\/uploads\/2024\/02\/Instagram-Nov-490x490.jpg 490w\" sizes=\"auto, (max-width: 550px) 100vw, 550px\" \/>            <\/a>\n            <figcaption class=\"wp-element-caption\">\n              \u00a9 Tobias Nerger            <\/figcaption>\n          <\/figure>\n              <\/div>\n\n      <div class=\"grid-column-right\">\n                  <div class=\"cmbbk-primary-category\"><a href=\"https:\/\/www.bbk-sachsenanhalt.de\/en\/category\/news\/dates\/bbk-events\/\">BBK events<\/a><\/div>          <h3 class=\"is-style-teaser\">\n            <a href=\"https:\/\/www.bbk-sachsenanhalt.de\/en\/sabine-kunz\/\">Sabine Kunz<\/a>\n          <\/h3>\n                <p>\n          My woodcuts are three-dimensional objects and prints at the same time. In the notch section, I first limit the large shapes. Worked with a chisel and mallet, the surface of the wooden stick becomes a relief. Only a few prints are made on Japanese paper with colorful, painterly rolling. The ink remains on the printing [&hellip;]        <\/p>\n        <div class=\"wp-block-buttons is-layout-flex wp-block-buttons-is-layout-flex\">\n          <div class=\"wp-block-button is-style-more-button\">\n            <a class=\"wp-block-button__link wp-element-button\" href=\"https:\/\/www.bbk-sachsenanhalt.de\/en\/sabine-kunz\/\">\n              read more            <\/a>\n          <\/div>\n        <\/div>\n\n      <\/div>\n    <\/div>\n          <!-- wp:separator -->\n      <hr class=\"wp-block-separator has-alpha-channel-opacity\" \/>\n      <!-- \/wp:separator -->\n      \n    <div class=\"grid-container post-item\">\n      <div class=\"grid-column-left\">\n                  <figure class=\"wp-block-image\">\n            <a href=\"https:\/\/www.bbk-sachsenanhalt.de\/en\/judith-runge\/\">\n              <img loading=\"lazy\" decoding=\"async\" width=\"550\" height=\"550\" src=\"https:\/\/www.bbk-sachsenanhalt.de\/wp-content\/uploads\/2024\/02\/Instagram-Okt-550x550.jpg\" class=\"no-lightbox\" alt=\"\" data-mwl-img-ignore=\"true\" srcset=\"https:\/\/www.bbk-sachsenanhalt.de\/wp-content\/uploads\/2024\/02\/Instagram-Okt-550x550.jpg 550w, https:\/\/www.bbk-sachsenanhalt.de\/wp-content\/uploads\/2024\/02\/Instagram-Okt-300x300.jpg 300w, https:\/\/www.bbk-sachsenanhalt.de\/wp-content\/uploads\/2024\/02\/Instagram-Okt-1024x1024.jpg 1024w, https:\/\/www.bbk-sachsenanhalt.de\/wp-content\/uploads\/2024\/02\/Instagram-Okt-150x150.jpg 150w, https:\/\/www.bbk-sachsenanhalt.de\/wp-content\/uploads\/2024\/02\/Instagram-Okt-768x768.jpg 768w, https:\/\/www.bbk-sachsenanhalt.de\/wp-content\/uploads\/2024\/02\/Instagram-Okt-1536x1536.jpg 1536w, https:\/\/www.bbk-sachsenanhalt.de\/wp-content\/uploads\/2024\/02\/Instagram-Okt-740x740.jpg 740w, https:\/\/www.bbk-sachsenanhalt.de\/wp-content\/uploads\/2024\/02\/Instagram-Okt-400x400.jpg 400w, https:\/\/www.bbk-sachsenanhalt.de\/wp-content\/uploads\/2024\/02\/Instagram-Okt-490x490.jpg 490w, https:\/\/www.bbk-sachsenanhalt.de\/wp-content\/uploads\/2024\/02\/Instagram-Okt.jpg 1969w\" sizes=\"auto, (max-width: 550px) 100vw, 550px\" \/>            <\/a>\n            <figcaption class=\"wp-element-caption\">\n              \u00a9 Tobias Nerger            <\/figcaption>\n          <\/figure>\n              <\/div>\n\n      <div class=\"grid-column-right\">\n                  <div class=\"cmbbk-primary-category\"><a href=\"https:\/\/www.bbk-sachsenanhalt.de\/en\/category\/news\/dates\/bbk-events\/\">BBK events<\/a><\/div>          <h3 class=\"is-style-teaser\">\n            <a href=\"https:\/\/www.bbk-sachsenanhalt.de\/en\/judith-runge\/\">Judith Runge<\/a>\n          <\/h3>\n                <p>\n          Bringing something to light from unknown depths&#8230; There are hypothetical species from an immeasurable habitat &#8211; which forms the basis of our own human existence. Possible mutations of living creatures as a result of our environmental impact, environmental pollution &#8211; which astonish, alienate, worry and threaten us? By-catch. Further information about the artist: www.judith-runge.de Judith [&hellip;]        <\/p>\n        <div class=\"wp-block-buttons is-layout-flex wp-block-buttons-is-layout-flex\">\n          <div class=\"wp-block-button is-style-more-button\">\n            <a class=\"wp-block-button__link wp-element-button\" href=\"https:\/\/www.bbk-sachsenanhalt.de\/en\/judith-runge\/\">\n              read more            <\/a>\n          <\/div>\n        <\/div>\n\n      <\/div>\n    <\/div>\n          <!-- wp:separator -->\n      <hr class=\"wp-block-separator has-alpha-channel-opacity\" \/>\n      <!-- \/wp:separator -->\n      \n    <div class=\"grid-container post-item\">\n      <div class=\"grid-column-left\">\n                  <figure class=\"wp-block-image\">\n            <a href=\"https:\/\/www.bbk-sachsenanhalt.de\/en\/nikos-probst\/\">\n              <img loading=\"lazy\" decoding=\"async\" width=\"550\" height=\"550\" src=\"https:\/\/www.bbk-sachsenanhalt.de\/wp-content\/uploads\/2024\/02\/Instagram-Sept-22-550x550.jpg\" class=\"no-lightbox\" alt=\"\" data-mwl-img-ignore=\"true\" srcset=\"https:\/\/www.bbk-sachsenanhalt.de\/wp-content\/uploads\/2024\/02\/Instagram-Sept-22-550x550.jpg 550w, https:\/\/www.bbk-sachsenanhalt.de\/wp-content\/uploads\/2024\/02\/Instagram-Sept-22-300x300.jpg 300w, https:\/\/www.bbk-sachsenanhalt.de\/wp-content\/uploads\/2024\/02\/Instagram-Sept-22-1024x1024.jpg 1024w, https:\/\/www.bbk-sachsenanhalt.de\/wp-content\/uploads\/2024\/02\/Instagram-Sept-22-150x150.jpg 150w, https:\/\/www.bbk-sachsenanhalt.de\/wp-content\/uploads\/2024\/02\/Instagram-Sept-22-768x768.jpg 768w, https:\/\/www.bbk-sachsenanhalt.de\/wp-content\/uploads\/2024\/02\/Instagram-Sept-22-1536x1536.jpg 1536w, https:\/\/www.bbk-sachsenanhalt.de\/wp-content\/uploads\/2024\/02\/Instagram-Sept-22-740x740.jpg 740w, https:\/\/www.bbk-sachsenanhalt.de\/wp-content\/uploads\/2024\/02\/Instagram-Sept-22-400x400.jpg 400w, https:\/\/www.bbk-sachsenanhalt.de\/wp-content\/uploads\/2024\/02\/Instagram-Sept-22-490x490.jpg 490w, https:\/\/www.bbk-sachsenanhalt.de\/wp-content\/uploads\/2024\/02\/Instagram-Sept-22.jpg 1978w\" sizes=\"auto, (max-width: 550px) 100vw, 550px\" \/>            <\/a>\n            <figcaption class=\"wp-element-caption\">\n              \u00a9 Tobias Nerger            <\/figcaption>\n          <\/figure>\n              <\/div>\n\n      <div class=\"grid-column-right\">\n                  <div class=\"cmbbk-primary-category\"><a href=\"https:\/\/www.bbk-sachsenanhalt.de\/en\/category\/news\/dates\/bbk-events\/\">BBK events<\/a><\/div>          <h3 class=\"is-style-teaser\">\n            <a href=\"https:\/\/www.bbk-sachsenanhalt.de\/en\/nikos-probst\/\">Nikos Probst<\/a>\n          <\/h3>\n                <p>\n          Nikos Probst&#8217;s artistic work and research focuses on the reflection and examination of an increasingly technologically diversifying and automating world. In his work &#8220;TRAINED SCULPTOR&#8221;, he explores the influence of artificial intelligence in sculptural form-finding processes. To do this, he used a so-called Generative Adversarial Network, or GAN for short. He trained this with 3D [&hellip;]        <\/p>\n        <div class=\"wp-block-buttons is-layout-flex wp-block-buttons-is-layout-flex\">\n          <div class=\"wp-block-button is-style-more-button\">\n            <a class=\"wp-block-button__link wp-element-button\" href=\"https:\/\/www.bbk-sachsenanhalt.de\/en\/nikos-probst\/\">\n              read more            <\/a>\n          <\/div>\n        <\/div>\n\n      <\/div>\n    <\/div>\n          <!-- wp:separator -->\n      <hr class=\"wp-block-separator has-alpha-channel-opacity\" \/>\n      <!-- \/wp:separator -->\n      \n    <div class=\"grid-container post-item\">\n      <div class=\"grid-column-left\">\n                  <figure class=\"wp-block-image\">\n            <a href=\"https:\/\/www.bbk-sachsenanhalt.de\/en\/pauline-ullrich\/\">\n              <img loading=\"lazy\" decoding=\"async\" width=\"550\" height=\"550\" src=\"https:\/\/www.bbk-sachsenanhalt.de\/wp-content\/uploads\/2024\/02\/Instagram-550x550.jpg\" class=\"no-lightbox\" alt=\"\" data-mwl-img-ignore=\"true\" srcset=\"https:\/\/www.bbk-sachsenanhalt.de\/wp-content\/uploads\/2024\/02\/Instagram-550x550.jpg 550w, https:\/\/www.bbk-sachsenanhalt.de\/wp-content\/uploads\/2024\/02\/Instagram-300x300.jpg 300w, https:\/\/www.bbk-sachsenanhalt.de\/wp-content\/uploads\/2024\/02\/Instagram-1024x1024.jpg 1024w, https:\/\/www.bbk-sachsenanhalt.de\/wp-content\/uploads\/2024\/02\/Instagram-150x150.jpg 150w, https:\/\/www.bbk-sachsenanhalt.de\/wp-content\/uploads\/2024\/02\/Instagram-768x768.jpg 768w, https:\/\/www.bbk-sachsenanhalt.de\/wp-content\/uploads\/2024\/02\/Instagram-1536x1536.jpg 1536w, https:\/\/www.bbk-sachsenanhalt.de\/wp-content\/uploads\/2024\/02\/Instagram-740x740.jpg 740w, https:\/\/www.bbk-sachsenanhalt.de\/wp-content\/uploads\/2024\/02\/Instagram-400x400.jpg 400w, https:\/\/www.bbk-sachsenanhalt.de\/wp-content\/uploads\/2024\/02\/Instagram-490x490.jpg 490w, https:\/\/www.bbk-sachsenanhalt.de\/wp-content\/uploads\/2024\/02\/Instagram.jpg 1834w\" sizes=\"auto, (max-width: 550px) 100vw, 550px\" \/>            <\/a>\n            <figcaption class=\"wp-element-caption\">\n              \u00a9Tobias Nerger            <\/figcaption>\n          <\/figure>\n              <\/div>\n\n      <div class=\"grid-column-right\">\n                  <div class=\"cmbbk-primary-category\"><a href=\"https:\/\/www.bbk-sachsenanhalt.de\/en\/category\/news\/dates\/bbk-events\/\">BBK events<\/a><\/div>          <h3 class=\"is-style-teaser\">\n            <a href=\"https:\/\/www.bbk-sachsenanhalt.de\/en\/pauline-ullrich\/\">Pauline Ullrich<\/a>\n          <\/h3>\n                <p>\n          Change of viewThe path over the mountain to the next village is called &#8220;zur Sonne&#8221;. Solidified clay &#8211; dust underfoot &#8211; glistening brightness as far as the willow trees in the valley. Shards picked up from the path are later pressed into the wall of the resulting figure. Together with traces of work, lines and [&hellip;]        <\/p>\n        <div class=\"wp-block-buttons is-layout-flex wp-block-buttons-is-layout-flex\">\n          <div class=\"wp-block-button is-style-more-button\">\n            <a class=\"wp-block-button__link wp-element-button\" href=\"https:\/\/www.bbk-sachsenanhalt.de\/en\/pauline-ullrich\/\">\n              read more            <\/a>\n          <\/div>\n        <\/div>\n\n      <\/div>\n    <\/div>\n          <!-- wp:separator -->\n      <hr class=\"wp-block-separator has-alpha-channel-opacity\" \/>\n      <!-- \/wp:separator -->\n      \n    <div class=\"grid-container post-item\">\n      <div class=\"grid-column-left\">\n                  <figure class=\"wp-block-image\">\n            <a href=\"https:\/\/www.bbk-sachsenanhalt.de\/en\/karl-oppermann\/\">\n              <img loading=\"lazy\" decoding=\"async\" width=\"550\" height=\"550\" src=\"https:\/\/www.bbk-sachsenanhalt.de\/wp-content\/uploads\/2024\/02\/Instagram_Oppermann-550x550.jpg\" class=\"no-lightbox\" alt=\"\" data-mwl-img-ignore=\"true\" srcset=\"https:\/\/www.bbk-sachsenanhalt.de\/wp-content\/uploads\/2024\/02\/Instagram_Oppermann-550x550.jpg 550w, https:\/\/www.bbk-sachsenanhalt.de\/wp-content\/uploads\/2024\/02\/Instagram_Oppermann-300x300.jpg 300w, https:\/\/www.bbk-sachsenanhalt.de\/wp-content\/uploads\/2024\/02\/Instagram_Oppermann-1024x1024.jpg 1024w, https:\/\/www.bbk-sachsenanhalt.de\/wp-content\/uploads\/2024\/02\/Instagram_Oppermann-150x150.jpg 150w, https:\/\/www.bbk-sachsenanhalt.de\/wp-content\/uploads\/2024\/02\/Instagram_Oppermann-768x768.jpg 768w, https:\/\/www.bbk-sachsenanhalt.de\/wp-content\/uploads\/2024\/02\/Instagram_Oppermann-1536x1536.jpg 1536w, https:\/\/www.bbk-sachsenanhalt.de\/wp-content\/uploads\/2024\/02\/Instagram_Oppermann-2048x2048.jpg 2048w, https:\/\/www.bbk-sachsenanhalt.de\/wp-content\/uploads\/2024\/02\/Instagram_Oppermann-740x740.jpg 740w, https:\/\/www.bbk-sachsenanhalt.de\/wp-content\/uploads\/2024\/02\/Instagram_Oppermann-400x400.jpg 400w, https:\/\/www.bbk-sachsenanhalt.de\/wp-content\/uploads\/2024\/02\/Instagram_Oppermann-490x490.jpg 490w\" sizes=\"auto, (max-width: 550px) 100vw, 550px\" \/>            <\/a>\n            <figcaption class=\"wp-element-caption\">\n              \u00a9Tobias Nerger            <\/figcaption>\n          <\/figure>\n              <\/div>\n\n      <div class=\"grid-column-right\">\n                  <div class=\"cmbbk-primary-category\"><a href=\"https:\/\/www.bbk-sachsenanhalt.de\/en\/category\/news\/dates\/bbk-events\/\">BBK events<\/a><\/div>          <h3 class=\"is-style-teaser\">\n            <a href=\"https:\/\/www.bbk-sachsenanhalt.de\/en\/karl-oppermann\/\">Karl Oppermann<\/a>\n          <\/h3>\n                <p>\n          The hound of Dakar: &#8220;Spirit threatened &#8211; breathlessly pursued &#8211; hunted to the grave.&#8221; Karl Oppermann was born in Wernigerode in 1930. The former professor of free painting at the Berlin University of the Arts has been awarded the Saxony-Anhalt Badge of Honor and the Federal Cross of Merit on Ribbon and has studios in [&hellip;]        <\/p>\n        <div class=\"wp-block-buttons is-layout-flex wp-block-buttons-is-layout-flex\">\n          <div class=\"wp-block-button is-style-more-button\">\n            <a class=\"wp-block-button__link wp-element-button\" href=\"https:\/\/www.bbk-sachsenanhalt.de\/en\/karl-oppermann\/\">\n              read more            <\/a>\n          <\/div>\n        <\/div>\n\n      <\/div>\n    <\/div>\n          <!-- wp:separator -->\n      <hr class=\"wp-block-separator has-alpha-channel-opacity\" \/>\n      <!-- \/wp:separator -->\n      \n    <div class=\"grid-container post-item\">\n      <div class=\"grid-column-left\">\n                  <figure class=\"wp-block-image\">\n            <a href=\"https:\/\/www.bbk-sachsenanhalt.de\/en\/simon-kiessler\/\">\n              <img loading=\"lazy\" decoding=\"async\" width=\"550\" height=\"550\" src=\"https:\/\/www.bbk-sachsenanhalt.de\/wp-content\/uploads\/2024\/02\/kiessler_Instagram-BBKarium-Juni-550x550.jpg\" class=\"no-lightbox\" alt=\"\" data-mwl-img-ignore=\"true\" srcset=\"https:\/\/www.bbk-sachsenanhalt.de\/wp-content\/uploads\/2024\/02\/kiessler_Instagram-BBKarium-Juni-550x550.jpg 550w, https:\/\/www.bbk-sachsenanhalt.de\/wp-content\/uploads\/2024\/02\/kiessler_Instagram-BBKarium-Juni-300x300.jpg 300w, https:\/\/www.bbk-sachsenanhalt.de\/wp-content\/uploads\/2024\/02\/kiessler_Instagram-BBKarium-Juni-1024x1024.jpg 1024w, https:\/\/www.bbk-sachsenanhalt.de\/wp-content\/uploads\/2024\/02\/kiessler_Instagram-BBKarium-Juni-150x150.jpg 150w, https:\/\/www.bbk-sachsenanhalt.de\/wp-content\/uploads\/2024\/02\/kiessler_Instagram-BBKarium-Juni-768x768.jpg 768w, https:\/\/www.bbk-sachsenanhalt.de\/wp-content\/uploads\/2024\/02\/kiessler_Instagram-BBKarium-Juni-740x740.jpg 740w, https:\/\/www.bbk-sachsenanhalt.de\/wp-content\/uploads\/2024\/02\/kiessler_Instagram-BBKarium-Juni-400x400.jpg 400w, https:\/\/www.bbk-sachsenanhalt.de\/wp-content\/uploads\/2024\/02\/kiessler_Instagram-BBKarium-Juni-490x490.jpg 490w, https:\/\/www.bbk-sachsenanhalt.de\/wp-content\/uploads\/2024\/02\/kiessler_Instagram-BBKarium-Juni.jpg 1057w\" sizes=\"auto, (max-width: 550px) 100vw, 550px\" \/>            <\/a>\n            <figcaption class=\"wp-element-caption\">\n              \u00a9Tobias Nerger            <\/figcaption>\n          <\/figure>\n              <\/div>\n\n      <div class=\"grid-column-right\">\n                  <div class=\"cmbbk-primary-category\"><a href=\"https:\/\/www.bbk-sachsenanhalt.de\/en\/category\/news\/dates\/bbk-events\/\">BBK events<\/a><\/div>          <h3 class=\"is-style-teaser\">\n            <a href=\"https:\/\/www.bbk-sachsenanhalt.de\/en\/simon-kiessler\/\">Simon Kiessler<\/a>\n          <\/h3>\n                <p>\n          Every artist has their own strategy for getting into a state of creative work. My aim is to put other artists in this position. That&#8217;s why I use their creative human resources for myself. I also want to shorten the path to creative work and optimize processes. Further information about the artist: simon-kiessler.de Simon Kie\u00dfler:DIZZY [&hellip;]        <\/p>\n        <div class=\"wp-block-buttons is-layout-flex wp-block-buttons-is-layout-flex\">\n          <div class=\"wp-block-button is-style-more-button\">\n            <a class=\"wp-block-button__link wp-element-button\" href=\"https:\/\/www.bbk-sachsenanhalt.de\/en\/simon-kiessler\/\">\n              read more            <\/a>\n          <\/div>\n        <\/div>\n\n      <\/div>\n    <\/div>\n          <!-- wp:separator -->\n      <hr class=\"wp-block-separator has-alpha-channel-opacity\" \/>\n      <!-- \/wp:separator -->\n      \n    <div class=\"grid-container post-item\">\n      <div class=\"grid-column-left\">\n                  <figure class=\"wp-block-image\">\n            <a href=\"https:\/\/www.bbk-sachsenanhalt.de\/en\/franz-rentsch\/\">\n              <img loading=\"lazy\" decoding=\"async\" width=\"550\" height=\"550\" src=\"https:\/\/www.bbk-sachsenanhalt.de\/wp-content\/uploads\/2024\/02\/Instagram-Mai_Rentsch-550x550.jpg\" class=\"no-lightbox\" alt=\"\" data-mwl-img-ignore=\"true\" srcset=\"https:\/\/www.bbk-sachsenanhalt.de\/wp-content\/uploads\/2024\/02\/Instagram-Mai_Rentsch-550x550.jpg 550w, https:\/\/www.bbk-sachsenanhalt.de\/wp-content\/uploads\/2024\/02\/Instagram-Mai_Rentsch-300x300.jpg 300w, https:\/\/www.bbk-sachsenanhalt.de\/wp-content\/uploads\/2024\/02\/Instagram-Mai_Rentsch-1024x1024.jpg 1024w, https:\/\/www.bbk-sachsenanhalt.de\/wp-content\/uploads\/2024\/02\/Instagram-Mai_Rentsch-150x150.jpg 150w, https:\/\/www.bbk-sachsenanhalt.de\/wp-content\/uploads\/2024\/02\/Instagram-Mai_Rentsch-768x768.jpg 768w, https:\/\/www.bbk-sachsenanhalt.de\/wp-content\/uploads\/2024\/02\/Instagram-Mai_Rentsch-740x740.jpg 740w, https:\/\/www.bbk-sachsenanhalt.de\/wp-content\/uploads\/2024\/02\/Instagram-Mai_Rentsch-400x400.jpg 400w, https:\/\/www.bbk-sachsenanhalt.de\/wp-content\/uploads\/2024\/02\/Instagram-Mai_Rentsch-490x490.jpg 490w, https:\/\/www.bbk-sachsenanhalt.de\/wp-content\/uploads\/2024\/02\/Instagram-Mai_Rentsch.jpg 1080w\" sizes=\"auto, (max-width: 550px) 100vw, 550px\" \/>            <\/a>\n            <figcaption class=\"wp-element-caption\">\n              \u00a9 Tobias Nerger            <\/figcaption>\n          <\/figure>\n              <\/div>\n\n      <div class=\"grid-column-right\">\n                  <div class=\"cmbbk-primary-category\"><a href=\"https:\/\/www.bbk-sachsenanhalt.de\/en\/category\/news\/dates\/bbk-events\/\">BBK events<\/a><\/div>          <h3 class=\"is-style-teaser\">\n            <a href=\"https:\/\/www.bbk-sachsenanhalt.de\/en\/franz-rentsch\/\">Franz Rentsch<\/a>\n          <\/h3>\n                <p>\n          The window is a surface that creates a distance to what is seen. I can&#8217;t reach through the window and touch, turn and grasp the shrub. The viewers also stand in front of the painting. They call up viewing habits, interpret or interpret, but they cannot reach into the screen. You are looking into an [&hellip;]        <\/p>\n        <div class=\"wp-block-buttons is-layout-flex wp-block-buttons-is-layout-flex\">\n          <div class=\"wp-block-button is-style-more-button\">\n            <a class=\"wp-block-button__link wp-element-button\" href=\"https:\/\/www.bbk-sachsenanhalt.de\/en\/franz-rentsch\/\">\n              read more            <\/a>\n          <\/div>\n        <\/div>\n\n      <\/div>\n    <\/div>\n          <!-- wp:separator -->\n      <hr class=\"wp-block-separator has-alpha-channel-opacity\" \/>\n      <!-- \/wp:separator -->\n      \n    <div class=\"grid-container post-item\">\n      <div class=\"grid-column-left\">\n                  <figure class=\"wp-block-image\">\n            <a href=\"https:\/\/www.bbk-sachsenanhalt.de\/en\/rainer-rausch\/\">\n              <img loading=\"lazy\" decoding=\"async\" width=\"550\" height=\"550\" src=\"https:\/\/www.bbk-sachsenanhalt.de\/wp-content\/uploads\/2024\/02\/Instagram-April_Rausch-550x550.jpg\" class=\"no-lightbox\" alt=\"\" data-mwl-img-ignore=\"true\" srcset=\"https:\/\/www.bbk-sachsenanhalt.de\/wp-content\/uploads\/2024\/02\/Instagram-April_Rausch-550x550.jpg 550w, https:\/\/www.bbk-sachsenanhalt.de\/wp-content\/uploads\/2024\/02\/Instagram-April_Rausch-300x300.jpg 300w, https:\/\/www.bbk-sachsenanhalt.de\/wp-content\/uploads\/2024\/02\/Instagram-April_Rausch-1024x1024.jpg 1024w, https:\/\/www.bbk-sachsenanhalt.de\/wp-content\/uploads\/2024\/02\/Instagram-April_Rausch-150x150.jpg 150w, https:\/\/www.bbk-sachsenanhalt.de\/wp-content\/uploads\/2024\/02\/Instagram-April_Rausch-768x768.jpg 768w, https:\/\/www.bbk-sachsenanhalt.de\/wp-content\/uploads\/2024\/02\/Instagram-April_Rausch-740x740.jpg 740w, https:\/\/www.bbk-sachsenanhalt.de\/wp-content\/uploads\/2024\/02\/Instagram-April_Rausch-400x400.jpg 400w, https:\/\/www.bbk-sachsenanhalt.de\/wp-content\/uploads\/2024\/02\/Instagram-April_Rausch-490x490.jpg 490w, https:\/\/www.bbk-sachsenanhalt.de\/wp-content\/uploads\/2024\/02\/Instagram-April_Rausch.jpg 1080w\" sizes=\"auto, (max-width: 550px) 100vw, 550px\" \/>            <\/a>\n            <figcaption class=\"wp-element-caption\">\n              \u00a9 Tobias Nerger            <\/figcaption>\n          <\/figure>\n              <\/div>\n\n      <div class=\"grid-column-right\">\n                  <div class=\"cmbbk-primary-category\"><a href=\"https:\/\/www.bbk-sachsenanhalt.de\/en\/category\/news\/dates\/bbk-events\/\">BBK events<\/a><\/div>          <h3 class=\"is-style-teaser\">\n            <a href=\"https:\/\/www.bbk-sachsenanhalt.de\/en\/rainer-rausch\/\">Rainer Rausch<\/a>\n          <\/h3>\n                <p>\n          Wonderful &#8211; to create your own world! I succeeded in doing this in art &#8211; painting and graphics. My experience in the graphic arts enables me to produce artistic works in the art of printing (lithography, intaglio and woodcut) as well as in painting. The basis for this is the figurative representation in a real [&hellip;]        <\/p>\n        <div class=\"wp-block-buttons is-layout-flex wp-block-buttons-is-layout-flex\">\n          <div class=\"wp-block-button is-style-more-button\">\n            <a class=\"wp-block-button__link wp-element-button\" href=\"https:\/\/www.bbk-sachsenanhalt.de\/en\/rainer-rausch\/\">\n              read more            <\/a>\n          <\/div>\n        <\/div>\n\n      <\/div>\n    <\/div>\n          <!-- wp:separator -->\n      <hr class=\"wp-block-separator has-alpha-channel-opacity\" \/>\n      <!-- \/wp:separator -->\n      \n    <div class=\"grid-container post-item\">\n      <div class=\"grid-column-left\">\n                  <figure class=\"wp-block-image\">\n            <a href=\"https:\/\/www.bbk-sachsenanhalt.de\/en\/franca-bartholomaei\/\">\n              <img loading=\"lazy\" decoding=\"async\" width=\"550\" height=\"550\" src=\"https:\/\/www.bbk-sachsenanhalt.de\/wp-content\/uploads\/2024\/02\/Instagram_01-550x550.jpg\" class=\"no-lightbox\" alt=\"\" data-mwl-img-ignore=\"true\" srcset=\"https:\/\/www.bbk-sachsenanhalt.de\/wp-content\/uploads\/2024\/02\/Instagram_01-550x550.jpg 550w, https:\/\/www.bbk-sachsenanhalt.de\/wp-content\/uploads\/2024\/02\/Instagram_01-300x300.jpg 300w, https:\/\/www.bbk-sachsenanhalt.de\/wp-content\/uploads\/2024\/02\/Instagram_01-1024x1024.jpg 1024w, https:\/\/www.bbk-sachsenanhalt.de\/wp-content\/uploads\/2024\/02\/Instagram_01-150x150.jpg 150w, https:\/\/www.bbk-sachsenanhalt.de\/wp-content\/uploads\/2024\/02\/Instagram_01-768x768.jpg 768w, https:\/\/www.bbk-sachsenanhalt.de\/wp-content\/uploads\/2024\/02\/Instagram_01-740x740.jpg 740w, https:\/\/www.bbk-sachsenanhalt.de\/wp-content\/uploads\/2024\/02\/Instagram_01-400x400.jpg 400w, https:\/\/www.bbk-sachsenanhalt.de\/wp-content\/uploads\/2024\/02\/Instagram_01-490x490.jpg 490w, https:\/\/www.bbk-sachsenanhalt.de\/wp-content\/uploads\/2024\/02\/Instagram_01.jpg 1080w\" sizes=\"auto, (max-width: 550px) 100vw, 550px\" \/>            <\/a>\n            <figcaption class=\"wp-element-caption\">\n              \u00a9 Matthias Ritzmann            <\/figcaption>\n          <\/figure>\n              <\/div>\n\n      <div class=\"grid-column-right\">\n                  <div class=\"cmbbk-primary-category\"><a href=\"https:\/\/www.bbk-sachsenanhalt.de\/en\/category\/news\/dates\/bbk-events\/\">BBK events<\/a><\/div>          <h3 class=\"is-style-teaser\">\n            <a href=\"https:\/\/www.bbk-sachsenanhalt.de\/en\/franca-bartholomaei\/\">Franca Bartholom\u00e4i<\/a>\n          <\/h3>\n                <p>\n          The absurd creates a breach in consciousness. The yawning abyss can create dizziness, but also a feeling of depth and freedom. I never find my motifs by thinking them up. They are simply there. It&#8217;s a bit like dreaming: some things can be explained, but most things remain a mystery. I have been making woodcuts [&hellip;]        <\/p>\n        <div class=\"wp-block-buttons is-layout-flex wp-block-buttons-is-layout-flex\">\n          <div class=\"wp-block-button is-style-more-button\">\n            <a class=\"wp-block-button__link wp-element-button\" href=\"https:\/\/www.bbk-sachsenanhalt.de\/en\/franca-bartholomaei\/\">\n              read more            <\/a>\n          <\/div>\n        <\/div>\n\n      <\/div>\n    <\/div>\n          <!-- wp:separator -->\n      <hr class=\"wp-block-separator has-alpha-channel-opacity\" \/>\n      <!-- \/wp:separator -->\n      \n    <div class=\"grid-container post-item\">\n      <div class=\"grid-column-left\">\n                  <figure class=\"wp-block-image\">\n            <a href=\"https:\/\/www.bbk-sachsenanhalt.de\/en\/magdalena-cichon\/\">\n              <img loading=\"lazy\" decoding=\"async\" width=\"550\" height=\"550\" src=\"https:\/\/www.bbk-sachsenanhalt.de\/wp-content\/uploads\/2024\/02\/Instagram_01-1-550x550.jpg\" class=\"no-lightbox\" alt=\"\" data-mwl-img-ignore=\"true\" srcset=\"https:\/\/www.bbk-sachsenanhalt.de\/wp-content\/uploads\/2024\/02\/Instagram_01-1-550x550.jpg 550w, https:\/\/www.bbk-sachsenanhalt.de\/wp-content\/uploads\/2024\/02\/Instagram_01-1-300x300.jpg 300w, https:\/\/www.bbk-sachsenanhalt.de\/wp-content\/uploads\/2024\/02\/Instagram_01-1-1024x1024.jpg 1024w, https:\/\/www.bbk-sachsenanhalt.de\/wp-content\/uploads\/2024\/02\/Instagram_01-1-150x150.jpg 150w, https:\/\/www.bbk-sachsenanhalt.de\/wp-content\/uploads\/2024\/02\/Instagram_01-1-768x768.jpg 768w, https:\/\/www.bbk-sachsenanhalt.de\/wp-content\/uploads\/2024\/02\/Instagram_01-1-740x740.jpg 740w, https:\/\/www.bbk-sachsenanhalt.de\/wp-content\/uploads\/2024\/02\/Instagram_01-1-400x400.jpg 400w, https:\/\/www.bbk-sachsenanhalt.de\/wp-content\/uploads\/2024\/02\/Instagram_01-1-490x490.jpg 490w, https:\/\/www.bbk-sachsenanhalt.de\/wp-content\/uploads\/2024\/02\/Instagram_01-1.jpg 1080w\" sizes=\"auto, (max-width: 550px) 100vw, 550px\" \/>            <\/a>\n            <figcaption class=\"wp-element-caption\">\n              \u00a9 Matthias Ritzmann            <\/figcaption>\n          <\/figure>\n              <\/div>\n\n      <div class=\"grid-column-right\">\n                  <div class=\"cmbbk-primary-category\"><a href=\"https:\/\/www.bbk-sachsenanhalt.de\/en\/category\/news\/dates\/bbk-events\/\">BBK events<\/a><\/div>          <h3 class=\"is-style-teaser\">\n            <a href=\"https:\/\/www.bbk-sachsenanhalt.de\/en\/magdalena-cichon\/\">Magdalena Cichon<\/a>\n          <\/h3>\n                <p>\n          &#8220;This is a fundamental principle of Magdalena Cichon&#8217;s creative method: she offers neither herself nor the viewer any definitive formulations. New constellations between color, form and structure are constantly emerging. As viewers, we quickly become aware that we have no claim to certain recognition or a clear interpretation. Her strategy is based on the potential [&hellip;]        <\/p>\n        <div class=\"wp-block-buttons is-layout-flex wp-block-buttons-is-layout-flex\">\n          <div class=\"wp-block-button is-style-more-button\">\n            <a class=\"wp-block-button__link wp-element-button\" href=\"https:\/\/www.bbk-sachsenanhalt.de\/en\/magdalena-cichon\/\">\n              read more            <\/a>\n          <\/div>\n        <\/div>\n\n      <\/div>\n    <\/div>\n          <!-- wp:separator -->\n      <hr class=\"wp-block-separator has-alpha-channel-opacity\" \/>\n      <!-- \/wp:separator -->\n      \n    <div class=\"grid-container post-item\">\n      <div class=\"grid-column-left\">\n                  <figure class=\"wp-block-image\">\n            <a href=\"https:\/\/www.bbk-sachsenanhalt.de\/en\/tareq-alghamian\/\">\n              <img loading=\"lazy\" decoding=\"async\" width=\"550\" height=\"550\" src=\"https:\/\/www.bbk-sachsenanhalt.de\/wp-content\/uploads\/2024\/02\/Instagram_01-2-550x550.jpg\" class=\"no-lightbox\" alt=\"\" data-mwl-img-ignore=\"true\" srcset=\"https:\/\/www.bbk-sachsenanhalt.de\/wp-content\/uploads\/2024\/02\/Instagram_01-2-550x550.jpg 550w, https:\/\/www.bbk-sachsenanhalt.de\/wp-content\/uploads\/2024\/02\/Instagram_01-2-300x300.jpg 300w, https:\/\/www.bbk-sachsenanhalt.de\/wp-content\/uploads\/2024\/02\/Instagram_01-2-1024x1024.jpg 1024w, https:\/\/www.bbk-sachsenanhalt.de\/wp-content\/uploads\/2024\/02\/Instagram_01-2-150x150.jpg 150w, https:\/\/www.bbk-sachsenanhalt.de\/wp-content\/uploads\/2024\/02\/Instagram_01-2-768x768.jpg 768w, https:\/\/www.bbk-sachsenanhalt.de\/wp-content\/uploads\/2024\/02\/Instagram_01-2-740x740.jpg 740w, https:\/\/www.bbk-sachsenanhalt.de\/wp-content\/uploads\/2024\/02\/Instagram_01-2-400x400.jpg 400w, https:\/\/www.bbk-sachsenanhalt.de\/wp-content\/uploads\/2024\/02\/Instagram_01-2-490x490.jpg 490w, https:\/\/www.bbk-sachsenanhalt.de\/wp-content\/uploads\/2024\/02\/Instagram_01-2.jpg 1080w\" sizes=\"auto, (max-width: 550px) 100vw, 550px\" \/>            <\/a>\n            <figcaption class=\"wp-element-caption\">\n              \u00a9 Matthias Ritzmann            <\/figcaption>\n          <\/figure>\n              <\/div>\n\n      <div class=\"grid-column-right\">\n                  <div class=\"cmbbk-primary-category\"><a href=\"https:\/\/www.bbk-sachsenanhalt.de\/en\/category\/news\/dates\/bbk-events\/\">BBK events<\/a><\/div>          <h3 class=\"is-style-teaser\">\n            <a href=\"https:\/\/www.bbk-sachsenanhalt.de\/en\/tareq-alghamian\/\">Tareq Alghamian<\/a>\n          <\/h3>\n                <p>\n          A system has been created in which the geometric objects in the room form lines and vice versa. Reference is made to lines that have not been voluntarily chosen and believed in, but have been created from outside. The viewer must accept them as they are and ultimately allow themselves to be indirectly influenced by [&hellip;]        <\/p>\n        <div class=\"wp-block-buttons is-layout-flex wp-block-buttons-is-layout-flex\">\n          <div class=\"wp-block-button is-style-more-button\">\n            <a class=\"wp-block-button__link wp-element-button\" href=\"https:\/\/www.bbk-sachsenanhalt.de\/en\/tareq-alghamian\/\">\n              read more            <\/a>\n          <\/div>\n        <\/div>\n\n      <\/div>\n    <\/div>\n          <!-- wp:separator -->\n      <hr class=\"wp-block-separator has-alpha-channel-opacity\" \/>\n      <!-- \/wp:separator -->\n      \n    <div class=\"grid-container post-item\">\n      <div class=\"grid-column-left\">\n                  <figure class=\"wp-block-image\">\n            <a href=\"https:\/\/www.bbk-sachsenanhalt.de\/en\/susanne-henny-kolp\/\">\n              <img loading=\"lazy\" decoding=\"async\" width=\"550\" height=\"687\" src=\"https:\/\/www.bbk-sachsenanhalt.de\/wp-content\/uploads\/2024\/01\/FB_Feed_01-7-550x687.jpg\" class=\"no-lightbox\" alt=\"\" data-mwl-img-ignore=\"true\" srcset=\"https:\/\/www.bbk-sachsenanhalt.de\/wp-content\/uploads\/2024\/01\/FB_Feed_01-7-550x687.jpg 550w, https:\/\/www.bbk-sachsenanhalt.de\/wp-content\/uploads\/2024\/01\/FB_Feed_01-7-240x300.jpg 240w, https:\/\/www.bbk-sachsenanhalt.de\/wp-content\/uploads\/2024\/01\/FB_Feed_01-7-820x1024.jpg 820w, https:\/\/www.bbk-sachsenanhalt.de\/wp-content\/uploads\/2024\/01\/FB_Feed_01-7-768x959.jpg 768w, https:\/\/www.bbk-sachsenanhalt.de\/wp-content\/uploads\/2024\/01\/FB_Feed_01-7-740x924.jpg 740w, https:\/\/www.bbk-sachsenanhalt.de\/wp-content\/uploads\/2024\/01\/FB_Feed_01-7-400x500.jpg 400w, https:\/\/www.bbk-sachsenanhalt.de\/wp-content\/uploads\/2024\/01\/FB_Feed_01-7-392x490.jpg 392w, https:\/\/www.bbk-sachsenanhalt.de\/wp-content\/uploads\/2024\/01\/FB_Feed_01-7.jpg 1200w\" sizes=\"auto, (max-width: 550px) 100vw, 550px\" \/>            <\/a>\n            <figcaption class=\"wp-element-caption\">\n              Foto: Matthias Ritzmann            <\/figcaption>\n          <\/figure>\n              <\/div>\n\n      <div class=\"grid-column-right\">\n                  <div class=\"cmbbk-primary-category\"><a href=\"https:\/\/www.bbk-sachsenanhalt.de\/en\/category\/news\/dates\/bbk-events\/\">BBK events<\/a><\/div>          <h3 class=\"is-style-teaser\">\n            <a href=\"https:\/\/www.bbk-sachsenanhalt.de\/en\/susanne-henny-kolp\/\">Susanne Henny Kolp<\/a>\n          <\/h3>\n                <p>\n          Could our relationship with nature best be compared to a long-distance relationship? We idealize from a distance, arrange encounters and compare them with our expectations. The reality of life is alienated, a state that is not suitable as a permanent solution. In her painterly work, Susanne Henny Kolp explores various strategies for dealing with the [&hellip;]        <\/p>\n        <div class=\"wp-block-buttons is-layout-flex wp-block-buttons-is-layout-flex\">\n          <div class=\"wp-block-button is-style-more-button\">\n            <a class=\"wp-block-button__link wp-element-button\" href=\"https:\/\/www.bbk-sachsenanhalt.de\/en\/susanne-henny-kolp\/\">\n              read more            <\/a>\n          <\/div>\n        <\/div>\n\n      <\/div>\n    <\/div>\n          <!-- wp:separator -->\n      <hr class=\"wp-block-separator has-alpha-channel-opacity\" \/>\n      <!-- \/wp:separator -->\n      \n    <div class=\"grid-container post-item\">\n      <div class=\"grid-column-left\">\n                  <figure class=\"wp-block-image\">\n            <a href=\"https:\/\/www.bbk-sachsenanhalt.de\/en\/kornelia-thuemmel\/\">\n              <img loading=\"lazy\" decoding=\"async\" width=\"550\" height=\"687\" src=\"https:\/\/www.bbk-sachsenanhalt.de\/wp-content\/uploads\/2024\/01\/FB_Feed_01-6-550x687.jpg\" class=\"no-lightbox\" alt=\"\" data-mwl-img-ignore=\"true\" srcset=\"https:\/\/www.bbk-sachsenanhalt.de\/wp-content\/uploads\/2024\/01\/FB_Feed_01-6-550x687.jpg 550w, https:\/\/www.bbk-sachsenanhalt.de\/wp-content\/uploads\/2024\/01\/FB_Feed_01-6-240x300.jpg 240w, https:\/\/www.bbk-sachsenanhalt.de\/wp-content\/uploads\/2024\/01\/FB_Feed_01-6-820x1024.jpg 820w, https:\/\/www.bbk-sachsenanhalt.de\/wp-content\/uploads\/2024\/01\/FB_Feed_01-6-768x959.jpg 768w, https:\/\/www.bbk-sachsenanhalt.de\/wp-content\/uploads\/2024\/01\/FB_Feed_01-6-740x924.jpg 740w, https:\/\/www.bbk-sachsenanhalt.de\/wp-content\/uploads\/2024\/01\/FB_Feed_01-6-400x500.jpg 400w, https:\/\/www.bbk-sachsenanhalt.de\/wp-content\/uploads\/2024\/01\/FB_Feed_01-6-392x490.jpg 392w, https:\/\/www.bbk-sachsenanhalt.de\/wp-content\/uploads\/2024\/01\/FB_Feed_01-6.jpg 1200w\" sizes=\"auto, (max-width: 550px) 100vw, 550px\" \/>            <\/a>\n            <figcaption class=\"wp-element-caption\">\n              Foto: Matthias Ritzmann            <\/figcaption>\n          <\/figure>\n              <\/div>\n\n      <div class=\"grid-column-right\">\n                  <div class=\"cmbbk-primary-category\"><a href=\"https:\/\/www.bbk-sachsenanhalt.de\/en\/category\/news\/dates\/bbk-events\/\">BBK events<\/a><\/div>          <h3 class=\"is-style-teaser\">\n            <a href=\"https:\/\/www.bbk-sachsenanhalt.de\/en\/kornelia-thuemmel\/\">Kornelia Th\u00fcmmel<\/a>\n          <\/h3>\n                <p>\n          The impetus for the creation of the sculptural group is the poem &#8220;Drohung&#8221; by Gottfried Benn. The initially seemingly harmonious scene is dissolved at the moment when the creatures become aware of their lack of wholeness. It is a sculptural shaping of a state of incongruity in which a threat quietly takes effect. Threat But [&hellip;]        <\/p>\n        <div class=\"wp-block-buttons is-layout-flex wp-block-buttons-is-layout-flex\">\n          <div class=\"wp-block-button is-style-more-button\">\n            <a class=\"wp-block-button__link wp-element-button\" href=\"https:\/\/www.bbk-sachsenanhalt.de\/en\/kornelia-thuemmel\/\">\n              read more            <\/a>\n          <\/div>\n        <\/div>\n\n      <\/div>\n    <\/div>\n          <!-- wp:separator -->\n      <hr class=\"wp-block-separator has-alpha-channel-opacity\" \/>\n      <!-- \/wp:separator -->\n      \n    <div class=\"grid-container post-item\">\n      <div class=\"grid-column-left\">\n                  <figure class=\"wp-block-image\">\n            <a href=\"https:\/\/www.bbk-sachsenanhalt.de\/en\/anne-deuter\/\">\n              <img loading=\"lazy\" decoding=\"async\" width=\"550\" height=\"687\" src=\"https:\/\/www.bbk-sachsenanhalt.de\/wp-content\/uploads\/2024\/01\/deuter_FB_Feed_01-550x687.jpg\" class=\"no-lightbox\" alt=\"\" data-mwl-img-ignore=\"true\" srcset=\"https:\/\/www.bbk-sachsenanhalt.de\/wp-content\/uploads\/2024\/01\/deuter_FB_Feed_01-550x687.jpg 550w, https:\/\/www.bbk-sachsenanhalt.de\/wp-content\/uploads\/2024\/01\/deuter_FB_Feed_01-240x300.jpg 240w, https:\/\/www.bbk-sachsenanhalt.de\/wp-content\/uploads\/2024\/01\/deuter_FB_Feed_01-820x1024.jpg 820w, https:\/\/www.bbk-sachsenanhalt.de\/wp-content\/uploads\/2024\/01\/deuter_FB_Feed_01-768x959.jpg 768w, https:\/\/www.bbk-sachsenanhalt.de\/wp-content\/uploads\/2024\/01\/deuter_FB_Feed_01-740x924.jpg 740w, https:\/\/www.bbk-sachsenanhalt.de\/wp-content\/uploads\/2024\/01\/deuter_FB_Feed_01-400x500.jpg 400w, https:\/\/www.bbk-sachsenanhalt.de\/wp-content\/uploads\/2024\/01\/deuter_FB_Feed_01-392x490.jpg 392w, https:\/\/www.bbk-sachsenanhalt.de\/wp-content\/uploads\/2024\/01\/deuter_FB_Feed_01.jpg 1200w\" sizes=\"auto, (max-width: 550px) 100vw, 550px\" \/>            <\/a>\n            <figcaption class=\"wp-element-caption\">\n              Foto: Matthias Ritzmann            <\/figcaption>\n          <\/figure>\n              <\/div>\n\n      <div class=\"grid-column-right\">\n                  <div class=\"cmbbk-primary-category\"><a href=\"https:\/\/www.bbk-sachsenanhalt.de\/en\/category\/news\/dates\/bbk-events\/\">BBK events<\/a><\/div>          <h3 class=\"is-style-teaser\">\n            <a href=\"https:\/\/www.bbk-sachsenanhalt.de\/en\/anne-deuter\/\">Anne Deuter<\/a>\n          <\/h3>\n                <p>\n          Sometimes something goes unnoticed.the message is perhaps too shy, doesn&#8217;t knock loud enough.or it cannot find a dock where it can dock,is thrown back, misses the target.when i looked up into the sky last spring,he opened up purely in front of me. due to the limitedair traffic hardly crossed a contrailthe firmament. I&#8217;ve never had [&hellip;]        <\/p>\n        <div class=\"wp-block-buttons is-layout-flex wp-block-buttons-is-layout-flex\">\n          <div class=\"wp-block-button is-style-more-button\">\n            <a class=\"wp-block-button__link wp-element-button\" href=\"https:\/\/www.bbk-sachsenanhalt.de\/en\/anne-deuter\/\">\n              read more            <\/a>\n          <\/div>\n        <\/div>\n\n      <\/div>\n    <\/div>\n          <!-- wp:separator -->\n      <hr class=\"wp-block-separator has-alpha-channel-opacity\" \/>\n      <!-- \/wp:separator -->\n      \n    <div class=\"grid-container post-item\">\n      <div class=\"grid-column-left\">\n                  <figure class=\"wp-block-image\">\n            <a href=\"https:\/\/www.bbk-sachsenanhalt.de\/en\/rene-schaeffer\/\">\n              <img loading=\"lazy\" decoding=\"async\" width=\"550\" height=\"687\" src=\"https:\/\/www.bbk-sachsenanhalt.de\/wp-content\/uploads\/2024\/01\/FB_Feed_01-5-550x687.jpg\" class=\"no-lightbox\" alt=\"\" data-mwl-img-ignore=\"true\" srcset=\"https:\/\/www.bbk-sachsenanhalt.de\/wp-content\/uploads\/2024\/01\/FB_Feed_01-5-550x687.jpg 550w, https:\/\/www.bbk-sachsenanhalt.de\/wp-content\/uploads\/2024\/01\/FB_Feed_01-5-240x300.jpg 240w, https:\/\/www.bbk-sachsenanhalt.de\/wp-content\/uploads\/2024\/01\/FB_Feed_01-5-820x1024.jpg 820w, https:\/\/www.bbk-sachsenanhalt.de\/wp-content\/uploads\/2024\/01\/FB_Feed_01-5-768x959.jpg 768w, https:\/\/www.bbk-sachsenanhalt.de\/wp-content\/uploads\/2024\/01\/FB_Feed_01-5-740x924.jpg 740w, https:\/\/www.bbk-sachsenanhalt.de\/wp-content\/uploads\/2024\/01\/FB_Feed_01-5-400x500.jpg 400w, https:\/\/www.bbk-sachsenanhalt.de\/wp-content\/uploads\/2024\/01\/FB_Feed_01-5-392x490.jpg 392w, https:\/\/www.bbk-sachsenanhalt.de\/wp-content\/uploads\/2024\/01\/FB_Feed_01-5.jpg 1200w\" sizes=\"auto, (max-width: 550px) 100vw, 550px\" \/>            <\/a>\n            <figcaption class=\"wp-element-caption\">\n              Foto: Matthias Ritzmann            <\/figcaption>\n          <\/figure>\n              <\/div>\n\n      <div class=\"grid-column-right\">\n                  <div class=\"cmbbk-primary-category\"><a href=\"https:\/\/www.bbk-sachsenanhalt.de\/en\/category\/news\/dates\/bbk-events\/\">BBK events<\/a><\/div>          <h3 class=\"is-style-teaser\">\n            <a href=\"https:\/\/www.bbk-sachsenanhalt.de\/en\/rene-schaeffer\/\">Ren\u00e9 Sch\u00e4ffer<\/a>\n          <\/h3>\n                <p>\n          The interactive image shown is the artist Ren\u00e9 Sch\u00e4ffer&#8217;s first approach to the subject of immersive web applications. The aim is to make 21st century techniques usable for art. The virtual gallery art-vr.de invites you to take a tour. Have fun watching. The art-vr project was funded as part of &#8220;Kultur ans Netz&#8221;. The interactive [&hellip;]        <\/p>\n        <div class=\"wp-block-buttons is-layout-flex wp-block-buttons-is-layout-flex\">\n          <div class=\"wp-block-button is-style-more-button\">\n            <a class=\"wp-block-button__link wp-element-button\" href=\"https:\/\/www.bbk-sachsenanhalt.de\/en\/rene-schaeffer\/\">\n              read more            <\/a>\n          <\/div>\n        <\/div>\n\n      <\/div>\n    <\/div>\n          <!-- wp:separator -->\n      <hr class=\"wp-block-separator has-alpha-channel-opacity\" \/>\n      <!-- \/wp:separator -->\n      \n    <div class=\"grid-container post-item\">\n      <div class=\"grid-column-left\">\n                  <figure class=\"wp-block-image\">\n            <a href=\"https:\/\/www.bbk-sachsenanhalt.de\/en\/andrea-flemming\/\">\n              <img loading=\"lazy\" decoding=\"async\" width=\"550\" height=\"687\" src=\"https:\/\/www.bbk-sachsenanhalt.de\/wp-content\/uploads\/2024\/01\/FB_Feed_01-4-550x687.jpg\" class=\"no-lightbox\" alt=\"\" data-mwl-img-ignore=\"true\" srcset=\"https:\/\/www.bbk-sachsenanhalt.de\/wp-content\/uploads\/2024\/01\/FB_Feed_01-4-550x687.jpg 550w, https:\/\/www.bbk-sachsenanhalt.de\/wp-content\/uploads\/2024\/01\/FB_Feed_01-4-240x300.jpg 240w, https:\/\/www.bbk-sachsenanhalt.de\/wp-content\/uploads\/2024\/01\/FB_Feed_01-4-820x1024.jpg 820w, https:\/\/www.bbk-sachsenanhalt.de\/wp-content\/uploads\/2024\/01\/FB_Feed_01-4-768x959.jpg 768w, https:\/\/www.bbk-sachsenanhalt.de\/wp-content\/uploads\/2024\/01\/FB_Feed_01-4-740x924.jpg 740w, https:\/\/www.bbk-sachsenanhalt.de\/wp-content\/uploads\/2024\/01\/FB_Feed_01-4-400x500.jpg 400w, https:\/\/www.bbk-sachsenanhalt.de\/wp-content\/uploads\/2024\/01\/FB_Feed_01-4-392x490.jpg 392w, https:\/\/www.bbk-sachsenanhalt.de\/wp-content\/uploads\/2024\/01\/FB_Feed_01-4.jpg 1200w\" sizes=\"auto, (max-width: 550px) 100vw, 550px\" \/>            <\/a>\n            <figcaption class=\"wp-element-caption\">\n              Foto: Matthias Ritzmann            <\/figcaption>\n          <\/figure>\n              <\/div>\n\n      <div class=\"grid-column-right\">\n                  <div class=\"cmbbk-primary-category\"><a href=\"https:\/\/www.bbk-sachsenanhalt.de\/en\/category\/news\/dates\/bbk-events\/\">BBK events<\/a><\/div>          <h3 class=\"is-style-teaser\">\n            <a href=\"https:\/\/www.bbk-sachsenanhalt.de\/en\/andrea-flemming\/\">Andrea Flemming<\/a>\n          <\/h3>\n                <p>\n          Light, space and perception are the themes with which Andrea Flemming works. Her art is multidisciplinary, encompassing photography, sculpture, installation and site-specific interventions. Andrea Flemming is interested in the levels of spatial perception that are linked to our sensations and experiences. She questions these conditions and structures and tries to develop them anew in a [&hellip;]        <\/p>\n        <div class=\"wp-block-buttons is-layout-flex wp-block-buttons-is-layout-flex\">\n          <div class=\"wp-block-button is-style-more-button\">\n            <a class=\"wp-block-button__link wp-element-button\" href=\"https:\/\/www.bbk-sachsenanhalt.de\/en\/andrea-flemming\/\">\n              read more            <\/a>\n          <\/div>\n        <\/div>\n\n      <\/div>\n    <\/div>\n          <!-- wp:separator -->\n      <hr class=\"wp-block-separator has-alpha-channel-opacity\" \/>\n      <!-- \/wp:separator -->\n      \n    <div class=\"grid-container post-item\">\n      <div class=\"grid-column-left\">\n                  <figure class=\"wp-block-image\">\n            <a href=\"https:\/\/www.bbk-sachsenanhalt.de\/en\/sarah-bartmann\/\">\n              <img loading=\"lazy\" decoding=\"async\" width=\"550\" height=\"687\" src=\"https:\/\/www.bbk-sachsenanhalt.de\/wp-content\/uploads\/2024\/01\/FB_Feed_01-3-550x687.jpg\" class=\"no-lightbox\" alt=\"\" data-mwl-img-ignore=\"true\" srcset=\"https:\/\/www.bbk-sachsenanhalt.de\/wp-content\/uploads\/2024\/01\/FB_Feed_01-3-550x687.jpg 550w, https:\/\/www.bbk-sachsenanhalt.de\/wp-content\/uploads\/2024\/01\/FB_Feed_01-3-240x300.jpg 240w, https:\/\/www.bbk-sachsenanhalt.de\/wp-content\/uploads\/2024\/01\/FB_Feed_01-3-820x1024.jpg 820w, https:\/\/www.bbk-sachsenanhalt.de\/wp-content\/uploads\/2024\/01\/FB_Feed_01-3-768x959.jpg 768w, https:\/\/www.bbk-sachsenanhalt.de\/wp-content\/uploads\/2024\/01\/FB_Feed_01-3-740x924.jpg 740w, https:\/\/www.bbk-sachsenanhalt.de\/wp-content\/uploads\/2024\/01\/FB_Feed_01-3-400x500.jpg 400w, https:\/\/www.bbk-sachsenanhalt.de\/wp-content\/uploads\/2024\/01\/FB_Feed_01-3-392x490.jpg 392w, https:\/\/www.bbk-sachsenanhalt.de\/wp-content\/uploads\/2024\/01\/FB_Feed_01-3.jpg 1200w\" sizes=\"auto, (max-width: 550px) 100vw, 550px\" \/>            <\/a>\n            <figcaption class=\"wp-element-caption\">\n              Foto: Matthias Ritzmann            <\/figcaption>\n          <\/figure>\n              <\/div>\n\n      <div class=\"grid-column-right\">\n                  <div class=\"cmbbk-primary-category\"><a href=\"https:\/\/www.bbk-sachsenanhalt.de\/en\/category\/news\/dates\/bbk-events\/\">BBK events<\/a><\/div>          <h3 class=\"is-style-teaser\">\n            <a href=\"https:\/\/www.bbk-sachsenanhalt.de\/en\/sarah-bartmann\/\">Sarah Bartmann<\/a>\n          <\/h3>\n                <p>\n          In July, Sarah Bartmann will conclude the series of presentations she has curated at the BBKarium with an installation of her own works. In the BBKarium shop window, you can find out how she approaches her artistic work and measure the results against this: &#8220;Chance usually determines the beginning of my work. This is a [&hellip;]        <\/p>\n        <div class=\"wp-block-buttons is-layout-flex wp-block-buttons-is-layout-flex\">\n          <div class=\"wp-block-button is-style-more-button\">\n            <a class=\"wp-block-button__link wp-element-button\" href=\"https:\/\/www.bbk-sachsenanhalt.de\/en\/sarah-bartmann\/\">\n              read more            <\/a>\n          <\/div>\n        <\/div>\n\n      <\/div>\n    <\/div>\n          <!-- wp:separator -->\n      <hr class=\"wp-block-separator has-alpha-channel-opacity\" \/>\n      <!-- \/wp:separator -->\n      \n    <div class=\"grid-container post-item\">\n      <div class=\"grid-column-left\">\n                  <figure class=\"wp-block-image\">\n            <a href=\"https:\/\/www.bbk-sachsenanhalt.de\/en\/simon-horn\/\">\n              <img loading=\"lazy\" decoding=\"async\" width=\"550\" height=\"687\" src=\"https:\/\/www.bbk-sachsenanhalt.de\/wp-content\/uploads\/2024\/01\/FB_Feed_01-2-550x687.jpg\" class=\"no-lightbox\" alt=\"\" data-mwl-img-ignore=\"true\" srcset=\"https:\/\/www.bbk-sachsenanhalt.de\/wp-content\/uploads\/2024\/01\/FB_Feed_01-2-550x687.jpg 550w, https:\/\/www.bbk-sachsenanhalt.de\/wp-content\/uploads\/2024\/01\/FB_Feed_01-2-240x300.jpg 240w, https:\/\/www.bbk-sachsenanhalt.de\/wp-content\/uploads\/2024\/01\/FB_Feed_01-2-820x1024.jpg 820w, https:\/\/www.bbk-sachsenanhalt.de\/wp-content\/uploads\/2024\/01\/FB_Feed_01-2-768x959.jpg 768w, https:\/\/www.bbk-sachsenanhalt.de\/wp-content\/uploads\/2024\/01\/FB_Feed_01-2-740x924.jpg 740w, https:\/\/www.bbk-sachsenanhalt.de\/wp-content\/uploads\/2024\/01\/FB_Feed_01-2-400x500.jpg 400w, https:\/\/www.bbk-sachsenanhalt.de\/wp-content\/uploads\/2024\/01\/FB_Feed_01-2-392x490.jpg 392w, https:\/\/www.bbk-sachsenanhalt.de\/wp-content\/uploads\/2024\/01\/FB_Feed_01-2.jpg 1200w\" sizes=\"auto, (max-width: 550px) 100vw, 550px\" \/>            <\/a>\n            <figcaption class=\"wp-element-caption\">\n              Foto: Matthias Ritzmann            <\/figcaption>\n          <\/figure>\n              <\/div>\n\n      <div class=\"grid-column-right\">\n                  <div class=\"cmbbk-primary-category\"><a href=\"https:\/\/www.bbk-sachsenanhalt.de\/en\/category\/news\/dates\/bbk-events\/\">BBK events<\/a><\/div>          <h3 class=\"is-style-teaser\">\n            <a href=\"https:\/\/www.bbk-sachsenanhalt.de\/en\/simon-horn\/\">Simon Horn<\/a>\n          <\/h3>\n                <p>\n          Simon Horn is showing an assemblage from 2020\/21, which was created as part of the &#8220;Kultur ans Netz&#8221; scholarship &#8211; funded by the state of Saxony-Anhalt. The artist from Halle describes how his works were created: &#8220;During a city walk, I laid out a route through the city of Halle and chose three stations. The [&hellip;]        <\/p>\n        <div class=\"wp-block-buttons is-layout-flex wp-block-buttons-is-layout-flex\">\n          <div class=\"wp-block-button is-style-more-button\">\n            <a class=\"wp-block-button__link wp-element-button\" href=\"https:\/\/www.bbk-sachsenanhalt.de\/en\/simon-horn\/\">\n              read more            <\/a>\n          <\/div>\n        <\/div>\n\n      <\/div>\n    <\/div>\n          <!-- wp:separator -->\n      <hr class=\"wp-block-separator has-alpha-channel-opacity\" \/>\n      <!-- \/wp:separator -->\n      \n    <div class=\"grid-container post-item\">\n      <div class=\"grid-column-left\">\n                  <figure class=\"wp-block-image\">\n            <a href=\"https:\/\/www.bbk-sachsenanhalt.de\/en\/isabella-sissis\/\">\n              <img loading=\"lazy\" decoding=\"async\" width=\"550\" height=\"687\" src=\"https:\/\/www.bbk-sachsenanhalt.de\/wp-content\/uploads\/2024\/01\/FB_Feed_01-1-550x687.jpg\" class=\"no-lightbox\" alt=\"\" data-mwl-img-ignore=\"true\" srcset=\"https:\/\/www.bbk-sachsenanhalt.de\/wp-content\/uploads\/2024\/01\/FB_Feed_01-1-550x687.jpg 550w, https:\/\/www.bbk-sachsenanhalt.de\/wp-content\/uploads\/2024\/01\/FB_Feed_01-1-240x300.jpg 240w, https:\/\/www.bbk-sachsenanhalt.de\/wp-content\/uploads\/2024\/01\/FB_Feed_01-1-820x1024.jpg 820w, https:\/\/www.bbk-sachsenanhalt.de\/wp-content\/uploads\/2024\/01\/FB_Feed_01-1-768x959.jpg 768w, https:\/\/www.bbk-sachsenanhalt.de\/wp-content\/uploads\/2024\/01\/FB_Feed_01-1-740x924.jpg 740w, https:\/\/www.bbk-sachsenanhalt.de\/wp-content\/uploads\/2024\/01\/FB_Feed_01-1-400x500.jpg 400w, https:\/\/www.bbk-sachsenanhalt.de\/wp-content\/uploads\/2024\/01\/FB_Feed_01-1-392x490.jpg 392w, https:\/\/www.bbk-sachsenanhalt.de\/wp-content\/uploads\/2024\/01\/FB_Feed_01-1.jpg 1200w\" sizes=\"auto, (max-width: 550px) 100vw, 550px\" \/>            <\/a>\n            <figcaption class=\"wp-element-caption\">\n              Foto: Matthias Ritzmann            <\/figcaption>\n          <\/figure>\n              <\/div>\n\n      <div class=\"grid-column-right\">\n                  <div class=\"cmbbk-primary-category\"><a href=\"https:\/\/www.bbk-sachsenanhalt.de\/en\/category\/news\/dates\/bbk-events\/\">BBK events<\/a><\/div>          <h3 class=\"is-style-teaser\">\n            <a href=\"https:\/\/www.bbk-sachsenanhalt.de\/en\/isabella-sissis\/\">Isabella Sissis<\/a>\n          <\/h3>\n                <p>\n          As the second exhibitor in our BBKarium 2021 series, Isabella Sissis is showing a group of porcelain and ceramics, which was created, among other things, as part of the 2020 &#8220;Kultur ans Netz&#8221; work grant from the state of Saxony-Anhalt. The tiger, the child, the apple, the halo and the Madonna. What was she like, [&hellip;]        <\/p>\n        <div class=\"wp-block-buttons is-layout-flex wp-block-buttons-is-layout-flex\">\n          <div class=\"wp-block-button is-style-more-button\">\n            <a class=\"wp-block-button__link wp-element-button\" href=\"https:\/\/www.bbk-sachsenanhalt.de\/en\/isabella-sissis\/\">\n              read more            <\/a>\n          <\/div>\n        <\/div>\n\n      <\/div>\n    <\/div>\n          <!-- wp:separator -->\n      <hr class=\"wp-block-separator has-alpha-channel-opacity\" \/>\n      <!-- \/wp:separator -->\n      \n    <div class=\"grid-container post-item\">\n      <div class=\"grid-column-left\">\n                  <figure class=\"wp-block-image\">\n            <a href=\"https:\/\/www.bbk-sachsenanhalt.de\/en\/michela-benedan\/\">\n              <img loading=\"lazy\" decoding=\"async\" width=\"550\" height=\"687\" src=\"https:\/\/www.bbk-sachsenanhalt.de\/wp-content\/uploads\/2024\/01\/FB_Feed_01-550x687.jpg\" class=\"no-lightbox\" alt=\"\" data-mwl-img-ignore=\"true\" srcset=\"https:\/\/www.bbk-sachsenanhalt.de\/wp-content\/uploads\/2024\/01\/FB_Feed_01-550x687.jpg 550w, https:\/\/www.bbk-sachsenanhalt.de\/wp-content\/uploads\/2024\/01\/FB_Feed_01-240x300.jpg 240w, https:\/\/www.bbk-sachsenanhalt.de\/wp-content\/uploads\/2024\/01\/FB_Feed_01-820x1024.jpg 820w, https:\/\/www.bbk-sachsenanhalt.de\/wp-content\/uploads\/2024\/01\/FB_Feed_01-768x959.jpg 768w, https:\/\/www.bbk-sachsenanhalt.de\/wp-content\/uploads\/2024\/01\/FB_Feed_01-740x924.jpg 740w, https:\/\/www.bbk-sachsenanhalt.de\/wp-content\/uploads\/2024\/01\/FB_Feed_01-400x500.jpg 400w, https:\/\/www.bbk-sachsenanhalt.de\/wp-content\/uploads\/2024\/01\/FB_Feed_01-392x490.jpg 392w, https:\/\/www.bbk-sachsenanhalt.de\/wp-content\/uploads\/2024\/01\/FB_Feed_01.jpg 1200w\" sizes=\"auto, (max-width: 550px) 100vw, 550px\" \/>            <\/a>\n            <figcaption class=\"wp-element-caption\">\n              Foto: Matthias Ritzmann            <\/figcaption>\n          <\/figure>\n              <\/div>\n\n      <div class=\"grid-column-right\">\n                  <div class=\"cmbbk-primary-category\"><a href=\"https:\/\/www.bbk-sachsenanhalt.de\/en\/category\/news\/dates\/bbk-events\/\">BBK events<\/a><\/div>          <h3 class=\"is-style-teaser\">\n            <a href=\"https:\/\/www.bbk-sachsenanhalt.de\/en\/michela-benedan\/\">Michela Benedan<\/a>\n          <\/h3>\n                <p>\n          We are delighted to be able to present the kick-off in our new BBKarium! The artist Michela Benedan is showing works made of paperclay, which were created last year as part of a work scholarship funded by the @Kunststiftung Sachsen-Anhalt in cooperation with the Bergesche Monastery Foundation. Benedan describes her approach as follows: &#8220;The work [&hellip;]        <\/p>\n        <div class=\"wp-block-buttons is-layout-flex wp-block-buttons-is-layout-flex\">\n          <div class=\"wp-block-button is-style-more-button\">\n            <a class=\"wp-block-button__link wp-element-button\" href=\"https:\/\/www.bbk-sachsenanhalt.de\/en\/michela-benedan\/\">\n              read more            <\/a>\n          <\/div>\n        <\/div>\n\n      <\/div>\n    <\/div>\n          <!-- wp:separator -->\n      <hr class=\"wp-block-separator has-alpha-channel-opacity\" \/>\n      <!-- \/wp:separator -->\n      \n    <div class=\"grid-container post-item\">\n      <div class=\"grid-column-left\">\n                  <figure class=\"wp-block-image\">\n            <a href=\"https:\/\/www.bbk-sachsenanhalt.de\/en\/katrin-zickler\/\">\n              <img loading=\"lazy\" decoding=\"async\" width=\"550\" height=\"514\" src=\"https:\/\/www.bbk-sachsenanhalt.de\/wp-content\/uploads\/2024\/02\/KatrinZIckller_BBKariumDessau-550x514.png\" class=\"no-lightbox\" alt=\"\" data-mwl-img-ignore=\"true\" srcset=\"https:\/\/www.bbk-sachsenanhalt.de\/wp-content\/uploads\/2024\/02\/KatrinZIckller_BBKariumDessau-550x514.png 550w, https:\/\/www.bbk-sachsenanhalt.de\/wp-content\/uploads\/2024\/02\/KatrinZIckller_BBKariumDessau-300x281.png 300w, https:\/\/www.bbk-sachsenanhalt.de\/wp-content\/uploads\/2024\/02\/KatrinZIckller_BBKariumDessau-400x374.png 400w, https:\/\/www.bbk-sachsenanhalt.de\/wp-content\/uploads\/2024\/02\/KatrinZIckller_BBKariumDessau-524x490.png 524w, https:\/\/www.bbk-sachsenanhalt.de\/wp-content\/uploads\/2024\/02\/KatrinZIckller_BBKariumDessau.png 712w\" sizes=\"auto, (max-width: 550px) 100vw, 550px\" \/>            <\/a>\n            <figcaption class=\"wp-element-caption\">\n                          <\/figcaption>\n          <\/figure>\n              <\/div>\n\n      <div class=\"grid-column-right\">\n                  <div class=\"cmbbk-primary-category\"><a href=\"https:\/\/www.bbk-sachsenanhalt.de\/en\/category\/news\/dates\/bbk-events\/\">BBK events &#8211; from 01.01.2024 to 31.01.2024<\/a><\/div>          <h3 class=\"is-style-teaser\">\n            <a href=\"https:\/\/www.bbk-sachsenanhalt.de\/en\/katrin-zickler\/\">Katrin Zickler<\/a>\n          <\/h3>\n                <p>\n          The next exhibition at the BBKarium Dessau will open on January 1, 2024 at 4:30 p.m. with live music. The exhibitor is the Dessau artist Katrin Zickler. Everyone is cordially invited! Location: Ferdinand-von-Schill-Stra\u00dfe 3 in Dessau. Further information: https:\/\/www.instagram.com\/bbkarium_dessau\/        <\/p>\n        <div class=\"wp-block-buttons is-layout-flex wp-block-buttons-is-layout-flex\">\n          <div class=\"wp-block-button is-style-more-button\">\n            <a class=\"wp-block-button__link wp-element-button\" href=\"https:\/\/www.bbk-sachsenanhalt.de\/en\/katrin-zickler\/\">\n              read more            <\/a>\n          <\/div>\n        <\/div>\n\n      <\/div>\n    <\/div>\n          <!-- wp:separator -->\n      <hr class=\"wp-block-separator has-alpha-channel-opacity\" \/>\n      <!-- \/wp:separator -->\n      \n    <div class=\"grid-container post-item\">\n      <div class=\"grid-column-left\">\n                  <figure class=\"wp-block-image\">\n            <a href=\"https:\/\/www.bbk-sachsenanhalt.de\/en\/elfi-nitze\/\">\n              <img loading=\"lazy\" decoding=\"async\" width=\"550\" height=\"394\" src=\"https:\/\/www.bbk-sachsenanhalt.de\/wp-content\/uploads\/2024\/02\/ElfiNitze12_23-550x394.png\" class=\"no-lightbox\" alt=\"\" data-mwl-img-ignore=\"true\" srcset=\"https:\/\/www.bbk-sachsenanhalt.de\/wp-content\/uploads\/2024\/02\/ElfiNitze12_23-550x394.png 550w, https:\/\/www.bbk-sachsenanhalt.de\/wp-content\/uploads\/2024\/02\/ElfiNitze12_23-300x215.png 300w, https:\/\/www.bbk-sachsenanhalt.de\/wp-content\/uploads\/2024\/02\/ElfiNitze12_23-740x530.png 740w, https:\/\/www.bbk-sachsenanhalt.de\/wp-content\/uploads\/2024\/02\/ElfiNitze12_23-400x286.png 400w, https:\/\/www.bbk-sachsenanhalt.de\/wp-content\/uploads\/2024\/02\/ElfiNitze12_23-685x490.png 685w, https:\/\/www.bbk-sachsenanhalt.de\/wp-content\/uploads\/2024\/02\/ElfiNitze12_23.png 742w\" sizes=\"auto, (max-width: 550px) 100vw, 550px\" \/>            <\/a>\n            <figcaption class=\"wp-element-caption\">\n              \u00a9 Benjamin Kerwien            <\/figcaption>\n          <\/figure>\n              <\/div>\n\n      <div class=\"grid-column-right\">\n                  <div class=\"cmbbk-primary-category\"><a href=\"https:\/\/www.bbk-sachsenanhalt.de\/en\/category\/news\/dates\/bbk-events\/\">BBK events<\/a><\/div>          <h3 class=\"is-style-teaser\">\n            <a href=\"https:\/\/www.bbk-sachsenanhalt.de\/en\/elfi-nitze\/\">Elfi Nitze<\/a>\n          <\/h3>\n                <p>\n          Elfi Nitze is a visual artist from Sch\u00f6nebeck\/Elbe, Germany. From 2010 to 2018, she lived in S\u00e3o Paulo, Brazil, where she began her artistic career. She completed her Bachelor&#8217;s degree in Fine Arts at the Centro Universitario Belas Artes de S\u00e3o Paulo, Brazil. Mixed media has crystallized as a thematic focus in various areas such [&hellip;]        <\/p>\n        <div class=\"wp-block-buttons is-layout-flex wp-block-buttons-is-layout-flex\">\n          <div class=\"wp-block-button is-style-more-button\">\n            <a class=\"wp-block-button__link wp-element-button\" href=\"https:\/\/www.bbk-sachsenanhalt.de\/en\/elfi-nitze\/\">\n              read more            <\/a>\n          <\/div>\n        <\/div>\n\n      <\/div>\n    <\/div>\n          <!-- wp:separator -->\n      <hr class=\"wp-block-separator has-alpha-channel-opacity\" \/>\n      <!-- \/wp:separator -->\n      \n    <div class=\"grid-container post-item\">\n      <div class=\"grid-column-left\">\n                  <figure class=\"wp-block-image\">\n            <a href=\"https:\/\/www.bbk-sachsenanhalt.de\/en\/grit-wolf\/\">\n              <img loading=\"lazy\" decoding=\"async\" width=\"550\" height=\"550\" src=\"https:\/\/www.bbk-sachsenanhalt.de\/wp-content\/uploads\/2024\/02\/Grit-Wolf_IMG_20231103_0959462-550x550.jpg\" class=\"no-lightbox\" alt=\"\" data-mwl-img-ignore=\"true\" srcset=\"https:\/\/www.bbk-sachsenanhalt.de\/wp-content\/uploads\/2024\/02\/Grit-Wolf_IMG_20231103_0959462-550x550.jpg 550w, https:\/\/www.bbk-sachsenanhalt.de\/wp-content\/uploads\/2024\/02\/Grit-Wolf_IMG_20231103_0959462-300x300.jpg 300w, https:\/\/www.bbk-sachsenanhalt.de\/wp-content\/uploads\/2024\/02\/Grit-Wolf_IMG_20231103_0959462-1024x1024.jpg 1024w, https:\/\/www.bbk-sachsenanhalt.de\/wp-content\/uploads\/2024\/02\/Grit-Wolf_IMG_20231103_0959462-150x150.jpg 150w, https:\/\/www.bbk-sachsenanhalt.de\/wp-content\/uploads\/2024\/02\/Grit-Wolf_IMG_20231103_0959462-768x768.jpg 768w, https:\/\/www.bbk-sachsenanhalt.de\/wp-content\/uploads\/2024\/02\/Grit-Wolf_IMG_20231103_0959462-1536x1536.jpg 1536w, https:\/\/www.bbk-sachsenanhalt.de\/wp-content\/uploads\/2024\/02\/Grit-Wolf_IMG_20231103_0959462-2048x2048.jpg 2048w, https:\/\/www.bbk-sachsenanhalt.de\/wp-content\/uploads\/2024\/02\/Grit-Wolf_IMG_20231103_0959462-740x740.jpg 740w, https:\/\/www.bbk-sachsenanhalt.de\/wp-content\/uploads\/2024\/02\/Grit-Wolf_IMG_20231103_0959462-400x400.jpg 400w, https:\/\/www.bbk-sachsenanhalt.de\/wp-content\/uploads\/2024\/02\/Grit-Wolf_IMG_20231103_0959462-490x490.jpg 490w\" sizes=\"auto, (max-width: 550px) 100vw, 550px\" \/>            <\/a>\n            <figcaption class=\"wp-element-caption\">\n              \u00a9             <\/figcaption>\n          <\/figure>\n              <\/div>\n\n      <div class=\"grid-column-right\">\n                  <div class=\"cmbbk-primary-category\"><a href=\"https:\/\/www.bbk-sachsenanhalt.de\/en\/category\/news\/dates\/bbk-events\/\">BBK events<\/a><\/div>          <h3 class=\"is-style-teaser\">\n            <a href=\"https:\/\/www.bbk-sachsenanhalt.de\/en\/grit-wolf\/\">Grit Wolf<\/a>\n          <\/h3>\n                <p>\n          On Thursday, November 2, 2023 at 7 pm, the first window exhibition with the artist Grit Wolf was opened. The opening of the repair caf\u00e9 in the associated store will also take place at the same time, to which everyone is cordially invited. Further information: https:\/\/www.instagram.com\/bbkarium_dessau\/        <\/p>\n        <div class=\"wp-block-buttons is-layout-flex wp-block-buttons-is-layout-flex\">\n          <div class=\"wp-block-button is-style-more-button\">\n            <a class=\"wp-block-button__link wp-element-button\" href=\"https:\/\/www.bbk-sachsenanhalt.de\/en\/grit-wolf\/\">\n              read more            <\/a>\n          <\/div>\n        <\/div>\n\n      <\/div>\n    <\/div>\n      <\/div>","protected":false},"excerpt":{"rendered":"","protected":false},"author":7,"featured_media":0,"parent":0,"menu_order":0,"comment_status":"closed","ping_status":"closed","template":"","meta":{"_acf_changed":false,"footnotes":""},"class_list":["post-8758","page","type-page","status-publish","hentry"],"acf":[],"yoast_head":"<!-- This site is optimized with the Yoast SEO plugin v27.3 - https:\/\/yoast.com\/product\/yoast-seo-wordpress\/ -->\n<title>Projects - BBK - Sachsen-Anhalt e.V.<\/title>\n<meta name=\"robots\" content=\"index, follow, max-snippet:-1, max-image-preview:large, max-video-preview:-1\" \/>\n<link rel=\"canonical\" href=\"https:\/\/www.bbk-sachsenanhalt.de\/en\/projects\/\" \/>\n<meta property=\"og:locale\" content=\"en_US\" \/>\n<meta property=\"og:type\" content=\"article\" \/>\n<meta property=\"og:title\" content=\"Projects - BBK - Sachsen-Anhalt e.V.\" \/>\n<meta property=\"og:url\" content=\"https:\/\/www.bbk-sachsenanhalt.de\/en\/projects\/\" \/>\n<meta property=\"og:site_name\" content=\"BBK - Sachsen-Anhalt e.V.\" \/>\n<meta property=\"article:modified_time\" content=\"2024-07-17T09:29:13+00:00\" \/>\n<meta name=\"twitter:card\" content=\"summary_large_image\" \/>\n<script type=\"application\/ld+json\" class=\"yoast-schema-graph\">{\"@context\":\"https:\\\/\\\/schema.org\",\"@graph\":[{\"@type\":\"WebPage\",\"@id\":\"https:\\\/\\\/www.bbk-sachsenanhalt.de\\\/en\\\/projects\\\/\",\"url\":\"https:\\\/\\\/www.bbk-sachsenanhalt.de\\\/en\\\/projects\\\/\",\"name\":\"Projects - BBK - Sachsen-Anhalt e.V.\",\"isPartOf\":{\"@id\":\"https:\\\/\\\/www.bbk-sachsenanhalt.de\\\/#website\"},\"datePublished\":\"2024-01-12T15:23:45+00:00\",\"dateModified\":\"2024-07-17T09:29:13+00:00\",\"breadcrumb\":{\"@id\":\"https:\\\/\\\/www.bbk-sachsenanhalt.de\\\/en\\\/projects\\\/#breadcrumb\"},\"inLanguage\":\"en-US\",\"potentialAction\":[{\"@type\":\"ReadAction\",\"target\":[\"https:\\\/\\\/www.bbk-sachsenanhalt.de\\\/en\\\/projects\\\/\"]}]},{\"@type\":\"BreadcrumbList\",\"@id\":\"https:\\\/\\\/www.bbk-sachsenanhalt.de\\\/en\\\/projects\\\/#breadcrumb\",\"itemListElement\":[{\"@type\":\"ListItem\",\"position\":1,\"name\":\"Home\",\"item\":\"https:\\\/\\\/www.bbk-sachsenanhalt.de\\\/en\\\/\"},{\"@type\":\"ListItem\",\"position\":2,\"name\":\"Projects\"}]},{\"@type\":\"WebSite\",\"@id\":\"https:\\\/\\\/www.bbk-sachsenanhalt.de\\\/#website\",\"url\":\"https:\\\/\\\/www.bbk-sachsenanhalt.de\\\/\",\"name\":\"BBK - Sachsen-Anhalt e.V.\",\"description\":\"Berufsverband Bildender K\u00fcnstler Sachsen-Anhalt e. V.\u00a0\",\"potentialAction\":[{\"@type\":\"SearchAction\",\"target\":{\"@type\":\"EntryPoint\",\"urlTemplate\":\"https:\\\/\\\/www.bbk-sachsenanhalt.de\\\/?s={search_term_string}\"},\"query-input\":{\"@type\":\"PropertyValueSpecification\",\"valueRequired\":true,\"valueName\":\"search_term_string\"}}],\"inLanguage\":\"en-US\"}]}<\/script>\n<!-- \/ Yoast SEO plugin. -->","yoast_head_json":{"title":"Projects - BBK - Sachsen-Anhalt e.V.","robots":{"index":"index","follow":"follow","max-snippet":"max-snippet:-1","max-image-preview":"max-image-preview:large","max-video-preview":"max-video-preview:-1"},"canonical":"https:\/\/www.bbk-sachsenanhalt.de\/en\/projects\/","og_locale":"en_US","og_type":"article","og_title":"Projects - BBK - Sachsen-Anhalt e.V.","og_url":"https:\/\/www.bbk-sachsenanhalt.de\/en\/projects\/","og_site_name":"BBK - Sachsen-Anhalt e.V.","article_modified_time":"2024-07-17T09:29:13+00:00","twitter_card":"summary_large_image","schema":{"@context":"https:\/\/schema.org","@graph":[{"@type":"WebPage","@id":"https:\/\/www.bbk-sachsenanhalt.de\/en\/projects\/","url":"https:\/\/www.bbk-sachsenanhalt.de\/en\/projects\/","name":"Projects - BBK - Sachsen-Anhalt e.V.","isPartOf":{"@id":"https:\/\/www.bbk-sachsenanhalt.de\/#website"},"datePublished":"2024-01-12T15:23:45+00:00","dateModified":"2024-07-17T09:29:13+00:00","breadcrumb":{"@id":"https:\/\/www.bbk-sachsenanhalt.de\/en\/projects\/#breadcrumb"},"inLanguage":"en-US","potentialAction":[{"@type":"ReadAction","target":["https:\/\/www.bbk-sachsenanhalt.de\/en\/projects\/"]}]},{"@type":"BreadcrumbList","@id":"https:\/\/www.bbk-sachsenanhalt.de\/en\/projects\/#breadcrumb","itemListElement":[{"@type":"ListItem","position":1,"name":"Home","item":"https:\/\/www.bbk-sachsenanhalt.de\/en\/"},{"@type":"ListItem","position":2,"name":"Projects"}]},{"@type":"WebSite","@id":"https:\/\/www.bbk-sachsenanhalt.de\/#website","url":"https:\/\/www.bbk-sachsenanhalt.de\/","name":"BBK - Sachsen-Anhalt e.V.","description":"Berufsverband Bildender K\u00fcnstler Sachsen-Anhalt e. V.\u00a0","potentialAction":[{"@type":"SearchAction","target":{"@type":"EntryPoint","urlTemplate":"https:\/\/www.bbk-sachsenanhalt.de\/?s={search_term_string}"},"query-input":{"@type":"PropertyValueSpecification","valueRequired":true,"valueName":"search_term_string"}}],"inLanguage":"en-US"}]}},"_links":{"self":[{"href":"https:\/\/www.bbk-sachsenanhalt.de\/en\/wp-json\/wp\/v2\/pages\/8758","targetHints":{"allow":["GET"]}}],"collection":[{"href":"https:\/\/www.bbk-sachsenanhalt.de\/en\/wp-json\/wp\/v2\/pages"}],"about":[{"href":"https:\/\/www.bbk-sachsenanhalt.de\/en\/wp-json\/wp\/v2\/types\/page"}],"author":[{"embeddable":true,"href":"https:\/\/www.bbk-sachsenanhalt.de\/en\/wp-json\/wp\/v2\/users\/7"}],"replies":[{"embeddable":true,"href":"https:\/\/www.bbk-sachsenanhalt.de\/en\/wp-json\/wp\/v2\/comments?post=8758"}],"version-history":[{"count":1,"href":"https:\/\/www.bbk-sachsenanhalt.de\/en\/wp-json\/wp\/v2\/pages\/8758\/revisions"}],"predecessor-version":[{"id":8761,"href":"https:\/\/www.bbk-sachsenanhalt.de\/en\/wp-json\/wp\/v2\/pages\/8758\/revisions\/8761"}],"wp:attachment":[{"href":"https:\/\/www.bbk-sachsenanhalt.de\/en\/wp-json\/wp\/v2\/media?parent=8758"}],"curies":[{"name":"wp","href":"https:\/\/api.w.org\/{rel}","templated":true}]}}